{"id":17407,"date":"2021-11-23T06:18:00","date_gmt":"2021-11-23T06:18:00","guid":{"rendered":"https:\/\/ifesworld.org\/?post_type=prayerline&#038;p=17407"},"modified":"2021-11-22T12:19:40","modified_gmt":"2021-11-22T12:19:40","slug":"fronteras-cerradas-conexiones-renovadas","status":"publish","type":"prayerline","link":"https:\/\/ifesworld.org\/es\/prayerline\/fronteras-cerradas-conexiones-renovadas\/","title":{"rendered":"Fronteras cerradas, conexiones renovadas"},"content":{"rendered":"<div class=\"wp-block block-core-paragraph\">\n<p class=\"wp-block-paragraph\">Mientras los pa\u00edses cerraban sus puertas, en el Caribe empezaban cosas nuevas.&nbsp;&nbsp;<\/p>\n<\/div>\n\n<div class=\"wp-block block-core-paragraph\">\n<p class=\"wp-block-paragraph\">Bruce Fletcher y Francis Warner, dos antiguos l\u00edderes de IVCF en Trinidad y Tobago, estaban elaborando un plan. Aunque la pandemia acababa de empezar y las islas del Caribe estaban cerrando sus fronteras, Bruce y Francis vieron la oportunidad de restablecer algunas conexiones, por lo que comenzaron a ponerse en contacto con sus antiguos compa\u00f1eros de IVCF.&nbsp;&nbsp;<\/p>\n<\/div>\n\n<div class=\"wp-block block-core-paragraph\">\n<p class=\"wp-block-paragraph\">Si hay algo que nunca debe subestimarse es un grupo de WhatsApp. En poco tiempo, Bruce y Francis lograron reunir a 80 personas, todos ellos hab\u00edan sido estudiantes de IVCF del campus de San Agust\u00edn de la Universidad de las Indias Occidentales entre 1977 y 1981. Muchos no eran de Trinidad y Tobago -por ejemplo, Bruce es de Jamaica- y muchos viven ahora en otros lugares. La mayor\u00eda de ellos ya son jubilados y llevaban m\u00e1s de cuarenta a\u00f1os sin ponerse en contacto. Bruce y Francis deseaban que estos ex alumnos utilizaran lo que Dios les hab\u00eda ense\u00f1ado a lo largo de los a\u00f1os para bendecir a la actual cohorte de estudiantes de IVCF. Los resultados fueron inesperados y maravillosos.&nbsp;<\/p>\n<\/div>\n\n<div class=\"wp-block block-core-paragraph\">\n<p class=\"wp-block-paragraph\">Comenzaron a organizar eventos que impulsaron conversaciones sobre el impacto de la pandemia en la regi\u00f3n, y algunos empezaron a reunirse todos los s\u00e1bados por la noche para apoyarse mutuamente a trav\u00e9s de la oraci\u00f3n e interceder por los estudiantes actuales de IVCF. Este impacto ya ha llegado a todo el mundo.&nbsp;Cherelle&nbsp;Thompson es una estudiante de segundo a\u00f1o de Ciencias M\u00e9dicas, que represent\u00f3 a Trinidad y Tobago en los Juegos Ol\u00edmpicos de Tokio 2020. Estaba muy agradecida a Dios porque el grupo \u00abme apoy\u00f3 en mi viaje a Jap\u00f3n a trav\u00e9s de sus oraciones semanales&#8230; Y Dios respondi\u00f3 a sus peticiones a trav\u00e9s de las relaciones, los recursos y la fe que necesitaba para cada paso del viaje\u2019.&nbsp;<\/p>\n<\/div>\n\n<div class=\"wp-block block-core-paragraph\">\n<p class=\"wp-block-paragraph\">Los miembros del grupo tambi\u00e9n han apoyado a IVCF de forma pr\u00e1ctica. Gracias a la generosidad de muchos participantes que se han sentido llamados a dar dinero, los movimientos de todo el Caribe se han mantenido en pie a pesar de las dificultades que trajo la pandemia. Los miembros del grupo tambi\u00e9n llegaron a ser mentores de los j\u00f3venes graduados. Bruce se\u00f1ala que a medida que se identifican las necesidades en los pa\u00edses de la regi\u00f3n, al menos una persona del grupo suele ser capaz de intervenir y brindar su ayuda. Cuando un proyecto funciona en un lugar, hay un deseo de llevarlo al resto de los movimientos.&nbsp;<\/p>\n<\/div>\n\n<div class=\"wp-block block-core-paragraph\">\n<p class=\"wp-block-paragraph\">\u2018Alegr\u00eda y gratitud\u2019 son las palabras que utiliza Joel&nbsp;Chryskarsten, Secretario General de IS\/IVCF Trinidad y Tobago, para describir a \u2018Nuestras leyendas\u2019, que es como se denomina cari\u00f1osamente al grupo. Adem\u00e1s, dice que el apoyo financiero que recibi\u00f3 el grupo \u2018fue vital para ayudar a garantizar su estabilidad financiera durante el periodo de la pandemia\u2019.&nbsp;<\/p>\n<\/div>\n\n<div class=\"wp-block block-core-paragraph\">\n<p class=\"wp-block-paragraph\">\u00bfC\u00f3mo podr\u00eda seguir esto en el futuro? Fundado en 1956, IVCF cuenta con casi 15 000 ex alumnos. Las \u2018Leyendas\u2019 tambi\u00e9n han estado hablando con el Secretario Regional Marc&nbsp;Pulvar&nbsp;para reflexionar sobre&nbsp;c\u00f3mo podr\u00edan hacer otros ex alumnos caribe\u00f1os para estar mejor conectados, incluso los que ahora viven en otras partes del mundo. Est\u00e1n ansiosos por ver los resultados que podr\u00edan generarse en el Caribe y m\u00e1s all\u00e1.&nbsp;&nbsp;<\/p>\n<\/div>\n\n<div class=\"wp-block block-core-paragraph\">\n<p class=\"wp-block-paragraph\">Por favor, oren con nosotros por IVCF Trinidad y Tobago, por el grupo Leyendas y por la regi\u00f3n CARIFES:&nbsp;<\/p>\n<\/div>\n\n<div class=\"wp-block block-core-list\">\n<ul class=\"wp-block-list\"><li>Demos gracias a Dios ya que ha provisto y sostenido los movimientos caribe\u00f1os durante la pandemia. Demos gracias a Dios por la iniciativa y los pasos de fe de Bruce y Frank, y por el servicio de todos los ex alumnos implicados.\u00a0\u00a0<\/li><li>Oremos para que los actuales estudiantes de IVCF sigan siendo bendecidos y acompa\u00f1ados por los ex alumnos, y tambi\u00e9n oremos para que esto tenga un impacto eterno en sus vidas mientras contin\u00faan estudiando y avanzando hacia la vida adulta.\u00a0<\/li><li>Oremos por el futuro desarrollo de las redes de ex alumnos en el Caribe y m\u00e1s all\u00e1, para que Dios utilice a los ex alumnos para animar, fortalecer y bendecir los movimientos estudiantiles en todo el mundo.\u00a0<\/li><\/ul>\n<\/div>","protected":false},"featured_media":17399,"template":"","area":[454,489],"theme":[],"class_list":["post-17407","prayerline","type-prayerline","status-publish","has-post-thumbnail","hentry","area-caribbean","area-trinidad-and-tobago"],"acf":[],"yoast_head":"<!-- This site is optimized with the Yoast SEO plugin v27.2 - https:\/\/yoast.com\/product\/yoast-seo-wordpress\/ -->\n<title>Fronteras cerradas, conexiones renovadas &#183; IFES Prayerline<\/title>\n<meta name=\"description\" content=\"Mientras los pa\u00edses cerraban sus puertas, en el Caribe empezaban cosas nuevas.&nbsp;&nbsp; Bruce Fletcher y Francis Warner, dos antiguos l\u00edderes de IVCF\" \/>\n<meta name=\"robots\" content=\"index, follow, max-snippet:-1, max-image-preview:large, max-video-preview:-1\" \/>\n<link rel=\"canonical\" href=\"https:\/\/ifesworld.org\/es\/prayerline\/fronteras-cerradas-conexiones-renovadas\/\" \/>\n<meta property=\"og:locale\" content=\"es_ES\" \/>\n<meta property=\"og:type\" content=\"article\" \/>\n<meta property=\"og:title\" content=\"Fronteras cerradas, conexiones renovadas &#183; IFES Prayerline\" \/>\n<meta property=\"og:description\" content=\"Mientras los pa\u00edses cerraban sus puertas, en el Caribe empezaban cosas nuevas.&nbsp;&nbsp; Bruce Fletcher y Francis Warner, dos antiguos l\u00edderes de IVCF\" \/>\n<meta property=\"og:url\" content=\"https:\/\/ifesworld.org\/es\/prayerline\/fronteras-cerradas-conexiones-renovadas\/\" \/>\n<meta property=\"og:site_name\" content=\"IFES\" \/>\n<meta property=\"og:image\" content=\"https:\/\/ifesworld.org\/wp-content\/uploads\/2021\/11\/211109-TT-alum.jpeg\" \/>\n\t<meta property=\"og:image:width\" content=\"1212\" \/>\n\t<meta property=\"og:image:height\" content=\"720\" \/>\n\t<meta property=\"og:image:type\" content=\"image\/jpeg\" \/>\n<meta name=\"twitter:card\" content=\"summary_large_image\" \/>\n<meta name=\"twitter:label1\" content=\"Tiempo de lectura\" \/>\n\t<meta name=\"twitter:data1\" content=\"3 minutos\" \/>\n<script type=\"application\/ld+json\" class=\"yoast-schema-graph\">{\"@context\":\"https:\/\/schema.org\",\"@graph\":[{\"@type\":\"WebPage\",\"@id\":\"https:\/\/ifesworld.org\/es\/prayerline\/fronteras-cerradas-conexiones-renovadas\/\",\"url\":\"https:\/\/ifesworld.org\/es\/prayerline\/fronteras-cerradas-conexiones-renovadas\/\",\"name\":\"Fronteras cerradas, conexiones renovadas &#183; IFES Prayerline\",\"isPartOf\":{\"@id\":\"https:\/\/ifesworld.org\/es\/#website\"},\"primaryImageOfPage\":{\"@id\":\"https:\/\/ifesworld.org\/es\/prayerline\/fronteras-cerradas-conexiones-renovadas\/#primaryimage\"},\"image\":{\"@id\":\"https:\/\/ifesworld.org\/es\/prayerline\/fronteras-cerradas-conexiones-renovadas\/#primaryimage\"},\"thumbnailUrl\":\"https:\/\/ifesworld.org\/wp-content\/uploads\/2021\/11\/211109-TT-alum.jpeg\",\"datePublished\":\"2021-11-23T06:18:00+00:00\",\"description\":\"Mientras los pa\u00edses cerraban sus puertas, en el Caribe empezaban cosas nuevas.&nbsp;&nbsp; Bruce Fletcher y Francis Warner, dos antiguos l\u00edderes de IVCF\",\"breadcrumb\":{\"@id\":\"https:\/\/ifesworld.org\/es\/prayerline\/fronteras-cerradas-conexiones-renovadas\/#breadcrumb\"},\"inLanguage\":\"es\",\"potentialAction\":[{\"@type\":\"ReadAction\",\"target\":[\"https:\/\/ifesworld.org\/es\/prayerline\/fronteras-cerradas-conexiones-renovadas\/\"]}]},{\"@type\":\"ImageObject\",\"inLanguage\":\"es\",\"@id\":\"https:\/\/ifesworld.org\/es\/prayerline\/fronteras-cerradas-conexiones-renovadas\/#primaryimage\",\"url\":\"https:\/\/ifesworld.org\/wp-content\/uploads\/2021\/11\/211109-TT-alum.jpeg\",\"contentUrl\":\"https:\/\/ifesworld.org\/wp-content\/uploads\/2021\/11\/211109-TT-alum.jpeg\",\"width\":1212,\"height\":720},{\"@type\":\"BreadcrumbList\",\"@id\":\"https:\/\/ifesworld.org\/es\/prayerline\/fronteras-cerradas-conexiones-renovadas\/#breadcrumb\",\"itemListElement\":[{\"@type\":\"ListItem\",\"position\":1,\"name\":\"Home\",\"item\":\"https:\/\/ifesworld.org\/es\/\"},{\"@type\":\"ListItem\",\"position\":2,\"name\":\"Prayerline\",\"item\":\"https:\/\/ifesworld.org\/en\/prayerline\/\"},{\"@type\":\"ListItem\",\"position\":3,\"name\":\"Fronteras cerradas, conexiones renovadas\"}]},{\"@type\":\"WebSite\",\"@id\":\"https:\/\/ifesworld.org\/es\/#website\",\"url\":\"https:\/\/ifesworld.org\/es\/\",\"name\":\"IFES\",\"description\":\"A movement of students sharing and living out the good news of Jesus Christ. Locally. Nationally. Globally.\",\"publisher\":{\"@id\":\"https:\/\/ifesworld.org\/es\/#organization\"},\"potentialAction\":[{\"@type\":\"SearchAction\",\"target\":{\"@type\":\"EntryPoint\",\"urlTemplate\":\"https:\/\/ifesworld.org\/es\/?s={search_term_string}\"},\"query-input\":{\"@type\":\"PropertyValueSpecification\",\"valueRequired\":true,\"valueName\":\"search_term_string\"}}],\"inLanguage\":\"es\"},{\"@type\":\"Organization\",\"@id\":\"https:\/\/ifesworld.org\/es\/#organization\",\"name\":\"IFES \u00b7 International Fellowship of Evangelical Students\",\"url\":\"https:\/\/ifesworld.org\/es\/\",\"logo\":{\"@type\":\"ImageObject\",\"inLanguage\":\"es\",\"@id\":\"https:\/\/ifesworld.org\/es\/#\/schema\/logo\/image\/\",\"url\":\"https:\/\/ifesworld.org\/wp-content\/uploads\/2019\/06\/ifeslogo.png\",\"contentUrl\":\"https:\/\/ifesworld.org\/wp-content\/uploads\/2019\/06\/ifeslogo.png\",\"width\":262,\"height\":262,\"caption\":\"IFES \u00b7 International Fellowship of Evangelical Students\"},\"image\":{\"@id\":\"https:\/\/ifesworld.org\/es\/#\/schema\/logo\/image\/\"}}]}<\/script>\n<!-- \/ Yoast SEO plugin. -->","yoast_head_json":{"title":"Fronteras cerradas, conexiones renovadas &#183; IFES Prayerline","description":"Mientras los pa\u00edses cerraban sus puertas, en el Caribe empezaban cosas nuevas.&nbsp;&nbsp; Bruce Fletcher y Francis Warner, dos antiguos l\u00edderes de IVCF","robots":{"index":"index","follow":"follow","max-snippet":"max-snippet:-1","max-image-preview":"max-image-preview:large","max-video-preview":"max-video-preview:-1"},"canonical":"https:\/\/ifesworld.org\/es\/prayerline\/fronteras-cerradas-conexiones-renovadas\/","og_locale":"es_ES","og_type":"article","og_title":"Fronteras cerradas, conexiones renovadas &#183; IFES Prayerline","og_description":"Mientras los pa\u00edses cerraban sus puertas, en el Caribe empezaban cosas nuevas.&nbsp;&nbsp; Bruce Fletcher y Francis Warner, dos antiguos l\u00edderes de IVCF","og_url":"https:\/\/ifesworld.org\/es\/prayerline\/fronteras-cerradas-conexiones-renovadas\/","og_site_name":"IFES","og_image":[{"width":1212,"height":720,"url":"https:\/\/ifesworld.org\/wp-content\/uploads\/2021\/11\/211109-TT-alum.jpeg","type":"image\/jpeg"}],"twitter_card":"summary_large_image","twitter_misc":{"Tiempo de lectura":"3 minutos"},"schema":{"@context":"https:\/\/schema.org","@graph":[{"@type":"WebPage","@id":"https:\/\/ifesworld.org\/es\/prayerline\/fronteras-cerradas-conexiones-renovadas\/","url":"https:\/\/ifesworld.org\/es\/prayerline\/fronteras-cerradas-conexiones-renovadas\/","name":"Fronteras cerradas, conexiones renovadas &#183; IFES Prayerline","isPartOf":{"@id":"https:\/\/ifesworld.org\/es\/#website"},"primaryImageOfPage":{"@id":"https:\/\/ifesworld.org\/es\/prayerline\/fronteras-cerradas-conexiones-renovadas\/#primaryimage"},"image":{"@id":"https:\/\/ifesworld.org\/es\/prayerline\/fronteras-cerradas-conexiones-renovadas\/#primaryimage"},"thumbnailUrl":"https:\/\/ifesworld.org\/wp-content\/uploads\/2021\/11\/211109-TT-alum.jpeg","datePublished":"2021-11-23T06:18:00+00:00","description":"Mientras los pa\u00edses cerraban sus puertas, en el Caribe empezaban cosas nuevas.&nbsp;&nbsp; Bruce Fletcher y Francis Warner, dos antiguos l\u00edderes de IVCF","breadcrumb":{"@id":"https:\/\/ifesworld.org\/es\/prayerline\/fronteras-cerradas-conexiones-renovadas\/#breadcrumb"},"inLanguage":"es","potentialAction":[{"@type":"ReadAction","target":["https:\/\/ifesworld.org\/es\/prayerline\/fronteras-cerradas-conexiones-renovadas\/"]}]},{"@type":"ImageObject","inLanguage":"es","@id":"https:\/\/ifesworld.org\/es\/prayerline\/fronteras-cerradas-conexiones-renovadas\/#primaryimage","url":"https:\/\/ifesworld.org\/wp-content\/uploads\/2021\/11\/211109-TT-alum.jpeg","contentUrl":"https:\/\/ifesworld.org\/wp-content\/uploads\/2021\/11\/211109-TT-alum.jpeg","width":1212,"height":720},{"@type":"BreadcrumbList","@id":"https:\/\/ifesworld.org\/es\/prayerline\/fronteras-cerradas-conexiones-renovadas\/#breadcrumb","itemListElement":[{"@type":"ListItem","position":1,"name":"Home","item":"https:\/\/ifesworld.org\/es\/"},{"@type":"ListItem","position":2,"name":"Prayerline","item":"https:\/\/ifesworld.org\/en\/prayerline\/"},{"@type":"ListItem","position":3,"name":"Fronteras cerradas, conexiones renovadas"}]},{"@type":"WebSite","@id":"https:\/\/ifesworld.org\/es\/#website","url":"https:\/\/ifesworld.org\/es\/","name":"IFES","description":"A movement of students sharing and living out the good news of Jesus Christ. Locally. Nationally. Globally.","publisher":{"@id":"https:\/\/ifesworld.org\/es\/#organization"},"potentialAction":[{"@type":"SearchAction","target":{"@type":"EntryPoint","urlTemplate":"https:\/\/ifesworld.org\/es\/?s={search_term_string}"},"query-input":{"@type":"PropertyValueSpecification","valueRequired":true,"valueName":"search_term_string"}}],"inLanguage":"es"},{"@type":"Organization","@id":"https:\/\/ifesworld.org\/es\/#organization","name":"IFES \u00b7 International Fellowship of Evangelical Students","url":"https:\/\/ifesworld.org\/es\/","logo":{"@type":"ImageObject","inLanguage":"es","@id":"https:\/\/ifesworld.org\/es\/#\/schema\/logo\/image\/","url":"https:\/\/ifesworld.org\/wp-content\/uploads\/2019\/06\/ifeslogo.png","contentUrl":"https:\/\/ifesworld.org\/wp-content\/uploads\/2019\/06\/ifeslogo.png","width":262,"height":262,"caption":"IFES \u00b7 International Fellowship of Evangelical Students"},"image":{"@id":"https:\/\/ifesworld.org\/es\/#\/schema\/logo\/image\/"}}]}},"_links":{"self":[{"href":"https:\/\/ifesworld.org\/es\/wp-json\/wp\/v2\/prayerline\/17407","targetHints":{"allow":["GET"]}}],"collection":[{"href":"https:\/\/ifesworld.org\/es\/wp-json\/wp\/v2\/prayerline"}],"about":[{"href":"https:\/\/ifesworld.org\/es\/wp-json\/wp\/v2\/types\/prayerline"}],"wp:featuredmedia":[{"embeddable":true,"href":"https:\/\/ifesworld.org\/es\/wp-json\/wp\/v2\/media\/17399"}],"wp:attachment":[{"href":"https:\/\/ifesworld.org\/es\/wp-json\/wp\/v2\/media?parent=17407"}],"wp:term":[{"taxonomy":"area","embeddable":true,"href":"https:\/\/ifesworld.org\/es\/wp-json\/wp\/v2\/area?post=17407"},{"taxonomy":"theme","embeddable":true,"href":"https:\/\/ifesworld.org\/es\/wp-json\/wp\/v2\/theme?post=17407"}],"curies":[{"name":"wp","href":"https:\/\/api.w.org\/{rel}","templated":true}]}}