{"id":16836,"date":"2021-10-12T09:50:00","date_gmt":"2021-10-12T08:50:00","guid":{"rendered":"https:\/\/ifesworld.org\/?post_type=prayerline&#038;p=16836"},"modified":"2021-10-12T11:37:40","modified_gmt":"2021-10-12T10:37:40","slug":"el-cientifico-apologetico","status":"publish","type":"prayerline","link":"https:\/\/ifesworld.org\/es\/prayerline\/el-cientifico-apologetico\/","title":{"rendered":"El cient\u00edfico apolog\u00e9tico"},"content":{"rendered":"<div class=\"wp-block block-core-paragraph\">\n<p class=\"wp-block-paragraph\">Dios ten\u00eda las respuestas. Y&nbsp;Jonas&nbsp;lo sab\u00eda.&nbsp;&nbsp;<\/p>\n<\/div>\n\n<div class=\"wp-block block-core-paragraph\">\n<p class=\"wp-block-paragraph\">Aunque en su familia todos eran ateos y agn\u00f3sticos, \u00e9l nunca pudo negar por completo la existencia de Dios. Cuando ten\u00eda 15 a\u00f1os, escuch\u00f3 el evangelio en una peque\u00f1a iglesia de Tijuana, M\u00e9xico, y entreg\u00f3 su vida a Cristo.&nbsp;<\/p>\n<\/div>\n\n<div class=\"wp-block block-core-paragraph\">\n<p class=\"wp-block-paragraph\">Pero a medida que su fe iba aumentando, empezaron a surgirle preguntas. No ten\u00eda el mismo escepticismo que su familia, pero estaba muy interesado en la apolog\u00e9tica. Lamentablemente, no ten\u00eda a nadie con quien compartir ese inter\u00e9s. En su iglesia, se consideraba que si uno se planteaba preguntas era porque ten\u00eda falta de fe. As\u00ed que&nbsp;Jonas&nbsp;aprendi\u00f3 a guardar sus dudas para s\u00ed mismo.&nbsp;<\/p>\n<\/div>\n\n<div class=\"wp-block block-core-paragraph\">\n<p class=\"wp-block-paragraph\">&nbsp;Pero cuando fue a la universidad,&nbsp;Jonas&nbsp;se hizo nuevos compa\u00f1eros. Tuvo la oportunidad de contribuir al inicio del primer movimiento estudiantil en Baja California, que pronto pas\u00f3 a formar parte del movimiento estudiantil nacional mexicano: COMPA. Sus amigos de COMPA le animaron a buscar respuestas en la Biblia. Gracias al grupo, tambi\u00e9n descubri\u00f3 a autores apolog\u00e9ticos como C.S. Lewis y Francis&nbsp;Schaeffer.&nbsp;Jonas&nbsp;nos cuenta:&nbsp;<\/p>\n<\/div>\n\n<div class=\"wp-block block-core-quote\">\n<blockquote class=\"wp-block-quote is-layout-flow wp-block-quote-is-layout-flow\"><p><em>\u00abMe llen\u00e9 de \u00e1nimo al saber que la fe no es irracional. De hecho, comprend\u00ed que debemos incluir la mente en nuestra devoci\u00f3n a Dios para amarlo con todo nuestro ser\u00bb.<\/em>&nbsp;<\/p><\/blockquote>\n<\/div>\n\n<div class=\"wp-block block-core-paragraph\">\n<p class=\"wp-block-paragraph\">Desde que termin\u00f3 la universidad en 1998, ha ayudado a innumerables estudiantes a abordar cuestiones similares. Fue l\u00edder estudiantil en COMPA y luego voluntario. Tambi\u00e9n ha creado nuevos grupos de apolog\u00e9tica en la regi\u00f3n. Ahora trabaja como investigador y quiere ayudar a los estudiantes a desarrollar una visi\u00f3n integrada de la ciencia y la fe. Se convirti\u00f3 en un catalizador de la iniciativa&nbsp;<a href=\"https:\/\/lci.ifesworld.org\/es\" target=\"_blank\" rel=\"noreferrer noopener\">Logos y Cosmos<\/a>, un programa del ministerio IFES Conectar con la Universidad, por lo que recibi\u00f3 tutor\u00eda, recursos y apoyo para llevar a cabo sus proyectos.&nbsp;<\/p>\n<\/div>\n\n<div class=\"wp-block block-core-quote\">\n<blockquote class=\"wp-block-quote is-layout-flow wp-block-quote-is-layout-flow\"><p><em>\u00abCon la ayuda de Logos y Cosmos, me gustar\u00eda poder ponerme en contacto con estudiantes cristianos y no cristianos que tienen preguntas cient\u00edficas o pseudocient\u00edficas sobre la fe. Mi objetivo es ayudarles a encontrar respuestas y a armonizar los conocimientos universitarios con lo que aprenden en la Biblia. Creo que es posible tener una visi\u00f3n integrada de la realidad teniendo en cuenta la Biblia y la ciencia\u00bb.&nbsp;<\/em>&nbsp;<\/p><\/blockquote>\n<\/div>\n\n<div class=\"wp-block block-core-paragraph\">\n<p class=\"wp-block-paragraph\">Jonas&nbsp;desea iniciar peque\u00f1os grupos y c\u00edrculos de lectura para debatir temas sobre la ciencia y la fe. Tambi\u00e9n quiere servirse de su trabajo de investigaci\u00f3n para explorar las implicaciones teol\u00f3gicas de las matem\u00e1ticas, y as\u00ed tener la oportunidad de compartir su fe con sus colegas y estudiantes.&nbsp;&nbsp;<\/p>\n<\/div>\n\n<div class=\"wp-block block-core-paragraph\">\n<p class=\"wp-block-paragraph\">Ora con nosotros por&nbsp;Jonas&nbsp;esta semana y por los dem\u00e1s catalizadores que buscan conectar su fe con los estudios.&nbsp;<\/p>\n<\/div>\n\n<div class=\"wp-block block-core-list\">\n<ul class=\"wp-block-list\"><li>La universidad en la que trabaja&nbsp;Jonas&nbsp;se focaliza principalmente en la investigaci\u00f3n y los estudios de posgrado. Esto significa que puede ser dif\u00edcil encontrar estudiantes universitarios. Ora para que Dios gu\u00ede a&nbsp;Jonas&nbsp;hacia los estudiantes que buscan respuestas espirituales.&nbsp;&nbsp;<\/li><li>Ora para que&nbsp;Jonas&nbsp;tenga muchas conversaciones espirituales con sus colegas a trav\u00e9s de su trabajo de investigaci\u00f3n.&nbsp;&nbsp;<\/li><li>Ora por los estudiantes que tienen grandes preguntas sobre la fe. Ora para que conozcan a alguien como&nbsp;Jonas&nbsp;que pueda guiarles hacia las respuestas que se encuentran en las Escrituras.&nbsp;&nbsp;<\/li><\/ul>\n<\/div>\n\n<div class=\"wp-block block-core-paragraph\">\n<p class=\"wp-block-paragraph\">\u00bfY a ti tambi\u00e9n te gustar\u00eda conocer a&nbsp;Jonas? Escucha su testimonio en el que&nbsp;<a href=\"https:\/\/lci.ifesworld.org\/es\/blog\/presentamos-uno-de-nuestros-catalizadores-jonas-from-mexico\/\" target=\"_blank\" rel=\"noreferrer noopener\">explica<\/a>&nbsp;por qu\u00e9 quiso participar en la iniciativa Logos y Cosmos.&nbsp;<\/p>\n<\/div>","protected":false},"featured_media":16835,"template":"","area":[460,633],"theme":[1325],"class_list":["post-16836","prayerline","type-prayerline","status-publish","has-post-thumbnail","hentry","area-latin-america","area-mexico","theme-logos-y-cosmos"],"acf":[],"yoast_head":"<!-- This site is optimized with the Yoast SEO plugin v27.2 - https:\/\/yoast.com\/product\/yoast-seo-wordpress\/ -->\n<title>El cient\u00edfico apolog\u00e9tico &#183; IFES Prayerline<\/title>\n<meta name=\"description\" content=\"Dios ten\u00eda las respuestas. Y&nbsp;Jonas&nbsp;lo sab\u00eda.&nbsp;&nbsp; Aunque en su familia todos eran ateos y agn\u00f3sticos, \u00e9l nunca pudo negar por completo la\" \/>\n<meta name=\"robots\" content=\"index, follow, max-snippet:-1, max-image-preview:large, max-video-preview:-1\" \/>\n<link rel=\"canonical\" href=\"https:\/\/ifesworld.org\/es\/prayerline\/el-cientifico-apologetico\/\" \/>\n<meta property=\"og:locale\" content=\"es_ES\" \/>\n<meta property=\"og:type\" content=\"article\" \/>\n<meta property=\"og:title\" content=\"El cient\u00edfico apolog\u00e9tico &#183; IFES Prayerline\" \/>\n<meta property=\"og:description\" content=\"Dios ten\u00eda las respuestas. Y&nbsp;Jonas&nbsp;lo sab\u00eda.&nbsp;&nbsp; Aunque en su familia todos eran ateos y agn\u00f3sticos, \u00e9l nunca pudo negar por completo la\" \/>\n<meta property=\"og:url\" content=\"https:\/\/ifesworld.org\/es\/prayerline\/el-cientifico-apologetico\/\" \/>\n<meta property=\"og:site_name\" content=\"IFES\" \/>\n<meta property=\"article:modified_time\" content=\"2021-10-12T10:37:40+00:00\" \/>\n<meta property=\"og:image\" content=\"https:\/\/ifesworld.org\/wp-content\/uploads\/2021\/10\/211012-LCI-Latin-America-scaled.jpg\" \/>\n\t<meta property=\"og:image:width\" content=\"2560\" \/>\n\t<meta property=\"og:image:height\" content=\"1920\" \/>\n\t<meta property=\"og:image:type\" content=\"image\/jpeg\" \/>\n<meta name=\"twitter:card\" content=\"summary_large_image\" \/>\n<meta name=\"twitter:label1\" content=\"Tiempo de lectura\" \/>\n\t<meta name=\"twitter:data1\" content=\"3 minutos\" \/>\n<script type=\"application\/ld+json\" class=\"yoast-schema-graph\">{\"@context\":\"https:\/\/schema.org\",\"@graph\":[{\"@type\":\"WebPage\",\"@id\":\"https:\/\/ifesworld.org\/es\/prayerline\/el-cientifico-apologetico\/\",\"url\":\"https:\/\/ifesworld.org\/es\/prayerline\/el-cientifico-apologetico\/\",\"name\":\"El cient\u00edfico apolog\u00e9tico &#183; IFES Prayerline\",\"isPartOf\":{\"@id\":\"https:\/\/ifesworld.org\/es\/#website\"},\"primaryImageOfPage\":{\"@id\":\"https:\/\/ifesworld.org\/es\/prayerline\/el-cientifico-apologetico\/#primaryimage\"},\"image\":{\"@id\":\"https:\/\/ifesworld.org\/es\/prayerline\/el-cientifico-apologetico\/#primaryimage\"},\"thumbnailUrl\":\"https:\/\/ifesworld.org\/wp-content\/uploads\/2021\/10\/211012-LCI-Latin-America-scaled.jpg\",\"datePublished\":\"2021-10-12T08:50:00+00:00\",\"dateModified\":\"2021-10-12T10:37:40+00:00\",\"description\":\"Dios ten\u00eda las respuestas. Y&nbsp;Jonas&nbsp;lo sab\u00eda.&nbsp;&nbsp; Aunque en su familia todos eran ateos y agn\u00f3sticos, \u00e9l nunca pudo negar por completo la\",\"breadcrumb\":{\"@id\":\"https:\/\/ifesworld.org\/es\/prayerline\/el-cientifico-apologetico\/#breadcrumb\"},\"inLanguage\":\"es\",\"potentialAction\":[{\"@type\":\"ReadAction\",\"target\":[\"https:\/\/ifesworld.org\/es\/prayerline\/el-cientifico-apologetico\/\"]}]},{\"@type\":\"ImageObject\",\"inLanguage\":\"es\",\"@id\":\"https:\/\/ifesworld.org\/es\/prayerline\/el-cientifico-apologetico\/#primaryimage\",\"url\":\"https:\/\/ifesworld.org\/wp-content\/uploads\/2021\/10\/211012-LCI-Latin-America-scaled.jpg\",\"contentUrl\":\"https:\/\/ifesworld.org\/wp-content\/uploads\/2021\/10\/211012-LCI-Latin-America-scaled.jpg\",\"width\":2560,\"height\":1920},{\"@type\":\"BreadcrumbList\",\"@id\":\"https:\/\/ifesworld.org\/es\/prayerline\/el-cientifico-apologetico\/#breadcrumb\",\"itemListElement\":[{\"@type\":\"ListItem\",\"position\":1,\"name\":\"Home\",\"item\":\"https:\/\/ifesworld.org\/es\/\"},{\"@type\":\"ListItem\",\"position\":2,\"name\":\"Prayerline\",\"item\":\"https:\/\/ifesworld.org\/en\/prayerline\/\"},{\"@type\":\"ListItem\",\"position\":3,\"name\":\"El cient\u00edfico apolog\u00e9tico\"}]},{\"@type\":\"WebSite\",\"@id\":\"https:\/\/ifesworld.org\/es\/#website\",\"url\":\"https:\/\/ifesworld.org\/es\/\",\"name\":\"IFES\",\"description\":\"A movement of students sharing and living out the good news of Jesus Christ. Locally. Nationally. Globally.\",\"publisher\":{\"@id\":\"https:\/\/ifesworld.org\/es\/#organization\"},\"potentialAction\":[{\"@type\":\"SearchAction\",\"target\":{\"@type\":\"EntryPoint\",\"urlTemplate\":\"https:\/\/ifesworld.org\/es\/?s={search_term_string}\"},\"query-input\":{\"@type\":\"PropertyValueSpecification\",\"valueRequired\":true,\"valueName\":\"search_term_string\"}}],\"inLanguage\":\"es\"},{\"@type\":\"Organization\",\"@id\":\"https:\/\/ifesworld.org\/es\/#organization\",\"name\":\"IFES \u00b7 International Fellowship of Evangelical Students\",\"url\":\"https:\/\/ifesworld.org\/es\/\",\"logo\":{\"@type\":\"ImageObject\",\"inLanguage\":\"es\",\"@id\":\"https:\/\/ifesworld.org\/es\/#\/schema\/logo\/image\/\",\"url\":\"https:\/\/ifesworld.org\/wp-content\/uploads\/2019\/06\/ifeslogo.png\",\"contentUrl\":\"https:\/\/ifesworld.org\/wp-content\/uploads\/2019\/06\/ifeslogo.png\",\"width\":262,\"height\":262,\"caption\":\"IFES \u00b7 International Fellowship of Evangelical Students\"},\"image\":{\"@id\":\"https:\/\/ifesworld.org\/es\/#\/schema\/logo\/image\/\"}}]}<\/script>\n<!-- \/ Yoast SEO plugin. -->","yoast_head_json":{"title":"El cient\u00edfico apolog\u00e9tico &#183; IFES Prayerline","description":"Dios ten\u00eda las respuestas. Y&nbsp;Jonas&nbsp;lo sab\u00eda.&nbsp;&nbsp; Aunque en su familia todos eran ateos y agn\u00f3sticos, \u00e9l nunca pudo negar por completo la","robots":{"index":"index","follow":"follow","max-snippet":"max-snippet:-1","max-image-preview":"max-image-preview:large","max-video-preview":"max-video-preview:-1"},"canonical":"https:\/\/ifesworld.org\/es\/prayerline\/el-cientifico-apologetico\/","og_locale":"es_ES","og_type":"article","og_title":"El cient\u00edfico apolog\u00e9tico &#183; IFES Prayerline","og_description":"Dios ten\u00eda las respuestas. Y&nbsp;Jonas&nbsp;lo sab\u00eda.&nbsp;&nbsp; Aunque en su familia todos eran ateos y agn\u00f3sticos, \u00e9l nunca pudo negar por completo la","og_url":"https:\/\/ifesworld.org\/es\/prayerline\/el-cientifico-apologetico\/","og_site_name":"IFES","article_modified_time":"2021-10-12T10:37:40+00:00","og_image":[{"width":2560,"height":1920,"url":"https:\/\/ifesworld.org\/wp-content\/uploads\/2021\/10\/211012-LCI-Latin-America-scaled.jpg","type":"image\/jpeg"}],"twitter_card":"summary_large_image","twitter_misc":{"Tiempo de lectura":"3 minutos"},"schema":{"@context":"https:\/\/schema.org","@graph":[{"@type":"WebPage","@id":"https:\/\/ifesworld.org\/es\/prayerline\/el-cientifico-apologetico\/","url":"https:\/\/ifesworld.org\/es\/prayerline\/el-cientifico-apologetico\/","name":"El cient\u00edfico apolog\u00e9tico &#183; IFES Prayerline","isPartOf":{"@id":"https:\/\/ifesworld.org\/es\/#website"},"primaryImageOfPage":{"@id":"https:\/\/ifesworld.org\/es\/prayerline\/el-cientifico-apologetico\/#primaryimage"},"image":{"@id":"https:\/\/ifesworld.org\/es\/prayerline\/el-cientifico-apologetico\/#primaryimage"},"thumbnailUrl":"https:\/\/ifesworld.org\/wp-content\/uploads\/2021\/10\/211012-LCI-Latin-America-scaled.jpg","datePublished":"2021-10-12T08:50:00+00:00","dateModified":"2021-10-12T10:37:40+00:00","description":"Dios ten\u00eda las respuestas. Y&nbsp;Jonas&nbsp;lo sab\u00eda.&nbsp;&nbsp; Aunque en su familia todos eran ateos y agn\u00f3sticos, \u00e9l nunca pudo negar por completo la","breadcrumb":{"@id":"https:\/\/ifesworld.org\/es\/prayerline\/el-cientifico-apologetico\/#breadcrumb"},"inLanguage":"es","potentialAction":[{"@type":"ReadAction","target":["https:\/\/ifesworld.org\/es\/prayerline\/el-cientifico-apologetico\/"]}]},{"@type":"ImageObject","inLanguage":"es","@id":"https:\/\/ifesworld.org\/es\/prayerline\/el-cientifico-apologetico\/#primaryimage","url":"https:\/\/ifesworld.org\/wp-content\/uploads\/2021\/10\/211012-LCI-Latin-America-scaled.jpg","contentUrl":"https:\/\/ifesworld.org\/wp-content\/uploads\/2021\/10\/211012-LCI-Latin-America-scaled.jpg","width":2560,"height":1920},{"@type":"BreadcrumbList","@id":"https:\/\/ifesworld.org\/es\/prayerline\/el-cientifico-apologetico\/#breadcrumb","itemListElement":[{"@type":"ListItem","position":1,"name":"Home","item":"https:\/\/ifesworld.org\/es\/"},{"@type":"ListItem","position":2,"name":"Prayerline","item":"https:\/\/ifesworld.org\/en\/prayerline\/"},{"@type":"ListItem","position":3,"name":"El cient\u00edfico apolog\u00e9tico"}]},{"@type":"WebSite","@id":"https:\/\/ifesworld.org\/es\/#website","url":"https:\/\/ifesworld.org\/es\/","name":"IFES","description":"A movement of students sharing and living out the good news of Jesus Christ. Locally. Nationally. Globally.","publisher":{"@id":"https:\/\/ifesworld.org\/es\/#organization"},"potentialAction":[{"@type":"SearchAction","target":{"@type":"EntryPoint","urlTemplate":"https:\/\/ifesworld.org\/es\/?s={search_term_string}"},"query-input":{"@type":"PropertyValueSpecification","valueRequired":true,"valueName":"search_term_string"}}],"inLanguage":"es"},{"@type":"Organization","@id":"https:\/\/ifesworld.org\/es\/#organization","name":"IFES \u00b7 International Fellowship of Evangelical Students","url":"https:\/\/ifesworld.org\/es\/","logo":{"@type":"ImageObject","inLanguage":"es","@id":"https:\/\/ifesworld.org\/es\/#\/schema\/logo\/image\/","url":"https:\/\/ifesworld.org\/wp-content\/uploads\/2019\/06\/ifeslogo.png","contentUrl":"https:\/\/ifesworld.org\/wp-content\/uploads\/2019\/06\/ifeslogo.png","width":262,"height":262,"caption":"IFES \u00b7 International Fellowship of Evangelical Students"},"image":{"@id":"https:\/\/ifesworld.org\/es\/#\/schema\/logo\/image\/"}}]}},"_links":{"self":[{"href":"https:\/\/ifesworld.org\/es\/wp-json\/wp\/v2\/prayerline\/16836","targetHints":{"allow":["GET"]}}],"collection":[{"href":"https:\/\/ifesworld.org\/es\/wp-json\/wp\/v2\/prayerline"}],"about":[{"href":"https:\/\/ifesworld.org\/es\/wp-json\/wp\/v2\/types\/prayerline"}],"wp:featuredmedia":[{"embeddable":true,"href":"https:\/\/ifesworld.org\/es\/wp-json\/wp\/v2\/media\/16835"}],"wp:attachment":[{"href":"https:\/\/ifesworld.org\/es\/wp-json\/wp\/v2\/media?parent=16836"}],"wp:term":[{"taxonomy":"area","embeddable":true,"href":"https:\/\/ifesworld.org\/es\/wp-json\/wp\/v2\/area?post=16836"},{"taxonomy":"theme","embeddable":true,"href":"https:\/\/ifesworld.org\/es\/wp-json\/wp\/v2\/theme?post=16836"}],"curies":[{"name":"wp","href":"https:\/\/api.w.org\/{rel}","templated":true}]}}