{"id":14204,"date":"2020-11-17T05:30:00","date_gmt":"2020-11-17T05:30:00","guid":{"rendered":"https:\/\/ifesworld.org\/?post_type=prayerline&#038;p=14204"},"modified":"2020-11-17T12:08:57","modified_gmt":"2020-11-17T12:08:57","slug":"un-crecimiento-vibrante-en-la-tundra-patagonica","status":"publish","type":"prayerline","link":"https:\/\/ifesworld.org\/es\/prayerline\/un-crecimiento-vibrante-en-la-tundra-patagonica\/","title":{"rendered":"Un crecimiento vibrante en la tundra patag\u00f3nica"},"content":{"rendered":"<div class=\"wp-block block-core-paragraph\">\n<p class=\"wp-block-paragraph\">Jes\u00fas mand\u00f3 a sus disc\u00edpulos que llevaran el evangelio hasta los confines de la tierra. Pablo Galaz se ha tomado este mandamiento literalmente.&nbsp;Vive en Punta Arenas, una peque\u00f1a ciudad portuaria en el lado chileno de la Patagonia. Si bien su ubicaci\u00f3n en el extremo sur es el punto de partida perfecto para las expediciones ant\u00e1rticas, supone un desaf\u00edo para los nuevos grupos de estudiantes pioneros. Las monta\u00f1as salvajes y las fr\u00edas islas separan esta regi\u00f3n con el resto de Chile. Si Pablo quiere llegar a otra ciudad, debe tomar un caro vuelo de cuatro horas hasta Santiago o conducir tres horas hasta Argentina. La ubicaci\u00f3n no es la ideal, pero Pablo cree que un vibrante movimiento estudiantil podr\u00eda florecer en la fr\u00eda tundra del sur.&nbsp;&nbsp;<\/p>\n<\/div>\n\n<div class=\"wp-block block-core-paragraph\">\n<p class=\"wp-block-paragraph\">En 2019, Pablo comenz\u00f3 su ministerio como obrero pionero de la iniciativa Abriendo nuevos caminos en la Patagonia chilena. Desde entonces, ha dedicado una gran cantidad de su tiempo a conducir grandes distancias a otros pueblos y ciudades de la regi\u00f3n, ayudando a pastores y l\u00edderes a entender el valor del ministerio estudiantil a trav\u00e9s de talleres y ense\u00f1anzas. Dado que su ciudad est\u00e1 mucho m\u00e1s cerca de Argentina que su propio pa\u00eds, espera que se desarrolle una asociaci\u00f3n con las iglesias argentinas. Dado que el avivamiento ha llegado a muchas iglesias en la Patagonia, el terreno espiritual es f\u00e9rtil para el ministerio estudiantil. La misi\u00f3n de Pablo consiste en ayudarlos a desarrollar un coraz\u00f3n para los estudiantes.&nbsp;&nbsp;<\/p>\n<\/div>\n\n<div class=\"wp-block block-core-paragraph\">\n<p class=\"wp-block-paragraph\">Ya ha establecido muchas de sus s\u00f3lidas relaciones con estudiantes de la parte chilena de la Patagonia. En uno de sus largos viajes por carretera a Argentina, Pablo trajo a Nicol\u00e1s, un estudiante de segundo a\u00f1o que afrontaba dudas sobre su vida y su futuro. Con la vista puesta en el inmenso camino, se sumergieron en ricas conversaciones sobre la vida, el ministerio y la enorme misi\u00f3n de llegar a los estudiantes. Tras el viaje, Nicol\u00e1s se convirti\u00f3 en uno de los l\u00edderes estudiantiles m\u00e1s fieles de su grupo.&nbsp;&nbsp;<\/p>\n<\/div>\n\n<div class=\"wp-block block-core-paragraph\">\n<p class=\"wp-block-paragraph\">Los l\u00edderes estudiantiles como Nicol\u00e1s ejercen un gran impacto en el progreso de la plantaci\u00f3n de nuevos grupos en la Patagonia. Pero la regi\u00f3n est\u00e1 aislada y muchos estudiantes se marchan cuando se grad\u00faan. Sin embargo, Pablo se mantiene firme en su prop\u00f3sito de establecer muchos grupos activos en toda la regi\u00f3n. Uno de sus proyectos es la plantaci\u00f3n de una iglesia con la misi\u00f3n de valorar y alcanzar a los estudiantes universitarios. Simb\u00f3licamente, se han puesto el nombre de&nbsp;<em>El \u00c1rbol<\/em>. Pablo espera que, con el tiempo, esta iglesia y muchas otras echen ra\u00edces en el fr\u00edo suelo de la Patagonia para promover movimientos estudiantiles din\u00e1micos. Ore con nosotros por su apertura de caminos en esta regi\u00f3n aislada.&nbsp;&nbsp;<\/p>\n<\/div>\n\n<div class=\"wp-block block-core-list\">\n<ul class=\"wp-block-list\"><li>Ora para que Pablo y sus l\u00edderes estudiantiles perseveren y por sus reuniones con los l\u00edderes de la iglesia en la Patagonia. Ora para que estas iglesias entiendan la necesidad de la evangelizaci\u00f3n estudiantil.&nbsp;&nbsp;<\/li><li>Ora para que surjan nuevas oportunidades para impartir talleres en las ciudades de R\u00edo Grande y Ushuaia.&nbsp;&nbsp;<\/li><li>Ora para que m\u00e1s l\u00edderes estudiantiles se impliquen en la misi\u00f3n.&nbsp;<\/li><\/ul>\n<\/div>","protected":false},"featured_media":14203,"template":"","area":[460,623],"theme":[],"class_list":["post-14204","prayerline","type-prayerline","status-publish","has-post-thumbnail","hentry","area-latin-america","area-chile"],"acf":[],"yoast_head":"<!-- This site is optimized with the Yoast SEO plugin v27.2 - https:\/\/yoast.com\/product\/yoast-seo-wordpress\/ -->\n<title>Un crecimiento vibrante en la tundra patag\u00f3nica &#183; IFES Prayerline<\/title>\n<meta name=\"description\" content=\"Jes\u00fas mand\u00f3 a sus disc\u00edpulos que llevaran el evangelio hasta los confines de la tierra. Pablo Galaz se ha tomado este mandamiento literalmente.&nbsp;Vive\" \/>\n<meta name=\"robots\" content=\"index, follow, max-snippet:-1, max-image-preview:large, max-video-preview:-1\" \/>\n<link rel=\"canonical\" href=\"https:\/\/ifesworld.org\/es\/prayerline\/un-crecimiento-vibrante-en-la-tundra-patagonica\/\" \/>\n<meta property=\"og:locale\" content=\"es_ES\" \/>\n<meta property=\"og:type\" content=\"article\" \/>\n<meta property=\"og:title\" content=\"Un crecimiento vibrante en la tundra patag\u00f3nica &#183; IFES Prayerline\" \/>\n<meta property=\"og:description\" content=\"Jes\u00fas mand\u00f3 a sus disc\u00edpulos que llevaran el evangelio hasta los confines de la tierra. Pablo Galaz se ha tomado este mandamiento literalmente.&nbsp;Vive\" \/>\n<meta property=\"og:url\" content=\"https:\/\/ifesworld.org\/es\/prayerline\/un-crecimiento-vibrante-en-la-tundra-patagonica\/\" \/>\n<meta property=\"og:site_name\" content=\"IFES\" \/>\n<meta property=\"article:modified_time\" content=\"2020-11-17T12:08:57+00:00\" \/>\n<meta property=\"og:image\" content=\"https:\/\/ifesworld.org\/wp-content\/uploads\/2020\/11\/231b51ed-2aa8-4a4a-8aa9-906d3c8ecdfc-e1605614522181.jpg\" \/>\n\t<meta property=\"og:image:width\" content=\"1280\" \/>\n\t<meta property=\"og:image:height\" content=\"678\" \/>\n\t<meta property=\"og:image:type\" content=\"image\/jpeg\" \/>\n<meta name=\"twitter:card\" content=\"summary_large_image\" \/>\n<meta name=\"twitter:label1\" content=\"Tiempo de lectura\" \/>\n\t<meta name=\"twitter:data1\" content=\"3 minutos\" \/>\n<script type=\"application\/ld+json\" class=\"yoast-schema-graph\">{\"@context\":\"https:\/\/schema.org\",\"@graph\":[{\"@type\":\"WebPage\",\"@id\":\"https:\/\/ifesworld.org\/es\/prayerline\/un-crecimiento-vibrante-en-la-tundra-patagonica\/\",\"url\":\"https:\/\/ifesworld.org\/es\/prayerline\/un-crecimiento-vibrante-en-la-tundra-patagonica\/\",\"name\":\"Un crecimiento vibrante en la tundra patag\u00f3nica &#183; IFES Prayerline\",\"isPartOf\":{\"@id\":\"https:\/\/ifesworld.org\/es\/#website\"},\"primaryImageOfPage\":{\"@id\":\"https:\/\/ifesworld.org\/es\/prayerline\/un-crecimiento-vibrante-en-la-tundra-patagonica\/#primaryimage\"},\"image\":{\"@id\":\"https:\/\/ifesworld.org\/es\/prayerline\/un-crecimiento-vibrante-en-la-tundra-patagonica\/#primaryimage\"},\"thumbnailUrl\":\"https:\/\/ifesworld.org\/wp-content\/uploads\/2020\/11\/231b51ed-2aa8-4a4a-8aa9-906d3c8ecdfc-e1605614522181.jpg\",\"datePublished\":\"2020-11-17T05:30:00+00:00\",\"dateModified\":\"2020-11-17T12:08:57+00:00\",\"description\":\"Jes\u00fas mand\u00f3 a sus disc\u00edpulos que llevaran el evangelio hasta los confines de la tierra. Pablo Galaz se ha tomado este mandamiento literalmente.&nbsp;Vive\",\"breadcrumb\":{\"@id\":\"https:\/\/ifesworld.org\/es\/prayerline\/un-crecimiento-vibrante-en-la-tundra-patagonica\/#breadcrumb\"},\"inLanguage\":\"es\",\"potentialAction\":[{\"@type\":\"ReadAction\",\"target\":[\"https:\/\/ifesworld.org\/es\/prayerline\/un-crecimiento-vibrante-en-la-tundra-patagonica\/\"]}]},{\"@type\":\"ImageObject\",\"inLanguage\":\"es\",\"@id\":\"https:\/\/ifesworld.org\/es\/prayerline\/un-crecimiento-vibrante-en-la-tundra-patagonica\/#primaryimage\",\"url\":\"https:\/\/ifesworld.org\/wp-content\/uploads\/2020\/11\/231b51ed-2aa8-4a4a-8aa9-906d3c8ecdfc-e1605614522181.jpg\",\"contentUrl\":\"https:\/\/ifesworld.org\/wp-content\/uploads\/2020\/11\/231b51ed-2aa8-4a4a-8aa9-906d3c8ecdfc-e1605614522181.jpg\",\"width\":1280,\"height\":678},{\"@type\":\"BreadcrumbList\",\"@id\":\"https:\/\/ifesworld.org\/es\/prayerline\/un-crecimiento-vibrante-en-la-tundra-patagonica\/#breadcrumb\",\"itemListElement\":[{\"@type\":\"ListItem\",\"position\":1,\"name\":\"Home\",\"item\":\"https:\/\/ifesworld.org\/es\/\"},{\"@type\":\"ListItem\",\"position\":2,\"name\":\"Prayerline\",\"item\":\"https:\/\/ifesworld.org\/en\/prayerline\/\"},{\"@type\":\"ListItem\",\"position\":3,\"name\":\"Un crecimiento vibrante en la tundra patag\u00f3nica\"}]},{\"@type\":\"WebSite\",\"@id\":\"https:\/\/ifesworld.org\/es\/#website\",\"url\":\"https:\/\/ifesworld.org\/es\/\",\"name\":\"IFES\",\"description\":\"A movement of students sharing and living out the good news of Jesus Christ. Locally. Nationally. Globally.\",\"publisher\":{\"@id\":\"https:\/\/ifesworld.org\/es\/#organization\"},\"potentialAction\":[{\"@type\":\"SearchAction\",\"target\":{\"@type\":\"EntryPoint\",\"urlTemplate\":\"https:\/\/ifesworld.org\/es\/?s={search_term_string}\"},\"query-input\":{\"@type\":\"PropertyValueSpecification\",\"valueRequired\":true,\"valueName\":\"search_term_string\"}}],\"inLanguage\":\"es\"},{\"@type\":\"Organization\",\"@id\":\"https:\/\/ifesworld.org\/es\/#organization\",\"name\":\"IFES \u00b7 International Fellowship of Evangelical Students\",\"url\":\"https:\/\/ifesworld.org\/es\/\",\"logo\":{\"@type\":\"ImageObject\",\"inLanguage\":\"es\",\"@id\":\"https:\/\/ifesworld.org\/es\/#\/schema\/logo\/image\/\",\"url\":\"https:\/\/ifesworld.org\/wp-content\/uploads\/2019\/06\/ifeslogo.png\",\"contentUrl\":\"https:\/\/ifesworld.org\/wp-content\/uploads\/2019\/06\/ifeslogo.png\",\"width\":262,\"height\":262,\"caption\":\"IFES \u00b7 International Fellowship of Evangelical Students\"},\"image\":{\"@id\":\"https:\/\/ifesworld.org\/es\/#\/schema\/logo\/image\/\"}}]}<\/script>\n<!-- \/ Yoast SEO plugin. -->","yoast_head_json":{"title":"Un crecimiento vibrante en la tundra patag\u00f3nica &#183; IFES Prayerline","description":"Jes\u00fas mand\u00f3 a sus disc\u00edpulos que llevaran el evangelio hasta los confines de la tierra. Pablo Galaz se ha tomado este mandamiento literalmente.&nbsp;Vive","robots":{"index":"index","follow":"follow","max-snippet":"max-snippet:-1","max-image-preview":"max-image-preview:large","max-video-preview":"max-video-preview:-1"},"canonical":"https:\/\/ifesworld.org\/es\/prayerline\/un-crecimiento-vibrante-en-la-tundra-patagonica\/","og_locale":"es_ES","og_type":"article","og_title":"Un crecimiento vibrante en la tundra patag\u00f3nica &#183; IFES Prayerline","og_description":"Jes\u00fas mand\u00f3 a sus disc\u00edpulos que llevaran el evangelio hasta los confines de la tierra. Pablo Galaz se ha tomado este mandamiento literalmente.&nbsp;Vive","og_url":"https:\/\/ifesworld.org\/es\/prayerline\/un-crecimiento-vibrante-en-la-tundra-patagonica\/","og_site_name":"IFES","article_modified_time":"2020-11-17T12:08:57+00:00","og_image":[{"width":1280,"height":678,"url":"https:\/\/ifesworld.org\/wp-content\/uploads\/2020\/11\/231b51ed-2aa8-4a4a-8aa9-906d3c8ecdfc-e1605614522181.jpg","type":"image\/jpeg"}],"twitter_card":"summary_large_image","twitter_misc":{"Tiempo de lectura":"3 minutos"},"schema":{"@context":"https:\/\/schema.org","@graph":[{"@type":"WebPage","@id":"https:\/\/ifesworld.org\/es\/prayerline\/un-crecimiento-vibrante-en-la-tundra-patagonica\/","url":"https:\/\/ifesworld.org\/es\/prayerline\/un-crecimiento-vibrante-en-la-tundra-patagonica\/","name":"Un crecimiento vibrante en la tundra patag\u00f3nica &#183; IFES Prayerline","isPartOf":{"@id":"https:\/\/ifesworld.org\/es\/#website"},"primaryImageOfPage":{"@id":"https:\/\/ifesworld.org\/es\/prayerline\/un-crecimiento-vibrante-en-la-tundra-patagonica\/#primaryimage"},"image":{"@id":"https:\/\/ifesworld.org\/es\/prayerline\/un-crecimiento-vibrante-en-la-tundra-patagonica\/#primaryimage"},"thumbnailUrl":"https:\/\/ifesworld.org\/wp-content\/uploads\/2020\/11\/231b51ed-2aa8-4a4a-8aa9-906d3c8ecdfc-e1605614522181.jpg","datePublished":"2020-11-17T05:30:00+00:00","dateModified":"2020-11-17T12:08:57+00:00","description":"Jes\u00fas mand\u00f3 a sus disc\u00edpulos que llevaran el evangelio hasta los confines de la tierra. Pablo Galaz se ha tomado este mandamiento literalmente.&nbsp;Vive","breadcrumb":{"@id":"https:\/\/ifesworld.org\/es\/prayerline\/un-crecimiento-vibrante-en-la-tundra-patagonica\/#breadcrumb"},"inLanguage":"es","potentialAction":[{"@type":"ReadAction","target":["https:\/\/ifesworld.org\/es\/prayerline\/un-crecimiento-vibrante-en-la-tundra-patagonica\/"]}]},{"@type":"ImageObject","inLanguage":"es","@id":"https:\/\/ifesworld.org\/es\/prayerline\/un-crecimiento-vibrante-en-la-tundra-patagonica\/#primaryimage","url":"https:\/\/ifesworld.org\/wp-content\/uploads\/2020\/11\/231b51ed-2aa8-4a4a-8aa9-906d3c8ecdfc-e1605614522181.jpg","contentUrl":"https:\/\/ifesworld.org\/wp-content\/uploads\/2020\/11\/231b51ed-2aa8-4a4a-8aa9-906d3c8ecdfc-e1605614522181.jpg","width":1280,"height":678},{"@type":"BreadcrumbList","@id":"https:\/\/ifesworld.org\/es\/prayerline\/un-crecimiento-vibrante-en-la-tundra-patagonica\/#breadcrumb","itemListElement":[{"@type":"ListItem","position":1,"name":"Home","item":"https:\/\/ifesworld.org\/es\/"},{"@type":"ListItem","position":2,"name":"Prayerline","item":"https:\/\/ifesworld.org\/en\/prayerline\/"},{"@type":"ListItem","position":3,"name":"Un crecimiento vibrante en la tundra patag\u00f3nica"}]},{"@type":"WebSite","@id":"https:\/\/ifesworld.org\/es\/#website","url":"https:\/\/ifesworld.org\/es\/","name":"IFES","description":"A movement of students sharing and living out the good news of Jesus Christ. Locally. Nationally. Globally.","publisher":{"@id":"https:\/\/ifesworld.org\/es\/#organization"},"potentialAction":[{"@type":"SearchAction","target":{"@type":"EntryPoint","urlTemplate":"https:\/\/ifesworld.org\/es\/?s={search_term_string}"},"query-input":{"@type":"PropertyValueSpecification","valueRequired":true,"valueName":"search_term_string"}}],"inLanguage":"es"},{"@type":"Organization","@id":"https:\/\/ifesworld.org\/es\/#organization","name":"IFES \u00b7 International Fellowship of Evangelical Students","url":"https:\/\/ifesworld.org\/es\/","logo":{"@type":"ImageObject","inLanguage":"es","@id":"https:\/\/ifesworld.org\/es\/#\/schema\/logo\/image\/","url":"https:\/\/ifesworld.org\/wp-content\/uploads\/2019\/06\/ifeslogo.png","contentUrl":"https:\/\/ifesworld.org\/wp-content\/uploads\/2019\/06\/ifeslogo.png","width":262,"height":262,"caption":"IFES \u00b7 International Fellowship of Evangelical Students"},"image":{"@id":"https:\/\/ifesworld.org\/es\/#\/schema\/logo\/image\/"}}]}},"_links":{"self":[{"href":"https:\/\/ifesworld.org\/es\/wp-json\/wp\/v2\/prayerline\/14204","targetHints":{"allow":["GET"]}}],"collection":[{"href":"https:\/\/ifesworld.org\/es\/wp-json\/wp\/v2\/prayerline"}],"about":[{"href":"https:\/\/ifesworld.org\/es\/wp-json\/wp\/v2\/types\/prayerline"}],"wp:featuredmedia":[{"embeddable":true,"href":"https:\/\/ifesworld.org\/es\/wp-json\/wp\/v2\/media\/14203"}],"wp:attachment":[{"href":"https:\/\/ifesworld.org\/es\/wp-json\/wp\/v2\/media?parent=14204"}],"wp:term":[{"taxonomy":"area","embeddable":true,"href":"https:\/\/ifesworld.org\/es\/wp-json\/wp\/v2\/area?post=14204"},{"taxonomy":"theme","embeddable":true,"href":"https:\/\/ifesworld.org\/es\/wp-json\/wp\/v2\/theme?post=14204"}],"curies":[{"name":"wp","href":"https:\/\/api.w.org\/{rel}","templated":true}]}}