{"id":14190,"date":"2020-11-10T05:30:00","date_gmt":"2020-11-10T05:30:00","guid":{"rendered":"https:\/\/ifesworld.org\/?post_type=prayerline&#038;p=14190"},"modified":"2020-11-09T16:20:26","modified_gmt":"2020-11-09T16:20:26","slug":"las-tendencias-globales-dan-forma-al-ministerio-estudiantil","status":"publish","type":"prayerline","link":"https:\/\/ifesworld.org\/es\/prayerline\/las-tendencias-globales-dan-forma-al-ministerio-estudiantil\/","title":{"rendered":"LAS TENDENCIAS GLOBALES DAN FORMA AL MINISTERIO ESTUDIANTIL"},"content":{"rendered":"<div class=\"wp-block block-core-paragraph\">\n<p class=\"wp-block-paragraph\">&nbsp;Cada generaci\u00f3n trae consigo nuevos retos que dan forma al mundo. Los l\u00edderes y el personal del IFES se han enfrentado a muchos eventos globales importantes: desde el aumento del SIDA hasta la ca\u00edda de la Uni\u00f3n Sovi\u00e9tica y la llegada del Internet. Todos estos eventos mundiales influyen en la forma en que los estudiantes perciben la realidad. Por eso es importante que los l\u00edderes de IFES entiendan las tendencias globales para alcanzar a los estudiantes de forma relevante.<\/p>\n<\/div>\n\n<div class=\"wp-block block-core-paragraph\">\n<p class=\"wp-block-paragraph\">A lo largo del 2019 y el 2020, los obreros s\u00e9nior de IFES combinaron su experiencia con consultas internas en las bases y hallazgos de investigaciones externas para identificar once tendencias globales que tienen m\u00e1s probabilidades de afectar el ministerio estudiantil. Su investigaci\u00f3n los llev\u00f3 a centrarse en el aumento del liberalismo, la corrupci\u00f3n, la salud mental, la pobreza, la inmigraci\u00f3n, el cuidado de la creaci\u00f3n, el escenario de la educaci\u00f3n de nivel superior, la persecuci\u00f3n, el aumento de la denominaci\u00f3n cristiana, la expansi\u00f3n del islam y la violencia contra las mujeres.<\/p>\n<\/div>\n\n<div class=\"wp-block block-core-paragraph\">\n<p class=\"wp-block-paragraph\">Los obreros pidieron a m\u00e1s de 120 movimientos nacionales que les brindaran m\u00e1s informaci\u00f3n sobre c\u00f3mo estas tendencias afectan a sus estudiantes y campus. Los participantes indicaron que las principales tendencias globales que afectan a sus movimientos son el aumento del liberalismo, la corrupci\u00f3n, la salud mental y la pobreza.<\/p>\n<\/div>\n\n<div class=\"wp-block block-core-paragraph\">\n<p class=\"wp-block-paragraph\">La investigaci\u00f3n tambi\u00e9n puso de manifiesto que esta generaci\u00f3n de estudiantes quiere que su vida cobre significado. Quieren honrar a Dios en su trabajo y muchos cristianos j\u00f3venes est\u00e1n interesados en el discipulado vocacional. Persiguen relaciones aut\u00e9nticas, buscan mentor\u00edas y buscan formas de ejercer impacto.<\/p>\n<\/div>\n\n<div class=\"wp-block block-core-paragraph\">\n<p class=\"wp-block-paragraph\">El informe sobre tendencias globales ofrecer\u00e1 a los movimientos centrales, regionales y nacionales de IFES informaci\u00f3n para ayudar a los estudiantes a lograr estas cosas. Al reflexionar sobre estas tendencias, los l\u00edderes del ministerio estudiantil pueden estructurar el ministerio de forma que equipe a los estudiantes para influenciar el mundo con los valores de Dios.<\/p>\n<\/div>\n\n<div class=\"wp-block block-core-paragraph\">\n<p class=\"wp-block-paragraph\">Te invitamos <a href=\"https:\/\/ifesworld.org\/wp-content\/uploads\/2020\/08\/IFES-Global-Trends-Report_ES_Final.pdf\" target=\"_blank\" rel=\"noreferrer noopener\" aria-label=\"a leer el informe (opens in a new tab)\">a leer el informe<\/a> y unirte a nosotros en oraci\u00f3n para quienes usan esta herramienta para dar forma a su plan de ministerio futuro.<\/p>\n<\/div>\n\n<div class=\"wp-block block-core-list\">\n<ul class=\"wp-block-list\"><li>Demos gracias a Dios por los atentos y diligentes esfuerzos de los investigadores y participantes que han generado este informe.<\/li><li>Oremos por todas estas tendencias y pid\u00e1mosle a Dios sabidur\u00eda, coraje y creatividad para los estudiantes y l\u00edderes que quieren dar un testimonio fiel en estos contextos.<\/li><li>Ora por el liderazgo de IFES que analiza estas tendencias para trazar la pr\u00f3xima estrategia de IFES a largo plazo.<\/li><\/ul>\n<\/div>","protected":false},"featured_media":14109,"template":"","area":[],"theme":[],"class_list":["post-14190","prayerline","type-prayerline","status-publish","has-post-thumbnail","hentry"],"acf":[],"yoast_head":"<!-- This site is optimized with the Yoast SEO plugin v27.2 - https:\/\/yoast.com\/product\/yoast-seo-wordpress\/ -->\n<title>LAS TENDENCIAS GLOBALES DAN FORMA AL MINISTERIO ESTUDIANTIL &#183; IFES Prayerline<\/title>\n<meta name=\"description\" content=\"&nbsp;Cada generaci\u00f3n trae consigo nuevos retos que dan forma al mundo. Los l\u00edderes y el personal del IFES se han enfrentado a muchos eventos globales\" \/>\n<meta name=\"robots\" content=\"index, follow, max-snippet:-1, max-image-preview:large, max-video-preview:-1\" \/>\n<link rel=\"canonical\" href=\"https:\/\/ifesworld.org\/es\/prayerline\/las-tendencias-globales-dan-forma-al-ministerio-estudiantil\/\" \/>\n<meta property=\"og:locale\" content=\"es_ES\" \/>\n<meta property=\"og:type\" content=\"article\" \/>\n<meta property=\"og:title\" content=\"LAS TENDENCIAS GLOBALES DAN FORMA AL MINISTERIO ESTUDIANTIL &#183; IFES Prayerline\" \/>\n<meta property=\"og:description\" content=\"&nbsp;Cada generaci\u00f3n trae consigo nuevos retos que dan forma al mundo. Los l\u00edderes y el personal del IFES se han enfrentado a muchos eventos globales\" \/>\n<meta property=\"og:url\" content=\"https:\/\/ifesworld.org\/es\/prayerline\/las-tendencias-globales-dan-forma-al-ministerio-estudiantil\/\" \/>\n<meta property=\"og:site_name\" content=\"IFES\" \/>\n<meta property=\"og:image\" content=\"https:\/\/ifesworld.org\/wp-content\/uploads\/2020\/11\/kyle-glenn-nXt5HtLmlgE-unsplash-scaled.jpg\" \/>\n\t<meta property=\"og:image:width\" content=\"2560\" \/>\n\t<meta property=\"og:image:height\" content=\"1707\" \/>\n\t<meta property=\"og:image:type\" content=\"image\/jpeg\" \/>\n<meta name=\"twitter:card\" content=\"summary_large_image\" \/>\n<meta name=\"twitter:label1\" content=\"Tiempo de lectura\" \/>\n\t<meta name=\"twitter:data1\" content=\"2 minutos\" \/>\n<script type=\"application\/ld+json\" class=\"yoast-schema-graph\">{\"@context\":\"https:\/\/schema.org\",\"@graph\":[{\"@type\":\"WebPage\",\"@id\":\"https:\/\/ifesworld.org\/es\/prayerline\/las-tendencias-globales-dan-forma-al-ministerio-estudiantil\/\",\"url\":\"https:\/\/ifesworld.org\/es\/prayerline\/las-tendencias-globales-dan-forma-al-ministerio-estudiantil\/\",\"name\":\"LAS TENDENCIAS GLOBALES DAN FORMA AL MINISTERIO ESTUDIANTIL &#183; IFES Prayerline\",\"isPartOf\":{\"@id\":\"https:\/\/ifesworld.org\/es\/#website\"},\"primaryImageOfPage\":{\"@id\":\"https:\/\/ifesworld.org\/es\/prayerline\/las-tendencias-globales-dan-forma-al-ministerio-estudiantil\/#primaryimage\"},\"image\":{\"@id\":\"https:\/\/ifesworld.org\/es\/prayerline\/las-tendencias-globales-dan-forma-al-ministerio-estudiantil\/#primaryimage\"},\"thumbnailUrl\":\"https:\/\/ifesworld.org\/wp-content\/uploads\/2020\/11\/kyle-glenn-nXt5HtLmlgE-unsplash-scaled.jpg\",\"datePublished\":\"2020-11-10T05:30:00+00:00\",\"description\":\"&nbsp;Cada generaci\u00f3n trae consigo nuevos retos que dan forma al mundo. Los l\u00edderes y el personal del IFES se han enfrentado a muchos eventos globales\",\"breadcrumb\":{\"@id\":\"https:\/\/ifesworld.org\/es\/prayerline\/las-tendencias-globales-dan-forma-al-ministerio-estudiantil\/#breadcrumb\"},\"inLanguage\":\"es\",\"potentialAction\":[{\"@type\":\"ReadAction\",\"target\":[\"https:\/\/ifesworld.org\/es\/prayerline\/las-tendencias-globales-dan-forma-al-ministerio-estudiantil\/\"]}]},{\"@type\":\"ImageObject\",\"inLanguage\":\"es\",\"@id\":\"https:\/\/ifesworld.org\/es\/prayerline\/las-tendencias-globales-dan-forma-al-ministerio-estudiantil\/#primaryimage\",\"url\":\"https:\/\/ifesworld.org\/wp-content\/uploads\/2020\/11\/kyle-glenn-nXt5HtLmlgE-unsplash-scaled.jpg\",\"contentUrl\":\"https:\/\/ifesworld.org\/wp-content\/uploads\/2020\/11\/kyle-glenn-nXt5HtLmlgE-unsplash-scaled.jpg\",\"width\":2560,\"height\":1707},{\"@type\":\"BreadcrumbList\",\"@id\":\"https:\/\/ifesworld.org\/es\/prayerline\/las-tendencias-globales-dan-forma-al-ministerio-estudiantil\/#breadcrumb\",\"itemListElement\":[{\"@type\":\"ListItem\",\"position\":1,\"name\":\"Home\",\"item\":\"https:\/\/ifesworld.org\/es\/\"},{\"@type\":\"ListItem\",\"position\":2,\"name\":\"Prayerline\",\"item\":\"https:\/\/ifesworld.org\/en\/prayerline\/\"},{\"@type\":\"ListItem\",\"position\":3,\"name\":\"LAS TENDENCIAS GLOBALES DAN FORMA AL MINISTERIO ESTUDIANTIL\"}]},{\"@type\":\"WebSite\",\"@id\":\"https:\/\/ifesworld.org\/es\/#website\",\"url\":\"https:\/\/ifesworld.org\/es\/\",\"name\":\"IFES\",\"description\":\"A movement of students sharing and living out the good news of Jesus Christ. Locally. Nationally. Globally.\",\"publisher\":{\"@id\":\"https:\/\/ifesworld.org\/es\/#organization\"},\"potentialAction\":[{\"@type\":\"SearchAction\",\"target\":{\"@type\":\"EntryPoint\",\"urlTemplate\":\"https:\/\/ifesworld.org\/es\/?s={search_term_string}\"},\"query-input\":{\"@type\":\"PropertyValueSpecification\",\"valueRequired\":true,\"valueName\":\"search_term_string\"}}],\"inLanguage\":\"es\"},{\"@type\":\"Organization\",\"@id\":\"https:\/\/ifesworld.org\/es\/#organization\",\"name\":\"IFES \u00b7 International Fellowship of Evangelical Students\",\"url\":\"https:\/\/ifesworld.org\/es\/\",\"logo\":{\"@type\":\"ImageObject\",\"inLanguage\":\"es\",\"@id\":\"https:\/\/ifesworld.org\/es\/#\/schema\/logo\/image\/\",\"url\":\"https:\/\/ifesworld.org\/wp-content\/uploads\/2019\/06\/ifeslogo.png\",\"contentUrl\":\"https:\/\/ifesworld.org\/wp-content\/uploads\/2019\/06\/ifeslogo.png\",\"width\":262,\"height\":262,\"caption\":\"IFES \u00b7 International Fellowship of Evangelical Students\"},\"image\":{\"@id\":\"https:\/\/ifesworld.org\/es\/#\/schema\/logo\/image\/\"}}]}<\/script>\n<!-- \/ Yoast SEO plugin. -->","yoast_head_json":{"title":"LAS TENDENCIAS GLOBALES DAN FORMA AL MINISTERIO ESTUDIANTIL &#183; IFES Prayerline","description":"&nbsp;Cada generaci\u00f3n trae consigo nuevos retos que dan forma al mundo. Los l\u00edderes y el personal del IFES se han enfrentado a muchos eventos globales","robots":{"index":"index","follow":"follow","max-snippet":"max-snippet:-1","max-image-preview":"max-image-preview:large","max-video-preview":"max-video-preview:-1"},"canonical":"https:\/\/ifesworld.org\/es\/prayerline\/las-tendencias-globales-dan-forma-al-ministerio-estudiantil\/","og_locale":"es_ES","og_type":"article","og_title":"LAS TENDENCIAS GLOBALES DAN FORMA AL MINISTERIO ESTUDIANTIL &#183; IFES Prayerline","og_description":"&nbsp;Cada generaci\u00f3n trae consigo nuevos retos que dan forma al mundo. Los l\u00edderes y el personal del IFES se han enfrentado a muchos eventos globales","og_url":"https:\/\/ifesworld.org\/es\/prayerline\/las-tendencias-globales-dan-forma-al-ministerio-estudiantil\/","og_site_name":"IFES","og_image":[{"width":2560,"height":1707,"url":"https:\/\/ifesworld.org\/wp-content\/uploads\/2020\/11\/kyle-glenn-nXt5HtLmlgE-unsplash-scaled.jpg","type":"image\/jpeg"}],"twitter_card":"summary_large_image","twitter_misc":{"Tiempo de lectura":"2 minutos"},"schema":{"@context":"https:\/\/schema.org","@graph":[{"@type":"WebPage","@id":"https:\/\/ifesworld.org\/es\/prayerline\/las-tendencias-globales-dan-forma-al-ministerio-estudiantil\/","url":"https:\/\/ifesworld.org\/es\/prayerline\/las-tendencias-globales-dan-forma-al-ministerio-estudiantil\/","name":"LAS TENDENCIAS GLOBALES DAN FORMA AL MINISTERIO ESTUDIANTIL &#183; IFES Prayerline","isPartOf":{"@id":"https:\/\/ifesworld.org\/es\/#website"},"primaryImageOfPage":{"@id":"https:\/\/ifesworld.org\/es\/prayerline\/las-tendencias-globales-dan-forma-al-ministerio-estudiantil\/#primaryimage"},"image":{"@id":"https:\/\/ifesworld.org\/es\/prayerline\/las-tendencias-globales-dan-forma-al-ministerio-estudiantil\/#primaryimage"},"thumbnailUrl":"https:\/\/ifesworld.org\/wp-content\/uploads\/2020\/11\/kyle-glenn-nXt5HtLmlgE-unsplash-scaled.jpg","datePublished":"2020-11-10T05:30:00+00:00","description":"&nbsp;Cada generaci\u00f3n trae consigo nuevos retos que dan forma al mundo. Los l\u00edderes y el personal del IFES se han enfrentado a muchos eventos globales","breadcrumb":{"@id":"https:\/\/ifesworld.org\/es\/prayerline\/las-tendencias-globales-dan-forma-al-ministerio-estudiantil\/#breadcrumb"},"inLanguage":"es","potentialAction":[{"@type":"ReadAction","target":["https:\/\/ifesworld.org\/es\/prayerline\/las-tendencias-globales-dan-forma-al-ministerio-estudiantil\/"]}]},{"@type":"ImageObject","inLanguage":"es","@id":"https:\/\/ifesworld.org\/es\/prayerline\/las-tendencias-globales-dan-forma-al-ministerio-estudiantil\/#primaryimage","url":"https:\/\/ifesworld.org\/wp-content\/uploads\/2020\/11\/kyle-glenn-nXt5HtLmlgE-unsplash-scaled.jpg","contentUrl":"https:\/\/ifesworld.org\/wp-content\/uploads\/2020\/11\/kyle-glenn-nXt5HtLmlgE-unsplash-scaled.jpg","width":2560,"height":1707},{"@type":"BreadcrumbList","@id":"https:\/\/ifesworld.org\/es\/prayerline\/las-tendencias-globales-dan-forma-al-ministerio-estudiantil\/#breadcrumb","itemListElement":[{"@type":"ListItem","position":1,"name":"Home","item":"https:\/\/ifesworld.org\/es\/"},{"@type":"ListItem","position":2,"name":"Prayerline","item":"https:\/\/ifesworld.org\/en\/prayerline\/"},{"@type":"ListItem","position":3,"name":"LAS TENDENCIAS GLOBALES DAN FORMA AL MINISTERIO ESTUDIANTIL"}]},{"@type":"WebSite","@id":"https:\/\/ifesworld.org\/es\/#website","url":"https:\/\/ifesworld.org\/es\/","name":"IFES","description":"A movement of students sharing and living out the good news of Jesus Christ. Locally. Nationally. Globally.","publisher":{"@id":"https:\/\/ifesworld.org\/es\/#organization"},"potentialAction":[{"@type":"SearchAction","target":{"@type":"EntryPoint","urlTemplate":"https:\/\/ifesworld.org\/es\/?s={search_term_string}"},"query-input":{"@type":"PropertyValueSpecification","valueRequired":true,"valueName":"search_term_string"}}],"inLanguage":"es"},{"@type":"Organization","@id":"https:\/\/ifesworld.org\/es\/#organization","name":"IFES \u00b7 International Fellowship of Evangelical Students","url":"https:\/\/ifesworld.org\/es\/","logo":{"@type":"ImageObject","inLanguage":"es","@id":"https:\/\/ifesworld.org\/es\/#\/schema\/logo\/image\/","url":"https:\/\/ifesworld.org\/wp-content\/uploads\/2019\/06\/ifeslogo.png","contentUrl":"https:\/\/ifesworld.org\/wp-content\/uploads\/2019\/06\/ifeslogo.png","width":262,"height":262,"caption":"IFES \u00b7 International Fellowship of Evangelical Students"},"image":{"@id":"https:\/\/ifesworld.org\/es\/#\/schema\/logo\/image\/"}}]}},"_links":{"self":[{"href":"https:\/\/ifesworld.org\/es\/wp-json\/wp\/v2\/prayerline\/14190","targetHints":{"allow":["GET"]}}],"collection":[{"href":"https:\/\/ifesworld.org\/es\/wp-json\/wp\/v2\/prayerline"}],"about":[{"href":"https:\/\/ifesworld.org\/es\/wp-json\/wp\/v2\/types\/prayerline"}],"wp:featuredmedia":[{"embeddable":true,"href":"https:\/\/ifesworld.org\/es\/wp-json\/wp\/v2\/media\/14109"}],"wp:attachment":[{"href":"https:\/\/ifesworld.org\/es\/wp-json\/wp\/v2\/media?parent=14190"}],"wp:term":[{"taxonomy":"area","embeddable":true,"href":"https:\/\/ifesworld.org\/es\/wp-json\/wp\/v2\/area?post=14190"},{"taxonomy":"theme","embeddable":true,"href":"https:\/\/ifesworld.org\/es\/wp-json\/wp\/v2\/theme?post=14190"}],"curies":[{"name":"wp","href":"https:\/\/api.w.org\/{rel}","templated":true}]}}