{"id":10689,"date":"2019-12-10T10:36:19","date_gmt":"2019-12-10T10:36:19","guid":{"rendered":"https:\/\/ifesworld.org\/?post_type=prayerline&#038;p=10689"},"modified":"2019-12-10T10:36:20","modified_gmt":"2019-12-10T10:36:20","slug":"como-daniel-esta-empoderando-a-estudiantes-como-adam-para-plantar-nuevos-grupos","status":"publish","type":"prayerline","link":"https:\/\/ifesworld.org\/es\/prayerline\/como-daniel-esta-empoderando-a-estudiantes-como-adam-para-plantar-nuevos-grupos\/","title":{"rendered":"C\u00f3mo Daniel est\u00e1 empoderando a estudiantes como Adam para plantar nuevos grupos"},"content":{"rendered":"<div class=\"wp-block block-core-paragraph\">\n<p class=\"wp-block-paragraph\">Adam era un estudiante reservado de primer a\u00f1o\ncuando lo conoci\u00f3 Daniel, obrero de IFES. Adam estudiaba en otra facultad, en\nla que no hab\u00eda ning\u00fan ministerio estudiantil, as\u00ed que iba a los eventos de\nIVCF Canad\u00e1 en la Universidad de Ottawa. Al cabo de un a\u00f1o, Daniel tuvo una\nidea. Le pregunt\u00f3 a Adam si considerar\u00eda empezar un grupo nuevo en su facultad.\n<\/p>\n<\/div>\n\n<div class=\"wp-block block-core-paragraph\">\n<p class=\"wp-block-paragraph\">Al principio, el grupo era muy peque\u00f1o, pero\ngradualmente fue creciendo \u00a1hasta que tuvo que dividirse en dos grupos! Adam\ntuvo que liderar en solitario el primer grupo y los estudios b\u00edblicos semanales\n, mientras que Daniel ayudaba a otro estudiante a liderar el segundo grupo.\nAdam comparte sus reflexiones:<\/p>\n<\/div>\n\n<div class=\"wp-block block-core-quote\">\n<blockquote class=\"wp-block-quote is-layout-flow wp-block-quote-is-layout-flow\"><p>\u201cTuve que crecer bastante como l\u00edder. Soy bastante reservado e introvertido por naturaleza, pero he tenido que dejar mi zona de confort e interactuar con los que vienen al grupo\u201d.<\/p><\/blockquote>\n<\/div>\n\n<div class=\"wp-block block-core-paragraph\">\n<p class=\"wp-block-paragraph\">El papel del obrero Daniel de empoderar a\nestudiantes como Adam para que se conviertan en l\u00edderes es crucial en esta obra\npionera. Recientemente, Daniel asisti\u00f3 a la reuni\u00f3n Abriendo nuevos caminos de\nIFES para pioneros j\u00f3venes. Tanto \u00e9l como otros obreros de IFES de todo el\nmundo necesitan tus oraciones para que tengan la sabidur\u00eda y la visi\u00f3n de\nlevantar l\u00edderes estudiantiles en 2020.<\/p>\n<\/div>\n\n<div class=\"wp-block block-core-list\">\n<ul class=\"wp-block-list\"><li>Ora para que los dos grupos nuevos en la facultad de Adam crezcan en n\u00famero y madurez en este nuevo a\u00f1o. Ora para que surjan nuevos l\u00edderes.<br><\/li><li>Al ser un pa\u00eds tan grande, los obreros de IVCF Canad\u00e1 no pueden estar presentes en cada universidad. Deben levantar estudiantes para que empiecen y lideren grupos. Ora para que sean buenos formadores y facilitadores.<\/li><\/ul>\n<\/div>\n\n<div class=\"wp-block block-core-paragraph\">\n<p class=\"wp-block-paragraph\">\u00a1Gracias por orar con nosotros!<\/p>\n<\/div>","protected":false},"featured_media":10687,"template":"","area":[462,660],"theme":[1231],"class_list":["post-10689","prayerline","type-prayerline","status-publish","has-post-thumbnail","hentry","area-north-america","area-canada","theme-abriendo-nuevos-caminos"],"acf":[],"yoast_head":"<!-- This site is optimized with the Yoast SEO plugin v27.2 - https:\/\/yoast.com\/product\/yoast-seo-wordpress\/ -->\n<title>C\u00f3mo Daniel est\u00e1 empoderando a estudiantes como Adam para plantar nuevos grupos &#183; IFES Prayerline<\/title>\n<meta name=\"description\" content=\"Adam era un estudiante reservado de primer a\u00f1o cuando lo conoci\u00f3 Daniel, obrero de IFES. Adam estudiaba en otra facultad, en la que no hab\u00eda ning\u00fan\" \/>\n<meta name=\"robots\" content=\"index, follow, max-snippet:-1, max-image-preview:large, max-video-preview:-1\" \/>\n<link rel=\"canonical\" href=\"https:\/\/ifesworld.org\/es\/prayerline\/como-daniel-esta-empoderando-a-estudiantes-como-adam-para-plantar-nuevos-grupos\/\" \/>\n<meta property=\"og:locale\" content=\"es_ES\" \/>\n<meta property=\"og:type\" content=\"article\" \/>\n<meta property=\"og:title\" content=\"C\u00f3mo Daniel est\u00e1 empoderando a estudiantes como Adam para plantar nuevos grupos &#183; IFES Prayerline\" \/>\n<meta property=\"og:description\" content=\"Adam era un estudiante reservado de primer a\u00f1o cuando lo conoci\u00f3 Daniel, obrero de IFES. Adam estudiaba en otra facultad, en la que no hab\u00eda ning\u00fan\" \/>\n<meta property=\"og:url\" content=\"https:\/\/ifesworld.org\/es\/prayerline\/como-daniel-esta-empoderando-a-estudiantes-como-adam-para-plantar-nuevos-grupos\/\" \/>\n<meta property=\"og:site_name\" content=\"IFES\" \/>\n<meta property=\"article:modified_time\" content=\"2019-12-10T10:36:20+00:00\" \/>\n<meta property=\"og:image\" content=\"https:\/\/ifesworld.org\/wp-content\/uploads\/2019\/12\/Adam_and_Daniel_1.jpg\" \/>\n\t<meta property=\"og:image:width\" content=\"1200\" \/>\n\t<meta property=\"og:image:height\" content=\"675\" \/>\n\t<meta property=\"og:image:type\" content=\"image\/jpeg\" \/>\n<meta name=\"twitter:card\" content=\"summary_large_image\" \/>\n<meta name=\"twitter:label1\" content=\"Tiempo de lectura\" \/>\n\t<meta name=\"twitter:data1\" content=\"1 minuto\" \/>\n<script type=\"application\/ld+json\" class=\"yoast-schema-graph\">{\"@context\":\"https:\/\/schema.org\",\"@graph\":[{\"@type\":\"WebPage\",\"@id\":\"https:\/\/ifesworld.org\/es\/prayerline\/como-daniel-esta-empoderando-a-estudiantes-como-adam-para-plantar-nuevos-grupos\/\",\"url\":\"https:\/\/ifesworld.org\/es\/prayerline\/como-daniel-esta-empoderando-a-estudiantes-como-adam-para-plantar-nuevos-grupos\/\",\"name\":\"C\u00f3mo Daniel est\u00e1 empoderando a estudiantes como Adam para plantar nuevos grupos &#183; IFES Prayerline\",\"isPartOf\":{\"@id\":\"https:\/\/ifesworld.org\/es\/#website\"},\"primaryImageOfPage\":{\"@id\":\"https:\/\/ifesworld.org\/es\/prayerline\/como-daniel-esta-empoderando-a-estudiantes-como-adam-para-plantar-nuevos-grupos\/#primaryimage\"},\"image\":{\"@id\":\"https:\/\/ifesworld.org\/es\/prayerline\/como-daniel-esta-empoderando-a-estudiantes-como-adam-para-plantar-nuevos-grupos\/#primaryimage\"},\"thumbnailUrl\":\"https:\/\/ifesworld.org\/wp-content\/uploads\/2019\/12\/Adam_and_Daniel_1.jpg\",\"datePublished\":\"2019-12-10T10:36:19+00:00\",\"dateModified\":\"2019-12-10T10:36:20+00:00\",\"description\":\"Adam era un estudiante reservado de primer a\u00f1o cuando lo conoci\u00f3 Daniel, obrero de IFES. Adam estudiaba en otra facultad, en la que no hab\u00eda ning\u00fan\",\"breadcrumb\":{\"@id\":\"https:\/\/ifesworld.org\/es\/prayerline\/como-daniel-esta-empoderando-a-estudiantes-como-adam-para-plantar-nuevos-grupos\/#breadcrumb\"},\"inLanguage\":\"es\",\"potentialAction\":[{\"@type\":\"ReadAction\",\"target\":[\"https:\/\/ifesworld.org\/es\/prayerline\/como-daniel-esta-empoderando-a-estudiantes-como-adam-para-plantar-nuevos-grupos\/\"]}]},{\"@type\":\"ImageObject\",\"inLanguage\":\"es\",\"@id\":\"https:\/\/ifesworld.org\/es\/prayerline\/como-daniel-esta-empoderando-a-estudiantes-como-adam-para-plantar-nuevos-grupos\/#primaryimage\",\"url\":\"https:\/\/ifesworld.org\/wp-content\/uploads\/2019\/12\/Adam_and_Daniel_1.jpg\",\"contentUrl\":\"https:\/\/ifesworld.org\/wp-content\/uploads\/2019\/12\/Adam_and_Daniel_1.jpg\",\"width\":1200,\"height\":675},{\"@type\":\"BreadcrumbList\",\"@id\":\"https:\/\/ifesworld.org\/es\/prayerline\/como-daniel-esta-empoderando-a-estudiantes-como-adam-para-plantar-nuevos-grupos\/#breadcrumb\",\"itemListElement\":[{\"@type\":\"ListItem\",\"position\":1,\"name\":\"Home\",\"item\":\"https:\/\/ifesworld.org\/es\/\"},{\"@type\":\"ListItem\",\"position\":2,\"name\":\"Prayerline\",\"item\":\"https:\/\/ifesworld.org\/en\/prayerline\/\"},{\"@type\":\"ListItem\",\"position\":3,\"name\":\"C\u00f3mo Daniel est\u00e1 empoderando a estudiantes como Adam para plantar nuevos grupos\"}]},{\"@type\":\"WebSite\",\"@id\":\"https:\/\/ifesworld.org\/es\/#website\",\"url\":\"https:\/\/ifesworld.org\/es\/\",\"name\":\"IFES\",\"description\":\"A movement of students sharing and living out the good news of Jesus Christ. Locally. Nationally. Globally.\",\"publisher\":{\"@id\":\"https:\/\/ifesworld.org\/es\/#organization\"},\"potentialAction\":[{\"@type\":\"SearchAction\",\"target\":{\"@type\":\"EntryPoint\",\"urlTemplate\":\"https:\/\/ifesworld.org\/es\/?s={search_term_string}\"},\"query-input\":{\"@type\":\"PropertyValueSpecification\",\"valueRequired\":true,\"valueName\":\"search_term_string\"}}],\"inLanguage\":\"es\"},{\"@type\":\"Organization\",\"@id\":\"https:\/\/ifesworld.org\/es\/#organization\",\"name\":\"IFES \u00b7 International Fellowship of Evangelical Students\",\"url\":\"https:\/\/ifesworld.org\/es\/\",\"logo\":{\"@type\":\"ImageObject\",\"inLanguage\":\"es\",\"@id\":\"https:\/\/ifesworld.org\/es\/#\/schema\/logo\/image\/\",\"url\":\"https:\/\/ifesworld.org\/wp-content\/uploads\/2019\/06\/ifeslogo.png\",\"contentUrl\":\"https:\/\/ifesworld.org\/wp-content\/uploads\/2019\/06\/ifeslogo.png\",\"width\":262,\"height\":262,\"caption\":\"IFES \u00b7 International Fellowship of Evangelical Students\"},\"image\":{\"@id\":\"https:\/\/ifesworld.org\/es\/#\/schema\/logo\/image\/\"}}]}<\/script>\n<!-- \/ Yoast SEO plugin. -->","yoast_head_json":{"title":"C\u00f3mo Daniel est\u00e1 empoderando a estudiantes como Adam para plantar nuevos grupos &#183; IFES Prayerline","description":"Adam era un estudiante reservado de primer a\u00f1o cuando lo conoci\u00f3 Daniel, obrero de IFES. Adam estudiaba en otra facultad, en la que no hab\u00eda ning\u00fan","robots":{"index":"index","follow":"follow","max-snippet":"max-snippet:-1","max-image-preview":"max-image-preview:large","max-video-preview":"max-video-preview:-1"},"canonical":"https:\/\/ifesworld.org\/es\/prayerline\/como-daniel-esta-empoderando-a-estudiantes-como-adam-para-plantar-nuevos-grupos\/","og_locale":"es_ES","og_type":"article","og_title":"C\u00f3mo Daniel est\u00e1 empoderando a estudiantes como Adam para plantar nuevos grupos &#183; IFES Prayerline","og_description":"Adam era un estudiante reservado de primer a\u00f1o cuando lo conoci\u00f3 Daniel, obrero de IFES. Adam estudiaba en otra facultad, en la que no hab\u00eda ning\u00fan","og_url":"https:\/\/ifesworld.org\/es\/prayerline\/como-daniel-esta-empoderando-a-estudiantes-como-adam-para-plantar-nuevos-grupos\/","og_site_name":"IFES","article_modified_time":"2019-12-10T10:36:20+00:00","og_image":[{"width":1200,"height":675,"url":"https:\/\/ifesworld.org\/wp-content\/uploads\/2019\/12\/Adam_and_Daniel_1.jpg","type":"image\/jpeg"}],"twitter_card":"summary_large_image","twitter_misc":{"Tiempo de lectura":"1 minuto"},"schema":{"@context":"https:\/\/schema.org","@graph":[{"@type":"WebPage","@id":"https:\/\/ifesworld.org\/es\/prayerline\/como-daniel-esta-empoderando-a-estudiantes-como-adam-para-plantar-nuevos-grupos\/","url":"https:\/\/ifesworld.org\/es\/prayerline\/como-daniel-esta-empoderando-a-estudiantes-como-adam-para-plantar-nuevos-grupos\/","name":"C\u00f3mo Daniel est\u00e1 empoderando a estudiantes como Adam para plantar nuevos grupos &#183; IFES Prayerline","isPartOf":{"@id":"https:\/\/ifesworld.org\/es\/#website"},"primaryImageOfPage":{"@id":"https:\/\/ifesworld.org\/es\/prayerline\/como-daniel-esta-empoderando-a-estudiantes-como-adam-para-plantar-nuevos-grupos\/#primaryimage"},"image":{"@id":"https:\/\/ifesworld.org\/es\/prayerline\/como-daniel-esta-empoderando-a-estudiantes-como-adam-para-plantar-nuevos-grupos\/#primaryimage"},"thumbnailUrl":"https:\/\/ifesworld.org\/wp-content\/uploads\/2019\/12\/Adam_and_Daniel_1.jpg","datePublished":"2019-12-10T10:36:19+00:00","dateModified":"2019-12-10T10:36:20+00:00","description":"Adam era un estudiante reservado de primer a\u00f1o cuando lo conoci\u00f3 Daniel, obrero de IFES. Adam estudiaba en otra facultad, en la que no hab\u00eda ning\u00fan","breadcrumb":{"@id":"https:\/\/ifesworld.org\/es\/prayerline\/como-daniel-esta-empoderando-a-estudiantes-como-adam-para-plantar-nuevos-grupos\/#breadcrumb"},"inLanguage":"es","potentialAction":[{"@type":"ReadAction","target":["https:\/\/ifesworld.org\/es\/prayerline\/como-daniel-esta-empoderando-a-estudiantes-como-adam-para-plantar-nuevos-grupos\/"]}]},{"@type":"ImageObject","inLanguage":"es","@id":"https:\/\/ifesworld.org\/es\/prayerline\/como-daniel-esta-empoderando-a-estudiantes-como-adam-para-plantar-nuevos-grupos\/#primaryimage","url":"https:\/\/ifesworld.org\/wp-content\/uploads\/2019\/12\/Adam_and_Daniel_1.jpg","contentUrl":"https:\/\/ifesworld.org\/wp-content\/uploads\/2019\/12\/Adam_and_Daniel_1.jpg","width":1200,"height":675},{"@type":"BreadcrumbList","@id":"https:\/\/ifesworld.org\/es\/prayerline\/como-daniel-esta-empoderando-a-estudiantes-como-adam-para-plantar-nuevos-grupos\/#breadcrumb","itemListElement":[{"@type":"ListItem","position":1,"name":"Home","item":"https:\/\/ifesworld.org\/es\/"},{"@type":"ListItem","position":2,"name":"Prayerline","item":"https:\/\/ifesworld.org\/en\/prayerline\/"},{"@type":"ListItem","position":3,"name":"C\u00f3mo Daniel est\u00e1 empoderando a estudiantes como Adam para plantar nuevos grupos"}]},{"@type":"WebSite","@id":"https:\/\/ifesworld.org\/es\/#website","url":"https:\/\/ifesworld.org\/es\/","name":"IFES","description":"A movement of students sharing and living out the good news of Jesus Christ. Locally. Nationally. Globally.","publisher":{"@id":"https:\/\/ifesworld.org\/es\/#organization"},"potentialAction":[{"@type":"SearchAction","target":{"@type":"EntryPoint","urlTemplate":"https:\/\/ifesworld.org\/es\/?s={search_term_string}"},"query-input":{"@type":"PropertyValueSpecification","valueRequired":true,"valueName":"search_term_string"}}],"inLanguage":"es"},{"@type":"Organization","@id":"https:\/\/ifesworld.org\/es\/#organization","name":"IFES \u00b7 International Fellowship of Evangelical Students","url":"https:\/\/ifesworld.org\/es\/","logo":{"@type":"ImageObject","inLanguage":"es","@id":"https:\/\/ifesworld.org\/es\/#\/schema\/logo\/image\/","url":"https:\/\/ifesworld.org\/wp-content\/uploads\/2019\/06\/ifeslogo.png","contentUrl":"https:\/\/ifesworld.org\/wp-content\/uploads\/2019\/06\/ifeslogo.png","width":262,"height":262,"caption":"IFES \u00b7 International Fellowship of Evangelical Students"},"image":{"@id":"https:\/\/ifesworld.org\/es\/#\/schema\/logo\/image\/"}}]}},"_links":{"self":[{"href":"https:\/\/ifesworld.org\/es\/wp-json\/wp\/v2\/prayerline\/10689","targetHints":{"allow":["GET"]}}],"collection":[{"href":"https:\/\/ifesworld.org\/es\/wp-json\/wp\/v2\/prayerline"}],"about":[{"href":"https:\/\/ifesworld.org\/es\/wp-json\/wp\/v2\/types\/prayerline"}],"wp:featuredmedia":[{"embeddable":true,"href":"https:\/\/ifesworld.org\/es\/wp-json\/wp\/v2\/media\/10687"}],"wp:attachment":[{"href":"https:\/\/ifesworld.org\/es\/wp-json\/wp\/v2\/media?parent=10689"}],"wp:term":[{"taxonomy":"area","embeddable":true,"href":"https:\/\/ifesworld.org\/es\/wp-json\/wp\/v2\/area?post=10689"},{"taxonomy":"theme","embeddable":true,"href":"https:\/\/ifesworld.org\/es\/wp-json\/wp\/v2\/theme?post=10689"}],"curies":[{"name":"wp","href":"https:\/\/api.w.org\/{rel}","templated":true}]}}