{"id":10493,"date":"2019-11-26T10:01:33","date_gmt":"2019-11-26T10:01:33","guid":{"rendered":"https:\/\/ifesworld.org\/?post_type=prayerline&#038;p=10493"},"modified":"2019-11-26T10:01:34","modified_gmt":"2019-11-26T10:01:34","slug":"como-marca-la-diferencia-el-desarrollo-de-la-gobernanza-de-ifes","status":"publish","type":"prayerline","link":"https:\/\/ifesworld.org\/es\/prayerline\/como-marca-la-diferencia-el-desarrollo-de-la-gobernanza-de-ifes\/","title":{"rendered":"C\u00f3mo marca la diferencia el desarrollo de la gobernanza de IFES"},"content":{"rendered":"<div class=\"wp-block block-core-paragraph\">\n<p class=\"wp-block-paragraph\">Nico conoci\u00f3 a Jes\u00fas a trav\u00e9s de Toto cuando\neran compa\u00f1eros de trabajo y, luego, amigos. Cierto tiempo despu\u00e9s, Toto dej\u00f3\nsu trabajo para convertirse en el secretario general del movimiento de IFES en\nUruguay, CBUU. Nico no llevaba mucho tiempo siendo cristiano, pero ten\u00eda\nexperiencia en el sector administrativo y de gesti\u00f3n, as\u00ed que se ofreci\u00f3\nvoluntario para formar parte del comit\u00e9 administrativo de CBUU.<\/p>\n<\/div>\n\n<div class=\"wp-block block-core-paragraph\">\n<p class=\"wp-block-paragraph\">Sab\u00eda que pod\u00eda resultar violento. Ahora era\nel jefe de su amigo. \u00bfC\u00f3mo mantendr\u00edan la imparcialidad a la hora de tomar\ndecisiones? \u00bfC\u00f3mo responder\u00eda que s\u00ed o que no con libertad y a la vez\npreservar\u00eda la amistad?<\/p>\n<\/div>\n\n<div class=\"wp-block block-core-paragraph\">\n<p class=\"wp-block-paragraph\">Ah\u00ed es donde entr\u00f3 en escena la capacitaci\u00f3n\ndel desarrollo de la gobernanza de IFES. Les ayud\u00f3 a aclarar las cuestiones\nclave sobre cu\u00e1l es la relaci\u00f3n entre el comit\u00e9 y el secretario general. \u00bfC\u00f3mo\ndeben lidiar con el conflicto? \u00bfEn qu\u00e9 se diferencian sus roles? \u00bfC\u00f3mo pueden\ntrabajar juntos para avanzar el ministerio estudiantil en Uruguay?<\/p>\n<\/div>\n\n<div class=\"wp-block block-core-paragraph\">\n<p class=\"wp-block-paragraph\">Son preguntas fundamentales para todo comit\u00e9\nde IFES y secretario general. Los movimientos estudiantiles saludables\nnecesitan comit\u00e9s administrativos saludables. Es importante.<\/p>\n<\/div>\n\n<div class=\"wp-block block-core-paragraph\">\n<p class=\"wp-block-paragraph\">\u00bfOrar\u00e1s con nosotros por el trabajo del equipo\npara el desarrollo de la gobernanza?<\/p>\n<\/div>\n\n<div class=\"wp-block block-core-list\">\n<ul class=\"wp-block-list\"><li>Ora por los miembros del comit\u00e9 de CBUU de este fin de semana durante su programa de coaching de gobernanza, dirigido por Carmen, uno de los miembros del equipo para el Desarrollo de la Gobernanza. Ora para que reciban la ayuda necesaria para gobernar bien, tomar decisiones sabias y fortalecer el movimiento nacional.<br><\/li><li>Ora por la formaci\u00f3n de gobernanza que se celebrar\u00e1 pronto para los movimientos de Nigeria, Lituania, Colombia, Gab\u00f3n, la RDC, Antigua y Barbuda, Ghana, Burundi y Gab\u00f3n.<br><\/li><li>Ora por los comit\u00e9s y por los miembros del comit\u00e9 administrativo que recibir\u00e1n los cursos de de aprendizaje online de desarrollo de la gobernanza.<\/li><\/ul>\n<\/div>\n\n<div class=\"wp-block block-core-paragraph\">\n<p class=\"wp-block-paragraph\">\u00a1Gracias por orar con nosotros!<\/p>\n<\/div>","protected":false},"featured_media":10446,"template":"","area":[460,639],"theme":[1235],"class_list":["post-10493","prayerline","type-prayerline","status-publish","has-post-thumbnail","hentry","area-latin-america","area-uruguay","theme-desarrollo-de-la-gobernanza"],"acf":[],"yoast_head":"<!-- This site is optimized with the Yoast SEO plugin v27.2 - https:\/\/yoast.com\/product\/yoast-seo-wordpress\/ -->\n<title>C\u00f3mo marca la diferencia el desarrollo de la gobernanza de IFES &#183; IFES Prayerline<\/title>\n<meta name=\"description\" content=\"Nico conoci\u00f3 a Jes\u00fas a trav\u00e9s de Toto cuando eran compa\u00f1eros de trabajo y, luego, amigos. Cierto tiempo despu\u00e9s, Toto dej\u00f3 su trabajo para convertirse en\" \/>\n<meta name=\"robots\" content=\"index, follow, max-snippet:-1, max-image-preview:large, max-video-preview:-1\" \/>\n<link rel=\"canonical\" href=\"https:\/\/ifesworld.org\/es\/prayerline\/como-marca-la-diferencia-el-desarrollo-de-la-gobernanza-de-ifes\/\" \/>\n<meta property=\"og:locale\" content=\"es_ES\" \/>\n<meta property=\"og:type\" content=\"article\" \/>\n<meta property=\"og:title\" content=\"C\u00f3mo marca la diferencia el desarrollo de la gobernanza de IFES &#183; IFES Prayerline\" \/>\n<meta property=\"og:description\" content=\"Nico conoci\u00f3 a Jes\u00fas a trav\u00e9s de Toto cuando eran compa\u00f1eros de trabajo y, luego, amigos. Cierto tiempo despu\u00e9s, Toto dej\u00f3 su trabajo para convertirse en\" \/>\n<meta property=\"og:url\" content=\"https:\/\/ifesworld.org\/es\/prayerline\/como-marca-la-diferencia-el-desarrollo-de-la-gobernanza-de-ifes\/\" \/>\n<meta property=\"og:site_name\" content=\"IFES\" \/>\n<meta property=\"article:modified_time\" content=\"2019-11-26T10:01:34+00:00\" \/>\n<meta property=\"og:image\" content=\"https:\/\/ifesworld.org\/wp-content\/uploads\/2019\/11\/191126-GovDev2.jpg\" \/>\n\t<meta property=\"og:image:width\" content=\"1200\" \/>\n\t<meta property=\"og:image:height\" content=\"675\" \/>\n\t<meta property=\"og:image:type\" content=\"image\/jpeg\" \/>\n<meta name=\"twitter:card\" content=\"summary_large_image\" \/>\n<meta name=\"twitter:label1\" content=\"Tiempo de lectura\" \/>\n\t<meta name=\"twitter:data1\" content=\"2 minutos\" \/>\n<script type=\"application\/ld+json\" class=\"yoast-schema-graph\">{\"@context\":\"https:\/\/schema.org\",\"@graph\":[{\"@type\":\"WebPage\",\"@id\":\"https:\/\/ifesworld.org\/es\/prayerline\/como-marca-la-diferencia-el-desarrollo-de-la-gobernanza-de-ifes\/\",\"url\":\"https:\/\/ifesworld.org\/es\/prayerline\/como-marca-la-diferencia-el-desarrollo-de-la-gobernanza-de-ifes\/\",\"name\":\"C\u00f3mo marca la diferencia el desarrollo de la gobernanza de IFES &#183; IFES Prayerline\",\"isPartOf\":{\"@id\":\"https:\/\/ifesworld.org\/es\/#website\"},\"primaryImageOfPage\":{\"@id\":\"https:\/\/ifesworld.org\/es\/prayerline\/como-marca-la-diferencia-el-desarrollo-de-la-gobernanza-de-ifes\/#primaryimage\"},\"image\":{\"@id\":\"https:\/\/ifesworld.org\/es\/prayerline\/como-marca-la-diferencia-el-desarrollo-de-la-gobernanza-de-ifes\/#primaryimage\"},\"thumbnailUrl\":\"https:\/\/ifesworld.org\/wp-content\/uploads\/2019\/11\/191126-GovDev2.jpg\",\"datePublished\":\"2019-11-26T10:01:33+00:00\",\"dateModified\":\"2019-11-26T10:01:34+00:00\",\"description\":\"Nico conoci\u00f3 a Jes\u00fas a trav\u00e9s de Toto cuando eran compa\u00f1eros de trabajo y, luego, amigos. Cierto tiempo despu\u00e9s, Toto dej\u00f3 su trabajo para convertirse en\",\"breadcrumb\":{\"@id\":\"https:\/\/ifesworld.org\/es\/prayerline\/como-marca-la-diferencia-el-desarrollo-de-la-gobernanza-de-ifes\/#breadcrumb\"},\"inLanguage\":\"es\",\"potentialAction\":[{\"@type\":\"ReadAction\",\"target\":[\"https:\/\/ifesworld.org\/es\/prayerline\/como-marca-la-diferencia-el-desarrollo-de-la-gobernanza-de-ifes\/\"]}]},{\"@type\":\"ImageObject\",\"inLanguage\":\"es\",\"@id\":\"https:\/\/ifesworld.org\/es\/prayerline\/como-marca-la-diferencia-el-desarrollo-de-la-gobernanza-de-ifes\/#primaryimage\",\"url\":\"https:\/\/ifesworld.org\/wp-content\/uploads\/2019\/11\/191126-GovDev2.jpg\",\"contentUrl\":\"https:\/\/ifesworld.org\/wp-content\/uploads\/2019\/11\/191126-GovDev2.jpg\",\"width\":1200,\"height\":675,\"caption\":\"191126 PL GovDev Uruguay\"},{\"@type\":\"BreadcrumbList\",\"@id\":\"https:\/\/ifesworld.org\/es\/prayerline\/como-marca-la-diferencia-el-desarrollo-de-la-gobernanza-de-ifes\/#breadcrumb\",\"itemListElement\":[{\"@type\":\"ListItem\",\"position\":1,\"name\":\"Home\",\"item\":\"https:\/\/ifesworld.org\/es\/\"},{\"@type\":\"ListItem\",\"position\":2,\"name\":\"Prayerline\",\"item\":\"https:\/\/ifesworld.org\/en\/prayerline\/\"},{\"@type\":\"ListItem\",\"position\":3,\"name\":\"C\u00f3mo marca la diferencia el desarrollo de la gobernanza de IFES\"}]},{\"@type\":\"WebSite\",\"@id\":\"https:\/\/ifesworld.org\/es\/#website\",\"url\":\"https:\/\/ifesworld.org\/es\/\",\"name\":\"IFES\",\"description\":\"A movement of students sharing and living out the good news of Jesus Christ. Locally. Nationally. Globally.\",\"publisher\":{\"@id\":\"https:\/\/ifesworld.org\/es\/#organization\"},\"potentialAction\":[{\"@type\":\"SearchAction\",\"target\":{\"@type\":\"EntryPoint\",\"urlTemplate\":\"https:\/\/ifesworld.org\/es\/?s={search_term_string}\"},\"query-input\":{\"@type\":\"PropertyValueSpecification\",\"valueRequired\":true,\"valueName\":\"search_term_string\"}}],\"inLanguage\":\"es\"},{\"@type\":\"Organization\",\"@id\":\"https:\/\/ifesworld.org\/es\/#organization\",\"name\":\"IFES \u00b7 International Fellowship of Evangelical Students\",\"url\":\"https:\/\/ifesworld.org\/es\/\",\"logo\":{\"@type\":\"ImageObject\",\"inLanguage\":\"es\",\"@id\":\"https:\/\/ifesworld.org\/es\/#\/schema\/logo\/image\/\",\"url\":\"https:\/\/ifesworld.org\/wp-content\/uploads\/2019\/06\/ifeslogo.png\",\"contentUrl\":\"https:\/\/ifesworld.org\/wp-content\/uploads\/2019\/06\/ifeslogo.png\",\"width\":262,\"height\":262,\"caption\":\"IFES \u00b7 International Fellowship of Evangelical Students\"},\"image\":{\"@id\":\"https:\/\/ifesworld.org\/es\/#\/schema\/logo\/image\/\"}}]}<\/script>\n<!-- \/ Yoast SEO plugin. -->","yoast_head_json":{"title":"C\u00f3mo marca la diferencia el desarrollo de la gobernanza de IFES &#183; IFES Prayerline","description":"Nico conoci\u00f3 a Jes\u00fas a trav\u00e9s de Toto cuando eran compa\u00f1eros de trabajo y, luego, amigos. Cierto tiempo despu\u00e9s, Toto dej\u00f3 su trabajo para convertirse en","robots":{"index":"index","follow":"follow","max-snippet":"max-snippet:-1","max-image-preview":"max-image-preview:large","max-video-preview":"max-video-preview:-1"},"canonical":"https:\/\/ifesworld.org\/es\/prayerline\/como-marca-la-diferencia-el-desarrollo-de-la-gobernanza-de-ifes\/","og_locale":"es_ES","og_type":"article","og_title":"C\u00f3mo marca la diferencia el desarrollo de la gobernanza de IFES &#183; IFES Prayerline","og_description":"Nico conoci\u00f3 a Jes\u00fas a trav\u00e9s de Toto cuando eran compa\u00f1eros de trabajo y, luego, amigos. Cierto tiempo despu\u00e9s, Toto dej\u00f3 su trabajo para convertirse en","og_url":"https:\/\/ifesworld.org\/es\/prayerline\/como-marca-la-diferencia-el-desarrollo-de-la-gobernanza-de-ifes\/","og_site_name":"IFES","article_modified_time":"2019-11-26T10:01:34+00:00","og_image":[{"width":1200,"height":675,"url":"https:\/\/ifesworld.org\/wp-content\/uploads\/2019\/11\/191126-GovDev2.jpg","type":"image\/jpeg"}],"twitter_card":"summary_large_image","twitter_misc":{"Tiempo de lectura":"2 minutos"},"schema":{"@context":"https:\/\/schema.org","@graph":[{"@type":"WebPage","@id":"https:\/\/ifesworld.org\/es\/prayerline\/como-marca-la-diferencia-el-desarrollo-de-la-gobernanza-de-ifes\/","url":"https:\/\/ifesworld.org\/es\/prayerline\/como-marca-la-diferencia-el-desarrollo-de-la-gobernanza-de-ifes\/","name":"C\u00f3mo marca la diferencia el desarrollo de la gobernanza de IFES &#183; IFES Prayerline","isPartOf":{"@id":"https:\/\/ifesworld.org\/es\/#website"},"primaryImageOfPage":{"@id":"https:\/\/ifesworld.org\/es\/prayerline\/como-marca-la-diferencia-el-desarrollo-de-la-gobernanza-de-ifes\/#primaryimage"},"image":{"@id":"https:\/\/ifesworld.org\/es\/prayerline\/como-marca-la-diferencia-el-desarrollo-de-la-gobernanza-de-ifes\/#primaryimage"},"thumbnailUrl":"https:\/\/ifesworld.org\/wp-content\/uploads\/2019\/11\/191126-GovDev2.jpg","datePublished":"2019-11-26T10:01:33+00:00","dateModified":"2019-11-26T10:01:34+00:00","description":"Nico conoci\u00f3 a Jes\u00fas a trav\u00e9s de Toto cuando eran compa\u00f1eros de trabajo y, luego, amigos. Cierto tiempo despu\u00e9s, Toto dej\u00f3 su trabajo para convertirse en","breadcrumb":{"@id":"https:\/\/ifesworld.org\/es\/prayerline\/como-marca-la-diferencia-el-desarrollo-de-la-gobernanza-de-ifes\/#breadcrumb"},"inLanguage":"es","potentialAction":[{"@type":"ReadAction","target":["https:\/\/ifesworld.org\/es\/prayerline\/como-marca-la-diferencia-el-desarrollo-de-la-gobernanza-de-ifes\/"]}]},{"@type":"ImageObject","inLanguage":"es","@id":"https:\/\/ifesworld.org\/es\/prayerline\/como-marca-la-diferencia-el-desarrollo-de-la-gobernanza-de-ifes\/#primaryimage","url":"https:\/\/ifesworld.org\/wp-content\/uploads\/2019\/11\/191126-GovDev2.jpg","contentUrl":"https:\/\/ifesworld.org\/wp-content\/uploads\/2019\/11\/191126-GovDev2.jpg","width":1200,"height":675,"caption":"191126 PL GovDev Uruguay"},{"@type":"BreadcrumbList","@id":"https:\/\/ifesworld.org\/es\/prayerline\/como-marca-la-diferencia-el-desarrollo-de-la-gobernanza-de-ifes\/#breadcrumb","itemListElement":[{"@type":"ListItem","position":1,"name":"Home","item":"https:\/\/ifesworld.org\/es\/"},{"@type":"ListItem","position":2,"name":"Prayerline","item":"https:\/\/ifesworld.org\/en\/prayerline\/"},{"@type":"ListItem","position":3,"name":"C\u00f3mo marca la diferencia el desarrollo de la gobernanza de IFES"}]},{"@type":"WebSite","@id":"https:\/\/ifesworld.org\/es\/#website","url":"https:\/\/ifesworld.org\/es\/","name":"IFES","description":"A movement of students sharing and living out the good news of Jesus Christ. Locally. Nationally. Globally.","publisher":{"@id":"https:\/\/ifesworld.org\/es\/#organization"},"potentialAction":[{"@type":"SearchAction","target":{"@type":"EntryPoint","urlTemplate":"https:\/\/ifesworld.org\/es\/?s={search_term_string}"},"query-input":{"@type":"PropertyValueSpecification","valueRequired":true,"valueName":"search_term_string"}}],"inLanguage":"es"},{"@type":"Organization","@id":"https:\/\/ifesworld.org\/es\/#organization","name":"IFES \u00b7 International Fellowship of Evangelical Students","url":"https:\/\/ifesworld.org\/es\/","logo":{"@type":"ImageObject","inLanguage":"es","@id":"https:\/\/ifesworld.org\/es\/#\/schema\/logo\/image\/","url":"https:\/\/ifesworld.org\/wp-content\/uploads\/2019\/06\/ifeslogo.png","contentUrl":"https:\/\/ifesworld.org\/wp-content\/uploads\/2019\/06\/ifeslogo.png","width":262,"height":262,"caption":"IFES \u00b7 International Fellowship of Evangelical Students"},"image":{"@id":"https:\/\/ifesworld.org\/es\/#\/schema\/logo\/image\/"}}]}},"_links":{"self":[{"href":"https:\/\/ifesworld.org\/es\/wp-json\/wp\/v2\/prayerline\/10493","targetHints":{"allow":["GET"]}}],"collection":[{"href":"https:\/\/ifesworld.org\/es\/wp-json\/wp\/v2\/prayerline"}],"about":[{"href":"https:\/\/ifesworld.org\/es\/wp-json\/wp\/v2\/types\/prayerline"}],"wp:featuredmedia":[{"embeddable":true,"href":"https:\/\/ifesworld.org\/es\/wp-json\/wp\/v2\/media\/10446"}],"wp:attachment":[{"href":"https:\/\/ifesworld.org\/es\/wp-json\/wp\/v2\/media?parent=10493"}],"wp:term":[{"taxonomy":"area","embeddable":true,"href":"https:\/\/ifesworld.org\/es\/wp-json\/wp\/v2\/area?post=10493"},{"taxonomy":"theme","embeddable":true,"href":"https:\/\/ifesworld.org\/es\/wp-json\/wp\/v2\/theme?post=10493"}],"curies":[{"name":"wp","href":"https:\/\/api.w.org\/{rel}","templated":true}]}}