{"id":49892,"date":"2025-12-04T16:31:20","date_gmt":"2025-12-04T16:31:20","guid":{"rendered":"https:\/\/ifesworld.org\/?page_id=49892"},"modified":"2025-12-04T16:31:21","modified_gmt":"2025-12-04T16:31:21","slug":"tu-regalo-estas-navidades","status":"publish","type":"page","link":"https:\/\/ifesworld.org\/es\/tu-regalo-estas-navidades\/","title":{"rendered":"Tu regalo estas navidades"},"content":{"rendered":"<div class=\"wp-block block-core-heading alignfull wp-elements-dac53573ec378a31b026e87415eaebe1\">\n<h2 class=\"wp-block-heading alignfull has-text-align-center has-mena-color has-text-color has-link-color has-xl-font-size wp-elements-dac53573ec378a31b026e87415eaebe1\"><strong>\u00a1Gloria a Dios! La alegr\u00eda alcanz\u00f3 una generaci\u00f3n de estudiantes preocupados y curiosos.<\/strong><\/h2>\n<\/div>\n\n<div class=\"wp-block block-core-columns alignwide\">\n<div class=\"wp-block-columns alignwide is-layout-flex wp-container-core-columns-is-layout-8f761849 wp-block-columns-is-layout-flex\">\n<div class=\"wp-block-column is-layout-flow wp-block-column-is-layout-flow\" style=\"flex-basis:66.66%\"><div class=\"wp-block block-core-heading\">\n<h2 class=\"wp-block-heading has-md-font-size\">Tu apoyo al ministerio estudiantil est\u00e1 propiciando la transformaci\u00f3n que ocurri\u00f3 la noche en que Jes\u00fas naci\u00f3. Cuando los pastores recibieron\u00a0<em>nuevas que ser\u00edan de mucha alegr\u00eda para todo el pueblo,\u00a0<\/em>su\u00a0<strong>temor se convirti\u00f3 en curiosidad<\/strong><em>\u00a0(vamos&#8230; a ver).<\/em>\u00a0Esa\u00a0<strong>apertura los llev\u00f3 a Jes\u00fas<\/strong>\u00a0y acabaron\u00a0<em>glorificando y alabando a Dios\u00a0<\/em>(Lucas 2).\u00a0<\/h2>\n<\/div>\n\n<div class=\"wp-block block-core-heading\">\n<h2 class=\"wp-block-heading has-md-font-size\">En medio a\u00a0<a href=\"https:\/\/ifesworld.org\/es\/blog\/conociendo-a-los-estudiantes-de-la-generacion-z-en-todo-el-mundo\/?switch_language=es\" target=\"_blank\" rel=\"noreferrer noopener\">una generaci\u00f3n Z a la vez ansiosa y abierta espiritualmente<\/a>, la curiosidad por Jes\u00fas se ha abierto paso y las oscuras preocupaciones se han convertido en alabanza de coraz\u00f3n &#8211; ver a continuaci\u00f3n.<\/h2>\n<\/div>\n\n<div class=\"wp-block block-core-heading\">\n<h2 class=\"wp-block-heading has-text-align-left has-md-font-size\">\u00bfAprovechar\u00e1s este tiempo para compartir las buenas nuevas de alegr\u00eda?<\/h2>\n<\/div>\n\n<div class=\"wp-block block-core-heading wp-elements-e8a6ade73c93114c61e83a8fe71b56e5\">\n<h2 class=\"wp-block-heading has-text-align-left has-accent-color has-text-color has-link-color has-lg-font-size wp-elements-e8a6ade73c93114c61e83a8fe71b56e5\"><strong>\u00bfAyudar\u00e1s a que la obra transformadora de Dios avance en las universidades del mundo entero?<\/strong><\/h2>\n<\/div><\/div>\n\n\n\n<div class=\"wp-block-column is-vertically-aligned-center is-layout-flow wp-block-column-is-layout-flow\" style=\"flex-basis:33.33%\"><div class=\"wp-block block-acf-spacer\">\n<div id=\"spacer-block_acab9518002329f31f6757a5a10ab67a\" class=\"\">\n    <div aria-hidden=\"true\" class=\"wp-block-spacer spacer--lg\"><\/div>\n<\/div>\n<\/div>\n\n<div class=\"wp-block block-core-cover\">\n<div class=\"wp-block-cover is-light\" style=\"min-height:310px;aspect-ratio:unset;\"><img loading=\"lazy\" decoding=\"async\" width=\"1024\" height=\"1024\" class=\"wp-block-cover__image-background wp-image-49509 size-large\" alt=\"\" src=\"https:\/\/ifesworld.org\/wp-content\/uploads\/2025\/11\/Untitled-design-13-1024x1024.png\" data-object-fit=\"cover\" srcset=\"https:\/\/ifesworld.org\/wp-content\/uploads\/2025\/11\/Untitled-design-13-1024x1024.png 1024w, https:\/\/ifesworld.org\/wp-content\/uploads\/2025\/11\/Untitled-design-13-300x300.png 300w, https:\/\/ifesworld.org\/wp-content\/uploads\/2025\/11\/Untitled-design-13-150x150.png 150w, https:\/\/ifesworld.org\/wp-content\/uploads\/2025\/11\/Untitled-design-13-768x768.png 768w, https:\/\/ifesworld.org\/wp-content\/uploads\/2025\/11\/Untitled-design-13-70x70.png 70w, https:\/\/ifesworld.org\/wp-content\/uploads\/2025\/11\/Untitled-design-13.png 1080w\" sizes=\"auto, (max-width: 1024px) 100vw, 1024px\" \/><span aria-hidden=\"true\" class=\"wp-block-cover__background has-background-dim-0 has-background-dim\"><\/span><div class=\"wp-block-cover__inner-container is-layout-constrained wp-block-cover-is-layout-constrained\"><div class=\"wp-block block-acf-ifesbutton aligncenter\">\n<div class=\"aligncenter\">\n    <a id=\"btn-block_027b018c2cac7534f4901b2d1fc1f267\" target=\"_blank\" href=\"https:\/\/ifesworld.org\/es\/donar\/?switch_language=es&#038;source=25CCXMASLP&#038;destination=OXSUP_P25MD12\" class=\"btn btn--secondary\">\n        <span>\n        DONA AHORA        <\/span>\n    <\/a>\n<\/div>\n\n<\/div><\/div><\/div>\n<\/div><\/div>\n<\/div>\n<\/div>\n\n<div class=\"wp-block block-core-separator is-style-wide\">\n<hr class=\"wp-block-separator has-text-color has-primary-color has-alpha-channel-opacity has-primary-background-color has-background is-style-wide\"\/>\n<\/div>\n\n<div class=\"wp-block block-core-heading wp-elements-c09728dba05aca11453ad26a0fc92ed6\">\n<h2 class=\"wp-block-heading has-accent-color has-text-color has-link-color wp-elements-c09728dba05aca11453ad26a0fc92ed6\"><strong><strong><strong>Dar buenas noticias a los curiosos<\/strong><\/strong><\/strong><\/h2>\n<\/div>\n\n<div class=\"wp-block block-core-paragraph\">\n<p class=\"has-md-font-size wp-block-paragraph\">Este a\u00f1o, los estudiantes y los obreros del movimiento IFES de Moldavia se sorprendieron ante la apertura espiritual que observaron durante sus eventos semanales\u00a0<em>Serios?\u00a0<\/em><\/p>\n<\/div>\n\n<div class=\"wp-block block-core-paragraph\">\n<p class=\"wp-block-paragraph\">En un contexto donde la evangelizaci\u00f3n se suele asociar con propaganda religiosa, estaban encantados de ver una curiosidad aut\u00e9ntica.<\/p>\n<\/div>\n\n<div class=\"wp-block block-core-paragraph\">\n<p class=\"wp-block-paragraph\">Un estudiante hasta se qued\u00f3 esperando mucho despu\u00e9s de que acabara un evento para poder hacer m\u00e1s preguntas. <a href=\"https:\/\/ifesworld.org\/es\/prayerline\/en-serio\/\">Lee m\u00e1s aqu\u00ed <\/a><\/p>\n<\/div>\n\n<div class=\"wp-block block-core-media-text wp-elements-a5715a95793082bc2d417bf4fe65a71b\">\n<div class=\"wp-block-media-text is-image-fill-element has-white-color has-europe-background-color has-text-color has-background has-link-color wp-elements-a5715a95793082bc2d417bf4fe65a71b\" style=\"grid-template-columns:53% auto\"><figure class=\"wp-block-media-text__media\"><img loading=\"lazy\" decoding=\"async\" width=\"1024\" height=\"683\" src=\"https:\/\/ifesworld.org\/wp-content\/uploads\/2025\/11\/EQUIP-Hi-Res-693-1024x683.jpg\" alt=\"\" class=\"wp-image-49623 size-full\" style=\"object-position:50% 50%\" srcset=\"https:\/\/ifesworld.org\/wp-content\/uploads\/2025\/11\/EQUIP-Hi-Res-693-1024x683.jpg 1024w, https:\/\/ifesworld.org\/wp-content\/uploads\/2025\/11\/EQUIP-Hi-Res-693-300x200.jpg 300w, https:\/\/ifesworld.org\/wp-content\/uploads\/2025\/11\/EQUIP-Hi-Res-693-768x512.jpg 768w, https:\/\/ifesworld.org\/wp-content\/uploads\/2025\/11\/EQUIP-Hi-Res-693-1536x1024.jpg 1536w, https:\/\/ifesworld.org\/wp-content\/uploads\/2025\/11\/EQUIP-Hi-Res-693-2048x1365.jpg 2048w\" sizes=\"auto, (max-width: 1024px) 100vw, 1024px\" \/><\/figure><div class=\"wp-block-media-text__content\"><div class=\"wp-block block-core-paragraph\">\n<p class=\"has-md-font-size wp-block-paragraph\">Los movimientos de IFES en toda Europa han constatado una mayor apertura:\u00a0\u00a0\u00a0\u00a0<\/p>\n<\/div>\n\n<div class=\"wp-block block-core-quote is-style-plain wp-elements-02d25179889c9565ae3a1f7bb8fa74ca\">\n<blockquote class=\"wp-block-quote is-style-plain has-primary-color has-text-color has-link-color wp-elements-02d25179889c9565ae3a1f7bb8fa74ca is-layout-flow wp-block-quote-is-layout-flow\"><div class=\"wp-block block-core-paragraph wp-elements-f0bce585d3e9a11026bc3083ac06a4d2\">\n<p class=\"has-white-color has-text-color has-link-color wp-elements-f0bce585d3e9a11026bc3083ac06a4d2 wp-block-paragraph\">\u00a1Parece que est\u00e1n viniendo m\u00e1s no cristianos a las actividades!\u201d (GBU Francia)<\/p>\n<\/div>\n\n<div class=\"wp-block block-core-paragraph wp-elements-c5c0fa1bb119a532e97f2c6741317ba6\">\n<p class=\"has-white-color has-text-color has-link-color wp-elements-c5c0fa1bb119a532e97f2c6741317ba6 wp-block-paragraph\">Nuestro grupo de Hasselt era uno de los m\u00e1s peque\u00f1os\u2026 Pero ahora contamos con 25 estudiantes. (Ichtus B\u00e9lgica)<\/p>\n<\/div>\n\n<div class=\"wp-block block-core-paragraph wp-elements-8251f38054695080e941234ed77b26ff\">\n<p class=\"has-white-color has-text-color has-link-color wp-elements-8251f38054695080e941234ed77b26ff wp-block-paragraph\"><em>Hemos visto c\u00f3mo algunos estudiantes han dejado la brujer\u00eda despu\u00e9s de encontrarse con Cristo.\u00a0<\/em>(CUI Irlanda)\u00a0<\/p>\n<\/div><\/blockquote>\n<\/div><\/div><\/div>\n<\/div>\n\n<div class=\"wp-block block-core-paragraph\">\n<p class=\"wp-block-paragraph\">FEUER es una de las iniciativas IFES a escala europea que forma a estudiantes, obreros y acad\u00e9micos para que compartan el evangelio p\u00fablicamente en las universidades. En noviembre, m\u00e1s de 200 delegados provenientes de todo el continente pasaron cuatro d\u00edas de formaci\u00f3n, de compartir y de comuni\u00f3n.\u00a0\u00a0<\/p>\n<\/div>\n\n<div class=\"wp-block block-core-quote is-style-plain\">\n<blockquote class=\"wp-block-quote is-style-plain is-layout-flow wp-block-quote-is-layout-flow\"><div class=\"wp-block block-core-paragraph\">\n<p class=\"wp-block-paragraph\"><em>\u00a1Lo pasamos genial! Pero el impacto real no es el que ocurri\u00f3 durante el congreso, pero el que ocurrir\u00e1 en el transcurso del pr\u00f3ximo a\u00f1o durante las semanas de eventos de muchas universidades.<\/em><\/p>\n<\/div>\n\n<div class=\"wp-block block-core-paragraph\">\n<p class=\"has-sm-font-size wp-block-paragraph\">MICHAEL OTS, DIRECTOR DE CAMPO DE FEUER)<\/p>\n<\/div><\/blockquote>\n<\/div>\n\n<div class=\"wp-block block-core-group wp-elements-9634dd29aa845e3afda380c68f3564be\">\n<div class=\"wp-block-group has-white-color has-europe-background-color has-text-color has-background has-link-color wp-elements-9634dd29aa845e3afda380c68f3564be\"><div class=\"wp-block-group__inner-container is-layout-constrained wp-block-group-is-layout-constrained\"><div class=\"wp-block block-core-paragraph\">\n<p class=\"has-text-align-center has-md-font-size wp-block-paragraph\"><strong><strong>\u00bfAprovechar\u00e1s esta oportunidad para compartir las buenas noticias con una generaci\u00f3n de curiosos?<\/strong>\u00a0<\/strong><\/p>\n<\/div>\n\n<div class=\"wp-block block-core-paragraph\">\n<p class=\"has-text-align-center has-md-font-size wp-block-paragraph\">Tu donativo permitir\u00eda que los estudiantes asistan a eventos de capacitaci\u00f3n que les ayudar\u00e1n a compartir el evangelio.\u00a0<\/p>\n<\/div>\n\n<div class=\"wp-block block-acf-ifesbutton aligncenter\">\n<div class=\"aligncenter\">\n    <a id=\"btn-block_33ae72c92a4579344471e2c48e2d5d0c\" target=\"_blank\" href=\"https:\/\/ifesworld.org\/es\/donar\/?switch_language=es&#038;source=25CCXMASLP&#038;destination=OXSUP_P25MD12\" class=\"btn btn--secondary\">\n        <span>\n        DONA AHORA        <\/span>\n    <\/a>\n<\/div>\n\n<\/div><\/div>\n<\/div><\/div>\n\n<div class=\"wp-block block-core-separator is-style-wide\">\n<hr class=\"wp-block-separator has-text-color has-primary-color has-alpha-channel-opacity has-primary-background-color has-background is-style-wide\"\/>\n<\/div>\n\n<div class=\"wp-block block-core-heading wp-elements-3fc79979536bcad687914c26a71cda24\">\n<h2 class=\"wp-block-heading has-accent-color has-text-color has-link-color wp-elements-3fc79979536bcad687914c26a71cda24\"><strong><strong>Compartir buenas noticias con el ansioso<\/strong><\/strong><\/h2>\n<\/div>\n\n<div class=\"wp-block block-core-paragraph\">\n<p class=\"has-md-font-size wp-block-paragraph\">Durante la formaci\u00f3n anual de l\u00edderes estudiantiles en Eurasia, se sorprendieron de la cantidad de veces que se mencionaron tanto la salud mental como el sufrimiento en los testimonios.\u00a0 Otro estudiante comparti\u00f3:<\/p>\n<\/div>\n\n<div class=\"wp-block block-core-quote is-style-plain\">\n<blockquote class=\"wp-block-quote is-style-plain is-layout-flow wp-block-quote-is-layout-flow\"><div class=\"wp-block block-core-paragraph\">\n<p class=\"wp-block-paragraph\"><em>Ten\u00eda muchos traumas y una visi\u00f3n distorsionada de la vida. Quer\u00eda hacerle da\u00f1o a mis seres queridos. Sent\u00eda que s\u00f3lo la muerte me traer\u00eda paz.<\/em><\/p>\n<\/div><\/blockquote>\n<\/div>\n\n<div class=\"wp-block block-core-paragraph\">\n<p class=\"has-md-font-size wp-block-paragraph\">Damos gracias a Dios de que hayan encontrado esperanza en Cristo a trav\u00e9s del ministerio estudiantil.<\/p>\n<\/div>\n\n<div class=\"wp-block block-core-paragraph\">\n<p class=\"wp-block-paragraph\">Sin embargo, todav\u00eda hay muchos que siguen luchando con pensamientos suicidas.<\/p>\n<\/div>\n\n<div class=\"wp-block block-core-paragraph\">\n<p class=\"wp-block-paragraph\">Un estudiante en Kenia comparti\u00f3 hace poco que muchos hab\u00edan acabado con sus vidas porque carec\u00edan del acompa\u00f1amiento necesario.\u00a0<\/p>\n<\/div>\n\n<div class=\"wp-block block-core-paragraph\">\n<p class=\"wp-block-paragraph\">En Am\u00e9rica Latina, el equipo regional de IFES ha estado colaborando con el Centro Latino del Seminario Fuller para impartir una formaci\u00f3n de licenciatura sobre salud mental.<\/p>\n<\/div>\n\n<div class=\"wp-block block-core-media-text wp-elements-6d9df4708bffd41280d77c5fa81c1735\">\n<div class=\"wp-block-media-text has-media-on-the-right is-stacked-on-mobile is-vertically-aligned-center has-white-color has-latin-america-background-color has-text-color has-background has-link-color wp-elements-6d9df4708bffd41280d77c5fa81c1735\"><div class=\"wp-block-media-text__content\"><div class=\"wp-block block-core-paragraph\">\n<p class=\"has-md-font-size wp-block-paragraph\">Este a\u00f1o, 19 obreros de toda la regi\u00f3n adquirieron nuevos conocimientos.\u00a0<\/p>\n<\/div>\n\n<div class=\"wp-block block-core-quote is-style-plain\">\n<blockquote class=\"wp-block-quote is-style-plain is-layout-flow wp-block-quote-is-layout-flow\"><div class=\"wp-block block-core-paragraph wp-elements-9ac3b18c4f36c7f0514cfe5694cabe89\">\n<p class=\"has-white-color has-text-color has-link-color wp-elements-9ac3b18c4f36c7f0514cfe5694cabe89 wp-block-paragraph\"><em><em>De verdad me di cuenta de la necesidad inmensa a la que nos\u00a0enfrentamos \u2013\u00a0ansiedad, depresi\u00f3n, desgaste emocional y varios tipos de dolor. Y entend\u00ed que cada pasito hacia la sanidad emocional es un adelanto de la restauraci\u00f3n completa que experimentaremos cuando Cristo vuelva.<\/em><\/em><\/p>\n<\/div>\n\n<div class=\"wp-block block-core-paragraph wp-elements-6a755fcce6a813d653436d28989d5968\">\n<p class=\"has-white-color has-text-color has-link-color has-sm-font-size wp-elements-6a755fcce6a813d653436d28989d5968 wp-block-paragraph\">HENDI (OBRERA DE COMPA M\u00c9XICO)\u00a0<\/p>\n<\/div><\/blockquote>\n<\/div><\/div><figure class=\"wp-block-media-text__media\"><img loading=\"lazy\" decoding=\"async\" width=\"2530\" height=\"2530\" src=\"https:\/\/ifesworld.org\/wp-content\/uploads\/2025\/11\/Unida-1sq.jpg\" alt=\"\" class=\"wp-image-49635 size-full\" srcset=\"https:\/\/ifesworld.org\/wp-content\/uploads\/2025\/11\/Unida-1sq.jpg 2530w, https:\/\/ifesworld.org\/wp-content\/uploads\/2025\/11\/Unida-1sq-300x300.jpg 300w, https:\/\/ifesworld.org\/wp-content\/uploads\/2025\/11\/Unida-1sq-1024x1024.jpg 1024w, https:\/\/ifesworld.org\/wp-content\/uploads\/2025\/11\/Unida-1sq-150x150.jpg 150w, https:\/\/ifesworld.org\/wp-content\/uploads\/2025\/11\/Unida-1sq-768x768.jpg 768w, https:\/\/ifesworld.org\/wp-content\/uploads\/2025\/11\/Unida-1sq-1536x1536.jpg 1536w, https:\/\/ifesworld.org\/wp-content\/uploads\/2025\/11\/Unida-1sq-2048x2048.jpg 2048w, https:\/\/ifesworld.org\/wp-content\/uploads\/2025\/11\/Unida-1sq-70x70.jpg 70w\" sizes=\"auto, (max-width: 2530px) 100vw, 2530px\" \/><\/figure><\/div>\n<\/div>\n\n<div class=\"wp-block block-core-paragraph\">\n<p class=\"has-md-font-size wp-block-paragraph\">En medio a la generaci\u00f3n Z de los campus del mundo entero, los pensamientos suicidas ponen vidas en peligro y estas almas curiosas anhelan conseguir la paz &#8211;\u00a0<strong>hoy toca hacer algo al respecto<\/strong>.<\/p>\n<\/div>\n\n<div class=\"wp-block block-core-heading wp-elements-721c067ee0e226789bf05f3f58dc6268\">\n<h2 class=\"wp-block-heading has-accent-color has-text-color has-link-color wp-elements-721c067ee0e226789bf05f3f58dc6268\"><strong><strong><strong>\u00bfCompartir\u00e1s con una nueva generaci\u00f3n tu convicci\u00f3n de que\u00a0el nacimiento de Jes\u00fas es\u00a0\u201cbuenas nuevas que ser\u00e1n motivo de mucha alegr\u00eda\u201d<\/strong>?<strong>\u00a0\u00bfLe sacar\u00e1s partido a su apertura y har\u00e1s que sus preocupaciones se conviertan en alabanza?<\/strong>\u00a0<\/strong><\/strong><\/h2>\n<\/div>\n\n<div class=\"wp-block block-acf-spacer\">\n<div id=\"spacer-block_f5aeaaeec07a727d29e5c6a8258856ac\" class=\"\">\n    <div aria-hidden=\"true\" class=\"wp-block-spacer spacer--sm\"><\/div>\n<\/div>\n<\/div>\n\n<div class=\"wp-block block-core-cover\">\n<div class=\"wp-block-cover\" style=\"min-height:50px;aspect-ratio:unset;\"><span aria-hidden=\"true\" class=\"wp-block-cover__background has-primary-background-color has-background-dim-100 has-background-dim\"><\/span><div class=\"wp-block-cover__inner-container is-layout-constrained wp-block-cover-is-layout-constrained\"><div class=\"wp-block block-acf-ifesbutton aligncenter\">\n<div class=\"aligncenter\">\n    <a id=\"btn-block_5d82541b540321f4e2b00bf3690cd113\" target=\"_blank\" href=\"https:\/\/ifesworld.org\/es\/donar\/?switch_language=es&#038;source=25CCXMASLP&#038;destination=OXSUP_P25MD12\" class=\"btn btn--mena\">\n        <span>\n        Dona Ahora        <\/span>\n    <\/a>\n<\/div>\n\n<\/div><\/div><\/div>\n<\/div>\n\n<div class=\"wp-block block-acf-spacer\">\n<div id=\"spacer-block_4b0d72083936c26000b6c94083449ab7\" class=\"\">\n    <div aria-hidden=\"true\" class=\"wp-block-spacer spacer--md\"><\/div>\n<\/div>\n<\/div>\n\n<div class=\"wp-block block-core-cover alignfull\">\n<div class=\"wp-block-cover alignfull has-parallax\"><div class=\"wp-block-cover__image-background wp-image-49632 size-large has-parallax\" style=\"background-position:50% 50%;background-image:url(https:\/\/ifesworld.org\/wp-content\/uploads\/2025\/11\/Formacion-2-1024x683.jpg)\"><\/div><span aria-hidden=\"true\" class=\"wp-block-cover__background has-primary-background-color has-background-dim\"><\/span><div class=\"wp-block-cover__inner-container is-layout-constrained wp-block-cover-is-layout-constrained\"><div class=\"wp-block block-core-paragraph wp-elements-13a8db390062f1fb002cf8d477edb6d2\">\n<p class=\"has-text-align-center has-white-color has-text-color has-link-color has-large-font-size wp-elements-13a8db390062f1fb002cf8d477edb6d2 wp-block-paragraph\"><em><strong>Pero el \u00e1ngel les dice: \u00abNo tengan miedo.\u202fMiren que les traigo las buenas nuevas, que ser\u00e1n motivo de mucha alegr\u00eda para todo el pueblo.\u202fHoy les ha nacido en la Ciudad de David un Salvador, que es Cristo el Se\u00f1or.<\/strong>\u00ab<\/em><\/p>\n<\/div>\n\n<div class=\"wp-block block-core-paragraph wp-elements-cd104be9d88b6cec28d72983bae5ee8d\">\n<p class=\"has-text-align-center has-white-color has-text-color has-link-color has-md-font-size wp-elements-cd104be9d88b6cec28d72983bae5ee8d wp-block-paragraph\"><strong>LUCAS 2:10-11<\/strong><\/p>\n<\/div><\/div><\/div>\n<\/div>","protected":false},"excerpt":{"rendered":"<p>\u00a1Gloria a Dios! La alegr\u00eda alcanz\u00f3 una generaci\u00f3n de estudiantes preocupados y curiosos. Tu apoyo al ministerio estudiantil est\u00e1 propiciando la transformaci\u00f3n que ocurri\u00f3 la noche en que Jes\u00fas naci\u00f3. Cuando los pastores recibieron\u00a0nuevas que ser\u00edan de mucha alegr\u00eda para todo el pueblo,\u00a0su\u00a0temor se convirti\u00f3 en curiosidad\u00a0(vamos&#8230; a ver).\u00a0Esa\u00a0apertura los llev\u00f3 a Jes\u00fas\u00a0y acabaron\u00a0glorificando y&#8230;<\/p>\n","protected":false},"author":20,"featured_media":47198,"parent":0,"menu_order":0,"comment_status":"closed","ping_status":"closed","template":"","meta":{"_acf_changed":false,"_crdt_document":"","inline_featured_image":false,"footnotes":""},"area":[],"theme":[],"class_list":["post-49892","page","type-page","status-publish","has-post-thumbnail","hentry"],"acf":[],"yoast_head":"<!-- This site is optimized with the Yoast SEO plugin v27.2 - https:\/\/yoast.com\/product\/yoast-seo-wordpress\/ -->\n<title>Tu regalo estas navidades &#183; IFES<\/title>\n<meta name=\"description\" content=\"\u00a1Gloria a Dios! La alegr\u00eda alcanz\u00f3 una generaci\u00f3n de estudiantes preocupados y curiosos. Tu apoyo al ministerio estudiantil est\u00e1 propiciando la\" \/>\n<meta name=\"robots\" content=\"index, follow, max-snippet:-1, max-image-preview:large, max-video-preview:-1\" \/>\n<link rel=\"canonical\" href=\"https:\/\/ifesworld.org\/es\/tu-regalo-estas-navidades\/\" \/>\n<meta property=\"og:locale\" content=\"es_ES\" \/>\n<meta property=\"og:type\" content=\"article\" \/>\n<meta property=\"og:title\" content=\"Tu regalo estas navidades &#183; IFES\" \/>\n<meta property=\"og:description\" content=\"\u00a1Gloria a Dios! La alegr\u00eda alcanz\u00f3 una generaci\u00f3n de estudiantes preocupados y curiosos. Tu apoyo al ministerio estudiantil est\u00e1 propiciando la\" \/>\n<meta property=\"og:url\" content=\"https:\/\/ifesworld.org\/es\/tu-regalo-estas-navidades\/\" \/>\n<meta property=\"og:site_name\" content=\"IFES\" \/>\n<meta property=\"article:modified_time\" content=\"2025-12-04T16:31:21+00:00\" \/>\n<meta property=\"og:image\" content=\"https:\/\/ifesworld.org\/wp-content\/uploads\/2025\/07\/photo_2025-03-27_13-31-31-rotated.jpg\" \/>\n\t<meta property=\"og:image:width\" content=\"1280\" \/>\n\t<meta property=\"og:image:height\" content=\"960\" \/>\n\t<meta property=\"og:image:type\" content=\"image\/jpeg\" \/>\n<meta name=\"twitter:card\" content=\"summary_large_image\" \/>\n<meta name=\"twitter:label1\" content=\"Tiempo de lectura\" \/>\n\t<meta name=\"twitter:data1\" content=\"4 minutos\" \/>\n<script type=\"application\/ld+json\" class=\"yoast-schema-graph\">{\"@context\":\"https:\/\/schema.org\",\"@graph\":[{\"@type\":\"WebPage\",\"@id\":\"https:\/\/ifesworld.org\/es\/tu-regalo-estas-navidades\/\",\"url\":\"https:\/\/ifesworld.org\/es\/tu-regalo-estas-navidades\/\",\"name\":\"Tu regalo estas navidades &#183; IFES\",\"isPartOf\":{\"@id\":\"https:\/\/ifesworld.org\/es\/#website\"},\"primaryImageOfPage\":{\"@id\":\"https:\/\/ifesworld.org\/es\/tu-regalo-estas-navidades\/#primaryimage\"},\"image\":{\"@id\":\"https:\/\/ifesworld.org\/es\/tu-regalo-estas-navidades\/#primaryimage\"},\"thumbnailUrl\":\"https:\/\/ifesworld.org\/wp-content\/uploads\/2025\/07\/photo_2025-03-27_13-31-31-rotated.jpg\",\"datePublished\":\"2025-12-04T16:31:20+00:00\",\"dateModified\":\"2025-12-04T16:31:21+00:00\",\"description\":\"\u00a1Gloria a Dios! La alegr\u00eda alcanz\u00f3 una generaci\u00f3n de estudiantes preocupados y curiosos. Tu apoyo al ministerio estudiantil est\u00e1 propiciando la\",\"breadcrumb\":{\"@id\":\"https:\/\/ifesworld.org\/es\/tu-regalo-estas-navidades\/#breadcrumb\"},\"inLanguage\":\"es\",\"potentialAction\":[{\"@type\":\"ReadAction\",\"target\":[\"https:\/\/ifesworld.org\/es\/tu-regalo-estas-navidades\/\"]}]},{\"@type\":\"ImageObject\",\"inLanguage\":\"es\",\"@id\":\"https:\/\/ifesworld.org\/es\/tu-regalo-estas-navidades\/#primaryimage\",\"url\":\"https:\/\/ifesworld.org\/wp-content\/uploads\/2025\/07\/photo_2025-03-27_13-31-31-rotated.jpg\",\"contentUrl\":\"https:\/\/ifesworld.org\/wp-content\/uploads\/2025\/07\/photo_2025-03-27_13-31-31-rotated.jpg\",\"width\":1280,\"height\":960},{\"@type\":\"BreadcrumbList\",\"@id\":\"https:\/\/ifesworld.org\/es\/tu-regalo-estas-navidades\/#breadcrumb\",\"itemListElement\":[{\"@type\":\"ListItem\",\"position\":1,\"name\":\"Home\",\"item\":\"https:\/\/ifesworld.org\/es\/\"},{\"@type\":\"ListItem\",\"position\":2,\"name\":\"Tu regalo estas navidades\"}]},{\"@type\":\"WebSite\",\"@id\":\"https:\/\/ifesworld.org\/es\/#website\",\"url\":\"https:\/\/ifesworld.org\/es\/\",\"name\":\"IFES\",\"description\":\"A movement of students sharing and living out the good news of Jesus Christ. Locally. Nationally. Globally.\",\"publisher\":{\"@id\":\"https:\/\/ifesworld.org\/es\/#organization\"},\"potentialAction\":[{\"@type\":\"SearchAction\",\"target\":{\"@type\":\"EntryPoint\",\"urlTemplate\":\"https:\/\/ifesworld.org\/es\/?s={search_term_string}\"},\"query-input\":{\"@type\":\"PropertyValueSpecification\",\"valueRequired\":true,\"valueName\":\"search_term_string\"}}],\"inLanguage\":\"es\"},{\"@type\":\"Organization\",\"@id\":\"https:\/\/ifesworld.org\/es\/#organization\",\"name\":\"IFES \u00b7 International Fellowship of Evangelical Students\",\"url\":\"https:\/\/ifesworld.org\/es\/\",\"logo\":{\"@type\":\"ImageObject\",\"inLanguage\":\"es\",\"@id\":\"https:\/\/ifesworld.org\/es\/#\/schema\/logo\/image\/\",\"url\":\"https:\/\/ifesworld.org\/wp-content\/uploads\/2019\/06\/ifeslogo.png\",\"contentUrl\":\"https:\/\/ifesworld.org\/wp-content\/uploads\/2019\/06\/ifeslogo.png\",\"width\":262,\"height\":262,\"caption\":\"IFES \u00b7 International Fellowship of Evangelical Students\"},\"image\":{\"@id\":\"https:\/\/ifesworld.org\/es\/#\/schema\/logo\/image\/\"}}]}<\/script>\n<!-- \/ Yoast SEO plugin. -->","yoast_head_json":{"title":"Tu regalo estas navidades &#183; IFES","description":"\u00a1Gloria a Dios! La alegr\u00eda alcanz\u00f3 una generaci\u00f3n de estudiantes preocupados y curiosos. Tu apoyo al ministerio estudiantil est\u00e1 propiciando la","robots":{"index":"index","follow":"follow","max-snippet":"max-snippet:-1","max-image-preview":"max-image-preview:large","max-video-preview":"max-video-preview:-1"},"canonical":"https:\/\/ifesworld.org\/es\/tu-regalo-estas-navidades\/","og_locale":"es_ES","og_type":"article","og_title":"Tu regalo estas navidades &#183; IFES","og_description":"\u00a1Gloria a Dios! La alegr\u00eda alcanz\u00f3 una generaci\u00f3n de estudiantes preocupados y curiosos. Tu apoyo al ministerio estudiantil est\u00e1 propiciando la","og_url":"https:\/\/ifesworld.org\/es\/tu-regalo-estas-navidades\/","og_site_name":"IFES","article_modified_time":"2025-12-04T16:31:21+00:00","og_image":[{"width":1280,"height":960,"url":"https:\/\/ifesworld.org\/wp-content\/uploads\/2025\/07\/photo_2025-03-27_13-31-31-rotated.jpg","type":"image\/jpeg"}],"twitter_card":"summary_large_image","twitter_misc":{"Tiempo de lectura":"4 minutos"},"schema":{"@context":"https:\/\/schema.org","@graph":[{"@type":"WebPage","@id":"https:\/\/ifesworld.org\/es\/tu-regalo-estas-navidades\/","url":"https:\/\/ifesworld.org\/es\/tu-regalo-estas-navidades\/","name":"Tu regalo estas navidades &#183; IFES","isPartOf":{"@id":"https:\/\/ifesworld.org\/es\/#website"},"primaryImageOfPage":{"@id":"https:\/\/ifesworld.org\/es\/tu-regalo-estas-navidades\/#primaryimage"},"image":{"@id":"https:\/\/ifesworld.org\/es\/tu-regalo-estas-navidades\/#primaryimage"},"thumbnailUrl":"https:\/\/ifesworld.org\/wp-content\/uploads\/2025\/07\/photo_2025-03-27_13-31-31-rotated.jpg","datePublished":"2025-12-04T16:31:20+00:00","dateModified":"2025-12-04T16:31:21+00:00","description":"\u00a1Gloria a Dios! La alegr\u00eda alcanz\u00f3 una generaci\u00f3n de estudiantes preocupados y curiosos. Tu apoyo al ministerio estudiantil est\u00e1 propiciando la","breadcrumb":{"@id":"https:\/\/ifesworld.org\/es\/tu-regalo-estas-navidades\/#breadcrumb"},"inLanguage":"es","potentialAction":[{"@type":"ReadAction","target":["https:\/\/ifesworld.org\/es\/tu-regalo-estas-navidades\/"]}]},{"@type":"ImageObject","inLanguage":"es","@id":"https:\/\/ifesworld.org\/es\/tu-regalo-estas-navidades\/#primaryimage","url":"https:\/\/ifesworld.org\/wp-content\/uploads\/2025\/07\/photo_2025-03-27_13-31-31-rotated.jpg","contentUrl":"https:\/\/ifesworld.org\/wp-content\/uploads\/2025\/07\/photo_2025-03-27_13-31-31-rotated.jpg","width":1280,"height":960},{"@type":"BreadcrumbList","@id":"https:\/\/ifesworld.org\/es\/tu-regalo-estas-navidades\/#breadcrumb","itemListElement":[{"@type":"ListItem","position":1,"name":"Home","item":"https:\/\/ifesworld.org\/es\/"},{"@type":"ListItem","position":2,"name":"Tu regalo estas navidades"}]},{"@type":"WebSite","@id":"https:\/\/ifesworld.org\/es\/#website","url":"https:\/\/ifesworld.org\/es\/","name":"IFES","description":"A movement of students sharing and living out the good news of Jesus Christ. Locally. Nationally. Globally.","publisher":{"@id":"https:\/\/ifesworld.org\/es\/#organization"},"potentialAction":[{"@type":"SearchAction","target":{"@type":"EntryPoint","urlTemplate":"https:\/\/ifesworld.org\/es\/?s={search_term_string}"},"query-input":{"@type":"PropertyValueSpecification","valueRequired":true,"valueName":"search_term_string"}}],"inLanguage":"es"},{"@type":"Organization","@id":"https:\/\/ifesworld.org\/es\/#organization","name":"IFES \u00b7 International Fellowship of Evangelical Students","url":"https:\/\/ifesworld.org\/es\/","logo":{"@type":"ImageObject","inLanguage":"es","@id":"https:\/\/ifesworld.org\/es\/#\/schema\/logo\/image\/","url":"https:\/\/ifesworld.org\/wp-content\/uploads\/2019\/06\/ifeslogo.png","contentUrl":"https:\/\/ifesworld.org\/wp-content\/uploads\/2019\/06\/ifeslogo.png","width":262,"height":262,"caption":"IFES \u00b7 International Fellowship of Evangelical Students"},"image":{"@id":"https:\/\/ifesworld.org\/es\/#\/schema\/logo\/image\/"}}]}},"_links":{"self":[{"href":"https:\/\/ifesworld.org\/es\/wp-json\/wp\/v2\/pages\/49892","targetHints":{"allow":["GET"]}}],"collection":[{"href":"https:\/\/ifesworld.org\/es\/wp-json\/wp\/v2\/pages"}],"about":[{"href":"https:\/\/ifesworld.org\/es\/wp-json\/wp\/v2\/types\/page"}],"author":[{"embeddable":true,"href":"https:\/\/ifesworld.org\/es\/wp-json\/wp\/v2\/users\/20"}],"replies":[{"embeddable":true,"href":"https:\/\/ifesworld.org\/es\/wp-json\/wp\/v2\/comments?post=49892"}],"version-history":[{"count":1,"href":"https:\/\/ifesworld.org\/es\/wp-json\/wp\/v2\/pages\/49892\/revisions"}],"predecessor-version":[{"id":49893,"href":"https:\/\/ifesworld.org\/es\/wp-json\/wp\/v2\/pages\/49892\/revisions\/49893"}],"wp:featuredmedia":[{"embeddable":true,"href":"https:\/\/ifesworld.org\/es\/wp-json\/wp\/v2\/media\/47198"}],"wp:attachment":[{"href":"https:\/\/ifesworld.org\/es\/wp-json\/wp\/v2\/media?parent=49892"}],"wp:term":[{"taxonomy":"area","embeddable":true,"href":"https:\/\/ifesworld.org\/es\/wp-json\/wp\/v2\/area?post=49892"},{"taxonomy":"theme","embeddable":true,"href":"https:\/\/ifesworld.org\/es\/wp-json\/wp\/v2\/theme?post=49892"}],"curies":[{"name":"wp","href":"https:\/\/api.w.org\/{rel}","templated":true}]}}