{"id":34869,"date":"2024-03-13T15:53:23","date_gmt":"2024-03-13T15:53:23","guid":{"rendered":"https:\/\/ifesworld.org\/?page_id=34869"},"modified":"2026-04-14T10:30:39","modified_gmt":"2026-04-14T09:30:39","slug":"subvenciones-de-creciendo-juntos","status":"publish","type":"page","link":"https:\/\/ifesworld.org\/es\/subvenciones-de-creciendo-juntos\/","title":{"rendered":"Subvenciones de Creciendo Juntos"},"content":{"rendered":"<div class=\"wp-block block-core-paragraph\">\n<p class=\"has-accent-color has-text-color has-md-font-size wp-block-paragraph\">Parte de nuestra visi\u00f3n para Creciendo Juntos es proveer a aquellos que sirven en el ministerio estudiantil los fondos que necesitan para crecer en sus contextos locales.<\/p>\n<\/div>\n\n<div class=\"wp-block block-core-paragraph\">\n<p class=\"has-accent-color has-text-color has-md-font-size wp-block-paragraph\">Gracias a la generosidad de nuestros donantes, podemos ofrecer subvenciones de hasta 15 000 USD a los candidatos seleccionados.<\/p>\n<\/div>\n\n<div class=\"wp-block block-core-paragraph\">\n<p class=\"has-accent-color has-text-color has-md-font-size wp-block-paragraph\">Estas subvenciones pueden usarse en cualquier proyecto, seg\u00fan la necesidad, incluyendo la puesta en marcha y el avance de nuevos proyectos y campa\u00f1as evangel\u00edsticas, la financiaci\u00f3n de campamentos o congresos y la infraestructura necesaria como, por ejemplo, libros, tecnolog\u00eda y software.<\/p>\n<\/div>\n\n<div class=\"wp-block block-core-paragraph\">\n<p class=\"wp-block-paragraph\">Se dar\u00e1 prioridad a aquellas solicitudes que se centren en ayudar a un Movimiento Nacional a acelerar su visi\u00f3n y misi\u00f3n en una de estas \u00e1reas:<\/p>\n<\/div>\n\n<div class=\"wp-block block-core-columns\">\n<div class=\"wp-block-columns is-layout-flex wp-container-core-columns-is-layout-8f761849 wp-block-columns-is-layout-flex\">\n<div class=\"wp-block-column is-layout-flow wp-block-column-is-layout-flow\">\n<figure class=\"wp-block-image size-full\"><img loading=\"lazy\" decoding=\"async\" width=\"776\" height=\"701\" src=\"https:\/\/ifesworld.org\/wp-content\/uploads\/2024\/04\/IFES_TTicon_L1_Witness.png\" alt=\"\" class=\"wp-image-35291\" srcset=\"https:\/\/ifesworld.org\/wp-content\/uploads\/2024\/04\/IFES_TTicon_L1_Witness.png 776w, https:\/\/ifesworld.org\/wp-content\/uploads\/2024\/04\/IFES_TTicon_L1_Witness-300x271.png 300w, https:\/\/ifesworld.org\/wp-content\/uploads\/2024\/04\/IFES_TTicon_L1_Witness-768x694.png 768w\" sizes=\"auto, (max-width: 776px) 100vw, 776px\" \/><\/figure>\n\n\n<div class=\"wp-block block-core-paragraph\">\n<p class=\"has-text-align-center wp-block-paragraph\"><strong>Crecer en testimonio<\/strong><\/p>\n<\/div><\/div>\n\n\n\n<div class=\"wp-block-column is-layout-flow wp-block-column-is-layout-flow\">\n<figure class=\"wp-block-image size-full\"><img loading=\"lazy\" decoding=\"async\" width=\"776\" height=\"702\" src=\"https:\/\/ifesworld.org\/wp-content\/uploads\/2024\/04\/IFES_TTicon_L2_WholeLife.png\" alt=\"\" class=\"wp-image-35292\" srcset=\"https:\/\/ifesworld.org\/wp-content\/uploads\/2024\/04\/IFES_TTicon_L2_WholeLife.png 776w, https:\/\/ifesworld.org\/wp-content\/uploads\/2024\/04\/IFES_TTicon_L2_WholeLife-300x271.png 300w, https:\/\/ifesworld.org\/wp-content\/uploads\/2024\/04\/IFES_TTicon_L2_WholeLife-768x695.png 768w\" sizes=\"auto, (max-width: 776px) 100vw, 776px\" \/><\/figure>\n\n\n<div class=\"wp-block block-core-paragraph\">\n<p class=\"has-text-align-center wp-block-paragraph\"><strong>Crecer en el compromiso de por vida<\/strong><\/p>\n<\/div><\/div>\n\n\n\n<div class=\"wp-block-column is-layout-flow wp-block-column-is-layout-flow\">\n<figure class=\"wp-block-image size-full\"><img loading=\"lazy\" decoding=\"async\" width=\"776\" height=\"701\" src=\"https:\/\/ifesworld.org\/wp-content\/uploads\/2024\/04\/IFES_TTicon_L3_NewGround.png\" alt=\"\" class=\"wp-image-35294\" srcset=\"https:\/\/ifesworld.org\/wp-content\/uploads\/2024\/04\/IFES_TTicon_L3_NewGround.png 776w, https:\/\/ifesworld.org\/wp-content\/uploads\/2024\/04\/IFES_TTicon_L3_NewGround-300x271.png 300w, https:\/\/ifesworld.org\/wp-content\/uploads\/2024\/04\/IFES_TTicon_L3_NewGround-768x694.png 768w\" sizes=\"auto, (max-width: 776px) 100vw, 776px\" \/><\/figure>\n\n\n<div class=\"wp-block block-core-paragraph\">\n<p class=\"has-text-align-center wp-block-paragraph\"><strong>Crecer en nuevos terrenos<\/strong><\/p>\n<\/div><\/div>\n\n\n\n<div class=\"wp-block-column is-layout-flow wp-block-column-is-layout-flow\">\n<figure class=\"wp-block-image size-full\"><img loading=\"lazy\" decoding=\"async\" width=\"776\" height=\"701\" src=\"https:\/\/ifesworld.org\/wp-content\/uploads\/2024\/04\/IFES_TTicon_L4_Future.png\" alt=\"\" class=\"wp-image-35293\" srcset=\"https:\/\/ifesworld.org\/wp-content\/uploads\/2024\/04\/IFES_TTicon_L4_Future.png 776w, https:\/\/ifesworld.org\/wp-content\/uploads\/2024\/04\/IFES_TTicon_L4_Future-300x271.png 300w, https:\/\/ifesworld.org\/wp-content\/uploads\/2024\/04\/IFES_TTicon_L4_Future-768x694.png 768w\" sizes=\"auto, (max-width: 776px) 100vw, 776px\" \/><\/figure>\n\n\n<div class=\"wp-block block-core-paragraph\">\n<p class=\"has-text-align-center wp-block-paragraph\"><strong>Crecer hacia el futuro<\/strong><\/p>\n<\/div><\/div>\n<\/div>\n<\/div>\n\n<div class=\"wp-block block-core-paragraph\">\n<p class=\"wp-block-paragraph\">Puedes leer m\u00e1s acerca de estas prioridades <a href=\"https:\/\/ifesworld.org\/es\/la-estrategia-de-ifes\/?switch_language=es\">aqu\u00ed<\/a>.<\/p>\n<\/div>\n\n<div class=\"wp-block block-core-heading\">\n<h2 class=\"wp-block-heading has-accent-color has-text-color\">\u00bfQUI\u00c9N?<\/h2>\n<\/div>\n\n<div class=\"wp-block block-core-paragraph\">\n<p class=\"wp-block-paragraph\">Cualquier persona que trabaje con un Movimiento Nacional puede solicitar una subvenci\u00f3n, siempre que el prop\u00f3sito sea el desarrollo del Movimiento Nacional y se alinee con las prioridades de Creciendo Juntos. Podr\u00eda tratarse de un estudiante, un obrero, un graduado o un miembro del Comit\u00e9.<\/p>\n<\/div>\n\n<div class=\"wp-block block-core-heading\">\n<h2 class=\"wp-block-heading has-accent-color has-text-color\">\u00bfCU\u00c1NTO?<\/h2>\n<\/div>\n\n<div class=\"wp-block block-core-paragraph\">\n<p class=\"wp-block-paragraph\">Se pueden pedir subvenciones de entre 1000 USD y 15 000 USD. Deber\u00e1s enviar los c\u00e1lculos estimados junto con los presupuestos (cuando sean necesarios y relevantes).<\/p>\n<\/div>\n\n<div class=\"wp-block block-core-paragraph\">\n<p class=\"wp-block-paragraph\">A la hora de asignar las subvenciones, favorecemos a los candidatos que solicitan el 50% o menos de los costes finales de su proyecto.<\/p>\n<\/div>\n\n<div class=\"wp-block block-core-heading\">\n<h2 class=\"wp-block-heading has-accent-color has-text-color\">\u00bfC\u00d3MO SOLICITARLAS?<\/h2>\n<\/div>\n\n<div class=\"wp-block block-core-paragraph\">\n<p class=\"wp-block-paragraph\"><\/p>\n<\/div>\n\n<div class=\"wp-block block-core-paragraph\">\n<p class=\"wp-block-paragraph\">Pincha en el enlace que te llevar\u00e1 al formulario de solicitud. No podr\u00e1s enviar la solicitud sin un presupuesto, un cronograma y la informaci\u00f3n sobre el proyecto y c\u00f3mo se usar\u00e1n los fondos para desarrollar una de las prioridades de Creciendo Juntos.<\/p>\n<\/div>\n\n<div class=\"wp-block block-core-media-text alignwide\">\n<div class=\"wp-block-media-text alignwide is-stacked-on-mobile is-image-fill-element has-white-dark-background-color has-background\" style=\"grid-template-columns:43% auto\"><figure class=\"wp-block-media-text__media\"><img loading=\"lazy\" decoding=\"async\" width=\"683\" height=\"1024\" src=\"https:\/\/ifesworld.org\/wp-content\/uploads\/2024\/03\/IFESWA2023_Finals_DK-720-683x1024.jpg\" alt=\"\" class=\"wp-image-34775 size-full\" style=\"object-position:50% 50%\" srcset=\"https:\/\/ifesworld.org\/wp-content\/uploads\/2024\/03\/IFESWA2023_Finals_DK-720-683x1024.jpg 683w, https:\/\/ifesworld.org\/wp-content\/uploads\/2024\/03\/IFESWA2023_Finals_DK-720-200x300.jpg 200w, https:\/\/ifesworld.org\/wp-content\/uploads\/2024\/03\/IFESWA2023_Finals_DK-720-768x1152.jpg 768w, https:\/\/ifesworld.org\/wp-content\/uploads\/2024\/03\/IFESWA2023_Finals_DK-720.jpg 1000w\" sizes=\"auto, (max-width: 683px) 100vw, 683px\" \/><\/figure><div class=\"wp-block-media-text__content\"><div class=\"wp-block block-core-group\">\n<div class=\"wp-block-group\"><div class=\"wp-block-group__inner-container is-layout-constrained wp-block-group-is-layout-constrained\"><div class=\"wp-block block-acf-ifesbutton\">\n<div class=\"\">\n    <a id=\"btn-block_9888729ae601fd036b52044608c071f4\" target=\"_blank\" href=\"https:\/\/ifes.beaconforms.com\/form\/e625fa1a\" class=\"btn btn--secondary\">\n        <span>\n        [SOLICITE una subvenci\u00f3n Crecer en Testimonio        <\/span>\n    <\/a>\n<\/div>\n\n<\/div>\n\n<div class=\"wp-block block-acf-spacer\">\n<div id=\"spacer-block_1a8fc6d4004fc90eb9b798cf8b438510\" class=\"\">\n    <div aria-hidden=\"true\" class=\"wp-block-spacer spacer--md\"><\/div>\n<\/div>\n<\/div>\n\n<div class=\"wp-block block-acf-ifesbutton\">\n<div class=\"\">\n    <a id=\"btn-block_34f1393de9595ea73464b85750f56f64\" target=\"_blank\" href=\"https:\/\/ifes.beaconforms.com\/form\/7d95c043\" class=\"btn btn--secondary\">\n        <span>\n        SOLICITAR UNA SUBVENCI\u00d3N PARA CRECER EN NUEVOS TERRENOS        <\/span>\n    <\/a>\n<\/div>\n\n<\/div>\n\n<div class=\"wp-block block-acf-spacer\">\n<div id=\"spacer-block_fdff2c30872d00254d3d42bacbff997e\" class=\"\">\n    <div aria-hidden=\"true\" class=\"wp-block-spacer spacer--md\"><\/div>\n<\/div>\n<\/div>\n\n<div class=\"wp-block block-acf-ifesbutton\">\n<div class=\"\">\n    <a id=\"btn-block_d4a7f1280b7cb28f589ebe96d9b53104\" target=\"_blank\" href=\"https:\/\/ifes.beaconforms.com\/form\/4d4ff936\" class=\"btn btn--secondary\">\n        <span>\n        SOLICITE una subvenci\u00f3n Crecer en compromiso con todas las esferas de la vida        <\/span>\n    <\/a>\n<\/div>\n\n<\/div>\n\n<div class=\"wp-block block-acf-spacer\">\n<div id=\"spacer-block_fdff2c30872d00254d3d42bacbff997e\" class=\"\">\n    <div aria-hidden=\"true\" class=\"wp-block-spacer spacer--md\"><\/div>\n<\/div>\n<\/div>\n\n<div class=\"wp-block block-acf-ifesbutton\">\n<div class=\"\">\n    <a id=\"btn-block_8ebeb8ffb07680eb5f1c896b1a69252c\" target=\"_blank\" href=\"https:\/\/ifes.beaconforms.com\/form\/5e8f86b4\" class=\"btn btn--secondary\">\n        <span>\n        SOLICITE una subvenci\u00f3n Crecer hacia el futuro        <\/span>\n    <\/a>\n<\/div>\n\n<\/div><\/div>\n<\/div><\/div><\/div><\/div>\n<\/div>\n\n<div class=\"wp-block block-core-heading\">\n<h2 class=\"wp-block-heading has-accent-color has-text-color\">\u00bfCU\u00c1NDO?<\/h2>\n<\/div>\n\n<div class=\"wp-block block-core-heading\">\n<h3 class=\"wp-block-heading\">\u00a1Ya est\u00e1 abierto el plazo de solicitud!&nbsp;<\/h3>\n<\/div>\n\n<div class=\"wp-block block-core-paragraph\">\n<p class=\"wp-block-paragraph\">Las subvenciones son continuas, pero, para hacer la gesti\u00f3n m\u00e1s f\u00e1cil, las ofreceremos en ciclos. Puedes solicitar una subvenci\u00f3n en cualquier ciclo, pero planifica adecuadamente para que los fondos lleguen a tiempo para los proyectos que tengan un plazo determinado. No importa el ciclo en el que env\u00edes la solicitud: no recibir\u00e1s los fondos hasta la fecha establecida para enviarlos.\u202f\u202f&nbsp;<\/p>\n<\/div>\n\n<div class=\"wp-block block-core-paragraph\">\n<p class=\"wp-block-paragraph\">Nuestro objetivo es darte una respuesta en las cinco (5) semanas despu\u00e9s de que se cierre el plazo de esa ronda.&nbsp;&nbsp;<\/p>\n<\/div>\n\n<div class=\"wp-block block-core-paragraph\">\n<p class=\"wp-block-paragraph\">Intentaremos hacer los pagos <strong>al fondo de tu movimiento nacional aproximadamente seis (6) semanas despu\u00e9s de que cierre el plazo para enviar la solicitud, <\/strong>pero los fondos podr\u00edan tardar un poco m\u00e1s en llegar, dependiendo del tiempo que tarde el banco en procesar el pago.\u202f&nbsp;<\/p>\n<\/div>\n\n<div class=\"wp-block block-core-paragraph\">\n<p class=\"has-white-dark-background-color has-background wp-block-paragraph\">El plazo para solicitar una subvenci\u00f3n de <em>Crecer en testimonio<\/em> cierra el primer mi\u00e9rcoles del mes en los meses de junio, septiembre y enero.\u00a0<\/p>\n<\/div>\n\n<div class=\"wp-block block-core-paragraph\">\n<p class=\"has-white-dark-background-color has-background wp-block-paragraph\">El plazo para solicitar una subvenci\u00f3n de <em>Crecer en el compromiso de por vida<\/em> cierra el primer mi\u00e9rcoles del mes en los meses de junio, septiembre y enero.\u00a0<\/p>\n<\/div>\n\n<div class=\"wp-block block-core-paragraph\">\n<p class=\"has-white-dark-background-color has-background wp-block-paragraph\">El plazo para solicitar una subvenci\u00f3n de <em>Crecer hacia el futuro<\/em> cierra el tercer mi\u00e9rcoles del mes en los meses de junio, octubre y febrero.\u00a0<\/p>\n<\/div>\n\n<div class=\"wp-block block-core-paragraph\">\n<p class=\"has-white-dark-background-color has-background wp-block-paragraph\">El plazo para solicitar una subvenci\u00f3n de <em>Crecer en nuevos terrenos<\/em> se cerrar\u00e1\u00a0el tercer mi\u00e9rcoles del mes en los meses de junio, octubre y febrero.<\/p>\n<\/div>\n\n<div class=\"wp-block block-core-heading\">\n<h2 class=\"wp-block-heading has-accent-color has-text-color\">PAGOS:<\/h2>\n<\/div>\n\n<div class=\"wp-block block-core-paragraph\">\n<p class=\"wp-block-paragraph\">Todos los fondos ser\u00e1n enviados directamente a la cuenta del Movimiento Nacional y podr\u00e1s pedirlos a trav\u00e9s del proceso habitual de petici\u00f3n de fondos. Si no puedes acceder a los fondos a trav\u00e9s de tu movimiento nacional, por favor, comun\u00edcanoslo en el formulario de solicitud para evaluar tu caso y pedir unos datos bancarios alternativos.<\/p>\n<\/div>\n\n<div class=\"wp-block block-core-heading\">\n<h2 class=\"wp-block-heading has-accent-color has-text-color\">PROCESO DE SOLICITUD<\/h2>\n<\/div>\n\n<div class=\"wp-block block-core-paragraph\">\n<p class=\"wp-block-paragraph\">Usa el formulario online para solicitar la subvenci\u00f3n. Para poder solicitarla, deber\u00e1s subir un presupuesto. Tambi\u00e9n deber\u00e1s dar informaci\u00f3n acerca de c\u00f3mo se usar\u00e1 el dinero y c\u00f3mo ayudar\u00e1 a desarrollar la prioridad relevante de Creciendo Juntos. Por favor, ten todos los documentos preparados, ya que las solicitudes sin los documentos de apoyo no ser\u00e1n consideradas. Un equipo trabajar\u00e1 junto con tu Secretario Regional para revisar tu solicitud y te comunicaremos si ha sido seleccionada o no. En algunos casos, pediremos m\u00e1s informaci\u00f3n antes de tomar una decisi\u00f3n.<\/p>\n<\/div>\n\n<div class=\"wp-block block-core-heading\">\n<h2 class=\"wp-block-heading has-accent-color has-text-color\">INFORME Y EVALUACI\u00d3N<\/h2>\n<\/div>\n\n<div class=\"wp-block block-core-columns\">\n<div class=\"wp-block-columns is-layout-flex wp-container-core-columns-is-layout-8f761849 wp-block-columns-is-layout-flex\">\n<div class=\"wp-block-column is-layout-flow wp-block-column-is-layout-flow\" style=\"flex-basis:70%\"><div class=\"wp-block block-core-paragraph\">\n<p class=\"wp-block-paragraph\">Una vez se haya acabado el proyecto, te pediremos una evaluaci\u00f3n sobre c\u00f3mo se usaron los fondos. Los informes pueden enviarse hasta un a\u00f1o despu\u00e9s de haber recibido los fondos. Sin embargo, cualquiera que env\u00ede el informe despu\u00e9s de m\u00e1s de seis meses de haber recibido los fondos, tambi\u00e9n deber\u00e1 enviar una actualizaci\u00f3n en ese momento. Los informes deber\u00e1n incluir informaci\u00f3n acerca de c\u00f3mo se usaron los fondos y de su impacto dentro del Movimiento Nacional.<\/p>\n<\/div>\n\n<div class=\"wp-block block-core-paragraph\">\n<p class=\"wp-block-paragraph\">Te agradecer\u00edamos si, adem\u00e1s del informe, pudieras enviar art\u00edculos, fotos u otros comentarios que puedan ser usados por nuestro equipo de Comunicaci\u00f3n y Desarrollo.<\/p>\n<\/div>\n\n<div class=\"wp-block block-core-paragraph\">\n<p class=\"wp-block-paragraph\">En nuestro empe\u00f1o de mantener el valor b\u00edblico de la rendici\u00f3n de cuentas, te pedimos que env\u00edes los informes a tiempo. Si no se env\u00eda un informe, las futuras solicitudes para subvenciones de ese Movimiento Nacional podr\u00edan demorarse o denegarse.<\/p>\n<\/div><\/div>\n\n\n\n<div class=\"wp-block-column is-layout-flow wp-block-column-is-layout-flow\" style=\"flex-basis:33.33%\">\n<figure class=\"wp-block-image size-full is-resized\"><img loading=\"lazy\" decoding=\"async\" width=\"912\" height=\"872\" src=\"https:\/\/ifesworld.org\/wp-content\/uploads\/2024\/03\/IFESWA2023_Finals_DK-723-crop-2.jpg\" alt=\"\" class=\"wp-image-34778\" style=\"width:366px;height:350px\" srcset=\"https:\/\/ifesworld.org\/wp-content\/uploads\/2024\/03\/IFESWA2023_Finals_DK-723-crop-2.jpg 912w, https:\/\/ifesworld.org\/wp-content\/uploads\/2024\/03\/IFESWA2023_Finals_DK-723-crop-2-300x287.jpg 300w, https:\/\/ifesworld.org\/wp-content\/uploads\/2024\/03\/IFESWA2023_Finals_DK-723-crop-2-768x734.jpg 768w\" sizes=\"auto, (max-width: 912px) 100vw, 912px\" \/><\/figure>\n<\/div>\n<\/div>\n<\/div>\n\n<div class=\"wp-block block-core-paragraph\">\n<p class=\"wp-block-paragraph\"><\/p>\n<\/div>\n\n<div class=\"wp-block block-core-heading\">\n<h2 class=\"wp-block-heading has-accent-color has-text-color\">LIMITACIONES<\/h2>\n<\/div>\n\n<div class=\"wp-block block-core-paragraph\">\n<p class=\"wp-block-paragraph\">No otorgaremos subvenciones destinadas a sueldos de obreros actuales. Si necesitas ayuda a corto plazo para cubrir un sueldo existente, por favor, pide a tu Secretario Regional que env\u00ede una solicitud de Obrero a Obrero.<\/p>\n<\/div>\n\n<div class=\"wp-block block-core-heading\">\n<h2 class=\"wp-block-heading has-accent-color has-text-color\">RESOLUCI\u00d3N DE PROBLEMAS<\/h2>\n<\/div>\n\n<div class=\"wp-block block-core-paragraph\">\n<p class=\"wp-block-paragraph\">Si tienes alg\u00fan problema con el formulario o necesitas ayuda con el proceso, por favor, env\u00edanos un correo electr\u00f3nico a <a href=\"mailto:thrive.together@ifesworld.org\">thrive.together@ifesworld.org<\/a><\/p>\n<\/div>\n\n<div class=\"wp-block block-acf-spacer\">\n<div id=\"spacer-block_1a8fc6d4004fc90eb9b798cf8b438510\" class=\"\">\n    <div aria-hidden=\"true\" class=\"wp-block-spacer spacer--md\"><\/div>\n<\/div>\n<\/div>\n\n<div class=\"wp-block block-core-cover alignfull\">\n<div class=\"wp-block-cover alignfull is-light has-parallax\"><div class=\"wp-block-cover__image-background wp-image-34701 has-parallax\" style=\"background-position:50% 50%;background-image:url(https:\/\/ifesworld.org\/wp-content\/uploads\/2024\/03\/BEN04075sm.jpg)\"><\/div><span aria-hidden=\"true\" class=\"wp-block-cover__background has-background-dim\"><\/span><div class=\"wp-block-cover__inner-container is-layout-flow wp-block-cover-is-layout-flow\"><div class=\"wp-block block-core-paragraph has-white-color has-text-color\">\n<p class=\"has-text-align-center has-white-color has-text-color has-md-font-size wp-block-paragraph\"><em><strong>\u00abI pray that God will open our eyes to see effective ways to work together to make sure all parts of our global family are flourishing and bearing fruit.\u00bb <\/strong><\/em><br>(Septi Bukula in Thriving Together)<\/p>\n<\/div><\/div><\/div>\n<\/div>","protected":false},"excerpt":{"rendered":"<p>Parte de nuestra visi\u00f3n para Creciendo Juntos es proveer a aquellos que sirven en el ministerio estudiantil los fondos que necesitan para crecer en sus contextos locales. Gracias a la generosidad de nuestros donantes, podemos ofrecer subvenciones de hasta 15 000 USD a los candidatos seleccionados. Estas subvenciones pueden usarse en cualquier proyecto, seg\u00fan la&#8230;<\/p>\n","protected":false},"author":2,"featured_media":0,"parent":0,"menu_order":0,"comment_status":"closed","ping_status":"closed","template":"","meta":{"_acf_changed":false,"_crdt_document":"","inline_featured_image":false,"footnotes":""},"area":[],"theme":[],"class_list":["post-34869","page","type-page","status-publish","hentry"],"acf":[],"yoast_head":"<!-- This site is optimized with the Yoast SEO plugin v27.2 - https:\/\/yoast.com\/product\/yoast-seo-wordpress\/ -->\n<title>Subvenciones de Creciendo Juntos &#183; IFES<\/title>\n<meta name=\"description\" content=\"Parte de nuestra visi\u00f3n para Creciendo Juntos es proveer a aquellos que sirven en el ministerio estudiantil los fondos que necesitan para crecer en sus\" \/>\n<meta name=\"robots\" content=\"index, follow, max-snippet:-1, max-image-preview:large, max-video-preview:-1\" \/>\n<link rel=\"canonical\" href=\"https:\/\/ifesworld.org\/es\/subvenciones-de-creciendo-juntos\/\" \/>\n<meta property=\"og:locale\" content=\"es_ES\" \/>\n<meta property=\"og:type\" content=\"article\" \/>\n<meta property=\"og:title\" content=\"Subvenciones de Creciendo Juntos &#183; IFES\" \/>\n<meta property=\"og:description\" content=\"Parte de nuestra visi\u00f3n para Creciendo Juntos es proveer a aquellos que sirven en el ministerio estudiantil los fondos que necesitan para crecer en sus\" \/>\n<meta property=\"og:url\" content=\"https:\/\/ifesworld.org\/es\/subvenciones-de-creciendo-juntos\/\" \/>\n<meta property=\"og:site_name\" content=\"IFES\" \/>\n<meta property=\"article:modified_time\" content=\"2026-04-14T09:30:39+00:00\" \/>\n<meta property=\"og:image\" content=\"https:\/\/ifesworld.org\/wp-content\/uploads\/2024\/04\/IFES_TTicon_L1_Witness.png\" \/>\n\t<meta property=\"og:image:width\" content=\"776\" \/>\n\t<meta property=\"og:image:height\" content=\"701\" \/>\n\t<meta property=\"og:image:type\" content=\"image\/png\" \/>\n<meta name=\"twitter:card\" content=\"summary_large_image\" \/>\n<meta name=\"twitter:label1\" content=\"Tiempo de lectura\" \/>\n\t<meta name=\"twitter:data1\" content=\"6 minutos\" \/>\n<script type=\"application\/ld+json\" class=\"yoast-schema-graph\">{\"@context\":\"https:\/\/schema.org\",\"@graph\":[{\"@type\":\"WebPage\",\"@id\":\"https:\/\/ifesworld.org\/es\/subvenciones-de-creciendo-juntos\/\",\"url\":\"https:\/\/ifesworld.org\/es\/subvenciones-de-creciendo-juntos\/\",\"name\":\"Subvenciones de Creciendo Juntos &#183; IFES\",\"isPartOf\":{\"@id\":\"https:\/\/ifesworld.org\/es\/#website\"},\"primaryImageOfPage\":{\"@id\":\"https:\/\/ifesworld.org\/es\/subvenciones-de-creciendo-juntos\/#primaryimage\"},\"image\":{\"@id\":\"https:\/\/ifesworld.org\/es\/subvenciones-de-creciendo-juntos\/#primaryimage\"},\"thumbnailUrl\":\"https:\/\/ifesworld.org\/wp-content\/uploads\/2024\/04\/IFES_TTicon_L1_Witness.png\",\"datePublished\":\"2024-03-13T15:53:23+00:00\",\"dateModified\":\"2026-04-14T09:30:39+00:00\",\"description\":\"Parte de nuestra visi\u00f3n para Creciendo Juntos es proveer a aquellos que sirven en el ministerio estudiantil los fondos que necesitan para crecer en sus\",\"breadcrumb\":{\"@id\":\"https:\/\/ifesworld.org\/es\/subvenciones-de-creciendo-juntos\/#breadcrumb\"},\"inLanguage\":\"es\",\"potentialAction\":[{\"@type\":\"ReadAction\",\"target\":[\"https:\/\/ifesworld.org\/es\/subvenciones-de-creciendo-juntos\/\"]}]},{\"@type\":\"ImageObject\",\"inLanguage\":\"es\",\"@id\":\"https:\/\/ifesworld.org\/es\/subvenciones-de-creciendo-juntos\/#primaryimage\",\"url\":\"https:\/\/ifesworld.org\/wp-content\/uploads\/2024\/04\/IFES_TTicon_L1_Witness.png\",\"contentUrl\":\"https:\/\/ifesworld.org\/wp-content\/uploads\/2024\/04\/IFES_TTicon_L1_Witness.png\"},{\"@type\":\"BreadcrumbList\",\"@id\":\"https:\/\/ifesworld.org\/es\/subvenciones-de-creciendo-juntos\/#breadcrumb\",\"itemListElement\":[{\"@type\":\"ListItem\",\"position\":1,\"name\":\"Home\",\"item\":\"https:\/\/ifesworld.org\/es\/\"},{\"@type\":\"ListItem\",\"position\":2,\"name\":\"Subvenciones de Creciendo Juntos\"}]},{\"@type\":\"WebSite\",\"@id\":\"https:\/\/ifesworld.org\/es\/#website\",\"url\":\"https:\/\/ifesworld.org\/es\/\",\"name\":\"IFES\",\"description\":\"A movement of students sharing and living out the good news of Jesus Christ. Locally. Nationally. Globally.\",\"publisher\":{\"@id\":\"https:\/\/ifesworld.org\/es\/#organization\"},\"potentialAction\":[{\"@type\":\"SearchAction\",\"target\":{\"@type\":\"EntryPoint\",\"urlTemplate\":\"https:\/\/ifesworld.org\/es\/?s={search_term_string}\"},\"query-input\":{\"@type\":\"PropertyValueSpecification\",\"valueRequired\":true,\"valueName\":\"search_term_string\"}}],\"inLanguage\":\"es\"},{\"@type\":\"Organization\",\"@id\":\"https:\/\/ifesworld.org\/es\/#organization\",\"name\":\"IFES \u00b7 International Fellowship of Evangelical Students\",\"url\":\"https:\/\/ifesworld.org\/es\/\",\"logo\":{\"@type\":\"ImageObject\",\"inLanguage\":\"es\",\"@id\":\"https:\/\/ifesworld.org\/es\/#\/schema\/logo\/image\/\",\"url\":\"https:\/\/ifesworld.org\/wp-content\/uploads\/2019\/06\/ifeslogo.png\",\"contentUrl\":\"https:\/\/ifesworld.org\/wp-content\/uploads\/2019\/06\/ifeslogo.png\",\"width\":262,\"height\":262,\"caption\":\"IFES \u00b7 International Fellowship of Evangelical Students\"},\"image\":{\"@id\":\"https:\/\/ifesworld.org\/es\/#\/schema\/logo\/image\/\"}}]}<\/script>\n<!-- \/ Yoast SEO plugin. -->","yoast_head_json":{"title":"Subvenciones de Creciendo Juntos &#183; IFES","description":"Parte de nuestra visi\u00f3n para Creciendo Juntos es proveer a aquellos que sirven en el ministerio estudiantil los fondos que necesitan para crecer en sus","robots":{"index":"index","follow":"follow","max-snippet":"max-snippet:-1","max-image-preview":"max-image-preview:large","max-video-preview":"max-video-preview:-1"},"canonical":"https:\/\/ifesworld.org\/es\/subvenciones-de-creciendo-juntos\/","og_locale":"es_ES","og_type":"article","og_title":"Subvenciones de Creciendo Juntos &#183; IFES","og_description":"Parte de nuestra visi\u00f3n para Creciendo Juntos es proveer a aquellos que sirven en el ministerio estudiantil los fondos que necesitan para crecer en sus","og_url":"https:\/\/ifesworld.org\/es\/subvenciones-de-creciendo-juntos\/","og_site_name":"IFES","article_modified_time":"2026-04-14T09:30:39+00:00","og_image":[{"width":776,"height":701,"url":"https:\/\/ifesworld.org\/wp-content\/uploads\/2024\/04\/IFES_TTicon_L1_Witness.png","type":"image\/png"}],"twitter_card":"summary_large_image","twitter_misc":{"Tiempo de lectura":"6 minutos"},"schema":{"@context":"https:\/\/schema.org","@graph":[{"@type":"WebPage","@id":"https:\/\/ifesworld.org\/es\/subvenciones-de-creciendo-juntos\/","url":"https:\/\/ifesworld.org\/es\/subvenciones-de-creciendo-juntos\/","name":"Subvenciones de Creciendo Juntos &#183; IFES","isPartOf":{"@id":"https:\/\/ifesworld.org\/es\/#website"},"primaryImageOfPage":{"@id":"https:\/\/ifesworld.org\/es\/subvenciones-de-creciendo-juntos\/#primaryimage"},"image":{"@id":"https:\/\/ifesworld.org\/es\/subvenciones-de-creciendo-juntos\/#primaryimage"},"thumbnailUrl":"https:\/\/ifesworld.org\/wp-content\/uploads\/2024\/04\/IFES_TTicon_L1_Witness.png","datePublished":"2024-03-13T15:53:23+00:00","dateModified":"2026-04-14T09:30:39+00:00","description":"Parte de nuestra visi\u00f3n para Creciendo Juntos es proveer a aquellos que sirven en el ministerio estudiantil los fondos que necesitan para crecer en sus","breadcrumb":{"@id":"https:\/\/ifesworld.org\/es\/subvenciones-de-creciendo-juntos\/#breadcrumb"},"inLanguage":"es","potentialAction":[{"@type":"ReadAction","target":["https:\/\/ifesworld.org\/es\/subvenciones-de-creciendo-juntos\/"]}]},{"@type":"ImageObject","inLanguage":"es","@id":"https:\/\/ifesworld.org\/es\/subvenciones-de-creciendo-juntos\/#primaryimage","url":"https:\/\/ifesworld.org\/wp-content\/uploads\/2024\/04\/IFES_TTicon_L1_Witness.png","contentUrl":"https:\/\/ifesworld.org\/wp-content\/uploads\/2024\/04\/IFES_TTicon_L1_Witness.png"},{"@type":"BreadcrumbList","@id":"https:\/\/ifesworld.org\/es\/subvenciones-de-creciendo-juntos\/#breadcrumb","itemListElement":[{"@type":"ListItem","position":1,"name":"Home","item":"https:\/\/ifesworld.org\/es\/"},{"@type":"ListItem","position":2,"name":"Subvenciones de Creciendo Juntos"}]},{"@type":"WebSite","@id":"https:\/\/ifesworld.org\/es\/#website","url":"https:\/\/ifesworld.org\/es\/","name":"IFES","description":"A movement of students sharing and living out the good news of Jesus Christ. Locally. Nationally. Globally.","publisher":{"@id":"https:\/\/ifesworld.org\/es\/#organization"},"potentialAction":[{"@type":"SearchAction","target":{"@type":"EntryPoint","urlTemplate":"https:\/\/ifesworld.org\/es\/?s={search_term_string}"},"query-input":{"@type":"PropertyValueSpecification","valueRequired":true,"valueName":"search_term_string"}}],"inLanguage":"es"},{"@type":"Organization","@id":"https:\/\/ifesworld.org\/es\/#organization","name":"IFES \u00b7 International Fellowship of Evangelical Students","url":"https:\/\/ifesworld.org\/es\/","logo":{"@type":"ImageObject","inLanguage":"es","@id":"https:\/\/ifesworld.org\/es\/#\/schema\/logo\/image\/","url":"https:\/\/ifesworld.org\/wp-content\/uploads\/2019\/06\/ifeslogo.png","contentUrl":"https:\/\/ifesworld.org\/wp-content\/uploads\/2019\/06\/ifeslogo.png","width":262,"height":262,"caption":"IFES \u00b7 International Fellowship of Evangelical Students"},"image":{"@id":"https:\/\/ifesworld.org\/es\/#\/schema\/logo\/image\/"}}]}},"_links":{"self":[{"href":"https:\/\/ifesworld.org\/es\/wp-json\/wp\/v2\/pages\/34869","targetHints":{"allow":["GET"]}}],"collection":[{"href":"https:\/\/ifesworld.org\/es\/wp-json\/wp\/v2\/pages"}],"about":[{"href":"https:\/\/ifesworld.org\/es\/wp-json\/wp\/v2\/types\/page"}],"author":[{"embeddable":true,"href":"https:\/\/ifesworld.org\/es\/wp-json\/wp\/v2\/users\/2"}],"replies":[{"embeddable":true,"href":"https:\/\/ifesworld.org\/es\/wp-json\/wp\/v2\/comments?post=34869"}],"version-history":[{"count":2,"href":"https:\/\/ifesworld.org\/es\/wp-json\/wp\/v2\/pages\/34869\/revisions"}],"predecessor-version":[{"id":51596,"href":"https:\/\/ifesworld.org\/es\/wp-json\/wp\/v2\/pages\/34869\/revisions\/51596"}],"wp:attachment":[{"href":"https:\/\/ifesworld.org\/es\/wp-json\/wp\/v2\/media?parent=34869"}],"wp:term":[{"taxonomy":"area","embeddable":true,"href":"https:\/\/ifesworld.org\/es\/wp-json\/wp\/v2\/area?post=34869"},{"taxonomy":"theme","embeddable":true,"href":"https:\/\/ifesworld.org\/es\/wp-json\/wp\/v2\/theme?post=34869"}],"curies":[{"name":"wp","href":"https:\/\/api.w.org\/{rel}","templated":true}]}}