{"id":277,"date":"2019-04-17T08:08:15","date_gmt":"2019-04-17T08:08:15","guid":{"rendered":"https:\/\/ifesworld.org\/landing\/un-testigo-estudiantil-pionero\/"},"modified":"2026-08-19T10:08:45","modified_gmt":"2026-08-19T09:08:45","slug":"obrapionera","status":"publish","type":"page","link":"https:\/\/ifesworld.org\/es\/obrapionera\/","title":{"rendered":"El ministerio estudiantil pionero en lugares nuevos"},"content":{"rendered":"<div class=\"wp-block block-core-group alignfull\">\n<div class=\"wp-block-group alignfull has-white-background-color has-background\"><div class=\"wp-block-group__inner-container is-layout-flow wp-block-group-is-layout-flow\"><div class=\"wp-block block-core-paragraph\">\n<p class=\"has-md-font-size wp-block-paragraph\">Queremos que haya un testimonio fiel de Cristo\nen cada una de las universidades del mundo.<\/p>\n<\/div>\n\n<div class=\"wp-block block-core-paragraph\">\n<p class=\"wp-block-paragraph\">Actualmente hay movimientos de IFES en m\u00e1s de 180 pa\u00edses, pero a\u00fan quedan miles de campus universitarios en todo el mundo donde no hay testimonio cristiano. Creemos que cada uno de estos estudiantes debe tener la oportunidad de escuchar de Jes\u00fas. Por eso IFES sigue llevando a cabo obra pionera para empezar el ministerio estudiantil en campus, ciudades y pa\u00edses que a\u00fan no han sido alcanzados.<\/p>\n<\/div>\n\n<div class=\"wp-block block-acf-ifesbutton\">\n<div class=\"\">\n    <a id=\"btn-block_31bc67b1798be0d42137957aea617997\" target=\"\" href=\"#proyectos\" class=\"btn btn--secondary\">\n        <span>\n        Lee las historias        <\/span>\n    <\/a>\n<\/div>\n\n<\/div>\n\n<div class=\"wp-block block-core-paragraph\">\n<p class=\"wp-block-paragraph\">El proyecto Abriendo nuevos caminos se lanz\u00f3 en 2018 con el objetivo de apoyar y dar recursos a los movimientos nacionales para que puedan llevar a cabo una obra pionera.<\/p>\n<\/div>\n\n<div class=\"wp-block block-core-paragraph\">\n<p class=\"wp-block-paragraph\">Para conseguir esto ofrecemos subvenciones para los proyectos pioneros, identificando y capacitando a las personas en el ministerio pionero y movilizando a las personas de nuestra red global para que oren por este proyecto.<\/p>\n<\/div>\n\n<div class=\"wp-block block-core-paragraph\">\n<p class=\"wp-block-paragraph\">Las subvenciones para Abriendo nuevos caminos se denominan ahora subvenciones para Crecer en nuevos terrenos. <strong><mark style=\"background-color:rgba(0, 0, 0, 0)\" class=\"has-inline-color has-accent-light-color\">Ten en cuenta que, en el caso de las subvenciones Crecer en nuevos terrenos, la cantidad m\u00e1xima que los movimientos pueden solicitar es de 5.000 USD.<\/mark><\/strong><\/p>\n<\/div>\n\n<div class=\"wp-block block-acf-ifesbutton\">\n<div class=\"\">\n    <a id=\"btn-block_b2b13be5df3b3c146585d763acec66d0\" target=\"\" href=\"#subvenciones\" class=\"btn btn--secondary\">\n        <span>\n        Programa de subvenciones         <\/span>\n    <\/a>\n<\/div>\n\n<\/div><\/div>\n<\/div><\/div>\n\n<div class=\"wp-block block-core-group alignfull\">\n<div class=\"wp-block-group alignfull has-white-dark-background-color has-background\" id=\"proyectos\"><div class=\"wp-block-group__inner-container is-layout-flow wp-block-group-is-layout-flow\"><div class=\"wp-block block-core-heading h1\">\n<h1 class=\"wp-block-heading has-text-align-center h1\">Historias<\/h1>\n<\/div>\n\n<div class=\"wp-block block-acf-spacer\">\n<div id=\"spacer-block_3793602777043d8c0708f0b1e48eb2d1\" class=\"\">\n    <div aria-hidden=\"true\" class=\"wp-block-spacer spacer--md\"><\/div>\n<\/div>\n<\/div>\n\n<div class=\"wp-block block-acf-ifesposts alignwide\"><section id=\"post-list-latest-post-block_6a4d756acfb23f799911d149447cd8be\" class='alignwide latest-post-list list--conexion'>\n            <ul class='post-list items--3 flex flex--wrap flex--center'>\n      <li class='post__item flex flex--column'>\n          <article id=\"post-277\" class=\"article-thumbnail article--conexion\">\n              <a href='https:\/\/ifesworld.org\/es\/blog\/la-mision-todavia-por-cumplir\/' class=\"post__link\"  rel=\"bookmark\">\n                  <figure class='post__image  image--absolute--center image--absolute--mask'>\n                      <img loading=\"lazy\" decoding=\"async\" width=\"740\" height=\"622\" src=\"https:\/\/ifesworld.org\/wp-content\/uploads\/2024\/03\/BNG-Tee-1024x861.jpg\" class=\"attachment-large size-large wp-post-image\" alt=\"\" srcset=\"https:\/\/ifesworld.org\/wp-content\/uploads\/2024\/03\/BNG-Tee-1024x861.jpg 1024w, https:\/\/ifesworld.org\/wp-content\/uploads\/2024\/03\/BNG-Tee-300x252.jpg 300w, https:\/\/ifesworld.org\/wp-content\/uploads\/2024\/03\/BNG-Tee-768x646.jpg 768w, https:\/\/ifesworld.org\/wp-content\/uploads\/2024\/03\/BNG-Tee-1536x1292.jpg 1536w, https:\/\/ifesworld.org\/wp-content\/uploads\/2024\/03\/BNG-Tee-2048x1723.jpg 2048w\" sizes=\"auto, (max-width: 740px) 100vw, 740px\" \/>                  <\/figure>\n                  <header class='post__content flex flex--column flex--end'>\n                      <p class='post__meta'>Conexi\u00f3n<\/p>\n                      <h1 class='post__title'>\n                          La misi\u00f3n todav\u00eda por cumplir                      <\/h1>\n                                                <small>Abriendo nuevos caminos por todo el mundo<\/small>\n                                        <\/header>\n                  <i class=\"icon-container regional-logo icon--ifes\">\n                                            <svg class=\"icon logo logo--bg-white\">\n                            <use xlink:href=\"#IFES-logo\"><\/use>\n                        <\/svg>\n                                      <\/i>\n              <\/a>\n          <\/article>\n      <\/li>\n\n    \n      <li class='post__item flex flex--column'>\n          <article id=\"post-277\" class=\"article-thumbnail article--conexion\">\n              <a href='https:\/\/ifesworld.org\/es\/blog\/esperanza-afliccion-oracion\/' class=\"post__link\"  rel=\"bookmark\">\n                  <figure class='post__image  image--absolute--center image--absolute--mask'>\n                      <img loading=\"lazy\" decoding=\"async\" width=\"740\" height=\"490\" src=\"https:\/\/ifesworld.org\/wp-content\/uploads\/2021\/09\/Capture-decran-2021-09-01-153128-1024x678.jpg\" class=\"attachment-large size-large wp-post-image\" alt=\"\" srcset=\"https:\/\/ifesworld.org\/wp-content\/uploads\/2021\/09\/Capture-decran-2021-09-01-153128-1024x678.jpg 1024w, https:\/\/ifesworld.org\/wp-content\/uploads\/2021\/09\/Capture-decran-2021-09-01-153128-300x199.jpg 300w, https:\/\/ifesworld.org\/wp-content\/uploads\/2021\/09\/Capture-decran-2021-09-01-153128-768x509.jpg 768w, https:\/\/ifesworld.org\/wp-content\/uploads\/2021\/09\/Capture-decran-2021-09-01-153128.jpg 1391w\" sizes=\"auto, (max-width: 740px) 100vw, 740px\" \/>                  <\/figure>\n                  <header class='post__content flex flex--column flex--end'>\n                      <p class='post__meta'>Conexi\u00f3n<\/p>\n                      <h1 class='post__title'>\n                          Esperanza, aflicci\u00f3n, oraci\u00f3n\u00a0                      <\/h1>\n                                                <small>Tim Adams reflexiona sobre sus primeros meses como Secretario General<\/small>\n                                        <\/header>\n                  <i class=\"icon-container regional-logo icon--ifes\">\n                                            <svg class=\"icon logo logo--bg-white\">\n                            <use xlink:href=\"#IFES-logo\"><\/use>\n                        <\/svg>\n                                      <\/i>\n              <\/a>\n          <\/article>\n      <\/li>\n\n    \n      <li class='post__item flex flex--column'>\n          <article id=\"post-277\" class=\"article-thumbnail article--conexion article--mena\">\n              <a href='https:\/\/ifesworld.org\/es\/blog\/cuando-los-estudiantes-sienten-hambre\/' class=\"post__link\"  rel=\"bookmark\">\n                  <figure class='post__image  image--absolute--center image--absolute--mask'>\n                      <img loading=\"lazy\" decoding=\"async\" width=\"740\" height=\"416\" src=\"https:\/\/ifesworld.org\/wp-content\/uploads\/2020\/03\/200317-CON-N-Af-1024x576.jpg\" class=\"attachment-large size-large wp-post-image\" alt=\"\" srcset=\"https:\/\/ifesworld.org\/wp-content\/uploads\/2020\/03\/200317-CON-N-Af-1024x576.jpg 1024w, https:\/\/ifesworld.org\/wp-content\/uploads\/2020\/03\/200317-CON-N-Af-300x169.jpg 300w, https:\/\/ifesworld.org\/wp-content\/uploads\/2020\/03\/200317-CON-N-Af-768x432.jpg 768w, https:\/\/ifesworld.org\/wp-content\/uploads\/2020\/03\/200317-CON-N-Af.jpg 1200w\" sizes=\"auto, (max-width: 740px) 100vw, 740px\" \/>                  <\/figure>\n                  <header class='post__content flex flex--column flex--end'>\n                      <p class='post__meta'>Conexi\u00f3n<\/p>\n                      <h1 class='post__title'>\n                          Cuando los estudiantes sienten hambre                      <\/h1>\n                                                <small>El coste de la obra pionera en \u00c1frica del Norte<\/small>\n                                        <\/header>\n                  <i class=\"icon-container regional-logo icon--ifes-mena\">\n                                            <svg class=\"icon\">\n                            <use xlink:href=\"#ifes-mena\"><\/use>\n                        <\/svg>\n                                      <\/i>\n              <\/a>\n          <\/article>\n      <\/li>\n\n    <\/ul><\/section><\/div><\/div>\n<\/div><\/div>\n\n<div class=\"wp-block block-core-cover alignwide wp-elements-ae71a82a3103fbdb57f529840545174a\">\n<div class=\"wp-block-cover alignwide is-light has-custom-content-position is-position-top-center has-white-color has-text-color has-link-color wp-elements-ae71a82a3103fbdb57f529840545174a\"><span aria-hidden=\"true\" class=\"wp-block-cover__background has-europe-background-color has-background-dim-100 has-background-dim\"><\/span><div class=\"wp-block-cover__inner-container is-layout-constrained wp-block-cover-is-layout-constrained\"><div class=\"wp-block block-core-heading wp-elements-6aee2cc7f0f138775e0a5f90058b590a\">\n<h2 class=\"wp-block-heading has-white-color has-text-color has-link-color wp-elements-6aee2cc7f0f138775e0a5f90058b590a\">Europa en el punto de mira<\/h2>\n<\/div>\n\n<div class=\"wp-block block-core-paragraph wp-elements-70be0b6937be412cf9d98b81fad58056\">\n<p class=\"has-white-color has-text-color has-link-color wp-elements-70be0b6937be412cf9d98b81fad58056 wp-block-paragraph\"><strong>En Europa, a\u00fan quedan muchos campus y varios pa\u00edses donde no hay un testimonio estudiantil cristiano consolidado. Nuestro equipo regional participa en movimientos pioneros en Europa que a\u00fan no est\u00e1n oficialmente afiliados a IFES.<\/strong><\/p>\n<\/div>\n\n<div class=\"wp-block block-core-paragraph\">\n<p class=\"wp-block-paragraph\">Actualmente apoyamos:<\/p>\n<\/div>\n\n<div class=\"wp-block block-core-list wp-elements-d2ce5cf06171ddb4d7d3ce5071e02295\">\n<ul class=\"wp-block-list has-white-color has-text-color has-link-color wp-elements-d2ce5cf06171ddb4d7d3ce5071e02295\"><div class=\"wp-block block-core-list-item\">\n<li>a personas con una visi\u00f3n para el ministerio estudiantil en Malta y en Chipre;<\/li>\n<\/div>\n\n<div class=\"wp-block block-core-list-item\">\n<li>a un ministerio peque\u00f1o y fr\u00e1gil en Luxemburgo;<\/li>\n<\/div>\n\n<div class=\"wp-block block-core-list-item\">\n<li>un grupo peque\u00f1o pero comprometido en Groenlandia, y un movimiento totalmente nuevo, pero que ya est\u00e1 floreciendo, en Kosovo.<\/li>\n<\/div><\/ul>\n<\/div>\n\n<div class=\"wp-block block-core-paragraph wp-elements-2ed4d9434c1c23209d16c050924923a2\">\n<p class=\"has-white-color has-text-color has-link-color wp-elements-2ed4d9434c1c23209d16c050924923a2 wp-block-paragraph\">Tambi\u00e9n tenemos la visi\u00f3n de volver a impulsar al ministerio estudiantil en Islandia.<\/p>\n<\/div>\n\n<div class=\"wp-block block-core-paragraph wp-elements-d1ce579a28c9a6c63e50360bd9a40f23\">\n<p class=\"has-white-color has-text-color has-link-color wp-elements-d1ce579a28c9a6c63e50360bd9a40f23 wp-block-paragraph\">La <strong>Red de Obras Pioneras<\/strong> de IFES Europa apoya y conecta a quienes est\u00e1n poniendo en marcha nuevos grupos universitarios en sus pa\u00edses y que tienen la visi\u00f3n de abrir nuevos caminos en Europa. Nuestro objetivo es mantener reuniones en l\u00ednea mensuales para alentar, equipar y orar por este ministerio tan importante, y ayudar con subvenciones, formaci\u00f3n y recursos.<\/p>\n<\/div>\n\n<div class=\"wp-block block-core-cover alignwide\">\n<div class=\"wp-block-cover alignwide is-light\" style=\"min-height:350px;aspect-ratio:unset;\"><img loading=\"lazy\" decoding=\"async\" width=\"1024\" height=\"584\" class=\"wp-block-cover__image-background wp-image-52751 size-large\" alt=\"\" src=\"https:\/\/ifesworld.org\/wp-content\/uploads\/2026\/06\/3-1-1024x584.jpeg\" style=\"object-position:94% 62%\" data-object-fit=\"cover\" data-object-position=\"94% 62%\" srcset=\"https:\/\/ifesworld.org\/wp-content\/uploads\/2026\/06\/3-1-1024x584.jpeg 1024w, https:\/\/ifesworld.org\/wp-content\/uploads\/2026\/06\/3-1-300x171.jpeg 300w, https:\/\/ifesworld.org\/wp-content\/uploads\/2026\/06\/3-1-768x438.jpeg 768w, https:\/\/ifesworld.org\/wp-content\/uploads\/2026\/06\/3-1-1536x876.jpeg 1536w, https:\/\/ifesworld.org\/wp-content\/uploads\/2026\/06\/3-1.jpeg 1593w\" sizes=\"auto, (max-width: 1024px) 100vw, 1024px\" \/><span aria-hidden=\"true\" class=\"wp-block-cover__background has-background-dim-0 has-background-dim\"><\/span><div class=\"wp-block-cover__inner-container is-layout-constrained wp-block-cover-is-layout-constrained\"><div class=\"wp-block block-core-paragraph\">\n<p class=\"has-text-align-center has-large-font-size wp-block-paragraph\"><\/p>\n<\/div><\/div><\/div>\n<\/div>\n\n<div class=\"wp-block block-core-heading wp-elements-43322c19334fd788a0e798918b98bc35\">\n<h3 class=\"wp-block-heading has-white-color has-text-color has-link-color wp-elements-43322c19334fd788a0e798918b98bc35\">Abriendo nuevos caminos en Kosovo<\/h3>\n<\/div>\n\n<div class=\"wp-block block-core-paragraph\">\n<p class=\"wp-block-paragraph\">Desde que empezamos el ministerio estudiantil en Kosovo en 2024, Blendona ha visto la mano de Dios, guiando y proveyendo para ellos:<\/p>\n<\/div>\n\n<div class=\"wp-block block-core-paragraph\">\n<p class=\"wp-block-paragraph\"><em>\u00abLa obra pionera es una bendici\u00f3n y un reto, sobre todo cuando la poblaci\u00f3n profesa una fe diferente y casi no hay obra entre los estudiantes. Dios ha abierto puertas que nunca imagin\u00e9 posibles y me ha proporcionado [colaboradores].<\/em><\/p>\n<\/div>\n\n<div class=\"wp-block block-core-paragraph\">\n<p class=\"wp-block-paragraph\"><em>Ha habido d\u00edas en los que me he sentido sola y con miedo, pero me ven\u00eda un dicho a la mente: Cuando Dios te llama a su servicio, \u00c9l gu\u00eda tus pasos. \u00c9l est\u00e1 cerca de ti incluso cuando no lo sientes; obra incluso cuando no lo ves.<\/em><\/p>\n<\/div>\n\n<div class=\"wp-block block-core-paragraph\">\n<p class=\"wp-block-paragraph\"><em>Sol\u00eda pensar que era la \u00fanica que se enfrentaba a esos retos. Pero [gracias a IFES] me doy cuenta de que formo parte de un grupo m\u00e1s grande de personas que sirven en distintas partes del mundo. Incluso aquellos que llevan muchos a\u00f1os en el ministerio y est\u00e1n viendo grandes avances tambi\u00e9n afrontan retos dif\u00edciles.<\/em><\/p>\n<\/div>\n\n<div class=\"wp-block block-core-paragraph\">\n<p class=\"wp-block-paragraph\"><em>Es bueno que te recuerden \u2014una y otra vez\u2014 que no estamos solos, ni en los d\u00edas buenos ni en los dif\u00edciles. Dios est\u00e1 con nosotros. Y tambi\u00e9n hay gente por todo el mundo que est\u00e1 orando por ti\u00bb<\/em>.<\/p>\n<\/div>\n\n<div class=\"wp-block block-core-paragraph\">\n<p class=\"has-text-align-right wp-block-paragraph\"><strong>BLENDONA, SECRETARIA GENERAL EN LA OBRA PIONERA \u00abTHE GOOD SEED\u00bb, KOSOVO<\/strong><\/p>\n<\/div>\n\n<div class=\"wp-block block-acf-ifesbutton\">\n<div class=\"\">\n    <a id=\"btn-block_dabd0f326b6de1198177a4ea0d3bd7bc\" target=\"_blank\" href=\"https:\/\/ifesworld.org\/es\/prayerline\/crece-la-buena-semilla\/\" class=\"btn btn--cta-link\">\n        <span>\n                    <span class=\"icon\"><svg class=\"icon\"><use xlink:href=\"#chevron-circle-right-solid\"\/><\/svg><\/span>\n        Descubre m\u00e1s sobre el ministerio estudiantil pionero en Kosovo        <\/span>\n    <\/a>\n<\/div>\n\n<\/div>\n\n<div class=\"wp-block block-acf-ifesbutton\">\n<div class=\"\">\n    <a id=\"btn-block_9a739e899d603ce62014044eb906f85f\" target=\"_blank\" href=\"https:\/\/ifesworld.org\/es\/donar\/?switch_language=es&#038;source=ERWEBPNR&#038;destination=ER000_PPION\" class=\"btn btn--cta-link\">\n        <span>\n                    <span class=\"icon\"><svg class=\"icon\"><use xlink:href=\"#chevron-circle-right-solid\"\/><\/svg><\/span>\n        Haz una donaci\u00f3n para apoyar la obra pionera de IFES en Europa        <\/span>\n    <\/a>\n<\/div>\n\n<\/div><\/div><\/div>\n<\/div>\n\n<div class=\"wp-block block-core-group alignfull\">\n<div class=\"wp-block-group alignfull has-white-background-color has-background\" id=\"subvenciones\"><div class=\"wp-block-group__inner-container is-layout-flow wp-block-group-is-layout-flow\"><div class=\"wp-block block-core-heading h1\">\n<h1 class=\"wp-block-heading has-text-align-center h1\">Nuestro programa global de subvenciones<\/h1>\n<\/div>\n\n<div class=\"wp-block block-core-paragraph\">\n<p class=\"wp-block-paragraph\">El proyecto de IFES de Abriendo nuevos caminos apoya a los estudiantes y obreros de todo el mundo ofreciendo capital semilla para plantar nuevos grupos en nuevas ciudades. Tambi\u00e9n llevamos a cabo obra pionera en nuevos pa\u00edses como Guinea Ecuatorial, las Islas Feroe y Nueva Caledonia. Hay otros movimientos que est\u00e1n recibiendo subvenciones para viajar a campus no alcanzados, formar y discipular a los estudiantes, organizar actividades evangel\u00edsticas y producir material de estudio b\u00edblico.<\/p>\n<\/div>\n\n<div class=\"wp-block block-core-embed wp-embed-aspect-16-9 wp-has-aspect-ratio\">\n<figure class=\"wp-block-embed is-type-video is-provider-youtube wp-block-embed-youtube wp-embed-aspect-16-9 wp-has-aspect-ratio\"><div class=\"wp-block-embed__wrapper\">\n<iframe loading=\"lazy\" title=\"IFES Breaking New Ground\" width=\"740\" height=\"416\" src=\"https:\/\/www.youtube.com\/embed\/Vcr0nY96dYo?feature=oembed&#038;cc_load_policy=1\" frameborder=\"0\" allow=\"accelerometer; autoplay; clipboard-write; encrypted-media; gyroscope; picture-in-picture; web-share\" referrerpolicy=\"strict-origin-when-cross-origin\" allowfullscreen><\/iframe>\n<\/div><\/figure>\n<\/div>\n\n<div class=\"wp-block block-core-gallery\">\n<figure class=\"wp-block-gallery has-nested-images columns-4 is-cropped wp-block-gallery-1 is-layout-flex wp-block-gallery-is-layout-flex\">\n<figure class=\"wp-block-image size-large\"><img loading=\"lazy\" decoding=\"async\" width=\"300\" height=\"300\" data-id=\"10633\" src=\"https:\/\/ifesworld.org\/wp-content\/uploads\/2019\/12\/ES-grants.png\" alt=\"\" class=\"wp-image-10633\" srcset=\"https:\/\/ifesworld.org\/wp-content\/uploads\/2019\/12\/ES-grants.png 300w, https:\/\/ifesworld.org\/wp-content\/uploads\/2019\/12\/ES-grants-150x150.png 150w, https:\/\/ifesworld.org\/wp-content\/uploads\/2019\/12\/ES-grants-70x70.png 70w\" sizes=\"auto, (max-width: 300px) 100vw, 300px\" \/><\/figure>\n\n\n\n<figure class=\"wp-block-image size-large\"><img loading=\"lazy\" decoding=\"async\" width=\"300\" height=\"300\" data-id=\"10634\" src=\"https:\/\/ifesworld.org\/wp-content\/uploads\/2019\/12\/ES-Groups.png\" alt=\"\" class=\"wp-image-10634\" srcset=\"https:\/\/ifesworld.org\/wp-content\/uploads\/2019\/12\/ES-Groups.png 300w, https:\/\/ifesworld.org\/wp-content\/uploads\/2019\/12\/ES-Groups-150x150.png 150w, https:\/\/ifesworld.org\/wp-content\/uploads\/2019\/12\/ES-Groups-70x70.png 70w\" sizes=\"auto, (max-width: 300px) 100vw, 300px\" \/><\/figure>\n\n\n\n<figure class=\"wp-block-image size-large\"><img loading=\"lazy\" decoding=\"async\" width=\"300\" height=\"300\" data-id=\"10632\" src=\"https:\/\/ifesworld.org\/wp-content\/uploads\/2019\/12\/ES-Countries.png\" alt=\"\" class=\"wp-image-10632\" srcset=\"https:\/\/ifesworld.org\/wp-content\/uploads\/2019\/12\/ES-Countries.png 300w, https:\/\/ifesworld.org\/wp-content\/uploads\/2019\/12\/ES-Countries-150x150.png 150w, https:\/\/ifesworld.org\/wp-content\/uploads\/2019\/12\/ES-Countries-70x70.png 70w\" sizes=\"auto, (max-width: 300px) 100vw, 300px\" \/><\/figure>\n\n\n\n<figure class=\"wp-block-image size-large\"><img loading=\"lazy\" decoding=\"async\" width=\"300\" height=\"300\" data-id=\"6423\" src=\"https:\/\/ifesworld.org\/wp-content\/uploads\/2019\/06\/BNG-stats-04-ES.png\" alt=\"\" class=\"wp-image-6423\" srcset=\"https:\/\/ifesworld.org\/wp-content\/uploads\/2019\/06\/BNG-stats-04-ES.png 300w, https:\/\/ifesworld.org\/wp-content\/uploads\/2019\/06\/BNG-stats-04-ES-150x150.png 150w, https:\/\/ifesworld.org\/wp-content\/uploads\/2019\/06\/BNG-stats-04-ES-70x70.png 70w\" sizes=\"auto, (max-width: 300px) 100vw, 300px\" \/><\/figure>\n<\/figure>\n<\/div>\n\n<div class=\"wp-block block-core-quote is-style-large\">\n<blockquote class=\"wp-block-quote is-style-large is-layout-flow wp-block-quote-is-layout-flow\"><div class=\"wp-block block-core-paragraph\">\n<p class=\"wp-block-paragraph\">\u201cLa obra pionera siempre ha formado parte del ADN de IFES. Abriendo nuevos caminos es una nueva y emocionante iniciativa que anima, apoya y ofrece recursos a una nueva ola de obra pionera por todo el mundo.\u201d<\/p>\n<\/div><cite>Nigel Pollock, Director y Promotor principal del programa de Abriendo nuevos caminos<\/cite><\/blockquote>\n<\/div><\/div>\n<\/div><\/div>\n\n<div class=\"wp-block block-acf-spacer\">\n<div id=\"spacer-block_03849249973f5474d34694f745c06bde\" class=\"\">\n    <div aria-hidden=\"true\" class=\"wp-block-spacer spacer--md\"><\/div>\n<\/div>\n<\/div>\n\n<div class=\"wp-block block-core-group alignfull no-padding-bottom\">\n<div class=\"wp-block-group alignfull no-padding-bottom\" id=\"give\"><div class=\"wp-block-group__inner-container is-layout-flow wp-block-group-is-layout-flow\"><div class=\"wp-block block-acf-giveblock aligncenter\">  \n    <section id=\"give-block-signup-block_8eb29c09af94aa199c79f4e60016a1e1\" class=\"aligncenter give-block--large\">\n        <div class=\"give-block--large__container\">\n            <div class=\"give-block--large__content\">\n                <div class=\"container--adaptive full-width full-height align--center\">\n                    <header class=\"give-block--large__header margin-top--lg margin-bottom--lg side-padding--md\">\n                                                <h2 class=\"h1\">Dona ahora<\/h2>\n                                          <\/header>\n                <\/div>\n            <\/div>\n            <figure class=\"give-block--large__image image--absolute--center image--absolute--mask\">\n              <img loading=\"lazy\" decoding=\"async\" width=\"799\" height=\"533\" src=\"https:\/\/ifesworld.org\/wp-content\/uploads\/2024\/01\/53212461164_bd0af3ce0a_c_light.jpg\" class=\"attachment-original size-original\" alt=\"\" srcset=\"https:\/\/ifesworld.org\/wp-content\/uploads\/2024\/01\/53212461164_bd0af3ce0a_c_light.jpg 799w, https:\/\/ifesworld.org\/wp-content\/uploads\/2024\/01\/53212461164_bd0af3ce0a_c_light-300x200.jpg 300w, https:\/\/ifesworld.org\/wp-content\/uploads\/2024\/01\/53212461164_bd0af3ce0a_c_light-768x512.jpg 768w\" sizes=\"auto, (max-width: 799px) 100vw, 799px\" \/>            <\/figure>\n        <\/div>\n        <div class=\"give-block--large__form-container side-padding--md\">\n            <div class=\"container container--adaptive\">\n                              <form class=\"give-block--large__form container--full-width flex flex--wrap flex--center margin-top margin-bottom--lg\"\n                      action=\"https:\/\/ifesworld.org\/es\/donar\/?fund=IN000_PPION&#038;source=IFESWEBSITE\" method=\"GET\"\n                      target=\"_blank\">\n                                        <div class=\"select give__country form__input\">\n                          <label class=\"form__label sr-only\"\n                                 for=\"fund\">Select:<\/label>\n                          <select required\n                                  name=\"fund\"\n                                  id=\"fund_id\"\n                                  class=\"js-slim-select\">\n                            <option value=\"IN000_PPION\">El ministerio pionero de IFES<\/option><option value=\"IN000_PBNG\">Proyecto Abriendo Nuevos Caminos<\/option><option value=\"GF000_PCORE\">Fondo para la misi\u00f3n principal de IFES<\/option>                          <\/select>\n                          <i class=\"icon-container icon--chevron\">\n                              <svg class=\"icon\">\n                                  <use xlink:href=\"#chevron-down-solid\"><\/use>\n                              <\/svg>\n                          <\/i>\n                      <\/div>\n                                      <div class=\"btn btn--primary form__submit\">\n                        <input type=\"submit\" value=\"Dona ahora\"\/>\n                        <span>Dona ahora<\/span>\n                    <\/div>\n                <\/form>\n            <\/div>\n        <\/div>\n    <\/section>\n<\/div><\/div>\n<\/div><\/div>\n\n<div class=\"wp-block block-core-block\"><div class=\"wp-block block-core-block\"><div class=\"wp-block block-acf-globalministrylist alignfull\">\n<section id=\"latest-post-block_5cf6970b18fd6\" class=\"alignfull global-ministry-list-container side-padding--md\">\n            <header class=\"margin-bottom--xl margin-top--xl\">\n            <h2 class=\"h1 title\">Lee m\u00e1s acerca de nuestro trabajo:<\/h2>\n        <\/header>\n    \n    <ul class=\"global-ministry-list flex flex--wrap flex--center-x margin-bottom--xl container container--adaptive items--5\">\n\n    <li class=\"ministry ministry__item flex flex--column\">\n                <article>\n                    <a href=\"https:\/\/ifesworld.org\/es\/pioneer\/\" class=\"ministry__link\">\n                      <figure class=\"ministry__image  image--absolute--center image--absolute--mask\">\n                        <img loading=\"lazy\" decoding=\"async\" width=\"300\" height=\"169\" src=\"https:\/\/ifesworld.org\/wp-content\/uploads\/2019\/06\/Pioneering-300x169.jpg\" class=\"attachment-medium size-medium\" alt=\"\" srcset=\"https:\/\/ifesworld.org\/wp-content\/uploads\/2019\/06\/Pioneering-300x169.jpg 300w, https:\/\/ifesworld.org\/wp-content\/uploads\/2019\/06\/Pioneering-768x432.jpg 768w, https:\/\/ifesworld.org\/wp-content\/uploads\/2019\/06\/Pioneering-1024x576.jpg 1024w, https:\/\/ifesworld.org\/wp-content\/uploads\/2019\/06\/Pioneering.jpg 1200w\" sizes=\"auto, (max-width: 300px) 100vw, 300px\" \/>\n                       <\/figure>\n                      <div class=\"ministry__content flex flex--column flex--end\">\n                        <h1 class=\"ministry__title flex flex--column\">\n                           <i class=\"icon-container icon--arrow-circle-right-solid\">\n                              <svg class=\"icon\">\n                                  <use xlink:href=\"#arrow-circle-right-solid\"><\/use>\n                              <\/svg>\n                           <\/i><span>Ministerio estudiantil pionero\n                        <\/span><\/h1>\n                      <\/div>\n                    <\/a>\n                <\/article>\n            <\/li><li class=\"ministry ministry__item flex flex--column\">\n                <article>\n                    <a href=\"https:\/\/ifesworld\/org\/es\/evangelism\/\" class=\"ministry__link\">\n                      <figure class=\"ministry__image  image--absolute--center image--absolute--mask\">\n                        <img loading=\"lazy\" decoding=\"async\" width=\"300\" height=\"169\" src=\"https:\/\/ifesworld.org\/wp-content\/uploads\/2019\/06\/Evangelism-300x169.jpg\" class=\"attachment-medium size-medium\" alt=\"Evangelism\" srcset=\"https:\/\/ifesworld.org\/wp-content\/uploads\/2019\/06\/Evangelism-300x169.jpg 300w, https:\/\/ifesworld.org\/wp-content\/uploads\/2019\/06\/Evangelism-768x432.jpg 768w, https:\/\/ifesworld.org\/wp-content\/uploads\/2019\/06\/Evangelism-1024x576.jpg 1024w, https:\/\/ifesworld.org\/wp-content\/uploads\/2019\/06\/Evangelism.jpg 1200w\" sizes=\"auto, (max-width: 300px) 100vw, 300px\" \/>\n                       <\/figure>\n                      <div class=\"ministry__content flex flex--column flex--end\">\n                        <h1 class=\"ministry__title flex flex--column\">\n                           <i class=\"icon-container icon--arrow-circle-right-solid\">\n                              <svg class=\"icon\">\n                                  <use xlink:href=\"#arrow-circle-right-solid\"><\/use>\n                              <\/svg>\n                           <\/i><span>Inspirar la evangelizaci\u00f3n en la universidad\n                        <\/span><\/h1>\n                      <\/div>\n                    <\/a>\n                <\/article>\n            <\/li><li class=\"ministry ministry__item flex flex--column\">\n                <article>\n                    <a href=\"https:\/\/ifesworld.org\/es\/university\/\" class=\"ministry__link\">\n                      <figure class=\"ministry__image  image--absolute--center image--absolute--mask\">\n                        <img loading=\"lazy\" decoding=\"async\" width=\"300\" height=\"169\" src=\"https:\/\/ifesworld.org\/wp-content\/uploads\/2019\/06\/Engage-the-university-300x169.jpg\" class=\"attachment-medium size-medium\" alt=\"Engage the university\" srcset=\"https:\/\/ifesworld.org\/wp-content\/uploads\/2019\/06\/Engage-the-university-300x169.jpg 300w, https:\/\/ifesworld.org\/wp-content\/uploads\/2019\/06\/Engage-the-university-768x432.jpg 768w, https:\/\/ifesworld.org\/wp-content\/uploads\/2019\/06\/Engage-the-university-1024x576.jpg 1024w, https:\/\/ifesworld.org\/wp-content\/uploads\/2019\/06\/Engage-the-university.jpg 1200w\" sizes=\"auto, (max-width: 300px) 100vw, 300px\" \/>\n                       <\/figure>\n                      <div class=\"ministry__content flex flex--column flex--end\">\n                        <h1 class=\"ministry__title flex flex--column\">\n                           <i class=\"icon-container icon--arrow-circle-right-solid\">\n                              <svg class=\"icon\">\n                                  <use xlink:href=\"#arrow-circle-right-solid\"><\/use>\n                              <\/svg>\n                           <\/i><span>Conectar con la universidad\n                        <\/span><\/h1>\n                      <\/div>\n                    <\/a>\n                <\/article>\n            <\/li><li class=\"ministry ministry__item flex flex--column\">\n                <article>\n                    <a href=\"https:\/\/ifesworld.org\/es\/leadership\/\" class=\"ministry__link\">\n                      <figure class=\"ministry__image  image--absolute--center image--absolute--mask\">\n                        <img loading=\"lazy\" decoding=\"async\" width=\"300\" height=\"169\" src=\"https:\/\/ifesworld.org\/wp-content\/uploads\/2019\/06\/Leadership-1-300x169.jpg\" class=\"attachment-medium size-medium\" alt=\"Leadership\" srcset=\"https:\/\/ifesworld.org\/wp-content\/uploads\/2019\/06\/Leadership-1-300x169.jpg 300w, https:\/\/ifesworld.org\/wp-content\/uploads\/2019\/06\/Leadership-1-768x432.jpg 768w, https:\/\/ifesworld.org\/wp-content\/uploads\/2019\/06\/Leadership-1-1024x576.jpg 1024w, https:\/\/ifesworld.org\/wp-content\/uploads\/2019\/06\/Leadership-1.jpg 1200w\" sizes=\"auto, (max-width: 300px) 100vw, 300px\" \/>\n                       <\/figure>\n                      <div class=\"ministry__content flex flex--column flex--end\">\n                        <h1 class=\"ministry__title flex flex--column\">\n                           <i class=\"icon-container icon--arrow-circle-right-solid\">\n                              <svg class=\"icon\">\n                                  <use xlink:href=\"#arrow-circle-right-solid\"><\/use>\n                              <\/svg>\n                           <\/i><span>Desarrollar a los l\u00edderes del futuro\n                        <\/span><\/h1>\n                      <\/div>\n                    <\/a>\n                <\/article>\n            <\/li><li class=\"ministry ministry__item flex flex--column\">\n                <article>\n                    <a href=\"https:\/\/ifesworld.org\/es\/strengthen\/\" class=\"ministry__link\">\n                      <figure class=\"ministry__image  image--absolute--center image--absolute--mask\">\n                        <img loading=\"lazy\" decoding=\"async\" width=\"300\" height=\"169\" src=\"https:\/\/ifesworld.org\/wp-content\/uploads\/2019\/06\/National-movements-300x169.jpg\" class=\"attachment-medium size-medium\" alt=\"National movements\" srcset=\"https:\/\/ifesworld.org\/wp-content\/uploads\/2019\/06\/National-movements-300x169.jpg 300w, https:\/\/ifesworld.org\/wp-content\/uploads\/2019\/06\/National-movements-768x432.jpg 768w, https:\/\/ifesworld.org\/wp-content\/uploads\/2019\/06\/National-movements-1024x576.jpg 1024w, https:\/\/ifesworld.org\/wp-content\/uploads\/2019\/06\/National-movements.jpg 1200w\" sizes=\"auto, (max-width: 300px) 100vw, 300px\" \/>\n                       <\/figure>\n                      <div class=\"ministry__content flex flex--column flex--end\">\n                        <h1 class=\"ministry__title flex flex--column\">\n                           <i class=\"icon-container icon--arrow-circle-right-solid\">\n                              <svg class=\"icon\">\n                                  <use xlink:href=\"#arrow-circle-right-solid\"><\/use>\n                              <\/svg>\n                           <\/i><span>Fortalecer a los movimientos estudiantiles nacionales\n                        <\/span><\/h1>\n                      <\/div>\n                    <\/a>\n                <\/article>\n            <\/li>    <\/ul>\n    <\/section>\n<\/div><\/div><\/div>","protected":false},"excerpt":{"rendered":"<p>Queremos que haya un testimonio fiel de Cristo en cada una de las universidades del mundo. Actualmente hay movimientos de IFES en m\u00e1s de 180 pa\u00edses, pero a\u00fan quedan miles de campus universitarios en todo el mundo donde no hay testimonio cristiano. Creemos que cada uno de estos estudiantes debe tener la oportunidad de escuchar&#8230;<\/p>\n","protected":false},"author":2,"featured_media":33296,"parent":0,"menu_order":0,"comment_status":"closed","ping_status":"closed","template":"","meta":{"_acf_changed":false,"inline_featured_image":false,"footnotes":""},"area":[],"theme":[],"class_list":["post-277","page","type-page","status-publish","has-post-thumbnail","hentry"],"acf":[],"yoast_head":"<!-- This site is optimized with the Yoast SEO plugin v27.8 - https:\/\/yoast.com\/product\/yoast-seo-wordpress\/ -->\n<title>El ministerio estudiantil pionero en lugares nuevos &#183; IFES<\/title>\n<meta name=\"description\" content=\"Queremos que haya un testimonio fiel de Cristo en cada una de las universidades del mundo. Actualmente hay movimientos de IFES en m\u00e1s de 180 pa\u00edses, pero\" \/>\n<meta name=\"robots\" content=\"index, follow, max-snippet:-1, max-image-preview:large, max-video-preview:-1\" \/>\n<link rel=\"canonical\" href=\"https:\/\/ifesworld.org\/es\/obrapionera\/\" \/>\n<meta property=\"og:locale\" content=\"es_ES\" \/>\n<meta property=\"og:type\" content=\"article\" \/>\n<meta property=\"og:title\" content=\"El ministerio estudiantil pionero en lugares nuevos &#183; IFES\" \/>\n<meta property=\"og:description\" content=\"Queremos que haya un testimonio fiel de Cristo en cada una de las universidades del mundo. Actualmente hay movimientos de IFES en m\u00e1s de 180 pa\u00edses, pero\" \/>\n<meta property=\"og:url\" content=\"https:\/\/ifesworld.org\/es\/obrapionera\/\" \/>\n<meta property=\"og:site_name\" content=\"IFES\" \/>\n<meta property=\"article:modified_time\" content=\"2026-08-19T09:08:45+00:00\" \/>\n<meta property=\"og:image\" content=\"https:\/\/ifesworld.org\/wp-content\/uploads\/2024\/01\/BEN01758-2.jpg\" \/>\n\t<meta property=\"og:image:width\" content=\"2048\" \/>\n\t<meta property=\"og:image:height\" content=\"1365\" \/>\n\t<meta property=\"og:image:type\" content=\"image\/jpeg\" \/>\n<meta name=\"twitter:card\" content=\"summary_large_image\" \/>\n<meta name=\"twitter:label1\" content=\"Tiempo de lectura\" \/>\n\t<meta name=\"twitter:data1\" content=\"5 minutos\" \/>\n<script type=\"application\/ld+json\" class=\"yoast-schema-graph\">{\"@context\":\"https:\\\/\\\/schema.org\",\"@graph\":[{\"@type\":\"WebPage\",\"@id\":\"https:\\\/\\\/ifesworld.org\\\/es\\\/obrapionera\\\/\",\"url\":\"https:\\\/\\\/ifesworld.org\\\/es\\\/obrapionera\\\/\",\"name\":\"El ministerio estudiantil pionero en lugares nuevos &#183; IFES\",\"isPartOf\":{\"@id\":\"https:\\\/\\\/ifesworld.org\\\/es\\\/#website\"},\"primaryImageOfPage\":{\"@id\":\"https:\\\/\\\/ifesworld.org\\\/es\\\/obrapionera\\\/#primaryimage\"},\"image\":{\"@id\":\"https:\\\/\\\/ifesworld.org\\\/es\\\/obrapionera\\\/#primaryimage\"},\"thumbnailUrl\":\"https:\\\/\\\/ifesworld.org\\\/wp-content\\\/uploads\\\/2024\\\/01\\\/BEN01758-2.jpg\",\"datePublished\":\"2019-04-17T08:08:15+00:00\",\"dateModified\":\"2026-08-19T09:08:45+00:00\",\"description\":\"Queremos que haya un testimonio fiel de Cristo en cada una de las universidades del mundo. Actualmente hay movimientos de IFES en m\u00e1s de 180 pa\u00edses, pero\",\"breadcrumb\":{\"@id\":\"https:\\\/\\\/ifesworld.org\\\/es\\\/obrapionera\\\/#breadcrumb\"},\"inLanguage\":\"es\",\"potentialAction\":[{\"@type\":\"ReadAction\",\"target\":[\"https:\\\/\\\/ifesworld.org\\\/es\\\/obrapionera\\\/\"]}]},{\"@type\":\"ImageObject\",\"inLanguage\":\"es\",\"@id\":\"https:\\\/\\\/ifesworld.org\\\/es\\\/obrapionera\\\/#primaryimage\",\"url\":\"https:\\\/\\\/ifesworld.org\\\/wp-content\\\/uploads\\\/2024\\\/01\\\/BEN01758-2.jpg\",\"contentUrl\":\"https:\\\/\\\/ifesworld.org\\\/wp-content\\\/uploads\\\/2024\\\/01\\\/BEN01758-2.jpg\",\"width\":2048,\"height\":1365},{\"@type\":\"BreadcrumbList\",\"@id\":\"https:\\\/\\\/ifesworld.org\\\/es\\\/obrapionera\\\/#breadcrumb\",\"itemListElement\":[{\"@type\":\"ListItem\",\"position\":1,\"name\":\"Home\",\"item\":\"https:\\\/\\\/ifesworld.org\\\/es\\\/\"},{\"@type\":\"ListItem\",\"position\":2,\"name\":\"El ministerio estudiantil pionero en lugares nuevos\"}]},{\"@type\":\"WebSite\",\"@id\":\"https:\\\/\\\/ifesworld.org\\\/es\\\/#website\",\"url\":\"https:\\\/\\\/ifesworld.org\\\/es\\\/\",\"name\":\"IFES\",\"description\":\"A movement of students sharing and living out the good news of Jesus Christ. Locally. Nationally. Globally.\",\"publisher\":{\"@id\":\"https:\\\/\\\/ifesworld.org\\\/es\\\/#organization\"},\"potentialAction\":[{\"@type\":\"SearchAction\",\"target\":{\"@type\":\"EntryPoint\",\"urlTemplate\":\"https:\\\/\\\/ifesworld.org\\\/es\\\/?s={search_term_string}\"},\"query-input\":{\"@type\":\"PropertyValueSpecification\",\"valueRequired\":true,\"valueName\":\"search_term_string\"}}],\"inLanguage\":\"es\"},{\"@type\":\"Organization\",\"@id\":\"https:\\\/\\\/ifesworld.org\\\/es\\\/#organization\",\"name\":\"IFES \u00b7 International Fellowship of Evangelical Students\",\"url\":\"https:\\\/\\\/ifesworld.org\\\/es\\\/\",\"logo\":{\"@type\":\"ImageObject\",\"inLanguage\":\"es\",\"@id\":\"https:\\\/\\\/ifesworld.org\\\/es\\\/#\\\/schema\\\/logo\\\/image\\\/\",\"url\":\"https:\\\/\\\/ifesworld.org\\\/wp-content\\\/uploads\\\/2019\\\/06\\\/ifeslogo.png\",\"contentUrl\":\"https:\\\/\\\/ifesworld.org\\\/wp-content\\\/uploads\\\/2019\\\/06\\\/ifeslogo.png\",\"width\":262,\"height\":262,\"caption\":\"IFES \u00b7 International Fellowship of Evangelical Students\"},\"image\":{\"@id\":\"https:\\\/\\\/ifesworld.org\\\/es\\\/#\\\/schema\\\/logo\\\/image\\\/\"}}]}<\/script>\n<!-- \/ Yoast SEO plugin. -->","yoast_head_json":{"title":"El ministerio estudiantil pionero en lugares nuevos &#183; IFES","description":"Queremos que haya un testimonio fiel de Cristo en cada una de las universidades del mundo. Actualmente hay movimientos de IFES en m\u00e1s de 180 pa\u00edses, pero","robots":{"index":"index","follow":"follow","max-snippet":"max-snippet:-1","max-image-preview":"max-image-preview:large","max-video-preview":"max-video-preview:-1"},"canonical":"https:\/\/ifesworld.org\/es\/obrapionera\/","og_locale":"es_ES","og_type":"article","og_title":"El ministerio estudiantil pionero en lugares nuevos &#183; IFES","og_description":"Queremos que haya un testimonio fiel de Cristo en cada una de las universidades del mundo. Actualmente hay movimientos de IFES en m\u00e1s de 180 pa\u00edses, pero","og_url":"https:\/\/ifesworld.org\/es\/obrapionera\/","og_site_name":"IFES","article_modified_time":"2026-08-19T09:08:45+00:00","og_image":[{"width":2048,"height":1365,"url":"https:\/\/ifesworld.org\/wp-content\/uploads\/2024\/01\/BEN01758-2.jpg","type":"image\/jpeg"}],"twitter_card":"summary_large_image","twitter_misc":{"Tiempo de lectura":"5 minutos"},"schema":{"@context":"https:\/\/schema.org","@graph":[{"@type":"WebPage","@id":"https:\/\/ifesworld.org\/es\/obrapionera\/","url":"https:\/\/ifesworld.org\/es\/obrapionera\/","name":"El ministerio estudiantil pionero en lugares nuevos &#183; IFES","isPartOf":{"@id":"https:\/\/ifesworld.org\/es\/#website"},"primaryImageOfPage":{"@id":"https:\/\/ifesworld.org\/es\/obrapionera\/#primaryimage"},"image":{"@id":"https:\/\/ifesworld.org\/es\/obrapionera\/#primaryimage"},"thumbnailUrl":"https:\/\/ifesworld.org\/wp-content\/uploads\/2024\/01\/BEN01758-2.jpg","datePublished":"2019-04-17T08:08:15+00:00","dateModified":"2026-08-19T09:08:45+00:00","description":"Queremos que haya un testimonio fiel de Cristo en cada una de las universidades del mundo. Actualmente hay movimientos de IFES en m\u00e1s de 180 pa\u00edses, pero","breadcrumb":{"@id":"https:\/\/ifesworld.org\/es\/obrapionera\/#breadcrumb"},"inLanguage":"es","potentialAction":[{"@type":"ReadAction","target":["https:\/\/ifesworld.org\/es\/obrapionera\/"]}]},{"@type":"ImageObject","inLanguage":"es","@id":"https:\/\/ifesworld.org\/es\/obrapionera\/#primaryimage","url":"https:\/\/ifesworld.org\/wp-content\/uploads\/2024\/01\/BEN01758-2.jpg","contentUrl":"https:\/\/ifesworld.org\/wp-content\/uploads\/2024\/01\/BEN01758-2.jpg","width":2048,"height":1365},{"@type":"BreadcrumbList","@id":"https:\/\/ifesworld.org\/es\/obrapionera\/#breadcrumb","itemListElement":[{"@type":"ListItem","position":1,"name":"Home","item":"https:\/\/ifesworld.org\/es\/"},{"@type":"ListItem","position":2,"name":"El ministerio estudiantil pionero en lugares nuevos"}]},{"@type":"WebSite","@id":"https:\/\/ifesworld.org\/es\/#website","url":"https:\/\/ifesworld.org\/es\/","name":"IFES","description":"A movement of students sharing and living out the good news of Jesus Christ. Locally. Nationally. Globally.","publisher":{"@id":"https:\/\/ifesworld.org\/es\/#organization"},"potentialAction":[{"@type":"SearchAction","target":{"@type":"EntryPoint","urlTemplate":"https:\/\/ifesworld.org\/es\/?s={search_term_string}"},"query-input":{"@type":"PropertyValueSpecification","valueRequired":true,"valueName":"search_term_string"}}],"inLanguage":"es"},{"@type":"Organization","@id":"https:\/\/ifesworld.org\/es\/#organization","name":"IFES \u00b7 International Fellowship of Evangelical Students","url":"https:\/\/ifesworld.org\/es\/","logo":{"@type":"ImageObject","inLanguage":"es","@id":"https:\/\/ifesworld.org\/es\/#\/schema\/logo\/image\/","url":"https:\/\/ifesworld.org\/wp-content\/uploads\/2019\/06\/ifeslogo.png","contentUrl":"https:\/\/ifesworld.org\/wp-content\/uploads\/2019\/06\/ifeslogo.png","width":262,"height":262,"caption":"IFES \u00b7 International Fellowship of Evangelical Students"},"image":{"@id":"https:\/\/ifesworld.org\/es\/#\/schema\/logo\/image\/"}}]}},"_links":{"self":[{"href":"https:\/\/ifesworld.org\/es\/wp-json\/wp\/v2\/pages\/277","targetHints":{"allow":["GET"]}}],"collection":[{"href":"https:\/\/ifesworld.org\/es\/wp-json\/wp\/v2\/pages"}],"about":[{"href":"https:\/\/ifesworld.org\/es\/wp-json\/wp\/v2\/types\/page"}],"author":[{"embeddable":true,"href":"https:\/\/ifesworld.org\/es\/wp-json\/wp\/v2\/users\/2"}],"replies":[{"embeddable":true,"href":"https:\/\/ifesworld.org\/es\/wp-json\/wp\/v2\/comments?post=277"}],"version-history":[{"count":3,"href":"https:\/\/ifesworld.org\/es\/wp-json\/wp\/v2\/pages\/277\/revisions"}],"predecessor-version":[{"id":54054,"href":"https:\/\/ifesworld.org\/es\/wp-json\/wp\/v2\/pages\/277\/revisions\/54054"}],"wp:featuredmedia":[{"embeddable":true,"href":"https:\/\/ifesworld.org\/es\/wp-json\/wp\/v2\/media\/33296"}],"wp:attachment":[{"href":"https:\/\/ifesworld.org\/es\/wp-json\/wp\/v2\/media?parent=277"}],"wp:term":[{"taxonomy":"area","embeddable":true,"href":"https:\/\/ifesworld.org\/es\/wp-json\/wp\/v2\/area?post=277"},{"taxonomy":"theme","embeddable":true,"href":"https:\/\/ifesworld.org\/es\/wp-json\/wp\/v2\/theme?post=277"}],"curies":[{"name":"wp","href":"https:\/\/api.w.org\/{rel}","templated":true}]}}