{"id":272,"date":"2019-04-17T08:04:22","date_gmt":"2019-04-17T08:04:22","guid":{"rendered":"https:\/\/ifesworld.org\/landing\/dia-mundial-del-estudiante\/"},"modified":"2026-03-11T16:21:11","modified_gmt":"2026-03-11T16:21:11","slug":"dme","status":"publish","type":"page","link":"https:\/\/ifesworld.org\/es\/dme\/","title":{"rendered":"D\u00eda Mundial del Estudiante"},"content":{"rendered":"<div class=\"wp-block block-acf-spacer\">\n<div id=\"spacer-block_7f3f99bf52a15e3f1f1b08a92ab7b4ed\" class=\"\">\n    <div aria-hidden=\"true\" class=\"wp-block-spacer spacer--md\"><\/div>\n<\/div>\n<\/div>\n\n<div class=\"wp-block block-core-heading alignwide wp-elements-4ee76916f7e2731550b9cbbc8e078f4e\">\n<h2 class=\"wp-block-heading has-text-align-center alignwide has-world-student-day-color has-text-color has-link-color has-xl-font-size wp-elements-4ee76916f7e2731550b9cbbc8e078f4e\"><strong>\u00a1Gracias por haber estado orando durante el D\u00eda Mundial del Estudiante 2025!<\/strong>\u00a0<\/h2>\n<\/div>\n\n<div class=\"wp-block block-core-heading\">\n<h2 class=\"wp-block-heading has-text-align-center has-lg-font-size\"><strong><mark style=\"background-color:rgba(0, 0, 0, 0)\" class=\"has-inline-color has-world-student-day-color\">28,816<\/mark><\/strong>&nbsp;personas en <strong><mark style=\"background-color:rgba(0, 0, 0, 0)\" class=\"has-inline-color has-accent-color\"><mark style=\"background-color:rgba(0, 0, 0, 0)\" class=\"has-inline-color has-world-student-day-color\"><strong>134<\/strong><\/mark><\/mark><\/strong> pa\u00edses y territorios estaban orando para que Dios hiciera <strong><mark style=\"background-color:rgba(0, 0, 0, 0)\" class=\"has-inline-color has-accent-color\">much\u00edsimo m\u00e1s<\/mark><\/strong> en campus de todo el mundo.&nbsp;&nbsp;<\/h2>\n<\/div>\n\n<div class=\"wp-block block-core-heading\">\n<h3 class=\"wp-block-heading has-text-align-center\">Si estuviste orando y todav\u00eda no te has inscrito, a\u00f1\u00e1dete al mapa ahora:&nbsp;<\/h3>\n<\/div>\n\n<div class=\"wp-block block-core-html\">\n<div style=\"width:100%; \n            max-width:1200px; \n            margin:20px auto; \n            border-radius:12px; \n            overflow:hidden; \n            box-shadow:0 6px 20px rgba(0,0,0,0.15); \n            border:3px solid #e95283;\">\n\n  <div style=\"position:relative; padding-top:56.25%;\"> <!-- 16:9 aspect ratio -->\n    <iframe \n      title=\"IFES WSD 2025\"\n      src=\"https:\/\/app.powerbi.com\/view?r=eyJrIjoiNzMyMTQyZWUtMmE5NS00NmE5LTliM2QtZWIyMmNjY2VjOWRlIiwidCI6IjZiNzg1ZTgxLWU3NTAtNGNiYi05YzFmLTI1OGNiNjk1Nzk5ZSIsImMiOjh9\" \n      frameborder=\"0\" \n      allowfullscreen=\"true\"\n      style=\"position:absolute; top:0; left:0; width:100%; height:100%; border:0;\">\n    <\/iframe>\n  <\/div>\n<\/div>\n<\/div>\n\n<div class=\"wp-block block-core-paragraph wp-elements-e71aa9556bbef24be6c1a7836eb8e380\">\n<p class=\"has-accent-color has-text-color has-link-color wp-elements-e71aa9556bbef24be6c1a7836eb8e380 wp-block-paragraph\"><em>Ten en cuenta que el mapa no se actualiza inmediatamente, as\u00ed que no te preocupes (y no vuelvas a enviar tu solicitud) si no te ves en el mapa de inmediato.<\/em><\/p>\n<\/div>\n\n<div class=\"wp-block block-acf-ifesbutton aligncenter\">\n<div class=\"aligncenter\">\n    <a id=\"btn-block_833f21a4675dcd178da5a3dd2018cee4\" target=\"\" href=\"https:\/\/ifesworld.org\/es\/dme-add\/\" class=\"btn btn--world-student-day\">\n        <span>\n        A\u00f1\u00e1dete al mapa        <\/span>\n    <\/a>\n<\/div>\n\n<\/div>\n\n<div class=\"wp-block block-core-heading wp-elements-05e6ee0eb51ce190865968dc5c4d5721\">\n<h2 class=\"wp-block-heading has-text-align-center has-world-student-day-color has-text-color has-link-color wp-elements-05e6ee0eb51ce190865968dc5c4d5721\">Instant\u00e1neas de la comunidad mundial durante el D\u00eda Mundial del Estudiante 2025.&nbsp;<\/h2>\n<\/div>\n\n<div class=\"wp-block block-core-html\">\n<div style=\"position: relative; width: 100%; height: 0; padding-top: 56.2500%;\n padding-bottom: 0; box-shadow: 0 2px 8px 0 rgba(63,69,81,0.16); margin-top: 1.6em; margin-bottom: 0.9em; overflow: hidden;\n border-radius: 8px; will-change: transform;\">\n  <iframe loading=\"lazy\" style=\"position: absolute; width: 100%; height: 100%; top: 0; left: 0; border: none; padding: 0;margin: 0;\"\n    src=\"https:\/\/www.canva.com\/design\/DAG1-I6_OKg\/4SMf6Z_PH3-5Ftrn59cKNg\/view?embed\" allowfullscreen=\"allowfullscreen\" allow=\"fullscreen\">\n  <\/iframe>\n<\/div>\n<a href=\"https:&#x2F;&#x2F;www.canva.com&#x2F;design&#x2F;DAG1-I6_OKg&#x2F;4SMf6Z_PH3-5Ftrn59cKNg&#x2F;view?utm_content=DAG1-I6_OKg&amp;utm_campaign=designshare&amp;utm_medium=embeds&amp;utm_source=link\" target=\"_blank\" rel=\"noopener\"><\/a>\n<\/div>\n\n<div class=\"wp-block block-core-heading alignwide wp-elements-6084189bcedab7d5789d4f9fec78c209\">\n<h2 class=\"wp-block-heading has-text-align-center alignwide has-accent-color has-text-color has-link-color has-xxl-font-size wp-elements-6084189bcedab7d5789d4f9fec78c209\" id=\"theme\"><strong><strong>Comparte tu experiencia<\/strong>&nbsp;<\/strong><\/h2>\n<\/div>\n\n<div class=\"wp-block block-core-separator\">\n<hr class=\"wp-block-separator has-text-color has-world-student-day-color has-alpha-channel-opacity has-world-student-day-background-color has-background\"\/>\n<\/div>\n\n<div class=\"wp-block block-core-media-text\">\n<div class=\"wp-block-media-text has-media-on-the-right is-stacked-on-mobile\"><div class=\"wp-block-media-text__content\"><div class=\"wp-block block-core-heading wp-elements-63b1c90e32a06803faa8f429de54c425\">\n<h2 class=\"wp-block-heading has-accent-color has-text-color has-link-color has-lg-font-size wp-elements-63b1c90e32a06803faa8f429de54c425\"><strong>\u00bfParticipaste este a\u00f1o?<\/strong>&nbsp;<\/h2>\n<\/div>\n\n<div class=\"wp-block block-core-paragraph\">\n<p class=\"has-md-font-size wp-block-paragraph\">Comparte tu experiencia enviando fotos o testimonios a: <strong><a href=\"mailto:hello@ifesworld.org\">hello@ifesworld.org<\/a><\/strong>&nbsp;<\/p>\n<\/div>\n\n<div class=\"wp-block block-core-paragraph\">\n<p class=\"wp-block-paragraph\">Contribuye a dar forma al evento del a\u00f1o pr\u00f3ximo respondiendo a nuestra breve encuesta:&nbsp;<\/p>\n<\/div>\n\n<div class=\"wp-block block-acf-ifesbutton\">\n<div class=\"\">\n    <a id=\"btn-block_a7bacab0dd84aec1ea2804fa043d5b22\" target=\"\" href=\"https:\/\/ifes.typeform.com\/to\/rNcjJ33D\" class=\"btn btn--world-student-day\">\n        <span>\n        REALIZAR LA ENCUESTA&nbsp;        <\/span>\n    <\/a>\n<\/div>\n\n<\/div><\/div><figure class=\"wp-block-media-text__media\"><img loading=\"lazy\" decoding=\"async\" width=\"500\" height=\"500\" src=\"https:\/\/ifesworld.org\/wp-content\/uploads\/2025\/09\/Untitled-design-11.png\" alt=\"\" class=\"wp-image-48076 size-full\" srcset=\"https:\/\/ifesworld.org\/wp-content\/uploads\/2025\/09\/Untitled-design-11.png 500w, https:\/\/ifesworld.org\/wp-content\/uploads\/2025\/09\/Untitled-design-11-300x300.png 300w, https:\/\/ifesworld.org\/wp-content\/uploads\/2025\/09\/Untitled-design-11-150x150.png 150w, https:\/\/ifesworld.org\/wp-content\/uploads\/2025\/09\/Untitled-design-11-70x70.png 70w\" sizes=\"auto, (max-width: 500px) 100vw, 500px\" \/><\/figure><\/div>\n<\/div>\n\n<div class=\"wp-block block-core-heading alignwide wp-elements-b85e8fe116a618be2a146186397035dc\">\n<h2 class=\"wp-block-heading has-text-align-center alignwide has-accent-color has-text-color has-link-color has-xl-font-size wp-elements-b85e8fe116a618be2a146186397035dc\" id=\"involve\"><strong><strong><strong><strong>Sigue Orando<\/strong><\/strong><\/strong><\/strong><\/h2>\n<\/div>\n\n<div class=\"wp-block block-core-separator is-style-default\">\n<hr class=\"wp-block-separator has-text-color has-world-student-day-color has-alpha-channel-opacity has-world-student-day-background-color has-background is-style-default\"\/>\n<\/div>\n\n<div class=\"wp-block block-core-paragraph\">\n<p class=\"has-text-align-center has-md-font-size wp-block-paragraph\">Sigue orando con los recursos del D\u00eda Mundial del Estudiante 2025:&nbsp;<\/p>\n<\/div>\n\n<div class=\"wp-block block-core-columns alignwide\">\n<div class=\"wp-block-columns alignwide is-layout-flex wp-container-core-columns-is-layout-8f761849 wp-block-columns-is-layout-flex\">\n<div class=\"wp-block-column is-layout-flow wp-block-column-is-layout-flow\"><div class=\"wp-block block-acf-ifesbutton aligncenter\">\n<div class=\"aligncenter\">\n    <a id=\"btn-block_8e2079f715364d2ead8967591c8ab7c5\" target=\"\" href=\"https:\/\/ifesworld.org\/es\/dia-mundial-del-estudiante-2024\/\" class=\"btn btn--world-student-day\">\n        <span>\n        Visita la plataforma de recursos        <\/span>\n    <\/a>\n<\/div>\n\n<\/div><\/div>\n\n\n\n<div class=\"wp-block-column is-layout-flow wp-block-column-is-layout-flow\"><div class=\"wp-block block-acf-ifesbutton aligncenter\">\n<div class=\"aligncenter\">\n    <a id=\"btn-block_e3da52c21b0694370e30868505517323\" target=\"\" href=\"https:\/\/ifesworld.org\/es\/prayerline\/ora-por-los-estudiantes-de-todo-el-mundo-25\/?switch_language=es\" class=\"btn btn--primary\">\n        <span>\n        TODAS LAS TARJETAS DE ORACI\u00d3N        <\/span>\n    <\/a>\n<\/div>\n\n<\/div><\/div>\n\n\n\n<div class=\"wp-block-column is-layout-flow wp-block-column-is-layout-flow\"><div class=\"wp-block block-acf-ifesbutton aligncenter\">\n<div class=\"aligncenter\">\n    <a id=\"btn-block_2319109fb35b50c0cc13cf20625bc1b3\" target=\"_blank\" href=\"https:\/\/ifes.world\/guia-devocional\" class=\"btn btn--world-student-day\">\n        <span>\n        Gu\u00eda devocional        <\/span>\n    <\/a>\n<\/div>\n\n<\/div><\/div>\n<\/div>\n<\/div>\n\n<div class=\"wp-block block-core-separator is-style-default\">\n<hr class=\"wp-block-separator has-text-color has-world-student-day-color has-alpha-channel-opacity has-world-student-day-background-color has-background is-style-default\"\/>\n<\/div>\n\n<div class=\"wp-block block-core-columns alignfull\">\n<div class=\"wp-block-columns alignfull is-layout-flex wp-container-core-columns-is-layout-8f761849 wp-block-columns-is-layout-flex\">\n<div class=\"wp-block-column is-layout-flow wp-block-column-is-layout-flow\"><div class=\"wp-block block-core-heading\">\n<h2 class=\"wp-block-heading has-text-align-center\">Lee historias del ministerio estudiantil local por todo el mundo en <a href=\"https:\/\/ifesworld.org\/es\/prayerline\/\" target=\"_blank\" rel=\"noreferrer noopener\">Prayerline<\/a>:&nbsp;<\/h2>\n<\/div>\n\n<div class=\"wp-block block-acf-subscriptionsignup alignwide stay-informed\">\n<section id=\"subscription-signup-block_47bbc5d1e9733cf3ba4ae0123b41e52d\" class=\"stay-informed alignwide subscription-signup subscription--prayerline side-padding--md\">\n    <div class=\"signup__content container--adaptive-md align--center text--center\">\n\n      \n      <script>(function() {\n\twindow.mc4wp = window.mc4wp || {\n\t\tlisteners: [],\n\t\tforms: {\n\t\t\ton: function(evt, cb) {\n\t\t\t\twindow.mc4wp.listeners.push(\n\t\t\t\t\t{\n\t\t\t\t\t\tevent   : evt,\n\t\t\t\t\t\tcallback: cb\n\t\t\t\t\t}\n\t\t\t\t);\n\t\t\t}\n\t\t}\n\t}\n})();\n<\/script><!-- Mailchimp for WordPress v4.12.1 - https:\/\/wordpress.org\/plugins\/mailchimp-for-wp\/ --><form id=\"mc4wp-form-1\" class=\"mc4wp-form mc4wp-form-3199\" method=\"post\" data-id=\"3199\" data-name=\"\" ><div class=\"mc4wp-form-fields\"><div class=\"signup__form container--full-width flex flex--wrap flex--center\">\r\n<div class=\"form__input signup__fname\">\r\n\t<label class=\"form__label sr-only\" for=\"signup-fname\">Nombre de pila:<\/label>\r\n\t<input id=\"signup-fname\" type=\"text\" name=\"FNAME\" placeholder=\"Nombre de pila\" \/>\r\n<\/div>\r\n<div class=\"form__input signup__lname\">\r\n\t<label class=\"form__label sr-only\" for=\"signup-lname\">Apellido:<\/label>\r\n\t<input id=\"signup-lname\" type=\"text\" name=\"LNAME\" placeholder=\"Apellido\" \/>\r\n<\/div>\r\n<div class=\"form__input signup__email\">\r\n\t<label class=\"form__label sr-only\" for=\"signup-email\">Correo electr\u00f3nico:<\/label>\r\n\t<input id=\"signup-email\" type=\"text\" name=\"EMAIL\" placeholder=\"Correo electr\u00f3nico\" \/>\r\n<\/div>\r\n<span class=\"btn btn--primary form__submit\">\r\n\t<input type=\"submit\">\r\n\t<span>Suscr\u00edbete<\/span>\r\n<\/span>\r\n<\/div>\r\n<input type=\"hidden\" name=\"list\" value=\"prayerline\" \/>\r\n\r\n<\/div><label style=\"display: none !important;\">Deja vac\u00edo este campo si eres humano: <input type=\"text\" name=\"_mc4wp_honeypot\" value=\"\" tabindex=\"-1\" autocomplete=\"off\" \/><\/label><input type=\"hidden\" name=\"_mc4wp_timestamp\" value=\"1777494180\" \/><input type=\"hidden\" name=\"_mc4wp_form_id\" value=\"3199\" \/><input type=\"hidden\" name=\"_mc4wp_form_element_id\" value=\"mc4wp-form-1\" \/><div class=\"mc4wp-response\"><\/div><\/form><!-- \/ Mailchimp for WordPress Plugin -->      \n          <\/div>\n<\/section>\n<\/div><\/div>\n<\/div>\n<\/div>\n\n<div class=\"wp-block block-core-columns\">\n<div class=\"wp-block-columns is-layout-flex wp-container-core-columns-is-layout-8f761849 wp-block-columns-is-layout-flex\">\n<div class=\"wp-block-column is-layout-flow wp-block-column-is-layout-flow\"><div class=\"wp-block block-core-columns\">\n<div class=\"wp-block-columns is-layout-flex wp-container-core-columns-is-layout-8f761849 wp-block-columns-is-layout-flex\">\n<div class=\"wp-block-column is-layout-flow wp-block-column-is-layout-flow\"><div class=\"wp-block block-core-heading\">\n<h2 class=\"wp-block-heading has-text-align-left\">Descubre m\u00e1s acerca del alcance y los or\u00edgenes del <mark style=\"background-color:rgba(0, 0, 0, 0)\" class=\"has-inline-color has-world-student-day-color\">D\u00eda Mundial del Estudiante <\/mark>en esta entrada del<mark style=\"background-color:rgba(0, 0, 0, 0)\" class=\"has-inline-color has-accent-color\"> blog de Conexi\u00f3n<\/mark>:&nbsp;&nbsp;<\/h2>\n<\/div><\/div>\n\n\n\n<div class=\"wp-block-column is-layout-flow wp-block-column-is-layout-flow\"><div class=\"wp-block block-acf-ifesposts\"><section id=\"post-list-latest-post-block_0998f2a7c4edc67db672cec2ecc29ea5\" class='latest-post-list list--conexion'>\n            <ul class='post-list items--3 flex flex--wrap flex--center'>\n      <li class='post__item flex flex--column'>\n          <article id=\"post-272\" class=\"article-thumbnail article--conexion\">\n              <a href='https:\/\/ifesworld.org\/es\/blog\/celo-por-la-oracion-global\/' class=\"post__link\"  rel=\"bookmark\">\n                  <figure class='post__image  image--absolute--center image--absolute--mask'>\n                      <img loading=\"lazy\" decoding=\"async\" width=\"740\" height=\"369\" src=\"https:\/\/ifesworld.org\/wp-content\/uploads\/2024\/10\/1-Brazil-Thais-Ketura-ready-for-WSD-2016-1024x511.jpg\" class=\"attachment-large size-large wp-post-image\" alt=\"students, world, global, prayer, global prayer, united, unity, global fellowship, world student day\" srcset=\"https:\/\/ifesworld.org\/wp-content\/uploads\/2024\/10\/1-Brazil-Thais-Ketura-ready-for-WSD-2016-1024x511.jpg 1024w, https:\/\/ifesworld.org\/wp-content\/uploads\/2024\/10\/1-Brazil-Thais-Ketura-ready-for-WSD-2016-300x150.jpg 300w, https:\/\/ifesworld.org\/wp-content\/uploads\/2024\/10\/1-Brazil-Thais-Ketura-ready-for-WSD-2016-768x383.jpg 768w, https:\/\/ifesworld.org\/wp-content\/uploads\/2024\/10\/1-Brazil-Thais-Ketura-ready-for-WSD-2016-1536x767.jpg 1536w, https:\/\/ifesworld.org\/wp-content\/uploads\/2024\/10\/1-Brazil-Thais-Ketura-ready-for-WSD-2016.jpg 2048w\" sizes=\"auto, (max-width: 740px) 100vw, 740px\" \/>                  <\/figure>\n                  <header class='post__content flex flex--column flex--end'>\n                      <p class='post__meta'>Conexi\u00f3n<\/p>\n                      <h1 class='post__title'>\n                          Celo por la oraci\u00f3n global\u00a0                      <\/h1>\n                                                <small>Uniendo a las naciones para orar durante el D\u00eda Mundial del Estudiante y posteriormente<\/small>\n                                        <\/header>\n                  <i class=\"icon-container regional-logo icon--ifes\">\n                                            <svg class=\"icon logo logo--bg-white\">\n                            <use xlink:href=\"#IFES-logo\"><\/use>\n                        <\/svg>\n                                      <\/i>\n              <\/a>\n          <\/article>\n      <\/li>\n\n    <\/ul><\/section><\/div>\n\n<\/div>\n<\/div>\n<\/div><\/div>\n<\/div>\n<\/div>\n\n<div class=\"wp-block block-core-separator is-style-wide\">\n<hr class=\"wp-block-separator has-alpha-channel-opacity is-style-wide\"\/>\n<\/div>\n\n<div class=\"wp-block block-core-heading wp-elements-01c08565d390811f70be03cebce4c020\">\n<h2 class=\"wp-block-heading has-text-align-center has-accent-color has-text-color has-link-color has-lg-font-size wp-elements-01c08565d390811f70be03cebce4c020\"><strong><strong>\u00danete a nosotros el 8 de octubre para el D\u00eda Mundial del Estudiante 2026.<\/strong><\/strong><\/h2>\n<\/div>\n\n<div class=\"wp-block block-acf-ifesbutton aligncenter\">\n<div class=\"aligncenter\">\n    <a id=\"btn-block_5fd8c9952ebc03bac5ceee31d95a406b\" target=\"\" href=\"https:\/\/calendar.google.com\/calendar\/u\/0\/share?slt=1ATMtfpia9HO-b4aXftyNlTPUWAzKLfPygoaazdHZeYa2hfAGIH2qqHhoEK6hVGAHLGyWFMo8go3aog\" class=\"btn btn--world-student-day\">\n        <span>\n        Apunta la fecha        <\/span>\n    <\/a>\n<\/div>\n\n<\/div>\n\n<div class=\"wp-block block-core-separator is-style-wide\">\n<hr class=\"wp-block-separator has-alpha-channel-opacity is-style-wide\"\/>\n<\/div>\n\n<div class=\"wp-block block-core-heading\">\n<h2 class=\"wp-block-heading has-text-align-center has-world-student-day-color has-text-color has-xl-font-size\" id=\"recent-stories-to-help-you-pray\"><strong>Sigue conectado<\/strong><\/h2>\n<\/div>\n\n<div class=\"wp-block block-core-heading\">\n<h3 class=\"wp-block-heading has-text-align-center\">Reciba las \u00faltimas noticias e interact\u00fae con nosotros en nuestros canales sociales:<\/h3>\n<\/div>\n\n<div class=\"wp-block block-core-columns\">\n<div class=\"wp-block-columns is-layout-flex wp-container-core-columns-is-layout-8f761849 wp-block-columns-is-layout-flex\">\n<div class=\"wp-block-column is-layout-flow wp-block-column-is-layout-flow\" style=\"flex-basis:25%\"><\/div>\n\n\n\n<div class=\"wp-block-column is-layout-flow wp-block-column-is-layout-flow\" style=\"flex-basis:50%\"><div class=\"wp-block block-core-columns\">\n<div class=\"wp-block-columns is-layout-flex wp-container-core-columns-is-layout-8f761849 wp-block-columns-is-layout-flex\">\n<div class=\"wp-block-column is-layout-flow wp-block-column-is-layout-flow\"><div class=\"wp-block-image\">\n<figure class=\"aligncenter size-full\"><a href=\"https:\/\/whatsapp.com\/channel\/0029VaKzF0r1noyz3i3uQQ14\"><img loading=\"lazy\" decoding=\"async\" width=\"150\" height=\"150\" src=\"https:\/\/ifesworld.org\/wp-content\/uploads\/2024\/07\/1-4.png\" alt=\"\" class=\"wp-image-39212\" srcset=\"https:\/\/ifesworld.org\/wp-content\/uploads\/2024\/07\/1-4.png 150w, https:\/\/ifesworld.org\/wp-content\/uploads\/2024\/07\/1-4-70x70.png 70w\" sizes=\"auto, (max-width: 150px) 100vw, 150px\" \/><\/a><\/figure>\n<\/div><\/div>\n\n\n\n<div class=\"wp-block-column is-layout-flow wp-block-column-is-layout-flow\"><div class=\"wp-block-image\">\n<figure class=\"aligncenter size-full\"><a href=\"https:\/\/www.instagram.com\/ifesworld\/\"><img loading=\"lazy\" decoding=\"async\" width=\"150\" height=\"150\" src=\"https:\/\/ifesworld.org\/wp-content\/uploads\/2024\/07\/2-3.png\" alt=\"\" class=\"wp-image-39214\" srcset=\"https:\/\/ifesworld.org\/wp-content\/uploads\/2024\/07\/2-3.png 150w, https:\/\/ifesworld.org\/wp-content\/uploads\/2024\/07\/2-3-70x70.png 70w\" sizes=\"auto, (max-width: 150px) 100vw, 150px\" \/><\/a><\/figure>\n<\/div><\/div>\n\n\n\n<div class=\"wp-block-column is-layout-flow wp-block-column-is-layout-flow\"><div class=\"wp-block-image\">\n<figure class=\"aligncenter size-full\"><a href=\"https:\/\/www.facebook.com\/ifesworld\/\"><img loading=\"lazy\" decoding=\"async\" width=\"150\" height=\"150\" src=\"https:\/\/ifesworld.org\/wp-content\/uploads\/2024\/07\/3-3.png\" alt=\"\" class=\"wp-image-39215\" srcset=\"https:\/\/ifesworld.org\/wp-content\/uploads\/2024\/07\/3-3.png 150w, https:\/\/ifesworld.org\/wp-content\/uploads\/2024\/07\/3-3-70x70.png 70w\" sizes=\"auto, (max-width: 150px) 100vw, 150px\" \/><\/a><\/figure>\n<\/div><\/div>\n<\/div>\n<\/div><\/div>\n\n\n\n<div class=\"wp-block-column is-layout-flow wp-block-column-is-layout-flow\" style=\"flex-basis:25%\"><\/div>\n<\/div>\n<\/div>\n\n<div class=\"wp-block block-core-heading\">\n<h3 class=\"wp-block-heading has-text-align-center\">\u00danete a nuestra comunidad online con <a href=\"https:\/\/ifesworld.org\/es\/ifes-connect\/\" target=\"_blank\" rel=\"noreferrer noopener\"><strong>IFES Connect<\/strong><\/a>&nbsp;<\/h3>\n<\/div>\n\n<div class=\"wp-block block-acf-spacer\">\n<div id=\"spacer-block_7f3f99bf52a15e3f1f1b08a92ab7b4ed\" class=\"\">\n    <div aria-hidden=\"true\" class=\"wp-block-spacer spacer--md\"><\/div>\n<\/div>\n<\/div>\n\n<div class=\"wp-block block-core-columns alignfull\">\n<div class=\"wp-block-columns alignfull is-layout-flex wp-container-core-columns-is-layout-8f761849 wp-block-columns-is-layout-flex\">\n<div class=\"wp-block-column is-layout-flow wp-block-column-is-layout-flow\"><div class=\"wp-block block-core-columns alignfull\">\n<div class=\"wp-block-columns alignfull is-layout-flex wp-container-core-columns-is-layout-8f761849 wp-block-columns-is-layout-flex\">\n<div class=\"wp-block-column is-layout-flow wp-block-column-is-layout-flow\"><div class=\"wp-block block-core-columns alignfull\">\n<div class=\"wp-block-columns alignfull is-layout-flex wp-container-core-columns-is-layout-8f761849 wp-block-columns-is-layout-flex\">\n<div class=\"wp-block-column is-layout-flow wp-block-column-is-layout-flow\"><div class=\"wp-block block-core-cover alignfull <div wp-elements-4c48d667915b73166b47df7c80aed176\">\n<div class=\"wp-block-cover alignfull has-parallax &lt;div has-primary-color has-text-color has-link-color wp-elements-4c48d667915b73166b47df7c80aed176\" id=\"quote\"><div class=\"wp-block-cover__image-background wp-image-28452 has-parallax\" style=\"background-position:50% 50%;background-image:url(https:\/\/ifesworld.org\/wp-content\/uploads\/2023\/08\/WA-cover-2.jpg)\"><\/div><span aria-hidden=\"true\" class=\"wp-block-cover__background has-primary-background-color has-background-dim\"><\/span><div class=\"wp-block-cover__inner-container is-layout-flow wp-block-cover-is-layout-flow\"><div class=\"wp-block block-core-paragraph has-white-color has-text-color has-link-color wp-elements-aa123ea97d35ce7a57e1a2005c924aef\">\n<p class=\"has-text-align-center has-white-color has-text-color has-link-color has-lg-font-size wp-elements-aa123ea97d35ce7a57e1a2005c924aef wp-block-paragraph\"><em><strong>\u201c<\/strong><\/em><strong><em>Al que puede hacer much\u00edsimo m\u00e1s que todo lo que podamos imaginarnos o pedir, por el poder que obra eficazmente en nosotros,\u00a1a \u00e9l sea la gloria en la iglesia y en Cristo Jes\u00fas por todas las generaciones, por los siglos de los siglos! Am\u00e9n.<\/em><\/strong><em><strong>\u201d&nbsp;<\/strong><\/em><\/p>\n<\/div>\n\n<div class=\"wp-block block-core-heading wp-elements-fbeef5eff02a07c16b8ca3a3c88d66b4\">\n<h2 class=\"wp-block-heading has-text-align-center has-white-color has-text-color has-link-color has-md-font-size wp-elements-fbeef5eff02a07c16b8ca3a3c88d66b4\"><strong><strong>Efesios 3:20-21<\/strong><\/strong><\/h2>\n<\/div><\/div><\/div>\n<\/div><\/div>\n<\/div>\n<\/div><\/div>\n<\/div>\n<\/div><\/div>\n<\/div>\n<\/div>\n\n<div class=\"wp-block block-core-columns alignfull\">\n<div class=\"wp-block-columns alignfull is-layout-flex wp-container-core-columns-is-layout-8f761849 wp-block-columns-is-layout-flex\">\n<div class=\"wp-block-column is-layout-flow wp-block-column-is-layout-flow\"><\/div>\n<\/div>\n<\/div>","protected":false},"excerpt":{"rendered":"<p>\u00a1Gracias por haber estado orando durante el D\u00eda Mundial del Estudiante 2025!\u00a0 28,816&nbsp;personas en 134 pa\u00edses y territorios estaban orando para que Dios hiciera much\u00edsimo m\u00e1s en campus de todo el mundo.&nbsp;&nbsp; Si estuviste orando y todav\u00eda no te has inscrito, a\u00f1\u00e1dete al mapa ahora:&nbsp; Ten en cuenta que el mapa no se actualiza inmediatamente,&#8230;<\/p>\n","protected":false},"author":3961,"featured_media":47255,"parent":0,"menu_order":0,"comment_status":"closed","ping_status":"closed","template":"","meta":{"_acf_changed":false,"_crdt_document":"","inline_featured_image":false,"footnotes":""},"area":[],"theme":[],"class_list":["post-272","page","type-page","status-publish","has-post-thumbnail","hentry"],"acf":[],"yoast_head":"<!-- This site is optimized with the Yoast SEO plugin v27.2 - https:\/\/yoast.com\/product\/yoast-seo-wordpress\/ -->\n<title>D\u00eda Mundial del Estudiante &#183; El jueves 16 de octubre de 2025<\/title>\n<meta name=\"description\" content=\"\u00a1Gracias por haber estado orando durante el D\u00eda Mundial del Estudiante 2025!\u00a0 28,816&nbsp;personas en 134 pa\u00edses y territorios estaban orando para que\" \/>\n<meta name=\"robots\" content=\"index, follow, max-snippet:-1, max-image-preview:large, max-video-preview:-1\" \/>\n<link rel=\"canonical\" href=\"https:\/\/ifesworld.org\/es\/dme\/\" \/>\n<meta property=\"og:locale\" content=\"es_ES\" \/>\n<meta property=\"og:type\" content=\"article\" \/>\n<meta property=\"og:title\" content=\"D\u00eda Mundial del Estudiante &#183; El jueves 16 de octubre de 2025\" \/>\n<meta property=\"og:description\" content=\"\u00a1Gracias por haber estado orando durante el D\u00eda Mundial del Estudiante 2025!\u00a0 28,816&nbsp;personas en 134 pa\u00edses y territorios estaban orando para que\" \/>\n<meta property=\"og:url\" content=\"https:\/\/ifesworld.org\/es\/dme\/\" \/>\n<meta property=\"og:site_name\" content=\"IFES\" \/>\n<meta property=\"article:modified_time\" content=\"2026-03-11T16:21:11+00:00\" \/>\n<meta property=\"og:image\" content=\"https:\/\/ifesworld.org\/wp-content\/uploads\/2025\/07\/4.png\" \/>\n\t<meta property=\"og:image:width\" content=\"1200\" \/>\n\t<meta property=\"og:image:height\" content=\"400\" \/>\n\t<meta property=\"og:image:type\" content=\"image\/png\" \/>\n<meta name=\"twitter:card\" content=\"summary_large_image\" \/>\n<meta name=\"twitter:label1\" content=\"Tiempo de lectura\" \/>\n\t<meta name=\"twitter:data1\" content=\"3 minutos\" \/>\n<script type=\"application\/ld+json\" class=\"yoast-schema-graph\">{\"@context\":\"https:\/\/schema.org\",\"@graph\":[{\"@type\":\"WebPage\",\"@id\":\"https:\/\/ifesworld.org\/es\/dme\/\",\"url\":\"https:\/\/ifesworld.org\/es\/dme\/\",\"name\":\"D\u00eda Mundial del Estudiante &#183; El jueves 16 de octubre de 2025\",\"isPartOf\":{\"@id\":\"https:\/\/ifesworld.org\/es\/#website\"},\"primaryImageOfPage\":{\"@id\":\"https:\/\/ifesworld.org\/es\/dme\/#primaryimage\"},\"image\":{\"@id\":\"https:\/\/ifesworld.org\/es\/dme\/#primaryimage\"},\"thumbnailUrl\":\"https:\/\/ifesworld.org\/wp-content\/uploads\/2025\/07\/4.png\",\"datePublished\":\"2019-04-17T08:04:22+00:00\",\"dateModified\":\"2026-03-11T16:21:11+00:00\",\"description\":\"\u00a1Gracias por haber estado orando durante el D\u00eda Mundial del Estudiante 2025!\u00a0 28,816&nbsp;personas en 134 pa\u00edses y territorios estaban orando para que\",\"breadcrumb\":{\"@id\":\"https:\/\/ifesworld.org\/es\/dme\/#breadcrumb\"},\"inLanguage\":\"es\",\"potentialAction\":[{\"@type\":\"ReadAction\",\"target\":[\"https:\/\/ifesworld.org\/es\/dme\/\"]}]},{\"@type\":\"ImageObject\",\"inLanguage\":\"es\",\"@id\":\"https:\/\/ifesworld.org\/es\/dme\/#primaryimage\",\"url\":\"https:\/\/ifesworld.org\/wp-content\/uploads\/2025\/07\/4.png\",\"contentUrl\":\"https:\/\/ifesworld.org\/wp-content\/uploads\/2025\/07\/4.png\",\"width\":1200,\"height\":400},{\"@type\":\"BreadcrumbList\",\"@id\":\"https:\/\/ifesworld.org\/es\/dme\/#breadcrumb\",\"itemListElement\":[{\"@type\":\"ListItem\",\"position\":1,\"name\":\"Home\",\"item\":\"https:\/\/ifesworld.org\/es\/\"},{\"@type\":\"ListItem\",\"position\":2,\"name\":\"D\u00eda Mundial del Estudiante\"}]},{\"@type\":\"WebSite\",\"@id\":\"https:\/\/ifesworld.org\/es\/#website\",\"url\":\"https:\/\/ifesworld.org\/es\/\",\"name\":\"IFES\",\"description\":\"A movement of students sharing and living out the good news of Jesus Christ. Locally. Nationally. Globally.\",\"publisher\":{\"@id\":\"https:\/\/ifesworld.org\/es\/#organization\"},\"potentialAction\":[{\"@type\":\"SearchAction\",\"target\":{\"@type\":\"EntryPoint\",\"urlTemplate\":\"https:\/\/ifesworld.org\/es\/?s={search_term_string}\"},\"query-input\":{\"@type\":\"PropertyValueSpecification\",\"valueRequired\":true,\"valueName\":\"search_term_string\"}}],\"inLanguage\":\"es\"},{\"@type\":\"Organization\",\"@id\":\"https:\/\/ifesworld.org\/es\/#organization\",\"name\":\"IFES \u00b7 International Fellowship of Evangelical Students\",\"url\":\"https:\/\/ifesworld.org\/es\/\",\"logo\":{\"@type\":\"ImageObject\",\"inLanguage\":\"es\",\"@id\":\"https:\/\/ifesworld.org\/es\/#\/schema\/logo\/image\/\",\"url\":\"https:\/\/ifesworld.org\/wp-content\/uploads\/2019\/06\/ifeslogo.png\",\"contentUrl\":\"https:\/\/ifesworld.org\/wp-content\/uploads\/2019\/06\/ifeslogo.png\",\"width\":262,\"height\":262,\"caption\":\"IFES \u00b7 International Fellowship of Evangelical Students\"},\"image\":{\"@id\":\"https:\/\/ifesworld.org\/es\/#\/schema\/logo\/image\/\"}}]}<\/script>\n<!-- \/ Yoast SEO plugin. -->","yoast_head_json":{"title":"D\u00eda Mundial del Estudiante &#183; El jueves 16 de octubre de 2025","description":"\u00a1Gracias por haber estado orando durante el D\u00eda Mundial del Estudiante 2025!\u00a0 28,816&nbsp;personas en 134 pa\u00edses y territorios estaban orando para que","robots":{"index":"index","follow":"follow","max-snippet":"max-snippet:-1","max-image-preview":"max-image-preview:large","max-video-preview":"max-video-preview:-1"},"canonical":"https:\/\/ifesworld.org\/es\/dme\/","og_locale":"es_ES","og_type":"article","og_title":"D\u00eda Mundial del Estudiante &#183; El jueves 16 de octubre de 2025","og_description":"\u00a1Gracias por haber estado orando durante el D\u00eda Mundial del Estudiante 2025!\u00a0 28,816&nbsp;personas en 134 pa\u00edses y territorios estaban orando para que","og_url":"https:\/\/ifesworld.org\/es\/dme\/","og_site_name":"IFES","article_modified_time":"2026-03-11T16:21:11+00:00","og_image":[{"width":1200,"height":400,"url":"https:\/\/ifesworld.org\/wp-content\/uploads\/2025\/07\/4.png","type":"image\/png"}],"twitter_card":"summary_large_image","twitter_misc":{"Tiempo de lectura":"3 minutos"},"schema":{"@context":"https:\/\/schema.org","@graph":[{"@type":"WebPage","@id":"https:\/\/ifesworld.org\/es\/dme\/","url":"https:\/\/ifesworld.org\/es\/dme\/","name":"D\u00eda Mundial del Estudiante &#183; El jueves 16 de octubre de 2025","isPartOf":{"@id":"https:\/\/ifesworld.org\/es\/#website"},"primaryImageOfPage":{"@id":"https:\/\/ifesworld.org\/es\/dme\/#primaryimage"},"image":{"@id":"https:\/\/ifesworld.org\/es\/dme\/#primaryimage"},"thumbnailUrl":"https:\/\/ifesworld.org\/wp-content\/uploads\/2025\/07\/4.png","datePublished":"2019-04-17T08:04:22+00:00","dateModified":"2026-03-11T16:21:11+00:00","description":"\u00a1Gracias por haber estado orando durante el D\u00eda Mundial del Estudiante 2025!\u00a0 28,816&nbsp;personas en 134 pa\u00edses y territorios estaban orando para que","breadcrumb":{"@id":"https:\/\/ifesworld.org\/es\/dme\/#breadcrumb"},"inLanguage":"es","potentialAction":[{"@type":"ReadAction","target":["https:\/\/ifesworld.org\/es\/dme\/"]}]},{"@type":"ImageObject","inLanguage":"es","@id":"https:\/\/ifesworld.org\/es\/dme\/#primaryimage","url":"https:\/\/ifesworld.org\/wp-content\/uploads\/2025\/07\/4.png","contentUrl":"https:\/\/ifesworld.org\/wp-content\/uploads\/2025\/07\/4.png","width":1200,"height":400},{"@type":"BreadcrumbList","@id":"https:\/\/ifesworld.org\/es\/dme\/#breadcrumb","itemListElement":[{"@type":"ListItem","position":1,"name":"Home","item":"https:\/\/ifesworld.org\/es\/"},{"@type":"ListItem","position":2,"name":"D\u00eda Mundial del Estudiante"}]},{"@type":"WebSite","@id":"https:\/\/ifesworld.org\/es\/#website","url":"https:\/\/ifesworld.org\/es\/","name":"IFES","description":"A movement of students sharing and living out the good news of Jesus Christ. Locally. Nationally. Globally.","publisher":{"@id":"https:\/\/ifesworld.org\/es\/#organization"},"potentialAction":[{"@type":"SearchAction","target":{"@type":"EntryPoint","urlTemplate":"https:\/\/ifesworld.org\/es\/?s={search_term_string}"},"query-input":{"@type":"PropertyValueSpecification","valueRequired":true,"valueName":"search_term_string"}}],"inLanguage":"es"},{"@type":"Organization","@id":"https:\/\/ifesworld.org\/es\/#organization","name":"IFES \u00b7 International Fellowship of Evangelical Students","url":"https:\/\/ifesworld.org\/es\/","logo":{"@type":"ImageObject","inLanguage":"es","@id":"https:\/\/ifesworld.org\/es\/#\/schema\/logo\/image\/","url":"https:\/\/ifesworld.org\/wp-content\/uploads\/2019\/06\/ifeslogo.png","contentUrl":"https:\/\/ifesworld.org\/wp-content\/uploads\/2019\/06\/ifeslogo.png","width":262,"height":262,"caption":"IFES \u00b7 International Fellowship of Evangelical Students"},"image":{"@id":"https:\/\/ifesworld.org\/es\/#\/schema\/logo\/image\/"}}]}},"_links":{"self":[{"href":"https:\/\/ifesworld.org\/es\/wp-json\/wp\/v2\/pages\/272","targetHints":{"allow":["GET"]}}],"collection":[{"href":"https:\/\/ifesworld.org\/es\/wp-json\/wp\/v2\/pages"}],"about":[{"href":"https:\/\/ifesworld.org\/es\/wp-json\/wp\/v2\/types\/page"}],"author":[{"embeddable":true,"href":"https:\/\/ifesworld.org\/es\/wp-json\/wp\/v2\/users\/3961"}],"replies":[{"embeddable":true,"href":"https:\/\/ifesworld.org\/es\/wp-json\/wp\/v2\/comments?post=272"}],"version-history":[{"count":2,"href":"https:\/\/ifesworld.org\/es\/wp-json\/wp\/v2\/pages\/272\/revisions"}],"predecessor-version":[{"id":50969,"href":"https:\/\/ifesworld.org\/es\/wp-json\/wp\/v2\/pages\/272\/revisions\/50969"}],"wp:featuredmedia":[{"embeddable":true,"href":"https:\/\/ifesworld.org\/es\/wp-json\/wp\/v2\/media\/47255"}],"wp:attachment":[{"href":"https:\/\/ifesworld.org\/es\/wp-json\/wp\/v2\/media?parent=272"}],"wp:term":[{"taxonomy":"area","embeddable":true,"href":"https:\/\/ifesworld.org\/es\/wp-json\/wp\/v2\/area?post=272"},{"taxonomy":"theme","embeddable":true,"href":"https:\/\/ifesworld.org\/es\/wp-json\/wp\/v2\/theme?post=272"}],"curies":[{"name":"wp","href":"https:\/\/api.w.org\/{rel}","templated":true}]}}