{"id":24751,"date":"2023-04-12T21:52:57","date_gmt":"2023-04-12T20:52:57","guid":{"rendered":"https:\/\/ifesworld.org\/?page_id=24751"},"modified":"2023-04-12T21:55:45","modified_gmt":"2023-04-12T20:55:45","slug":"asamblea-mundial-virtual","status":"publish","type":"page","link":"https:\/\/ifesworld.org\/es\/asamblea-mundial-virtual\/","title":{"rendered":"Asamblea Mundial Virtual"},"content":{"rendered":"<div class=\"wp-block block-core-paragraph\">\n<p class=\"wp-block-paragraph\">Por primera vez en nuestra historia vamos a ofrecer una parte del programa de la Asamblea Mundial de forma virtual durante el evento. Esto significa que cualquier persona que forme parte de nuestra comunidad podr\u00e1 compartir la experiencia de la Asamblea Mundial junto a los hermanos de su zona.<\/p>\n<\/div>\n\n<div class=\"wp-block block-core-paragraph\">\n<p class=\"wp-block-paragraph\">Estamos animando a los grupos locales a crear sus propios grupos remotos, que se reunir\u00e1n, retransmitir\u00e1n el evento en directo y pasar\u00e1n un tiempo de alabanza, compartiendo y anim\u00e1ndose unos a otros. No es un evento para disfrutar a solas: \u00a1es algo que se debe compartir!<\/p>\n<\/div>\n\n<div class=\"wp-block block-core-paragraph\">\n<p class=\"wp-block-paragraph\">Preg\u00fantale a tu l\u00edder local de IFES si hay alg\u00fan grupo registrado en tu zona.<\/p>\n<\/div>\n\n<div class=\"wp-block block-core-paragraph\">\n<p class=\"wp-block-paragraph\">Los nuevos grupos se podr\u00e1n registrar hasta el 30 de junio de 2023.<\/p>\n<\/div>\n\n<div class=\"wp-block block-core-heading\">\n<h2 class=\"wp-block-heading\"><strong>El programa<\/strong>&nbsp;<\/h2>\n<\/div>\n\n<div class=\"wp-block block-core-paragraph\">\n<p class=\"wp-block-paragraph\">Todas las partes del programa se retransmitir\u00e1n en directo y no estar\u00e1n disponibles para descargarse hasta despu\u00e9s del encuentro. La Asamblea Mundial 2023 tendr\u00e1 lugar en Yakarta, Indonesia (GMT+7). Tu movimiento nacional te podr\u00e1 confirmar en qu\u00e9 partes del programa est\u00e1 registrado tu grupo remoto.\u00a0<\/p>\n<\/div>\n\n<div class=\"wp-block block-core-paragraph\">\n<p class=\"wp-block-paragraph\"><\/p>\n<\/div>\n\n<div class=\"wp-block block-core-table\">\n<figure class=\"wp-block-table\"><table><tbody><tr><td><strong>Plenaria de la ma\u00f1ana<\/strong><\/td><td>Un viaje por los Salmos<\/td><td>09:00-11:30<\/td><td>3-9 de agosto<\/td><\/tr><tr><td><strong>Conversatorio<\/strong><\/td><td>Seminarios sobre temas importantes<\/td><td>16:30-18:00<\/td><td>4 de agosto<\/td><\/tr><tr><td><strong>Plenaria de la tarde<\/strong><\/td><td>Temas espec\u00edficos que afectan a la universidad<\/td><td>19:45<\/td><td>3-9 de agosto<\/td><\/tr><tr><td><strong>Noche indonesia y celebraci\u00f3n del 75\u00ba aniversario de IFES<\/strong><\/td><td><\/td><td>19:45<\/td><td>6 de agosto<\/td><\/tr><\/tbody><\/table><\/figure>\n<\/div>\n\n<div class=\"wp-block block-core-paragraph\">\n<p class=\"wp-block-paragraph\">Las preguntas para grupos peque\u00f1os y las notas de los seminarios estar\u00e1n disponibles para que los puedan utilizar durante la retransmisi\u00f3n. Les animamos a hablar con las personas de tu grupo remoto sobre lo que escuchan.&nbsp;<\/p>\n<\/div>\n\n<div class=\"wp-block block-core-heading\">\n<h2 class=\"wp-block-heading\"><strong>\u00bfA qui\u00e9n va dirigida?<\/strong>&nbsp;<\/h2>\n<\/div>\n\n<div class=\"wp-block block-core-paragraph\">\n<p class=\"wp-block-paragraph\">Les animamos a formar grupos diversos que puedan interactuar con los contenidos de la Asamblea Mundial. Aqu\u00ed tienen algunas cosas a tener en cuenta cuando formen un grupo remoto o cuando consideren si es algo que quieren hacer:&nbsp;<\/p>\n<\/div>\n\n<div class=\"wp-block block-core-list\">\n<ul class=\"wp-block-list\"><li><strong>Deber\u00e1 estar formado por estudiantes y obreros.<\/strong> IFES es un movimiento estudiantil, as\u00ed que queremos que haya estudiantes en estos grupos remotos. Tambi\u00e9n pueden participar obreros, miembros de comit\u00e9 y personas que apoyan a IFES.&nbsp;<\/li><li>Los participantes deber\u00e1n sentir <strong>pasi\u00f3n por compartir lo que han aprendido<\/strong>. \u00bfQui\u00e9n est\u00e1 preparado para aprender de este encuentro y ampliar sus horizontes? \u00bfQui\u00e9n ser\u00e1 capaz de reflexionar sobre lo que escucha y ve y ayudar al movimiento entero a beneficiarse y a crecer? \u00bfQui\u00e9n ha mostrado un compromiso con tu movimiento?&nbsp;&nbsp;<\/li><li>Los participantes deber\u00e1n ser <strong>cristianos comprometidos<\/strong>, que sean conocidos en tu movimiento. En la Asamblea Mundial habr\u00e1 personas que viven en contextos sensibles. Para ayudar a protegerlos a ellos y a sus movimientos durante la retransmisi\u00f3n en directo, pedimos que tus grupos est\u00e9n formados por personas que conoces y que compartan los valores de IFES.&nbsp;<\/li><li>Los participantes deber\u00e1n poder comunicarse en uno de los principales idiomas del encuentro (<strong>ingl\u00e9s, espa\u00f1ol o franc\u00e9s<\/strong>). Si te gustar\u00eda ofrecer interpretaci\u00f3n simult\u00e1nea en tu propio grupo remoto, te animamos a que lo organices, pero ten en cuenta que la retransmisi\u00f3n en directo solo estar\u00e1 disponible en los idiomas del encuentro.&nbsp;<\/li><\/ul>\n<\/div>\n\n<div class=\"wp-block block-core-paragraph\">\n<p class=\"wp-block-paragraph\">Los participantes individuales se podr\u00e1n registrar directamente por medio de tu facilitador local. Habla con tu l\u00edder de n\u00facleo si no est\u00e1s seguro de qui\u00e9n es el responsable.&nbsp;<\/p>\n<\/div>\n\n<div class=\"wp-block block-core-heading\">\n<h2 class=\"wp-block-heading\"><strong>\u00bfC\u00f3mo funciona?<\/strong><\/h2>\n<\/div>\n\n<div class=\"wp-block block-core-paragraph\">\n<p class=\"wp-block-paragraph\">Retransmitiremos las sesiones por Zoom y habr\u00e1 interpretaci\u00f3n en directo en ingl\u00e9s, espa\u00f1ol, franc\u00e9s e indonesio. Algunos grupos quiz\u00e1s quieran ofrecer interpretaci\u00f3n en otros idiomas: habla con tu facilitador remoto local para ver qu\u00e9 idiomas estar\u00e1n disponibles para ti. Si crees que se te da bien la interpretaci\u00f3n, quiz\u00e1s puedas ofrecerte a interpretar para tu grupo.&nbsp;<\/p>\n<\/div>\n\n<div class=\"wp-block block-core-paragraph\">\n<p class=\"wp-block-paragraph\">Todos los facilitadores remotos recibir\u00e1n un enlace a la retransmisi\u00f3n antes del evento. Despu\u00e9s de ver juntos la retransmisi\u00f3n en directo, podr\u00e1n debatir sobre lo que se habl\u00f3 utilizando las preguntas para grupos peque\u00f1os y las notas de debate.&nbsp;<\/p>\n<\/div>\n\n<div class=\"wp-block block-core-paragraph\">\n<p class=\"wp-block-paragraph\">Cada uno de los grupos remotos funcionar\u00e1 de forma diferente porque har\u00e1n que su experiencia sea adecuada y relevante a su contexto.&nbsp;<\/p>\n<\/div>\n\n<div class=\"wp-block block-core-paragraph\">\n<p class=\"wp-block-paragraph\">Nos encantar\u00eda ver qu\u00e9 deciden hacer para participar en la Asamblea Mundial y les animamos a utilizar la etiqueta de #ifeswa23.&nbsp;<\/p>\n<\/div>\n\n<div class=\"wp-block block-core-heading\">\n<h2 class=\"wp-block-heading\"><strong>C\u00f3mo puedes participar<\/strong>&nbsp;<\/h2>\n<\/div>\n\n<div class=\"wp-block block-core-paragraph\">\n<p class=\"wp-block-paragraph\">Habla con tu n\u00facleo sobre la Asamblea Mundial Virtual, para ver si hay alg\u00fan grupo que se vaya a reunir en tu zona. Tendr\u00e1s que registrarte en tu grupo remoto local.&nbsp;<\/p>\n<\/div>\n\n<div class=\"wp-block block-core-paragraph\">\n<p class=\"wp-block-paragraph\">Tu facilitador remoto recibir\u00e1 comunicaciones regulares con recursos y consejos para aprovechar al m\u00e1ximo la Asamblea Mundial Virtual.&nbsp;<\/p>\n<\/div>\n\n<div class=\"wp-block block-core-heading\">\n<h2 class=\"wp-block-heading\"><strong>Conectar con la comunidad global<\/strong>&nbsp;<\/h2>\n<\/div>\n\n<div class=\"wp-block block-core-paragraph\">\n<p class=\"wp-block-paragraph\">La Asamblea Mundial es un tiempo incre\u00edble en el que podemos compartir con la comunidad global. Esperamos que puedan aprovechar esta oportunidad \u00fanica de participar en la Asamblea Mundial.&nbsp;&nbsp;<\/p>\n<\/div>\n\n<div class=\"wp-block block-core-paragraph\">\n<p class=\"wp-block-paragraph\">Una vez que te hayas registrado, podremos a\u00f1adirte a la red de IFES Connect.\u00a0\u00a0<\/p>\n<\/div>\n\n<div class=\"wp-block block-acf-ifesbutton\">\n<div class=\"\">\n    <a id=\"btn-block_64371aa689541\" target=\"_blank\" href=\"https:\/\/connect.ifesworld.org\" class=\"btn btn--cta-link\">\n        <span>\n                    <span class=\"icon\"><svg class=\"icon\"><use xlink:href=\"#chevron-circle-right-solid\"\/><\/svg><\/span>\n        Haz clic aqu\u00ed para unirte a IFES Connect        <\/span>\n    <\/a>\n<\/div>\n\n<\/div>","protected":false},"excerpt":{"rendered":"<p>Por primera vez en nuestra historia vamos a ofrecer una parte del programa de la Asamblea Mundial de forma virtual durante el evento. Esto significa que cualquier persona que forme parte de nuestra comunidad podr\u00e1 compartir la experiencia de la Asamblea Mundial junto a los hermanos de su zona. Estamos animando a los grupos locales&#8230;<\/p>\n","protected":false},"author":20,"featured_media":0,"parent":0,"menu_order":0,"comment_status":"closed","ping_status":"closed","template":"","meta":{"_acf_changed":false,"_crdt_document":"","inline_featured_image":false,"footnotes":""},"area":[],"theme":[],"class_list":["post-24751","page","type-page","status-publish","hentry"],"acf":[],"yoast_head":"<!-- This site is optimized with the Yoast SEO plugin v27.2 - https:\/\/yoast.com\/product\/yoast-seo-wordpress\/ -->\n<title>Asamblea Mundial Virtual &#183; IFES<\/title>\n<meta name=\"description\" content=\"Por primera vez en nuestra historia vamos a ofrecer una parte del programa de la Asamblea Mundial de forma virtual durante el evento. Esto significa que\" \/>\n<meta name=\"robots\" content=\"index, follow, max-snippet:-1, max-image-preview:large, max-video-preview:-1\" \/>\n<link rel=\"canonical\" href=\"https:\/\/ifesworld.org\/en\/world-assembly-online\/\" \/>\n<meta property=\"og:locale\" content=\"es_ES\" \/>\n<meta property=\"og:type\" content=\"article\" \/>\n<meta property=\"og:title\" content=\"Asamblea Mundial Virtual &#183; IFES\" \/>\n<meta property=\"og:description\" content=\"Por primera vez en nuestra historia vamos a ofrecer una parte del programa de la Asamblea Mundial de forma virtual durante el evento. Esto significa que\" \/>\n<meta property=\"og:url\" content=\"https:\/\/ifesworld.org\/en\/world-assembly-online\/\" \/>\n<meta property=\"og:site_name\" content=\"IFES\" \/>\n<meta property=\"article:modified_time\" content=\"2023-04-12T20:55:45+00:00\" \/>\n<meta property=\"og:image\" content=\"https:\/\/ifesworld.org\/wp-content\/uploads\/2019\/06\/ifeslogo.png\" \/>\n\t<meta property=\"og:image:width\" content=\"262\" \/>\n\t<meta property=\"og:image:height\" content=\"262\" \/>\n\t<meta property=\"og:image:type\" content=\"image\/png\" \/>\n<meta name=\"twitter:card\" content=\"summary_large_image\" \/>\n<meta name=\"twitter:label1\" content=\"Tiempo de lectura\" \/>\n\t<meta name=\"twitter:data1\" content=\"4 minutos\" \/>\n<script type=\"application\/ld+json\" class=\"yoast-schema-graph\">{\"@context\":\"https:\/\/schema.org\",\"@graph\":[{\"@type\":\"WebPage\",\"@id\":\"https:\/\/ifesworld.org\/en\/world-assembly-online\/\",\"url\":\"https:\/\/ifesworld.org\/en\/world-assembly-online\/\",\"name\":\"Asamblea Mundial Virtual &#183; IFES\",\"isPartOf\":{\"@id\":\"https:\/\/ifesworld.org\/es\/#website\"},\"datePublished\":\"2023-04-12T20:52:57+00:00\",\"dateModified\":\"2023-04-12T20:55:45+00:00\",\"description\":\"Por primera vez en nuestra historia vamos a ofrecer una parte del programa de la Asamblea Mundial de forma virtual durante el evento. Esto significa que\",\"breadcrumb\":{\"@id\":\"https:\/\/ifesworld.org\/en\/world-assembly-online\/#breadcrumb\"},\"inLanguage\":\"es\",\"potentialAction\":[{\"@type\":\"ReadAction\",\"target\":[\"https:\/\/ifesworld.org\/en\/world-assembly-online\/\"]}]},{\"@type\":\"BreadcrumbList\",\"@id\":\"https:\/\/ifesworld.org\/en\/world-assembly-online\/#breadcrumb\",\"itemListElement\":[{\"@type\":\"ListItem\",\"position\":1,\"name\":\"Home\",\"item\":\"https:\/\/ifesworld.org\/es\/\"},{\"@type\":\"ListItem\",\"position\":2,\"name\":\"Asamblea Mundial Virtual\"}]},{\"@type\":\"WebSite\",\"@id\":\"https:\/\/ifesworld.org\/es\/#website\",\"url\":\"https:\/\/ifesworld.org\/es\/\",\"name\":\"IFES\",\"description\":\"A movement of students sharing and living out the good news of Jesus Christ. Locally. Nationally. Globally.\",\"publisher\":{\"@id\":\"https:\/\/ifesworld.org\/es\/#organization\"},\"potentialAction\":[{\"@type\":\"SearchAction\",\"target\":{\"@type\":\"EntryPoint\",\"urlTemplate\":\"https:\/\/ifesworld.org\/es\/?s={search_term_string}\"},\"query-input\":{\"@type\":\"PropertyValueSpecification\",\"valueRequired\":true,\"valueName\":\"search_term_string\"}}],\"inLanguage\":\"es\"},{\"@type\":\"Organization\",\"@id\":\"https:\/\/ifesworld.org\/es\/#organization\",\"name\":\"IFES \u00b7 International Fellowship of Evangelical Students\",\"url\":\"https:\/\/ifesworld.org\/es\/\",\"logo\":{\"@type\":\"ImageObject\",\"inLanguage\":\"es\",\"@id\":\"https:\/\/ifesworld.org\/es\/#\/schema\/logo\/image\/\",\"url\":\"https:\/\/ifesworld.org\/wp-content\/uploads\/2019\/06\/ifeslogo.png\",\"contentUrl\":\"https:\/\/ifesworld.org\/wp-content\/uploads\/2019\/06\/ifeslogo.png\",\"width\":262,\"height\":262,\"caption\":\"IFES \u00b7 International Fellowship of Evangelical Students\"},\"image\":{\"@id\":\"https:\/\/ifesworld.org\/es\/#\/schema\/logo\/image\/\"}}]}<\/script>\n<!-- \/ Yoast SEO plugin. -->","yoast_head_json":{"title":"Asamblea Mundial Virtual &#183; IFES","description":"Por primera vez en nuestra historia vamos a ofrecer una parte del programa de la Asamblea Mundial de forma virtual durante el evento. Esto significa que","robots":{"index":"index","follow":"follow","max-snippet":"max-snippet:-1","max-image-preview":"max-image-preview:large","max-video-preview":"max-video-preview:-1"},"canonical":"https:\/\/ifesworld.org\/en\/world-assembly-online\/","og_locale":"es_ES","og_type":"article","og_title":"Asamblea Mundial Virtual &#183; IFES","og_description":"Por primera vez en nuestra historia vamos a ofrecer una parte del programa de la Asamblea Mundial de forma virtual durante el evento. Esto significa que","og_url":"https:\/\/ifesworld.org\/en\/world-assembly-online\/","og_site_name":"IFES","article_modified_time":"2023-04-12T20:55:45+00:00","og_image":[{"width":262,"height":262,"url":"https:\/\/ifesworld.org\/wp-content\/uploads\/2019\/06\/ifeslogo.png","type":"image\/png"}],"twitter_card":"summary_large_image","twitter_misc":{"Tiempo de lectura":"4 minutos"},"schema":{"@context":"https:\/\/schema.org","@graph":[{"@type":"WebPage","@id":"https:\/\/ifesworld.org\/en\/world-assembly-online\/","url":"https:\/\/ifesworld.org\/en\/world-assembly-online\/","name":"Asamblea Mundial Virtual &#183; IFES","isPartOf":{"@id":"https:\/\/ifesworld.org\/es\/#website"},"datePublished":"2023-04-12T20:52:57+00:00","dateModified":"2023-04-12T20:55:45+00:00","description":"Por primera vez en nuestra historia vamos a ofrecer una parte del programa de la Asamblea Mundial de forma virtual durante el evento. Esto significa que","breadcrumb":{"@id":"https:\/\/ifesworld.org\/en\/world-assembly-online\/#breadcrumb"},"inLanguage":"es","potentialAction":[{"@type":"ReadAction","target":["https:\/\/ifesworld.org\/en\/world-assembly-online\/"]}]},{"@type":"BreadcrumbList","@id":"https:\/\/ifesworld.org\/en\/world-assembly-online\/#breadcrumb","itemListElement":[{"@type":"ListItem","position":1,"name":"Home","item":"https:\/\/ifesworld.org\/es\/"},{"@type":"ListItem","position":2,"name":"Asamblea Mundial Virtual"}]},{"@type":"WebSite","@id":"https:\/\/ifesworld.org\/es\/#website","url":"https:\/\/ifesworld.org\/es\/","name":"IFES","description":"A movement of students sharing and living out the good news of Jesus Christ. Locally. Nationally. Globally.","publisher":{"@id":"https:\/\/ifesworld.org\/es\/#organization"},"potentialAction":[{"@type":"SearchAction","target":{"@type":"EntryPoint","urlTemplate":"https:\/\/ifesworld.org\/es\/?s={search_term_string}"},"query-input":{"@type":"PropertyValueSpecification","valueRequired":true,"valueName":"search_term_string"}}],"inLanguage":"es"},{"@type":"Organization","@id":"https:\/\/ifesworld.org\/es\/#organization","name":"IFES \u00b7 International Fellowship of Evangelical Students","url":"https:\/\/ifesworld.org\/es\/","logo":{"@type":"ImageObject","inLanguage":"es","@id":"https:\/\/ifesworld.org\/es\/#\/schema\/logo\/image\/","url":"https:\/\/ifesworld.org\/wp-content\/uploads\/2019\/06\/ifeslogo.png","contentUrl":"https:\/\/ifesworld.org\/wp-content\/uploads\/2019\/06\/ifeslogo.png","width":262,"height":262,"caption":"IFES \u00b7 International Fellowship of Evangelical Students"},"image":{"@id":"https:\/\/ifesworld.org\/es\/#\/schema\/logo\/image\/"}}]}},"_links":{"self":[{"href":"https:\/\/ifesworld.org\/es\/wp-json\/wp\/v2\/pages\/24751","targetHints":{"allow":["GET"]}}],"collection":[{"href":"https:\/\/ifesworld.org\/es\/wp-json\/wp\/v2\/pages"}],"about":[{"href":"https:\/\/ifesworld.org\/es\/wp-json\/wp\/v2\/types\/page"}],"author":[{"embeddable":true,"href":"https:\/\/ifesworld.org\/es\/wp-json\/wp\/v2\/users\/20"}],"replies":[{"embeddable":true,"href":"https:\/\/ifesworld.org\/es\/wp-json\/wp\/v2\/comments?post=24751"}],"version-history":[{"count":0,"href":"https:\/\/ifesworld.org\/es\/wp-json\/wp\/v2\/pages\/24751\/revisions"}],"wp:attachment":[{"href":"https:\/\/ifesworld.org\/es\/wp-json\/wp\/v2\/media?parent=24751"}],"wp:term":[{"taxonomy":"area","embeddable":true,"href":"https:\/\/ifesworld.org\/es\/wp-json\/wp\/v2\/area?post=24751"},{"taxonomy":"theme","embeddable":true,"href":"https:\/\/ifesworld.org\/es\/wp-json\/wp\/v2\/theme?post=24751"}],"curies":[{"name":"wp","href":"https:\/\/api.w.org\/{rel}","templated":true}]}}