{"id":19672,"date":"2022-09-14T09:16:41","date_gmt":"2022-09-14T08:16:41","guid":{"rendered":"https:\/\/ifesworld.org\/?page_id=19672"},"modified":"2022-11-18T15:24:36","modified_gmt":"2022-11-18T15:24:36","slug":"informe-anual-de-ifes-2021-22","status":"publish","type":"page","link":"https:\/\/ifesworld.org\/es\/informe-anual-de-ifes-2021-22\/","title":{"rendered":"Informe Anual de IFES 2021-22"},"content":{"rendered":"<div class=\"wp-block block-core-group alignfull\">\n<div class=\"wp-block-group alignfull has-white-background-color has-background\"><div class=\"wp-block-group__inner-container is-layout-flow wp-block-group-is-layout-flow\"><div class=\"wp-block block-core-heading\">\n<h1 class=\"wp-block-heading\"><strong>Palabras de Tim Adams, Secretario General de IFES<\/strong><\/h1>\n<\/div>\n\n<div class=\"wp-block block-core-paragraph\">\n<p class=\"wp-block-paragraph\">Queridos amigos:<\/p>\n<\/div>\n\n<div class=\"wp-block block-core-quote is-style-default\">\n<blockquote class=\"wp-block-quote is-style-default is-layout-flow wp-block-quote-is-layout-flow\"><p><em><em><em>Nunca dejen de ser diligentes; antes bien, sirvan al Se\u00f1or con el fervor que da el Esp\u00edritu. Al\u00e9grense en la esperanza, muestren paciencia en el sufrimiento, perseveren en la oraci\u00f3n.<\/em><\/em><\/em><\/p><cite><em><em><em>Romanos 12:11-12<\/em><\/em><\/em><\/cite><\/blockquote>\n<\/div>\n\n<div class=\"wp-block block-core-gallery\">\n<figure class=\"wp-block-gallery has-nested-images columns-default is-cropped wp-block-gallery-1 is-layout-flex wp-block-gallery-is-layout-flex\">\n<figure class=\"wp-block-image size-large\"><img loading=\"lazy\" decoding=\"async\" width=\"2560\" height=\"902\" data-id=\"19575\" src=\"https:\/\/ifesworld.org\/wp-content\/uploads\/2022\/09\/p0220-20IFES20Senior20staff20in20Oxford20Dec20202120table20casual-scaled-e1662739288231.jpg\" alt=\"\" class=\"wp-image-19575\" srcset=\"https:\/\/ifesworld.org\/wp-content\/uploads\/2022\/09\/p0220-20IFES20Senior20staff20in20Oxford20Dec20202120table20casual-scaled-e1662739288231.jpg 2560w, https:\/\/ifesworld.org\/wp-content\/uploads\/2022\/09\/p0220-20IFES20Senior20staff20in20Oxford20Dec20202120table20casual-scaled-e1662739288231-300x106.jpg 300w, https:\/\/ifesworld.org\/wp-content\/uploads\/2022\/09\/p0220-20IFES20Senior20staff20in20Oxford20Dec20202120table20casual-scaled-e1662739288231-1024x361.jpg 1024w, https:\/\/ifesworld.org\/wp-content\/uploads\/2022\/09\/p0220-20IFES20Senior20staff20in20Oxford20Dec20202120table20casual-scaled-e1662739288231-768x271.jpg 768w, https:\/\/ifesworld.org\/wp-content\/uploads\/2022\/09\/p0220-20IFES20Senior20staff20in20Oxford20Dec20202120table20casual-scaled-e1662739288231-1536x541.jpg 1536w, https:\/\/ifesworld.org\/wp-content\/uploads\/2022\/09\/p0220-20IFES20Senior20staff20in20Oxford20Dec20202120table20casual-scaled-e1662739288231-2048x722.jpg 2048w\" sizes=\"auto, (max-width: 2560px) 100vw, 2560px\" \/><figcaption>Reuni\u00f3n de Tim con su equipo principal en Oxford<\/figcaption><\/figure>\n<\/figure>\n<\/div>\n\n<div class=\"wp-block block-core-paragraph\">\n<p class=\"wp-block-paragraph\">Esta exhortaci\u00f3n se convirti\u00f3 en un mantra para m\u00ed durante 2021, mi primer a\u00f1o como Secretario General de IFES. Lo sigo usando para mi salvapantallas.&nbsp;<\/p>\n<\/div>\n\n<div class=\"wp-block block-core-paragraph\">\n<p class=\"wp-block-paragraph\">Fue un duro comienzo de a\u00f1o para toda la Comunidad.&nbsp; Hubo mucha frustraci\u00f3n, dolor y l\u00e1grimas a medida que diferentes olas de la COVID-19 impactaban a los diferentes movimientos nacionales de todo el mundo.&nbsp; En julio, llevamos a cabo una semana de lamento con esperanza, la cual culmin\u00f3 en un virtual culto global.&nbsp; Nos reunimos para llorar juntos por todos aquellas personas que hab\u00edamos perdido y por los ministerios que hab\u00edan sido interrumpidos.&nbsp; Fuimos honestos en nuestros lamentos ante nuestro Dios y tomamos la decisi\u00f3n deliberada de alzar nuestros ojos hacia \u00c9l con esperanza.<\/p>\n<\/div>\n\n<div class=\"wp-block block-core-paragraph\">\n<p class=\"wp-block-paragraph\">Fue con esta misma esperanza deliberada que establecimos nuestra direcci\u00f3n para los a\u00f1os siguientes, basada en Creciendo Juntos: Crecer en testimonio, crecer en un discipulado de por vida, crecer en nuevos terrenos y crecer hacia el futuro.&nbsp;<\/p>\n<\/div>\n\n<div class=\"wp-block block-core-columns\">\n<div class=\"wp-block-columns is-layout-flex wp-container-core-columns-is-layout-8f761849 wp-block-columns-is-layout-flex\">\n<div class=\"wp-block-column is-layout-flow wp-block-column-is-layout-flow\" style=\"flex-basis:66.66%\"><div class=\"wp-block block-core-paragraph\">\n<p class=\"wp-block-paragraph\">Tal y como puedes leer en este informe, a pesar de haber sido un a\u00f1o dif\u00edcil, la presencia de Dios en medio de nuestros estudiantes y movimientos ha sido evidente.&nbsp; En los \u00faltimos meses, he podido conocer en persona a varios obreros y l\u00edderes nacionales.&nbsp; A pesar de la fragilidad, lo que sobresale es c\u00f3mo se han recuperado tanto los grupos locales como los movimientos nacionales. Algunos acontecimientos est\u00e1n atrayendo incluso a m\u00e1s estudiantes que antes.<\/p>\n<\/div>\n\n<div class=\"wp-block block-core-paragraph\">\n<p class=\"wp-block-paragraph\">Recientemente, me sent\u00e9 con el l\u00edder nacional de la obra estudiantil en un pa\u00eds de Eurasia y me cont\u00f3 acerca de sus eventos evangel\u00edsticos. Est\u00e1n viendo a estudiantes internacionales, incluso algunos procedentes de los que llamamos pa\u00edses cerrados, teniendo un encuentro con Jes\u00fas por primera vez. Cuando <a>estos estudiantes<\/a> se van a otros pa\u00edses, el movimiento los conecta con otros movimientos IFES e iglesias para que puedan seguir creciendo en su fe.<\/p>\n<\/div>\n\n<div class=\"wp-block block-core-paragraph\">\n<p class=\"wp-block-paragraph\">En IFES, vemos esta comunidad y esta expresi\u00f3n de colaboraci\u00f3n entre movimientos muy a menudo.&nbsp; Ambas quedan demostradas cuando los movimientos se apoyan y equipan mutuamente en diferentes proyectos, como es el caso de los esfuerzos pioneros en Abriendo nuevos caminos.&nbsp; Hemos sido testigos de muchos gestos de amor como respuesta a la guerra en Ucrania. Los obreros de CCX Ucrania han ayudado a centenares de estudiantes internacionales a alcanzar un lugar seguro. Los grupos estudiantiles de los pa\u00edses vecinos est\u00e1n ofreciendo tanto consejo como apoyo pr\u00e1ctico.&nbsp; Nuestros estudiantes, obreros y amigos est\u00e1n ayudando a los refugiados en su viaje, abriendo las puertas de sus hogares, dando apoyo pr\u00e1ctico y orando juntos en fe.<\/p>\n<\/div><\/div>\n\n\n\n<div class=\"wp-block-column is-layout-flow wp-block-column-is-layout-flow\" style=\"flex-basis:33.33%\"><div class=\"wp-block-image\">\n<figure class=\"aligncenter size-large\"><img loading=\"lazy\" decoding=\"async\" width=\"1707\" height=\"2560\" src=\"https:\/\/ifesworld.org\/wp-content\/uploads\/2022\/09\/DSC04907-edited-scaled.jpg\" alt=\"\" class=\"wp-image-19544\" srcset=\"https:\/\/ifesworld.org\/wp-content\/uploads\/2022\/09\/DSC04907-edited-scaled.jpg 1707w, https:\/\/ifesworld.org\/wp-content\/uploads\/2022\/09\/DSC04907-edited-200x300.jpg 200w, https:\/\/ifesworld.org\/wp-content\/uploads\/2022\/09\/DSC04907-edited-683x1024.jpg 683w, https:\/\/ifesworld.org\/wp-content\/uploads\/2022\/09\/DSC04907-edited-768x1151.jpg 768w, https:\/\/ifesworld.org\/wp-content\/uploads\/2022\/09\/DSC04907-edited-1024x1536.jpg 1024w, https:\/\/ifesworld.org\/wp-content\/uploads\/2022\/09\/DSC04907-edited-1366x2048.jpg 1366w\" sizes=\"auto, (max-width: 1707px) 100vw, 1707px\" \/><\/figure>\n<\/div><\/div>\n<\/div>\n<\/div>\n\n<div class=\"wp-block block-core-paragraph\">\n<p class=\"wp-block-paragraph\">Mirando hacia el futuro, esta conexi\u00f3n es crucial a medida que IFES cuida y empodera a los movimientos nacionales para que tanto los estudiantes como los graduados crezcan en su testimonio para Cristo.&nbsp; Seguiremos haciendo frente a los retos que nos encontremos y oro para que la exhortaci\u00f3n de Romanos 12 sea verdadera en todos nosotros.<\/p>\n<\/div>\n\n<div class=\"wp-block block-core-paragraph\">\n<p class=\"wp-block-paragraph\">Su hermano en Cristo:<\/p>\n<\/div>\n\n<div class=\"wp-block block-core-columns\">\n<div class=\"wp-block-columns is-layout-flex wp-container-core-columns-is-layout-8f761849 wp-block-columns-is-layout-flex\">\n<div class=\"wp-block-column is-layout-flow wp-block-column-is-layout-flow\" style=\"flex-basis:33.33%\"><div class=\"wp-block-image\">\n<figure class=\"alignleft size-large\"><img loading=\"lazy\" decoding=\"async\" width=\"90\" height=\"50\" src=\"https:\/\/ifesworld.org\/wp-content\/uploads\/2021\/06\/Tim-Adams-signature-e1622565509446.jpg\" alt=\"\" class=\"wp-image-15843\"\/><\/figure>\n<\/div><\/div>\n\n\n\n<div class=\"wp-block-column is-layout-flow wp-block-column-is-layout-flow\" style=\"flex-basis:66.66%\"><div class=\"wp-block block-core-paragraph\">\n<p class=\"wp-block-paragraph\">Tim Adams&nbsp;<br>Secretario General de IFES<\/p>\n<\/div><\/div>\n<\/div>\n<\/div><\/div>\n<\/div><\/div>\n\n<div class=\"wp-block block-core-paragraph\">\n<p class=\"wp-block-paragraph\"><\/p>\n<\/div>\n\n<div class=\"wp-block block-core-cover alignfull\">\n<div class=\"wp-block-cover alignfull\"><span aria-hidden=\"true\" class=\"wp-block-cover__background has-background-dim\"><\/span><img loading=\"lazy\" decoding=\"async\" width=\"2560\" height=\"1707\" class=\"wp-block-cover__image-background wp-image-19562\" alt=\"UCCF Great Britain Students at Forum Worship\" src=\"https:\/\/ifesworld.org\/wp-content\/uploads\/2022\/09\/p00-filler-UCCF-students-at-Forum-worship-2-scaled.jpg\" style=\"object-position:53% 4%\" data-object-fit=\"cover\" data-object-position=\"53% 4%\" srcset=\"https:\/\/ifesworld.org\/wp-content\/uploads\/2022\/09\/p00-filler-UCCF-students-at-Forum-worship-2-scaled.jpg 2560w, https:\/\/ifesworld.org\/wp-content\/uploads\/2022\/09\/p00-filler-UCCF-students-at-Forum-worship-2-300x200.jpg 300w, https:\/\/ifesworld.org\/wp-content\/uploads\/2022\/09\/p00-filler-UCCF-students-at-Forum-worship-2-1024x683.jpg 1024w, https:\/\/ifesworld.org\/wp-content\/uploads\/2022\/09\/p00-filler-UCCF-students-at-Forum-worship-2-768x512.jpg 768w, https:\/\/ifesworld.org\/wp-content\/uploads\/2022\/09\/p00-filler-UCCF-students-at-Forum-worship-2-1536x1024.jpg 1536w, https:\/\/ifesworld.org\/wp-content\/uploads\/2022\/09\/p00-filler-UCCF-students-at-Forum-worship-2-2048x1365.jpg 2048w\" sizes=\"auto, (max-width: 2560px) 100vw, 2560px\" \/><div class=\"wp-block-cover__inner-container is-layout-flow wp-block-cover-is-layout-flow\"><div class=\"wp-block block-core-heading\">\n<h1 class=\"has-white-color has-text-color wp-block-heading\"><strong>VISI\u00d3N<\/strong><\/h1>\n<\/div>\n\n<div class=\"wp-block block-core-paragraph\">\n<p class=\"wp-block-paragraph\">Nuestra visi\u00f3n consiste en ver estudiantes&nbsp;creciendo juntos como comunidades de disc\u00edpulos, que son transformados por el evangelio, y que impactan a la universidad, la iglesia,&nbsp; y la sociedad para la gloria de Cristo. &nbsp;<\/p>\n<\/div>\n\n<div class=\"wp-block block-core-paragraph\">\n<p class=\"wp-block-paragraph\">IFES moldea las vidas y desarrolla a los l\u00edderes estudiantiles del mundo. Brindamos apoyo a movimientos liderados por estudiantes locales en m\u00e1s de 180 pa\u00edses distintos y estamos comprometidos con ver el testimonio estudiantil establecido en todas las universidades del mundo.<\/p>\n<\/div><\/div><\/div>\n<\/div>\n\n<div class=\"wp-block block-core-group alignfull\">\n<div class=\"wp-block-group alignfull has-white-dark-background-color has-background\"><div class=\"wp-block-group__inner-container is-layout-flow wp-block-group-is-layout-flow\"><div class=\"wp-block block-core-heading\">\n<h1 class=\"has-text-align-left has-primary-color has-text-color wp-block-heading\"><strong>NUESTRO TRABAJO<\/strong><\/h1>\n<\/div>\n\n<div class=\"wp-block block-pb-accordion-item\">\n<div class=\"wp-block-pb-accordion-item c-accordion__item js-accordion-item no-js\" data-initially-open=\"false\" data-click-to-close=\"true\" data-auto-close=\"true\" data-scroll=\"false\" data-scroll-offset=\"0\"><h2 id=\"at-196720\" class=\"c-accordion__title js-accordion-controller\" role=\"button\"><strong>OBRA PIONERA: CRECER EN NUEVOS TERRENOS<\/strong><\/h2><div id=\"ac-196720\" class=\"c-accordion__content\"><div class=\"wp-block block-core-paragraph\">\n<p class=\"wp-block-paragraph\">A\u00fan quedan miles de campus&nbsp; en todo el mundo sin un testimonio cristiano. IFES sigue trabajando para dar a todos los estudiantes la oportunidad de escuchar de Jes\u00fas por medio de la obra pionera en los campus, ciudades y pa\u00edses nuevos. &nbsp;<\/p>\n<\/div>\n\n<div class=\"wp-block block-core-paragraph\">\n<p class=\"wp-block-paragraph\">Despu\u00e9s de asistir a la Asamblea Mundial de IFES de 2019, Sam, un obrero de InterVarsity USA de ascendencia tongana, se sinti\u00f3 llamado a reiniciar el ministerio de IFES en Tonga.&nbsp; Cuando se encontr\u00f3 con problemas de visado, pens\u00f3 que su plan perfecto estaba arruinado.&nbsp; Sin embargo, Dios obra de maneras misteriosas.&nbsp; Al cabo de poco, Sam se enter\u00f3 de que exist\u00eda una necesidad para el ministerio estudiantil en Guam, una isla en la que IFES jam\u00e1s hab\u00eda tenido presencia.&nbsp; Adem\u00e1s, como Guam es parte del territorio estadounidense, Sam no necesitaba visado.&nbsp;<\/p>\n<\/div>\n\n<div class=\"wp-block block-core-gallery\">\n<figure class=\"wp-block-gallery has-nested-images columns-default is-cropped wp-block-gallery-2 is-layout-flex wp-block-gallery-is-layout-flex\">\n<figure class=\"wp-block-image size-large\"><img loading=\"lazy\" decoding=\"async\" width=\"1600\" height=\"900\" data-id=\"19596\" src=\"https:\/\/ifesworld.org\/wp-content\/uploads\/2022\/09\/p05-Sam-works-to-launch-ministry-in-Guam-edited.jpg\" alt=\"\" class=\"wp-image-19596\" srcset=\"https:\/\/ifesworld.org\/wp-content\/uploads\/2022\/09\/p05-Sam-works-to-launch-ministry-in-Guam-edited.jpg 1600w, https:\/\/ifesworld.org\/wp-content\/uploads\/2022\/09\/p05-Sam-works-to-launch-ministry-in-Guam-edited-300x169.jpg 300w, https:\/\/ifesworld.org\/wp-content\/uploads\/2022\/09\/p05-Sam-works-to-launch-ministry-in-Guam-edited-1024x576.jpg 1024w, https:\/\/ifesworld.org\/wp-content\/uploads\/2022\/09\/p05-Sam-works-to-launch-ministry-in-Guam-edited-768x432.jpg 768w, https:\/\/ifesworld.org\/wp-content\/uploads\/2022\/09\/p05-Sam-works-to-launch-ministry-in-Guam-edited-1536x864.jpg 1536w\" sizes=\"auto, (max-width: 1600px) 100vw, 1600px\" \/><figcaption>Lanzamiento del ministerio en Guam<\/figcaption><\/figure>\n<\/figure>\n<\/div>\n\n<div class=\"wp-block block-core-quote is-style-plain\">\n<blockquote class=\"wp-block-quote is-style-plain is-layout-flow wp-block-quote-is-layout-flow\"><p><em><em>Guam ha sido uno de los puntos m\u00e1s destacados en el Pac\u00edfico Sur en 2021. &nbsp;En la actualidad, se llevan a cabo dos estudios b\u00edblicos por semana.&nbsp; Sam lidera el estudio b\u00edblico estudiantil local en un grupo multicultural y est\u00e1 yendo bien. Adem\u00e1s, dos estudiantes lideran un estudio b\u00edblico con estudiantes de toda la Micronesia. Por lo general, unos 20 estudiantes asisten a estos estudios y uno de ellos tom\u00f3 la decisi\u00f3n recientemente de seguir a Jes\u00fas. Adem\u00e1s, muchos de ellos lo est\u00e1n buscando.&nbsp; <\/em>Hasta ahora, <a>el ministerio<\/a><em> se ha centrado en la Universidad de Guam, pero empezar\u00e1 a alcanzar a dos instituciones m\u00e1s.<\/em><\/em><\/p><cite><strong><strong>David, Secretario Regional, IFES Pac\u00edfico Sur<\/strong><\/strong><\/cite><\/blockquote>\n<\/div>\n\n<div class=\"wp-block block-core-paragraph\">\n<p class=\"wp-block-paragraph\">En 2019, Jongho, del equipo regional de Asia del Este, visit\u00f3 por primera vez un pa\u00eds cerrado para empezar una obra pionera. Sin embargo, la pandemia hizo que fuera imposible volver a visitarlo.&nbsp; Gracias a internet, el ministerio pudo empezar online. Se llevaron a cabo reuniones y se comparti\u00f3 el evangelio a pesar de ser un pa\u00eds donde ser cristiano es muy dif\u00edcil.<\/p>\n<\/div>\n\n<div class=\"wp-block block-core-quote is-style-plain\">\n<blockquote class=\"wp-block-quote is-style-plain is-layout-flow wp-block-quote-is-layout-flow\"><p><em><em>El Se\u00f1or cerr\u00f3 una puerta, pero abri\u00f3 una mejor.&nbsp; Hemos hecho <a>mucho<\/a> progreso y finalmente tenemos el primer obrero local all\u00ed.&nbsp; La obra de Dios es misteriosa pero segura. <\/em><\/em><\/p><cite><strong><strong>Jongho, Secretario Regional Asociado, IFES Asia del Este<\/strong><\/strong><\/cite><\/blockquote>\n<\/div><\/div><\/div>\n<\/div>\n\n<div class=\"wp-block block-pb-accordion-item\">\n<div class=\"wp-block-pb-accordion-item c-accordion__item js-accordion-item no-js\" data-initially-open=\"false\" data-click-to-close=\"true\" data-auto-close=\"true\" data-scroll=\"false\" data-scroll-offset=\"0\"><h2 id=\"at-196721\" class=\"c-accordion__title js-accordion-controller\" role=\"button\"><strong>EVANGELIZACI\u00d3N: CRECER EN TESTIMONIO<\/strong><\/h2><div id=\"ac-196721\" class=\"c-accordion__content\"><div class=\"wp-block block-core-paragraph\">\n<p class=\"wp-block-paragraph\"><em><em>Yo les digo: \u00a1Abran los ojos y miren los campos sembrados! Ya la cosecha est\u00e1 madura.<\/em> (Juan 4:35)<\/em><\/p>\n<\/div>\n\n<div class=\"wp-block block-core-paragraph\">\n<p class=\"wp-block-paragraph\">Creemos que la mejor manera de alcanzar a estudiantes es mediante otros estudiantes.&nbsp; IFES ofrece formaci\u00f3n, financiaci\u00f3n y materiales para capacitar a los estudiantes en su testimonio tanto personal como p\u00fablico.&nbsp;<\/p>\n<\/div>\n\n<div class=\"wp-block block-core-heading\">\n<h3 class=\"wp-block-heading\"><strong>Ministerio de Estudiantes Internacionales<\/strong><\/h3>\n<\/div>\n\n<div class=\"wp-block block-core-paragraph\">\n<p class=\"wp-block-paragraph\">Antes de la guerra, CXX Ucrania comparti\u00f3 la historia de Kamia, una joven que dej\u00f3 su hogar en la India para estudiar en Lviv.&nbsp; Cuando Zhenya, voluntaria de CCX, vio a Kamia sentada sola en un banco en un descanso, decidi\u00f3 ir a decirle hola.&nbsp; Las dos se hicieron amigas y ambas se presentaron a sus c\u00edrculos sociales respectivos.&nbsp; Inspirado por esta conexi\u00f3n, CCX Lviv empez\u00f3 un club para estudiantes internacionales con clases de ucraniano, intercambios culturales y oportunidades para compartir el evangelio.&nbsp; Dios ha usado la valent\u00eda de Zhenya para construir puentes y compartir el evangelio con unos cincuenta estudiantes internacionales.<\/p>\n<\/div>\n\n<div class=\"wp-block block-core-heading\">\n<h3 class=\"wp-block-heading\"><strong>La red FEUER<\/strong><\/h3>\n<\/div>\n\n<div class=\"wp-block block-core-paragraph\">\n<p class=\"wp-block-paragraph\">Este a\u00f1o, la Comunidad de Evangelistas en las Universidades de Europa organiz\u00f3, por primera vez desde el inicio de la pandemia, un congreso para compartir, orar, animar y aprender unos de otros acerca de su visi\u00f3n para la evangelizaci\u00f3n p\u00fablica en las universidades europeas.&nbsp; Joe, obrero de GBU Portugal, comparti\u00f3 las dificultades con las que se hab\u00eda encontrado para organizar semanas de misiones en la universidad debido a las restricciones en constante cambio que comport\u00f3 la COVID-19. Sin embargo, Joe pudo ver a Dios trabajando a trav\u00e9s de estas restricciones.&nbsp; Un ejemplo es la historia de Rafaela, una estudiante cuyo padre odiaba el cristianismo y le prohibi\u00f3 que asistiera a los eventos de GBU.&nbsp; A pesar de ello, ella sinti\u00f3 la suficiente curiosidad como para ver la semana de misiones y las reuniones de GBU por internet, adem\u00e1s de escribir en el chat sin que su padre la oyera hablar acerca de la Biblia.&nbsp; Poco despu\u00e9s, Rafaela acept\u00f3 a Jes\u00fas como su Salvador y empez\u00f3 a asistir a una iglesia local.<\/p>\n<\/div><\/div><\/div>\n<\/div>\n\n<div class=\"wp-block block-pb-accordion-item\">\n<div class=\"wp-block-pb-accordion-item c-accordion__item js-accordion-item no-js\" data-initially-open=\"false\" data-click-to-close=\"true\" data-auto-close=\"true\" data-scroll=\"false\" data-scroll-offset=\"0\"><h2 id=\"at-196722\" class=\"c-accordion__title js-accordion-controller\" role=\"button\"><strong>DESARROLLO DEL LIDERAZGO: Crecer en el compromiso de por vida<\/strong><\/h2><div id=\"ac-196722\" class=\"c-accordion__content\"><div class=\"wp-block block-core-paragraph\">\n<p class=\"wp-block-paragraph\"><em><em>M\u00e1s bien, al vivir la verdad con amor, creceremos hasta ser en todo como aquel que es la cabeza, es decir, Cristo.<\/em> (Efesios 4:15)<\/em><\/p>\n<\/div>\n\n<div class=\"wp-block block-core-heading\">\n<h3 class=\"wp-block-heading\"><strong>REUNI\u00d3N DE MENA PARA CRISTIANOS DE TRASFONDO MUSULM\u00c1N<\/strong><\/h3>\n<\/div>\n\n<div class=\"wp-block block-core-paragraph\">\n<p class=\"wp-block-paragraph\">Ante la presi\u00f3n que viven los cristianos en algunas partes de Medio Oriente y \u00c1frica del Norte (MENA), el equipo regional reuni\u00f3 a los j\u00f3venes l\u00edderes emergentes de trasfondo musulm\u00e1n en un congreso de capacitaci\u00f3n, a fin de formarlos para que puedan llevar a cabo el ministerio estudiantil.<\/p>\n<\/div>\n\n<div class=\"wp-block block-core-quote is-style-plain\">\n<blockquote class=\"wp-block-quote is-style-plain is-layout-flow wp-block-quote-is-layout-flow\"><p><em><em>Una formaci\u00f3n completa basada en toda la Biblia.&nbsp; Ahora tengo m\u00e1s seguridad en lo que creo y mi fe se ha visto fortalecida.<\/em><\/em><\/p><cite><strong><strong>Un asistente de la reuni\u00f3n de MENA<\/strong><\/strong><\/cite><\/blockquote>\n<\/div>\n\n<div class=\"wp-block block-core-heading\">\n<h3 class=\"wp-block-heading\">EURASIA: FORMACI\u00d3N&nbsp;<\/h3>\n<\/div>\n\n<div class=\"wp-block block-core-paragraph\">\n<p class=\"wp-block-paragraph\">Los estudiantes se reunieron en persona en ocho congresos nacionales durante el d\u00eda y como la regi\u00f3n entera en las sesiones virtuales de la noche.&nbsp; 176 personas asistieron a estos congresos, m\u00e1s que nunca.&nbsp; A pesar de las pantallas que hab\u00eda entre ellos, el poder transformador de Dios estuvo movi\u00e9ndose y las reuniones de oraci\u00f3n, junto con el intercambio de testimonios personales, fueron los momentos m\u00e1s destacados. Un obrero comparti\u00f3 que \u201cjam\u00e1s hab\u00eda visto la obra del Esp\u00edritu Santo tan claramente\u201d. Ahora, los estudiantes est\u00e1n capacitados para alcanzar a sus campus con el mensaje del evangelio.<\/p>\n<\/div>\n\n<div class=\"wp-block block-core-quote is-style-plain\">\n<blockquote class=\"wp-block-quote is-style-plain is-layout-flow wp-block-quote-is-layout-flow\"><p><em><em><em>De camino hacia aqu\u00ed, no sab\u00eda qu\u00e9 esperar.&nbsp; Solo leo la Biblia de vez en cuando y no <a>oro<\/a> mucho.&nbsp; Sin embargo, ten\u00eda el deseo de tener un encuentro con Dios.&nbsp; Aqu\u00ed, tom\u00e9 la decisi\u00f3n de buscar a Dios cada d\u00eda.&nbsp; Tambi\u00e9n decid\u00ed hablar con mi padre, el cual tiene muchos problemas, acerca de Cristo. <\/em><\/em><\/em><\/p><cite><strong><strong><strong>Un asistente de <em>Formaci\u00f3n <\/em>Eurasia<\/strong><\/strong><\/strong><\/cite><\/blockquote>\n<\/div>\n\n<div class=\"wp-block block-core-gallery\">\n<figure class=\"wp-block-gallery has-nested-images columns-default is-cropped wp-block-gallery-3 is-layout-flex wp-block-gallery-is-layout-flex\">\n<figure class=\"wp-block-image size-large\"><img loading=\"lazy\" decoding=\"async\" width=\"1943\" height=\"709\" data-id=\"19598\" src=\"https:\/\/ifesworld.org\/wp-content\/uploads\/2022\/09\/p04-Eurasia-Formacion-in-Moldova-e1662982123302.jpg\" alt=\"\" class=\"wp-image-19598\" srcset=\"https:\/\/ifesworld.org\/wp-content\/uploads\/2022\/09\/p04-Eurasia-Formacion-in-Moldova-e1662982123302.jpg 1943w, https:\/\/ifesworld.org\/wp-content\/uploads\/2022\/09\/p04-Eurasia-Formacion-in-Moldova-e1662982123302-300x109.jpg 300w, https:\/\/ifesworld.org\/wp-content\/uploads\/2022\/09\/p04-Eurasia-Formacion-in-Moldova-e1662982123302-1024x374.jpg 1024w, https:\/\/ifesworld.org\/wp-content\/uploads\/2022\/09\/p04-Eurasia-Formacion-in-Moldova-e1662982123302-768x280.jpg 768w, https:\/\/ifesworld.org\/wp-content\/uploads\/2022\/09\/p04-Eurasia-Formacion-in-Moldova-e1662982123302-1536x560.jpg 1536w\" sizes=\"auto, (max-width: 1943px) 100vw, 1943px\" \/><figcaption>Eurasia Formaci\u00f3n en Moldovia<\/figcaption><\/figure>\n<\/figure>\n<\/div>\n\n<div class=\"wp-block block-core-heading\">\n<h3 class=\"wp-block-heading\"><strong>INSTITUTO DE FORMACI\u00d3N DE \u00c1FRICA FRANC\u00d3FONA CACC&nbsp;<\/strong>&nbsp;<\/h3>\n<\/div>\n\n<div class=\"wp-block block-core-paragraph\">\n<p class=\"wp-block-paragraph\">Durante junio y julio de 2021, 34 l\u00edderes de diferentes movimientos estudiantiles locales (incluyendo 11 que asist\u00edan por primera vez), participaron en la formaci\u00f3n de l\u00edderes online de la regi\u00f3n.&nbsp; El valor estrat\u00e9gico de estas sesiones con el Centre Africain du Christianisme Contemporain (CACC) para crear l\u00edderes est\u00e1 demostrado por el hecho de que 12 de los 19 movimientos de \u00c1frica franc\u00f3fona tienen, en la actualidad, secretarios generales que participaron en esta formaci\u00f3n. &nbsp;&nbsp;&nbsp;<\/p>\n<\/div>\n\n<div class=\"wp-block block-core-quote is-style-plain\">\n<blockquote class=\"wp-block-quote is-style-plain is-layout-flow wp-block-quote-is-layout-flow\"><p><em><em><em><em>En solo una sesi\u00f3n, CACC ha transformado completamente la manera en la que veo los problemas.&nbsp; Ya no solo soporto las situaciones, sino que trabajo para transformarlas.&nbsp; He aprendido a agudizar mi esp\u00edritu cr\u00edtico. <\/em><\/em><\/em><\/em><\/p><cite><strong><strong><strong><strong>Christophe, Rep\u00fablica Democr\u00e1tica del Congo<\/strong><\/strong><\/strong><\/strong><\/cite><\/blockquote>\n<\/div>\n\n<div class=\"wp-block block-core-gallery\">\n<figure class=\"wp-block-gallery has-nested-images columns-default is-cropped wp-block-gallery-4 is-layout-flex wp-block-gallery-is-layout-flex\">\n<figure class=\"wp-block-image size-large\"><img loading=\"lazy\" decoding=\"async\" width=\"1080\" height=\"720\" data-id=\"19600\" src=\"https:\/\/ifesworld.org\/wp-content\/uploads\/2022\/09\/p00-filler-Leadership-Training-in-Benin.jpg\" alt=\"\" class=\"wp-image-19600\" srcset=\"https:\/\/ifesworld.org\/wp-content\/uploads\/2022\/09\/p00-filler-Leadership-Training-in-Benin.jpg 1080w, https:\/\/ifesworld.org\/wp-content\/uploads\/2022\/09\/p00-filler-Leadership-Training-in-Benin-300x200.jpg 300w, https:\/\/ifesworld.org\/wp-content\/uploads\/2022\/09\/p00-filler-Leadership-Training-in-Benin-1024x683.jpg 1024w, https:\/\/ifesworld.org\/wp-content\/uploads\/2022\/09\/p00-filler-Leadership-Training-in-Benin-768x512.jpg 768w\" sizes=\"auto, (max-width: 1080px) 100vw, 1080px\" \/><figcaption>Formaci\u00f3n en liderazgo en Ben\u00edn<\/figcaption><\/figure>\n<\/figure>\n<\/div>\n\n<div class=\"wp-block block-core-heading\">\n<h3 class=\"wp-block-heading\"><strong>IMPACTO DE LOS GRADUADOS&nbsp;<\/strong>&nbsp;<\/h3>\n<\/div>\n\n<div class=\"wp-block block-core-paragraph\">\n<p class=\"wp-block-paragraph\">IFES invierte en estudiantes que se convertir\u00e1n en l\u00edderes con integridad y visi\u00f3n de por vida.&nbsp; Por esta raz\u00f3n, nuestro trabajo no se limita a la universidad, sino que tambi\u00e9n apoya a los graduados.&nbsp; En 2021, Impacto de los Graduados de IFES public\u00f3 una investigaci\u00f3n acerca de las dificultades a las que se enfrentan los j\u00f3venes cuando intentan vivir para Jes\u00fas en su lugar de trabajo.&nbsp; Se dieron cuenta de que los profesionales cristianos j\u00f3venes est\u00e1n en una posici\u00f3n \u00fanica, en la intersecci\u00f3n entre la comunidad cristiana y la profesional. Ello requiere un apoyo dedicado a construir un puente entre ambas y a ofrecer una contribuci\u00f3n cristiana relevante a la sociedad.&nbsp; Impacto de los Graduados tambi\u00e9n lanz\u00f3 24 nuevas comunidades de aprendizaje Cross-Current para graduados, sumando en total 45 grupos con m\u00e1s de 700 participantes en 20 pa\u00edses (incluyendo el que es el primer grupo en \u00c1frica franc\u00f3fona). Tambi\u00e9n se han puesto en marcha nuevas iniciativas en el ministerio entre los graduados de Am\u00e9rica Latina y Asia del Sur.<\/p>\n<\/div><\/div><\/div>\n<\/div>\n\n<div class=\"wp-block block-core-paragraph\">\n<p class=\"wp-block-paragraph\"><\/p>\n<\/div>\n\n<div class=\"wp-block block-acf-spacer\">\n<div id=\"spacer-block_631f3143414a1\" class=\"\">\n    <div aria-hidden=\"true\" class=\"wp-block-spacer spacer--md\"><\/div>\n<\/div>\n<\/div>\n\n<div class=\"wp-block block-core-cover alignfull\">\n<div class=\"wp-block-cover alignfull is-light has-parallax\" style=\"background-image:url(https:\/\/ifesworld.org\/wp-content\/uploads\/2022\/09\/p08-Commission.jpg)\"><span aria-hidden=\"true\" class=\"wp-block-cover__background has-background-dim-40 has-background-dim\"><\/span><div class=\"wp-block-cover__inner-container is-layout-flow wp-block-cover-is-layout-flow\"><div class=\"wp-block block-core-heading\">\n<h1 class=\"has-white-color has-text-color wp-block-heading\">EVENTo<\/h1>\n<\/div>\n\n<div class=\"wp-block block-core-paragraph\">\n<p class=\"has-white-color has-text-color wp-block-paragraph\">Algunas regiones y movimientos nacionales pudieron volver a organizar eventos presenciales en 2021.&nbsp; El congreso trienal <em>Commission<\/em> de FOCUS Kenia tambi\u00e9n sirve como un punto de encuentro regional clave en la regi\u00f3n de \u00c1frica angl\u00f3fona y lus\u00f3fona, incluyendo a delegados de Sud\u00e1n y Nigeria, adem\u00e1s de otros pa\u00edses m\u00e1s lejanos, como los EE. UU. y Brasil.&nbsp; El prop\u00f3sito de este congreso es capacitar y animar a los estudiantes para que se&nbsp; involucren en las <a>misiones <\/a>&nbsp;por todo el mundo. El <em>Commission<\/em> de este a\u00f1o sirvi\u00f3 a m\u00e1s de 10.000 participantes, tanto presenciales como virtuales.<\/p>\n<\/div>\n\n<div class=\"wp-block block-core-paragraph\">\n<p class=\"has-white-color has-text-color wp-block-paragraph\"><em><em>Despu\u00e9s de <\/em>Commission <em>he asistido a dos misiones organizadas por mi grupo estudiantil y conf\u00edo en que Dios me dar\u00e1 m\u00e1s oportunidades como estas.<\/em> <em>&nbsp;Tambi\u00e9n conf\u00edo en que Dios proveer\u00e1 una fuente de ingresos para que pueda apoyar fielmente el Fondo del Ministerio FOCUS Kenia.<\/em><\/em><\/p>\n<\/div>\n\n<div class=\"wp-block block-core-paragraph\">\n<p class=\"has-white-color has-text-color wp-block-paragraph\"><strong><em>&#8211; <\/em>Gladwel, estudiante<\/strong><\/p>\n<\/div><\/div><\/div>\n<\/div>\n\n<div class=\"wp-block block-pb-accordion-item\">\n<div class=\"wp-block-pb-accordion-item c-accordion__item js-accordion-item no-js\" data-initially-open=\"false\" data-click-to-close=\"true\" data-auto-close=\"true\" data-scroll=\"false\" data-scroll-offset=\"0\"><h2 id=\"at-196723\" class=\"c-accordion__title js-accordion-controller\" role=\"button\"><strong>CONECTAR CON LA UNIVERSIDAD: CRECER EN EL COMPROMISO DE POR VIDA<\/strong><\/h2><div id=\"ac-196723\" class=\"c-accordion__content\"><div class=\"wp-block block-core-paragraph\">\n<p class=\"wp-block-paragraph\">Desde que empezaron los cursos online de Conectar con la Universidad, m\u00e1s de 1200 personas han reflexionado acerca de c\u00f3mo se relaciona el evangelio con el mundo acad\u00e9mico, una experiencia educativa que fomenta el debate entre participantes procedentes de todo el mundo.<\/p>\n<\/div>\n\n<div class=\"wp-block block-core-quote is-style-plain\">\n<blockquote class=\"wp-block-quote is-style-plain is-layout-flow wp-block-quote-is-layout-flow\"><p><em><em>Mi punto de vista acerca de los estudiantes ha cambiado; ahora tengo una imagen de ellos m\u00e1s amplia.&nbsp; Necesito enfocarme y conectar.&nbsp; Orar\u00e9 y ayudar\u00e9 a los estudiantes a conectar con sus campus, para que ellos mismos se conviertan en portavoces del evangelio. <\/em><\/em><\/p><cite><strong><strong>Miembro del profesorado universitario , India<\/strong><\/strong><\/cite><\/blockquote>\n<\/div>\n\n<div class=\"wp-block block-core-heading\">\n<h3 class=\"wp-block-heading\"><strong><strong><strong><strong><strong>Iniciativa Logos y Cosmos<\/strong><\/strong><\/strong><\/strong><\/strong><\/h3>\n<\/div>\n\n<div class=\"wp-block block-core-paragraph\">\n<p class=\"wp-block-paragraph\">Queremos que los cristianos en los ambientes acad\u00e9micos integren su fe con su trabajo. Con este motivo, lanzamos en 2021 la iniciativa Logos y Cosmos (ILC), creada por la Fundaci\u00f3n John Templeton.&nbsp;&nbsp; La ILC apoyar\u00e1 a cinco cohortes de \u201ccatalizadores\u201d en las universidades de \u00c1frica franc\u00f3fona y Am\u00e9rica Latina a la vez que promover\u00e1 el di\u00e1logo entre la teolog\u00eda y las ciencias. &nbsp;Por medio de consultas regionales, recursos, subvenciones, aprendizaje online, programas de mentores e investigaci\u00f3n, los proyectos de catalizadores de ILC capacitar\u00e1n a los movimientos nacionales con herramientas para que puedan ayudar a los estudiantes y profesorado a pensar de forma b\u00edblica y a vivir de manera diferente, misional y que refleje a Jes\u00fas. &nbsp;18 catalizadores han pasado al segundo a\u00f1o del programa y est\u00e1n desarrollando sus proyectos. Tambi\u00e9n hemos dado la bienvenida a 23 catalizadores nuevos que han empezado su primer a\u00f1o del programa. Los catalizadores representan a un total de 19 pa\u00edses diferentes.<\/p>\n<\/div>\n\n<div class=\"wp-block block-core-quote is-style-plain\">\n<blockquote class=\"wp-block-quote is-style-plain is-layout-flow wp-block-quote-is-layout-flow\"><p><em><em><em><em><em>Ya puedo ver los beneficios de la Iniciativa Logos y Cosmos. Nuestro catalizador ha sido capaz de motivar e involucrar a los estudiantes y a otros profesionales en temas de ciencia y <a>teolog\u00eda. Adem\u00e1s, <\/a>&nbsp;ha demostrado ser un recurso \u00fatil para el movimiento nacional.<\/em><\/em><\/em><\/em><\/em><\/p><cite><strong><strong><strong><strong><strong>El Secretario General de un movimiento nacional en Am\u00e9rica Latina<\/strong><\/strong><\/strong><\/strong><\/strong><\/cite><\/blockquote>\n<\/div>\n\n\n<figure class=\"wp-block-image size-large\"><img loading=\"lazy\" decoding=\"async\" width=\"490\" height=\"367\" src=\"https:\/\/ifesworld.org\/wp-content\/uploads\/2022\/09\/p11-LCI-Catalyst-shares-a-meal-after-a-campus-clean-up-project.jpg\" alt=\"\" class=\"wp-image-19604\" srcset=\"https:\/\/ifesworld.org\/wp-content\/uploads\/2022\/09\/p11-LCI-Catalyst-shares-a-meal-after-a-campus-clean-up-project.jpg 490w, https:\/\/ifesworld.org\/wp-content\/uploads\/2022\/09\/p11-LCI-Catalyst-shares-a-meal-after-a-campus-clean-up-project-300x225.jpg 300w\" sizes=\"auto, (max-width: 490px) 100vw, 490px\" \/><figcaption>Los estudiantes comparten una comida despu\u00e9s de una limpieza del campus como parte de un proyecto de ILC<\/figcaption><\/figure>\n<\/div><\/div>\n<\/div>\n\n<div class=\"wp-block block-pb-accordion-item\">\n<div class=\"wp-block-pb-accordion-item c-accordion__item js-accordion-item no-js\" data-initially-open=\"false\" data-click-to-close=\"true\" data-auto-close=\"true\" data-scroll=\"false\" data-scroll-offset=\"0\"><h2 id=\"at-196724\" class=\"c-accordion__title js-accordion-controller\" role=\"button\"><strong>FORTALECER A LOS MOVIMIENTOS ESTUDIANTILES: CRECER HACIA EL FUTURO<\/strong><\/h2><div id=\"ac-196724\" class=\"c-accordion__content\"><div class=\"wp-block block-core-paragraph\">\n<p class=\"wp-block-paragraph\"><em><em>Mientras tanto, la iglesia disfrutaba de paz a la vez que se consolidaba en toda Judea, Galilea y Samaria, pues viv\u00eda en el temor del Se\u00f1or.&nbsp; E iba creciendo en n\u00famero, fortalecida por el Esp\u00edritu Santo. (Hechos 9:31)<\/em><\/em><\/p>\n<\/div>\n\n<div class=\"wp-block block-core-paragraph\">\n<p class=\"wp-block-paragraph\">El ministerio estudiantil tiene un mayor impacto en manos de los movimientos nacionales liderados por personas locales. Los Equipos regionales de IFES dan a estos movimientos el apoyo, la formaci\u00f3n y los recursos que necesitan para que sus ministerios florezcan. Nuestros Ministerios de Recursos Globales trabajan junto a los equipos regionales para ayudar a que los movimientos sientan que el ministerio les pertenece.&nbsp;<\/p>\n<\/div>\n\n<div class=\"wp-block block-core-paragraph\">\n<p class=\"wp-block-paragraph\">Por ejemplo, las redes de multiplicadores del Comprormiso con las Escrituras trabajan en todo el mundo para capacitar a los movimientos nacionales a conectar con las Escrituras y a fomentar la formaci\u00f3n y el mentorazgo tanto de los obreros como de los estudiantes. La red de Asia del Sur empez\u00f3 en julio de 2021, con reuniones mensuales en l\u00ednea y coordinando eventos en sus movimientos, entre ellos &nbsp;&nbsp;la Iniciativa Levantando nuestro Lamento, de FOCUS Sri Lanka, y el Festival de cine cristiano, de BSFB Bangladesh.<\/p>\n<\/div>\n\n<div class=\"wp-block block-core-quote is-style-plain\">\n<blockquote class=\"wp-block-quote is-style-plain is-layout-flow wp-block-quote-is-layout-flow\"><p><em><em>Antes, leer las Escrituras era simplemente un ritual o una rutina.&nbsp; Sin embargo, me volv\u00ed a enamorar de la Palabra de Dios. <\/em><\/em><\/p><cite><strong><strong><strong>Testimonio de la primera reuni\u00f3n de Compromiso con las Escrituras de Asia del Sur.<\/strong><\/strong><\/strong><\/cite><\/blockquote>\n<\/div>\n\n<div class=\"wp-block block-core-heading\">\n<h3 class=\"wp-block-heading\"><strong>D\u00eda Mundial de la Generosidad de 2021: De estudiante a estudiante<\/strong><\/h3>\n<\/div>\n\n<div class=\"wp-block block-core-paragraph\">\n<p class=\"wp-block-paragraph\">En nuestro primer D\u00eda Mundial de la Generosidad, invitamos a toda la Comunidad, en especial a los estudiantes, a empoderar y capacitar a estudiantes de todo el mundo mediante la realizaci\u00f3n de donativos para ocho proyectos espec\u00edficos.&nbsp; Noventa y dos generosos donantes dieron m\u00e1s de 36.000 d\u00f3lares estadounidenses con el fin de apoyar a estos proyectos.&nbsp; Como ejemplo de c\u00f3mo Dios us\u00f3 estos donativos, los organizadores del proyecto en \u00c1frica franc\u00f3fona compartieron acerca de los magn\u00edficos resultados de su formaci\u00f3n de l\u00edderes estudiantiles en UGBB Burkina Faso y en GBUR Ruanda.&nbsp;&nbsp;&nbsp;<\/p>\n<\/div>\n\n<div class=\"wp-block block-core-quote is-style-plain\">\n<blockquote class=\"wp-block-quote is-style-plain is-layout-flow wp-block-quote-is-layout-flow\"><p><em><em>Nos sorprendi\u00f3 el gran n\u00famero de l\u00edderes estudiantiles de Burkina Faso que se inscribieron para recibir formaci\u00f3n. Otra sorpresa fue ver la gran cantidad de graduados comprometidos con la formaci\u00f3n de l\u00edderes estudiantiles: m\u00e1s de 200 asistieron a tres seminarios de capacitaci\u00f3n y organizamos cuatro d\u00edas de formaci\u00f3n presencial para los que estaban en Ruanda.&nbsp; Estos comienzos son un gran est\u00edmulo para los otros movimientos y esperamos la misma fe, compromiso y resiliencia a medida que son llamados a servir como l\u00edderes estudiantiles. <\/em><\/em><\/p><cite><strong><strong>Emmanuel, Equipo regional de \u00c1frica franc\u00f3fona<\/strong><\/strong><\/cite><\/blockquote>\n<\/div>\n\n<div class=\"wp-block block-core-heading\">\n<h3 class=\"wp-block-heading\"><br><strong>D\u00eda Mundial del Estudiante 2021: Este Momento<\/strong><\/h3>\n<\/div>\n\n<div class=\"wp-block block-core-paragraph\">\n<p class=\"wp-block-paragraph\">En 2021, el D\u00eda Mundial del Estudiante bati\u00f3 todos los r\u00e9cords cuando m\u00e1s de 30.000 personas de 148 pa\u00edses diferentes se reunieron para orar juntos.&nbsp; Con nuestro tema \u201cEste momento\u201d, oramos por las peticiones que nos hab\u00edan enviado estudiantes de todo el mundo, a la vez que pedimos a Dios <a>que todos ellos <\/a>pudieran sentir su presencia en cada momento y que, en cada momento, eligieran someterse a \u00c9l . Visita<strong><a href=\"https:\/\/ifesworld.org\/es\/dme\/\" target=\"_blank\" rel=\"noreferrer noopener\"> ifesworld.org\/dme<\/a><\/strong> y descubre c\u00f3mo puedes participar en el D\u00eda Mundial del Estudiante de este a\u00f1o, con el lema \u201cRenovaci\u00f3n\u201d, el 21 de octubre de 2022.<\/p>\n<\/div>\n\n<div class=\"wp-block block-core-paragraph\">\n<p class=\"wp-block-paragraph\"><\/p>\n<\/div>\n\n<div class=\"wp-block block-core-gallery\">\n<figure class=\"wp-block-gallery has-nested-images columns-default is-cropped wp-block-gallery-5 is-layout-flex wp-block-gallery-is-layout-flex\">\n<figure class=\"wp-block-image size-large\"><img loading=\"lazy\" decoding=\"async\" width=\"2048\" height=\"1153\" data-id=\"19680\" src=\"https:\/\/ifesworld.org\/wp-content\/uploads\/2022\/09\/WSD_ZAFES2-edited-1.jpg\" alt=\"\" class=\"wp-image-19680\" srcset=\"https:\/\/ifesworld.org\/wp-content\/uploads\/2022\/09\/WSD_ZAFES2-edited-1.jpg 2048w, https:\/\/ifesworld.org\/wp-content\/uploads\/2022\/09\/WSD_ZAFES2-edited-1-300x169.jpg 300w, https:\/\/ifesworld.org\/wp-content\/uploads\/2022\/09\/WSD_ZAFES2-edited-1-1024x577.jpg 1024w, https:\/\/ifesworld.org\/wp-content\/uploads\/2022\/09\/WSD_ZAFES2-edited-1-768x432.jpg 768w, https:\/\/ifesworld.org\/wp-content\/uploads\/2022\/09\/WSD_ZAFES2-edited-1-1536x865.jpg 1536w\" sizes=\"auto, (max-width: 2048px) 100vw, 2048px\" \/><figcaption>Los estudiantes se re\u00fanen en Zambia<\/figcaption><\/figure>\n<\/figure>\n<\/div><\/div><\/div>\n<\/div><\/div>\n<\/div><\/div>\n\n<div class=\"wp-block block-core-group alignfull\">\n<div class=\"wp-block-group alignfull has-white-color has-accent-background-color has-text-color has-background\"><div class=\"wp-block-group__inner-container is-layout-flow wp-block-group-is-layout-flow\"><div class=\"wp-block block-pb-accordion-item\">\n<div class=\"wp-block-pb-accordion-item c-accordion__item js-accordion-item no-js\" data-initially-open=\"false\" data-click-to-close=\"true\" data-auto-close=\"true\" data-scroll=\"false\" data-scroll-offset=\"0\"><h1 id=\"at-196725\" class=\"c-accordion__title js-accordion-controller\" role=\"button\"><strong><strong>SERVIR EN EL LIDERAZGO<\/strong><\/strong><\/h1><div id=\"ac-196725\" class=\"c-accordion__content\"><div class=\"wp-block block-core-paragraph\">\n<p class=\"wp-block-paragraph\">El Secretario General es nombrado para servir a los estudiantes y obreros en todos los niveles y supervisar el ministerio de IFES.&nbsp; Los l\u00edderes s\u00e9nior de IFES desarrollan relaciones estrat\u00e9gicas en todas las regiones y dirigen a nuestros equipos internacionales para desarrollar y compartir las prioridades del ministerio y los recursos.&nbsp;Habiendo tomado su puesto como Secretario General a principios de 2021, Tim Adams cre\u00f3 un nuevo equipo central y nombr\u00f3 a David Bahena como Secretario General Asociado, a Olena Welch como Directora de los Ministerios Internacionales y a George Ogalo como Director de Operaciones.<\/p>\n<\/div>\n\n<div class=\"wp-block block-core-heading\">\n<h2 class=\"wp-block-heading\"><strong>EL COMIT\u00c9<\/strong><\/h2>\n<\/div>\n\n<div class=\"wp-block block-core-paragraph\">\n<p class=\"wp-block-paragraph\">El comit\u00e9 es nombrado por la Asamblea General y se compone de un presidente,&nbsp; un tesorero y 13 miembros m\u00e1s con voto procedentes de todo el mundo, dos de los cuales son representantes estudiantiles. Es responsable de la creaci\u00f3n de las pol\u00edticas y de asegurarse de la integridad doctrinal dentro de la Comunidad.&nbsp;<\/p>\n<\/div>\n\n<div class=\"wp-block block-acf-ifesbutton\">\n<div class=\"\">\n    <a id=\"btn-block_5fc67968b7490\" target=\"_blank\" href=\"https:\/\/ifesworld.org\/es\/nuestro-gobierno\/#staff\" class=\"btn btn--tertiary\">\n        <span>\n        CONOCE AT COMIT\u00c9        <\/span>\n    <\/a>\n<\/div>\n\n<\/div>\n\n<div class=\"wp-block block-core-heading\">\n<h2 class=\"wp-block-heading\"><strong>EQUIPO REGIONAL DE IFES<\/strong><\/h2>\n<\/div>\n\n<div class=\"wp-block block-core-paragraph\">\n<p class=\"wp-block-paragraph\">Los secretarios regionales de IFES sirven como embajadores regionales, ayud\u00e1ndonos a entender la mejor forma de responder a la culturas diversas y din\u00e1micas de las universidades del mundo. Ofrecen mentorazgo, supervisi\u00f3n y formaci\u00f3n para obreros y estudiantes, adem\u00e1s de conectar a los movimientos con su regi\u00f3n a fin de compartir ideas, experiencia y \u00e1nimo.\u202fLos Secretarios Regionales nombrados en el \u00faltimo a\u00f1o son Carmen Castillo (Am\u00e9rica Latina) y David Montgomery (Europa).&nbsp;&nbsp;<\/p>\n<\/div>\n\n<div class=\"wp-block block-acf-ifesbutton\">\n<div class=\"\">\n    <a id=\"btn-block_5fc67968b748f\" target=\"_blank\" href=\"https:\/\/ifesworld.org\/es\/nuestro-equipo-misionero\/#staff\" class=\"btn btn--tertiary\">\n        <span>\n        CONOCE AL EQUIPO        <\/span>\n    <\/a>\n<\/div>\n\n<\/div>\n\n<div class=\"wp-block block-core-heading\">\n<h2 class=\"wp-block-heading\">L<strong>iderazgo mundial<\/strong><\/h2>\n<\/div>\n\n<div class=\"wp-block block-core-gallery\">\n<figure class=\"wp-block-gallery has-nested-images columns-5 is-cropped wp-block-gallery-6 is-layout-flex wp-block-gallery-is-layout-flex\">\n<figure class=\"wp-block-image size-large\"><img loading=\"lazy\" decoding=\"async\" width=\"2560\" height=\"1437\" data-id=\"19606\" src=\"https:\/\/ifesworld.org\/wp-content\/uploads\/2022\/09\/Tim-Adams-scaled.jpg\" alt=\"\" class=\"wp-image-19606\" srcset=\"https:\/\/ifesworld.org\/wp-content\/uploads\/2022\/09\/Tim-Adams-scaled.jpg 2560w, https:\/\/ifesworld.org\/wp-content\/uploads\/2022\/09\/Tim-Adams-300x169.jpg 300w, https:\/\/ifesworld.org\/wp-content\/uploads\/2022\/09\/Tim-Adams-1024x575.jpg 1024w, https:\/\/ifesworld.org\/wp-content\/uploads\/2022\/09\/Tim-Adams-768x431.jpg 768w, https:\/\/ifesworld.org\/wp-content\/uploads\/2022\/09\/Tim-Adams-1536x862.jpg 1536w, https:\/\/ifesworld.org\/wp-content\/uploads\/2022\/09\/Tim-Adams-2048x1150.jpg 2048w\" sizes=\"auto, (max-width: 2560px) 100vw, 2560px\" \/><figcaption>Tim Adams<br>Secretario General<\/figcaption><\/figure>\n\n\n\n<figure class=\"wp-block-image size-large\"><img loading=\"lazy\" decoding=\"async\" width=\"1707\" height=\"2560\" data-id=\"19608\" src=\"https:\/\/ifesworld.org\/wp-content\/uploads\/2022\/09\/David-Bahena-print-4252-scaled.jpg\" alt=\"\" class=\"wp-image-19608\" srcset=\"https:\/\/ifesworld.org\/wp-content\/uploads\/2022\/09\/David-Bahena-print-4252-scaled.jpg 1707w, https:\/\/ifesworld.org\/wp-content\/uploads\/2022\/09\/David-Bahena-print-4252-200x300.jpg 200w, https:\/\/ifesworld.org\/wp-content\/uploads\/2022\/09\/David-Bahena-print-4252-683x1024.jpg 683w, https:\/\/ifesworld.org\/wp-content\/uploads\/2022\/09\/David-Bahena-print-4252-768x1152.jpg 768w, https:\/\/ifesworld.org\/wp-content\/uploads\/2022\/09\/David-Bahena-print-4252-1024x1536.jpg 1024w, https:\/\/ifesworld.org\/wp-content\/uploads\/2022\/09\/David-Bahena-print-4252-1365x2048.jpg 1365w\" sizes=\"auto, (max-width: 1707px) 100vw, 1707px\" \/><figcaption>David Bahena<br>Secretario General Adjunto<\/figcaption><\/figure>\n\n\n\n<figure class=\"wp-block-image size-large\"><img loading=\"lazy\" decoding=\"async\" width=\"2560\" height=\"1707\" data-id=\"19623\" src=\"https:\/\/ifesworld.org\/wp-content\/uploads\/2022\/09\/Martin-Haizmann-scaled.jpg\" alt=\"\" class=\"wp-image-19623\" srcset=\"https:\/\/ifesworld.org\/wp-content\/uploads\/2022\/09\/Martin-Haizmann-scaled.jpg 2560w, https:\/\/ifesworld.org\/wp-content\/uploads\/2022\/09\/Martin-Haizmann-300x200.jpg 300w, https:\/\/ifesworld.org\/wp-content\/uploads\/2022\/09\/Martin-Haizmann-1024x683.jpg 1024w, https:\/\/ifesworld.org\/wp-content\/uploads\/2022\/09\/Martin-Haizmann-768x512.jpg 768w, https:\/\/ifesworld.org\/wp-content\/uploads\/2022\/09\/Martin-Haizmann-1536x1024.jpg 1536w, https:\/\/ifesworld.org\/wp-content\/uploads\/2022\/09\/Martin-Haizmann-2048x1365.jpg 2048w\" sizes=\"auto, (max-width: 2560px) 100vw, 2560px\" \/><figcaption>Martin Haizmann<br>Secretario General Adjunto<\/figcaption><\/figure>\n\n\n\n<figure class=\"wp-block-image size-large\"><img loading=\"lazy\" decoding=\"async\" width=\"2560\" height=\"1437\" data-id=\"19615\" src=\"https:\/\/ifesworld.org\/wp-content\/uploads\/2022\/09\/George-Ogalo-scaled.jpg\" alt=\"\" class=\"wp-image-19615\" srcset=\"https:\/\/ifesworld.org\/wp-content\/uploads\/2022\/09\/George-Ogalo-scaled.jpg 2560w, https:\/\/ifesworld.org\/wp-content\/uploads\/2022\/09\/George-Ogalo-300x169.jpg 300w, https:\/\/ifesworld.org\/wp-content\/uploads\/2022\/09\/George-Ogalo-1024x575.jpg 1024w, https:\/\/ifesworld.org\/wp-content\/uploads\/2022\/09\/George-Ogalo-768x431.jpg 768w, https:\/\/ifesworld.org\/wp-content\/uploads\/2022\/09\/George-Ogalo-1536x862.jpg 1536w, https:\/\/ifesworld.org\/wp-content\/uploads\/2022\/09\/George-Ogalo-2048x1150.jpg 2048w\" sizes=\"auto, (max-width: 2560px) 100vw, 2560px\" \/><figcaption>George Ogalo<br>Director de Operaciones<\/figcaption><\/figure>\n\n\n\n<figure class=\"wp-block-image size-large\"><img loading=\"lazy\" decoding=\"async\" width=\"2560\" height=\"1707\" data-id=\"19625\" src=\"https:\/\/ifesworld.org\/wp-content\/uploads\/2022\/09\/Olena-Welch-scaled.jpg\" alt=\"\" class=\"wp-image-19625\" srcset=\"https:\/\/ifesworld.org\/wp-content\/uploads\/2022\/09\/Olena-Welch-scaled.jpg 2560w, https:\/\/ifesworld.org\/wp-content\/uploads\/2022\/09\/Olena-Welch-300x200.jpg 300w, https:\/\/ifesworld.org\/wp-content\/uploads\/2022\/09\/Olena-Welch-1024x683.jpg 1024w, https:\/\/ifesworld.org\/wp-content\/uploads\/2022\/09\/Olena-Welch-768x512.jpg 768w, https:\/\/ifesworld.org\/wp-content\/uploads\/2022\/09\/Olena-Welch-1536x1024.jpg 1536w, https:\/\/ifesworld.org\/wp-content\/uploads\/2022\/09\/Olena-Welch-2048x1365.jpg 2048w\" sizes=\"auto, (max-width: 2560px) 100vw, 2560px\" \/><figcaption>Olena Welch<br>Directora de Ministerios de Recursos Globales<\/figcaption><\/figure>\n<\/figure>\n<\/div>\n\n<div class=\"wp-block block-core-heading\">\n<h2 class=\"wp-block-heading\"><strong>Ministerios de Recursos Globales<\/strong><\/h2>\n<\/div>\n\n<div class=\"wp-block block-core-paragraph\">\n<p class=\"wp-block-paragraph\"><\/p>\n<\/div>\n\n<div class=\"wp-block block-core-gallery\">\n<figure class=\"wp-block-gallery has-nested-images columns-4 is-cropped wp-block-gallery-7 is-layout-flex wp-block-gallery-is-layout-flex\">\n<figure class=\"wp-block-image size-large\"><img decoding=\"async\" data-id=\"19626\" src=\"https:\/\/ifesworld.org\/wp-content\/uploads\/2022\/09\/Ricardo-Borges-scaled.jpg\" alt=\"\" class=\"wp-image-19626\"\/><figcaption>Ricardo Borges<br>Secretario&nbsp;para el&nbsp;Compromiso&nbsp;con las&nbsp;Escrituras<\/figcaption><\/figure>\n\n\n\n<figure class=\"wp-block-image size-large\"><img loading=\"lazy\" decoding=\"async\" width=\"2560\" height=\"1707\" data-id=\"19617\" src=\"https:\/\/ifesworld.org\/wp-content\/uploads\/2022\/09\/Kehinde-Ojo-scaled.jpg\" alt=\"\" class=\"wp-image-19617\" srcset=\"https:\/\/ifesworld.org\/wp-content\/uploads\/2022\/09\/Kehinde-Ojo-scaled.jpg 2560w, https:\/\/ifesworld.org\/wp-content\/uploads\/2022\/09\/Kehinde-Ojo-300x200.jpg 300w, https:\/\/ifesworld.org\/wp-content\/uploads\/2022\/09\/Kehinde-Ojo-1024x683.jpg 1024w, https:\/\/ifesworld.org\/wp-content\/uploads\/2022\/09\/Kehinde-Ojo-768x512.jpg 768w, https:\/\/ifesworld.org\/wp-content\/uploads\/2022\/09\/Kehinde-Ojo-1536x1024.jpg 1536w, https:\/\/ifesworld.org\/wp-content\/uploads\/2022\/09\/Kehinde-Ojo-2048x1365.jpg 2048w\" sizes=\"auto, (max-width: 2560px) 100vw, 2560px\" \/><figcaption>Kehinde Ojo<br>FES Program Director del&nbsp;Programa&nbsp;de Desarrollo de&nbsp;Apoyo&nbsp;Aut\u00f3ctono<\/figcaption><\/figure>\n\n\n\n<figure class=\"wp-block-image size-large\"><img decoding=\"async\" data-id=\"19624\" src=\"https:\/\/ifesworld.org\/wp-content\/uploads\/2022\/09\/Mirek-Pieszka-scaled.jpg\" alt=\"\" class=\"wp-image-19624\"\/><figcaption>Mirek Pieszka<br>Director del&nbsp;Programa&nbsp;de Desarrollo de&nbsp;Gobernanza<\/figcaption><\/figure>\n\n\n\n<figure class=\"wp-block-image size-large\"><img loading=\"lazy\" decoding=\"async\" width=\"2560\" height=\"1437\" data-id=\"19629\" src=\"https:\/\/ifesworld.org\/wp-content\/uploads\/2022\/09\/Vinoth-Ramachandra-scaled.jpg\" alt=\"\" class=\"wp-image-19629\" srcset=\"https:\/\/ifesworld.org\/wp-content\/uploads\/2022\/09\/Vinoth-Ramachandra-scaled.jpg 2560w, https:\/\/ifesworld.org\/wp-content\/uploads\/2022\/09\/Vinoth-Ramachandra-300x169.jpg 300w, https:\/\/ifesworld.org\/wp-content\/uploads\/2022\/09\/Vinoth-Ramachandra-1024x575.jpg 1024w, https:\/\/ifesworld.org\/wp-content\/uploads\/2022\/09\/Vinoth-Ramachandra-768x431.jpg 768w, https:\/\/ifesworld.org\/wp-content\/uploads\/2022\/09\/Vinoth-Ramachandra-1536x862.jpg 1536w, https:\/\/ifesworld.org\/wp-content\/uploads\/2022\/09\/Vinoth-Ramachandra-2048x1150.jpg 2048w\" sizes=\"auto, (max-width: 2560px) 100vw, 2560px\" \/><figcaption>Vinoth Ramachandra<br>Secretario&nbsp;para el&nbsp;Di\u00e1logo&nbsp;y&nbsp;Compromiso&nbsp;Social<\/figcaption><\/figure>\n<\/figure>\n<\/div>\n\n<div class=\"wp-block block-core-heading\">\n<h2 class=\"wp-block-heading\"><strong>Oficinas Internacionales<\/strong><\/h2>\n<\/div>\n\n<div class=\"wp-block block-core-paragraph\">\n<p class=\"wp-block-paragraph\"><\/p>\n<\/div>\n\n<div class=\"wp-block block-core-gallery\">\n<figure class=\"wp-block-gallery has-nested-images columns-5 is-cropped wp-block-gallery-8 is-layout-flex wp-block-gallery-is-layout-flex\">\n<figure class=\"wp-block-image size-large\"><img loading=\"lazy\" decoding=\"async\" width=\"300\" height=\"300\" data-id=\"3494\" src=\"https:\/\/ifesworld.org\/wp-content\/uploads\/2019\/06\/Sophie_Aldred.jpg\" alt=\"\" class=\"wp-image-3494\" srcset=\"https:\/\/ifesworld.org\/wp-content\/uploads\/2019\/06\/Sophie_Aldred.jpg 300w, https:\/\/ifesworld.org\/wp-content\/uploads\/2019\/06\/Sophie_Aldred-150x150.jpg 150w\" sizes=\"auto, (max-width: 300px) 100vw, 300px\" \/><figcaption>Sophie Aldred<br>Directora de&nbsp;Comunicaci\u00f3n&nbsp;y Desarrollo<\/figcaption><\/figure>\n\n\n\n<figure class=\"wp-block-image size-large\"><img loading=\"lazy\" decoding=\"async\" width=\"2560\" height=\"1707\" data-id=\"19616\" src=\"https:\/\/ifesworld.org\/wp-content\/uploads\/2022\/09\/John-Criswell-scaled.jpg\" alt=\"\" class=\"wp-image-19616\" srcset=\"https:\/\/ifesworld.org\/wp-content\/uploads\/2022\/09\/John-Criswell-scaled.jpg 2560w, https:\/\/ifesworld.org\/wp-content\/uploads\/2022\/09\/John-Criswell-300x200.jpg 300w, https:\/\/ifesworld.org\/wp-content\/uploads\/2022\/09\/John-Criswell-1024x683.jpg 1024w, https:\/\/ifesworld.org\/wp-content\/uploads\/2022\/09\/John-Criswell-768x512.jpg 768w, https:\/\/ifesworld.org\/wp-content\/uploads\/2022\/09\/John-Criswell-1536x1024.jpg 1536w, https:\/\/ifesworld.org\/wp-content\/uploads\/2022\/09\/John-Criswell-2048x1365.jpg 2048w\" sizes=\"auto, (max-width: 2560px) 100vw, 2560px\" \/><figcaption>John Criswell<br>Director de Personas y Cultura<\/figcaption><\/figure>\n\n\n\n<figure class=\"wp-block-image size-large\"><img loading=\"lazy\" decoding=\"async\" width=\"1707\" height=\"2560\" data-id=\"19614\" src=\"https:\/\/ifesworld.org\/wp-content\/uploads\/2022\/09\/Deborah-Kong-print-2938-scaled.jpg\" alt=\"\" class=\"wp-image-19614\" srcset=\"https:\/\/ifesworld.org\/wp-content\/uploads\/2022\/09\/Deborah-Kong-print-2938-scaled.jpg 1707w, https:\/\/ifesworld.org\/wp-content\/uploads\/2022\/09\/Deborah-Kong-print-2938-200x300.jpg 200w, https:\/\/ifesworld.org\/wp-content\/uploads\/2022\/09\/Deborah-Kong-print-2938-683x1024.jpg 683w, https:\/\/ifesworld.org\/wp-content\/uploads\/2022\/09\/Deborah-Kong-print-2938-768x1152.jpg 768w, https:\/\/ifesworld.org\/wp-content\/uploads\/2022\/09\/Deborah-Kong-print-2938-1024x1536.jpg 1024w, https:\/\/ifesworld.org\/wp-content\/uploads\/2022\/09\/Deborah-Kong-print-2938-1365x2048.jpg 1365w\" sizes=\"auto, (max-width: 1707px) 100vw, 1707px\" \/><figcaption>Deborah Kong<br>Directora de finanzas&nbsp;de IFES<\/figcaption><\/figure>\n\n\n\n<figure class=\"wp-block-image size-large\"><img loading=\"lazy\" decoding=\"async\" width=\"590\" height=\"600\" data-id=\"19618\" src=\"https:\/\/ifesworld.org\/wp-content\/uploads\/2022\/09\/Kenneth_Seow.png\" alt=\"\" class=\"wp-image-19618\" srcset=\"https:\/\/ifesworld.org\/wp-content\/uploads\/2022\/09\/Kenneth_Seow.png 590w, https:\/\/ifesworld.org\/wp-content\/uploads\/2022\/09\/Kenneth_Seow-295x300.png 295w, https:\/\/ifesworld.org\/wp-content\/uploads\/2022\/09\/Kenneth_Seow-70x70.png 70w\" sizes=\"auto, (max-width: 590px) 100vw, 590px\" \/><figcaption>Kenneth Seow<br>Director de Teconolog\u00eda (CTO)<\/figcaption><\/figure>\n\n\n\n<figure class=\"wp-block-image size-large\"><img loading=\"lazy\" decoding=\"async\" width=\"2560\" height=\"1707\" data-id=\"19619\" src=\"https:\/\/ifesworld.org\/wp-content\/uploads\/2022\/09\/Kevin-Van-Horne-scaled.jpg\" alt=\"\" class=\"wp-image-19619\" srcset=\"https:\/\/ifesworld.org\/wp-content\/uploads\/2022\/09\/Kevin-Van-Horne-scaled.jpg 2560w, https:\/\/ifesworld.org\/wp-content\/uploads\/2022\/09\/Kevin-Van-Horne-300x200.jpg 300w, https:\/\/ifesworld.org\/wp-content\/uploads\/2022\/09\/Kevin-Van-Horne-1024x683.jpg 1024w, https:\/\/ifesworld.org\/wp-content\/uploads\/2022\/09\/Kevin-Van-Horne-768x512.jpg 768w, https:\/\/ifesworld.org\/wp-content\/uploads\/2022\/09\/Kevin-Van-Horne-1536x1024.jpg 1536w, https:\/\/ifesworld.org\/wp-content\/uploads\/2022\/09\/Kevin-Van-Horne-2048x1365.jpg 2048w\" sizes=\"auto, (max-width: 2560px) 100vw, 2560px\" \/><figcaption>Kevin Van Horne<br>Director Ejecutivo de IFES\/USA<\/figcaption><\/figure>\n<\/figure>\n<\/div>\n\n<div class=\"wp-block block-core-paragraph\">\n<p class=\"wp-block-paragraph\"><\/p>\n<\/div><\/div><\/div>\n<\/div><\/div>\n<\/div><\/div>\n\n<div class=\"wp-block block-core-group alignfull\">\n<div class=\"wp-block-group alignfull has-white-background-color has-background\"><div class=\"wp-block-group__inner-container is-layout-flow wp-block-group-is-layout-flow\"><div class=\"wp-block block-pb-accordion-item\">\n<div class=\"wp-block-pb-accordion-item c-accordion__item js-accordion-item no-js\" data-initially-open=\"false\" data-click-to-close=\"true\" data-auto-close=\"true\" data-scroll=\"false\" data-scroll-offset=\"0\"><h1 id=\"at-196726\" class=\"c-accordion__title js-accordion-controller\" role=\"button\"><strong><strong>RESUMEN FINANCIERO<\/strong><\/strong><\/h1><div id=\"ac-196726\" class=\"c-accordion__content\"><div class=\"wp-block block-core-paragraph\">\n<p class=\"wp-block-paragraph\">IFES invierte en equipos regionales y en programas de ministerios globales para apoyar a los movimientos nacionales cuando desarrollen nuestra visi\u00f3n compartida de tener un ministerio estudiantil vibrante en todo el mundo. Estos recursos proporcionan formaci\u00f3n y recursos para los movimientos nacionales&nbsp; a fin de que formen l\u00edderes fuertes, consigan m\u00e1s apoyo econ\u00f3mico, se extiendan a nuevas ciudades y campus, desarrollen una infraestructura organizativa cr\u00edtica, y alcancen a los estudiantes con la esperanza del Evangelio.&nbsp;<\/p>\n<\/div>\n\n<div class=\"wp-block block-core-paragraph\">\n<p class=\"wp-block-paragraph\">En 2019-2020, vimos una reducci\u00f3n en nuestros ingresos debido a la COVID-19, aunque tambi\u00e9n vimos una reducci\u00f3n en nuestros gastos.&nbsp; A lo largo de&nbsp; 2021, fueron volviendo los programas presenciales a medida que las restricciones por la COVID-19 disminu\u00edan en algunas zonas.&nbsp; Otorgamos varias ayudas econ\u00f3micas especiales a 18 movimientos nacionales para aliviar el impacto negativo de la pandemia.&nbsp; Adem\u00e1s, nuestros l\u00edderes invirtieron en nuevas estructuras para apoyar mejor a los movimientos nacionales.&nbsp; En los ingresos de 2021 se incluye el devengo de 2.7 millones de d\u00f3lares procedente de una subvenci\u00f3n de 5 a\u00f1os que nos otorg\u00f3 una fundaci\u00f3n en los Estados Unidos para nuestra Iniciativa Logos y Cosmos.&nbsp; A grandes rasgos, la financiaci\u00f3n de nuestro programa hace posible incrementar el impacto en 2022 y m\u00e1s all\u00e1, especialmente a medida que las restricciones por la COVID-19 van desapareciendo.<\/p>\n<\/div>\n\n<div class=\"wp-block block-core-paragraph\">\n<p class=\"wp-block-paragraph\">Este informe financiero refleja nuestras operaciones conjuntas basadas en los estados financieros auditados de IFES Reino Unido e IFES EE.UU., y de los estados financieros examinados independientemente para IFES Suiza. El an\u00e1lisis de los gastos de ministerio que presentamos aqu\u00ed est\u00e1 clasificado teniendo en cuenta nuestro p\u00fablico internacional. Los estados financieros de cada una de las tres entidades de IFES, basadas en el Reino Unido, EE.UU. y Suiza, est\u00e1n disponibles bajo petici\u00f3n.<\/p>\n<\/div>\n\n<div class=\"wp-block block-core-columns\">\n<div class=\"wp-block-columns is-layout-flex wp-container-core-columns-is-layout-8f761849 wp-block-columns-is-layout-flex\">\n<div class=\"wp-block-column is-layout-flow wp-block-column-is-layout-flow\" style=\"flex-basis:33.33%\">\n<figure class=\"wp-block-image size-large\"><img loading=\"lazy\" decoding=\"async\" width=\"537\" height=\"1024\" src=\"https:\/\/ifesworld.org\/wp-content\/uploads\/2022\/09\/Income-by-country-ES-1-537x1024.png\" alt=\"\" class=\"wp-image-19690\" srcset=\"https:\/\/ifesworld.org\/wp-content\/uploads\/2022\/09\/Income-by-country-ES-1-537x1024.png 537w, https:\/\/ifesworld.org\/wp-content\/uploads\/2022\/09\/Income-by-country-ES-1-157x300.png 157w, https:\/\/ifesworld.org\/wp-content\/uploads\/2022\/09\/Income-by-country-ES-1.png 634w\" sizes=\"auto, (max-width: 537px) 100vw, 537px\" \/><\/figure>\n<\/div>\n\n\n\n<div class=\"wp-block-column is-layout-flow wp-block-column-is-layout-flow\" style=\"flex-basis:66.66%\">\n<figure class=\"wp-block-image size-large\"><img loading=\"lazy\" decoding=\"async\" width=\"1024\" height=\"469\" src=\"https:\/\/ifesworld.org\/wp-content\/uploads\/2022\/09\/Consolidated-accounts-ES-1-1024x469.png\" alt=\"\" class=\"wp-image-19689\" srcset=\"https:\/\/ifesworld.org\/wp-content\/uploads\/2022\/09\/Consolidated-accounts-ES-1-1024x469.png 1024w, https:\/\/ifesworld.org\/wp-content\/uploads\/2022\/09\/Consolidated-accounts-ES-1-300x137.png 300w, https:\/\/ifesworld.org\/wp-content\/uploads\/2022\/09\/Consolidated-accounts-ES-1-768x352.png 768w, https:\/\/ifesworld.org\/wp-content\/uploads\/2022\/09\/Consolidated-accounts-ES-1.png 1332w\" sizes=\"auto, (max-width: 1024px) 100vw, 1024px\" \/><\/figure>\n\n\n<div class=\"wp-block block-core-paragraph\">\n<p class=\"wp-block-paragraph\"><\/p>\n<\/div>\n\n\n<figure class=\"wp-block-image size-large\"><img loading=\"lazy\" decoding=\"async\" width=\"1024\" height=\"453\" src=\"https:\/\/ifesworld.org\/wp-content\/uploads\/2022\/09\/Ministry-expenditure-ES-1-1024x453.png\" alt=\"\" class=\"wp-image-19691\" srcset=\"https:\/\/ifesworld.org\/wp-content\/uploads\/2022\/09\/Ministry-expenditure-ES-1-1024x453.png 1024w, https:\/\/ifesworld.org\/wp-content\/uploads\/2022\/09\/Ministry-expenditure-ES-1-300x133.png 300w, https:\/\/ifesworld.org\/wp-content\/uploads\/2022\/09\/Ministry-expenditure-ES-1-768x340.png 768w, https:\/\/ifesworld.org\/wp-content\/uploads\/2022\/09\/Ministry-expenditure-ES-1.png 1465w\" sizes=\"auto, (max-width: 1024px) 100vw, 1024px\" \/><\/figure>\n<\/div>\n<\/div>\n<\/div>\n\n<div class=\"wp-block block-acf-spacer\">\n<div id=\"spacer-block_616419d014d51\" class=\"\">\n    <div aria-hidden=\"true\" class=\"wp-block-spacer spacer--md\"><\/div>\n<\/div>\n<\/div>\n\n<div class=\"wp-block block-core-columns\">\n<div class=\"wp-block-columns is-layout-flex wp-container-core-columns-is-layout-8f761849 wp-block-columns-is-layout-flex\">\n<div class=\"wp-block-column is-layout-flow wp-block-column-is-layout-flow\"><div class=\"wp-block-image\">\n<figure class=\"aligncenter size-full\"><img loading=\"lazy\" decoding=\"async\" width=\"225\" height=\"225\" src=\"https:\/\/ifesworld.org\/wp-content\/uploads\/2020\/07\/ECFA_Accredited_CMYK_Small.jpg\" alt=\"\" class=\"wp-image-12806\" srcset=\"https:\/\/ifesworld.org\/wp-content\/uploads\/2020\/07\/ECFA_Accredited_CMYK_Small.jpg 225w, https:\/\/ifesworld.org\/wp-content\/uploads\/2020\/07\/ECFA_Accredited_CMYK_Small-150x150.jpg 150w, https:\/\/ifesworld.org\/wp-content\/uploads\/2020\/07\/ECFA_Accredited_CMYK_Small-70x70.jpg 70w\" sizes=\"auto, (max-width: 225px) 100vw, 225px\" \/><\/figure>\n<\/div><\/div>\n\n\n\n<div class=\"wp-block-column is-layout-flow wp-block-column-is-layout-flow\"><div class=\"wp-block block-core-html\">\n<a href=\"https:\/\/www.guidestar.org\/profile\/26-3538114\" target=\"_blank\" rel=\"noopener\"><img decoding=\"async\" src=\"https:\/\/widgets.guidestar.org\/TransparencySeal\/8880463\"><\/a>\n<\/div><\/div>\n\n\n\n<div class=\"wp-block-column is-layout-flow wp-block-column-is-layout-flow\"><div class=\"wp-block-image\">\n<figure class=\"aligncenter size-medium\"><img loading=\"lazy\" decoding=\"async\" width=\"300\" height=\"231\" src=\"https:\/\/ifesworld.org\/wp-content\/uploads\/2021\/10\/p17-Charity-Navigator-Seal-300x231.png\" alt=\"\" class=\"wp-image-16818\" srcset=\"https:\/\/ifesworld.org\/wp-content\/uploads\/2021\/10\/p17-Charity-Navigator-Seal-300x231.png 300w, https:\/\/ifesworld.org\/wp-content\/uploads\/2021\/10\/p17-Charity-Navigator-Seal-1024x788.png 1024w, https:\/\/ifesworld.org\/wp-content\/uploads\/2021\/10\/p17-Charity-Navigator-Seal-768x591.png 768w, https:\/\/ifesworld.org\/wp-content\/uploads\/2021\/10\/p17-Charity-Navigator-Seal-1536x1182.png 1536w, https:\/\/ifesworld.org\/wp-content\/uploads\/2021\/10\/p17-Charity-Navigator-Seal.png 2001w\" sizes=\"auto, (max-width: 300px) 100vw, 300px\" \/><\/figure>\n<\/div><\/div>\n\n\n\n<div class=\"wp-block-column is-layout-flow wp-block-column-is-layout-flow\"><div class=\"wp-block-image\">\n<figure class=\"aligncenter size-medium\"><img loading=\"lazy\" decoding=\"async\" width=\"201\" height=\"300\" src=\"https:\/\/ifesworld.org\/wp-content\/uploads\/2022\/09\/FR_RegLogo_Port_HR-201x300.png\" alt=\"\" class=\"wp-image-19676\" srcset=\"https:\/\/ifesworld.org\/wp-content\/uploads\/2022\/09\/FR_RegLogo_Port_HR-201x300.png 201w, https:\/\/ifesworld.org\/wp-content\/uploads\/2022\/09\/FR_RegLogo_Port_HR.png 339w\" sizes=\"auto, (max-width: 201px) 100vw, 201px\" \/><\/figure>\n<\/div><\/div>\n<\/div>\n<\/div>\n\n<div class=\"wp-block block-core-paragraph\">\n<p class=\"has-white-background-color has-background wp-block-paragraph\">IFES\/USA es un miembro acreditado del Consejo Evang\u00e9lico para la Responsabilidad Financiera, miembro del programa de informaci\u00f3n sobre organizaciones sin \u00e1nimo de lucro GuideStar Exchange, y tiene el sello de confianza \u201cGive with Confidence\u201d otorgado por la organizaci\u00f3n Charity Navigator. En el Reino Unido, IFES est\u00e1 dado de alta en Fundraising Regulator, un ente que regula a las organizaciones sin \u00e1nimo de lucro.&nbsp;<\/p>\n<\/div>\n\n<div class=\"wp-block block-core-heading\">\n<h1 class=\"has-accent-color has-text-color wp-block-heading\">gracias<\/h1>\n<\/div>\n\n<div class=\"wp-block block-core-paragraph\">\n<p class=\"has-accent-color has-text-color wp-block-paragraph\">IFES quisiera expresar su gratitud m\u00e1s sincera por todos los donativos recibidos en 2021.&nbsp; Damos las gracias a todos los que han apoyado el ministerio de IFES a trav\u00e9s de oraciones, voluntariado o donativos durante este a\u00f1o incre\u00edblemente dif\u00edcil<a>.<\/a><\/p>\n<\/div><\/div><\/div>\n<\/div><\/div>\n<\/div><\/div>\n\n<div class=\"wp-block block-core-group alignfull\">\n<div class=\"wp-block-group alignfull has-white-background-color has-background\"><div class=\"wp-block-group__inner-container is-layout-flow wp-block-group-is-layout-flow\"><div class=\"wp-block block-core-heading\">\n<h1 class=\"wp-block-heading\"><strong>COLABORA CON NOSOTROS&nbsp;<\/strong><\/h1>\n<\/div>\n\n<div class=\"wp-block block-core-paragraph\">\n<p class=\"wp-block-paragraph\">Cuando colaboras con nosotros, est\u00e1s apoyando a estudiantes y a graduados en Medio Oriente y \u00c1frica del Norte (MENA) que necesitan \u00e1nimos para seguir viviendo el evangelio.&nbsp; Adem\u00e1s, ayudas a proveer capacitaci\u00f3n y mentorazgo a personas como Isabela, una estudiante de arquitectura de Ecuador que trabaja en un proyecto con la Iniciativa Logos y Cosmos con el prop\u00f3sito de transformar su movimiento nacional y su sociedad.&nbsp; Te unes a Gladwel y a sus amigos, quienes asisten a congresos para considerar c\u00f3mo el evangelio puede transformar un mundo din\u00e1mico y qu\u00e9 implica esto para sus vidas.&nbsp;<\/p>\n<\/div>\n\n<div class=\"wp-block block-core-paragraph\">\n<p class=\"wp-block-paragraph\">Hay much\u00edsimas formas de empoderar y capacitar a los estudiantes ofreciendo formaci\u00f3n, recursos y liderazgo. Con tu ayuda, podemos hacer m\u00e1s para garantizar que el ministerio estudiantil florezca en todo el mundo.&nbsp;&nbsp;&nbsp;<\/p>\n<\/div>\n\n<div class=\"wp-block block-core-columns\">\n<div class=\"wp-block-columns is-layout-flex wp-container-core-columns-is-layout-8f761849 wp-block-columns-is-layout-flex\">\n<div class=\"wp-block-column is-layout-flow wp-block-column-is-layout-flow\"><div class=\"wp-block block-core-heading\">\n<h2 class=\"wp-block-heading\"><strong>ORA<\/strong><\/h2>\n<\/div>\n\n<div class=\"wp-block block-core-paragraph\">\n<p class=\"wp-block-paragraph\">La oraci\u00f3n es el combustible que mantiene a nuestra misi\u00f3n centrada y obediente a Dios. Sin ella, nuestro ministerio no ser\u00eda efectivo. Ora con nosotros para pedirle a Dios que se mueva en el coraz\u00f3n de los estudiantes de todo el mundo y que dirija todo lo que hacemos. <a href=\"https:\/\/ifesworld.org\/es\/orar\/\" target=\"_blank\" rel=\"noreferrer noopener\">Reg\u00edstrate para leer historias que inspirar\u00e1n <\/a>tus oraciones por IFES<a href=\"https:\/\/ifesworld.org\/es\/orar\/\" target=\"_blank\" rel=\"noreferrer noopener\">.<\/a> <a href=\"https:\/\/ifesworld.org\/es\/podcasts-de-ifes\/\" target=\"_blank\" rel=\"noreferrer noopener\">Escucha los podcasts de Voices of IFES y de Prayerline <\/a>para encontrar m\u00e1s inspiraci\u00f3n para tus oraciones.&nbsp; <\/p>\n<\/div><\/div>\n\n\n\n<div class=\"wp-block-column is-layout-flow wp-block-column-is-layout-flow\"><div class=\"wp-block block-core-heading\">\n<h2 class=\"wp-block-heading\"><strong>CON\u00c9CTATE&nbsp;<\/strong><\/h2>\n<\/div>\n\n<div class=\"wp-block block-core-paragraph\">\n<p class=\"wp-block-paragraph\">IFES es una comunidad rica, con muchas maneras para poder involucrarte en ella y oportunidades para dar testimonio acerca de la obra de Dios en la vida de los estudiantes en todo el mundo.&nbsp; Nos encantar\u00eda verte en IFES Connect, nuestra nueva comunidad virtual, creada para unir, animar y capacitar a nuestros obreros, estudiantes y todos aquellos que nos apoyan. <strong>Visita<\/strong> &nbsp;<strong><a href=\"https:\/\/connect.ifesworld.org\/\" target=\"_blank\" rel=\"noreferrer noopener\">connect.ifesworld.org<\/a><\/strong> para empezar.&nbsp;<\/p>\n<\/div><\/div>\n\n\n\n<div class=\"wp-block-column is-layout-flow wp-block-column-is-layout-flow\"><div class=\"wp-block block-core-heading\">\n<h2 class=\"wp-block-heading\"><strong>DONA<\/strong><\/h2>\n<\/div>\n\n<div class=\"wp-block block-core-paragraph\">\n<p class=\"wp-block-paragraph\">Sin colaboradores generosos como t\u00fa, nuestro alcance ser\u00eda mucho m\u00e1s limitado.&nbsp; Las donaciones regulares son especialmente \u00fatiles porque nos ayudan a planificar para el futuro. Puedes empezar a donar o aumentar la cantidad de tu donaci\u00f3n en <strong><a href=\"https:\/\/ifesworld.org\/es\/donar\/\">ifesworld.org\/es\/donar<\/a><\/strong>.<\/p>\n<\/div><\/div>\n<\/div>\n<\/div>\n\n<div class=\"wp-block block-core-paragraph\">\n<p class=\"wp-block-paragraph\">Gracias a ti podemos seguir adelante con nuestra visi\u00f3n de tener un testimonio estudiantil floreciente en todos los campus del mundo. Nos mueve el evangelio y nos sostiene un Salvador que trae esperanza a la universidad. Gracias por orar, conectar y donar para que podamos continuar con la misi\u00f3n.&nbsp;<\/p>\n<\/div>\n\n<div class=\"wp-block block-core-paragraph\">\n<p class=\"wp-block-paragraph\"><\/p>\n<\/div>\n\n<div class=\"wp-block block-core-gallery\">\n<figure class=\"wp-block-gallery has-nested-images columns-default is-cropped wp-block-gallery-9 is-layout-flex wp-block-gallery-is-layout-flex\">\n<figure class=\"wp-block-image size-large\"><img loading=\"lazy\" decoding=\"async\" width=\"1280\" height=\"958\" data-id=\"19636\" src=\"https:\/\/ifesworld.org\/wp-content\/uploads\/2022\/09\/p19-Pioneering-in-the-French-Caribbean.jpg\" alt=\"\" class=\"wp-image-19636\" srcset=\"https:\/\/ifesworld.org\/wp-content\/uploads\/2022\/09\/p19-Pioneering-in-the-French-Caribbean.jpg 1280w, https:\/\/ifesworld.org\/wp-content\/uploads\/2022\/09\/p19-Pioneering-in-the-French-Caribbean-300x225.jpg 300w, https:\/\/ifesworld.org\/wp-content\/uploads\/2022\/09\/p19-Pioneering-in-the-French-Caribbean-1024x766.jpg 1024w, https:\/\/ifesworld.org\/wp-content\/uploads\/2022\/09\/p19-Pioneering-in-the-French-Caribbean-768x575.jpg 768w\" sizes=\"auto, (max-width: 1280px) 100vw, 1280px\" \/><figcaption>Estudiante pionero en el Caribe franc\u00e9s<\/figcaption><\/figure>\n\n\n\n<figure class=\"wp-block-image size-large\"><img loading=\"lazy\" decoding=\"async\" width=\"1280\" height=\"960\" data-id=\"19637\" src=\"https:\/\/ifesworld.org\/wp-content\/uploads\/2022\/09\/p18-Ukraine-internationals.jpg\" alt=\"\" class=\"wp-image-19637\" srcset=\"https:\/\/ifesworld.org\/wp-content\/uploads\/2022\/09\/p18-Ukraine-internationals.jpg 1280w, https:\/\/ifesworld.org\/wp-content\/uploads\/2022\/09\/p18-Ukraine-internationals-300x225.jpg 300w, https:\/\/ifesworld.org\/wp-content\/uploads\/2022\/09\/p18-Ukraine-internationals-1024x768.jpg 1024w, https:\/\/ifesworld.org\/wp-content\/uploads\/2022\/09\/p18-Ukraine-internationals-768x576.jpg 768w\" sizes=\"auto, (max-width: 1280px) 100vw, 1280px\" \/><figcaption>Grupo internacional de pastoral estudiantil, CCX Ucrania<\/figcaption><\/figure>\n<\/figure>\n<\/div>\n\n<div class=\"wp-block block-core-heading\">\n<h2 class=\"wp-block-heading\"> Otros informes<\/h2>\n<\/div>\n\n<div class=\"wp-block block-acf-ifesbutton\">\n<div class=\"\">\n    <a id=\"btn-block_6179716ab326c\" target=\"_blank\" href=\"https:\/\/ifesworld.org\/wp-content\/uploads\/2021\/10\/Final-signed-2020-IFES-annual-accounts-and-TAR.pdf\" class=\"btn btn--cta-link\">\n        <span>\n                    <span class=\"icon\"><svg class=\"icon\"><use xlink:href=\"#chevron-circle-right-solid\"\/><\/svg><\/span>\n        CUENTAS ANUALES E INFORME DE LOS FIDEICOMISARIOS 2020        <\/span>\n    <\/a>\n<\/div>\n\n<\/div>\n\n<div class=\"wp-block block-acf-ifesbutton\">\n<div class=\"\">\n    <a id=\"btn-block_63218d05d2c63\" target=\"_blank\" href=\"https:\/\/ifesworld.org\/wp-content\/uploads\/2022\/07\/IFES-USA-2021-Financial-Statements.pdf\" class=\"btn btn--cta-link\">\n        <span>\n                    <span class=\"icon\"><svg class=\"icon\"><use xlink:href=\"#chevron-circle-right-solid\"\/><\/svg><\/span>\n        Cuentas anuales de IFES USA 2021        <\/span>\n    <\/a>\n<\/div>\n\n<\/div>\n\n<div class=\"wp-block block-acf-ifesbutton\">\n<div class=\"\">\n    <a id=\"btn-block_63218d05d2c64\" target=\"_blank\" href=\"https:\/\/ifesworld.org\/wp-content\/uploads\/2021\/10\/Signed-IFES-Swiss-Accounts-2020.pdf\" class=\"btn btn--cta-link\">\n        <span>\n                    <span class=\"icon\"><svg class=\"icon\"><use xlink:href=\"#chevron-circle-right-solid\"\/><\/svg><\/span>\n         CUENTAS DE IFES (SUIZA) 2020        <\/span>\n    <\/a>\n<\/div>\n\n<\/div>\n\n<div class=\"wp-block block-acf-ifesbutton\">\n<div class=\"\">\n    <a id=\"btn-block_63218d05d2c65\" target=\"_blank\" href=\"https:\/\/ifesworld.org\/wp-content\/uploads\/2022\/07\/2021-IFES-USA-Form-990-Public-Copy.pdf\" class=\"btn btn--cta-link\">\n        <span>\n                    <span class=\"icon\"><svg class=\"icon\"><use xlink:href=\"#chevron-circle-right-solid\"\/><\/svg><\/span>\n        DOCUMENTO DEL INFORME FISCAL DE IFES USA 2021 (990)        <\/span>\n    <\/a>\n<\/div>\n\n<\/div>\n\n<div class=\"wp-block block-acf-ifesbutton\">\n<div class=\"\">\n    <a id=\"btn-block_63218d05d2c66\" target=\"_blank\" href=\"https:\/\/ifesworld.org\/wp-content\/uploads\/2022\/09\/IFES-Annual-Report2022-UK-final.pdf\" class=\"btn btn--cta-link\">\n        <span>\n                    <span class=\"icon\"><svg class=\"icon\"><use xlink:href=\"#chevron-circle-right-solid\"\/><\/svg><\/span>\n        ANNUAL REPORT 2021-2022        <\/span>\n    <\/a>\n<\/div>\n\n<\/div><\/div>\n<\/div><\/div>","protected":false},"excerpt":{"rendered":"<p>Palabras de Tim Adams, Secretario General de IFES Queridos amigos: Nunca dejen de ser diligentes; antes bien, sirvan al Se\u00f1or con el fervor que da el Esp\u00edritu. Al\u00e9grense en la esperanza, muestren paciencia en el sufrimiento, perseveren en la oraci\u00f3n. Romanos 12:11-12 Esta exhortaci\u00f3n se convirti\u00f3 en un mantra para m\u00ed durante 2021, mi primer&#8230;<\/p>\n","protected":false},"author":2,"featured_media":19538,"parent":0,"menu_order":0,"comment_status":"closed","ping_status":"closed","template":"","meta":{"_acf_changed":false,"_crdt_document":"","inline_featured_image":false,"footnotes":""},"area":[],"theme":[],"class_list":["post-19672","page","type-page","status-publish","has-post-thumbnail","hentry"],"acf":[],"yoast_head":"<!-- This site is optimized with the Yoast SEO plugin v27.2 - https:\/\/yoast.com\/product\/yoast-seo-wordpress\/ -->\n<title>Informe Anual de IFES 2021-22 &#183; IFES<\/title>\n<meta name=\"description\" content=\"Palabras de Tim Adams, Secretario General de IFES Queridos amigos: Nunca dejen de ser diligentes; antes bien, sirvan al Se\u00f1or con el fervor que da el\" \/>\n<meta name=\"robots\" content=\"index, follow, max-snippet:-1, max-image-preview:large, max-video-preview:-1\" \/>\n<link rel=\"canonical\" href=\"https:\/\/ifesworld.org\/en\/annual-report-2021-22\/\" \/>\n<meta property=\"og:locale\" content=\"es_ES\" \/>\n<meta property=\"og:type\" content=\"article\" \/>\n<meta property=\"og:title\" content=\"Informe Anual de IFES 2021-22 &#183; IFES\" \/>\n<meta property=\"og:description\" content=\"Palabras de Tim Adams, Secretario General de IFES Queridos amigos: Nunca dejen de ser diligentes; antes bien, sirvan al Se\u00f1or con el fervor que da el\" \/>\n<meta property=\"og:url\" content=\"https:\/\/ifesworld.org\/en\/annual-report-2021-22\/\" \/>\n<meta property=\"og:site_name\" content=\"IFES\" \/>\n<meta property=\"article:modified_time\" content=\"2022-11-18T15:24:36+00:00\" \/>\n<meta property=\"og:image\" content=\"https:\/\/ifesworld.org\/wp-content\/uploads\/2022\/09\/Cover-photo-AdobeStock_242197045-scaled.jpeg\" \/>\n\t<meta property=\"og:image:width\" content=\"2560\" \/>\n\t<meta property=\"og:image:height\" content=\"1707\" \/>\n\t<meta property=\"og:image:type\" content=\"image\/jpeg\" \/>\n<meta name=\"twitter:card\" content=\"summary_large_image\" \/>\n<meta name=\"twitter:label1\" content=\"Tiempo de lectura\" \/>\n\t<meta name=\"twitter:data1\" content=\"24 minutos\" \/>\n<script type=\"application\/ld+json\" class=\"yoast-schema-graph\">{\"@context\":\"https:\/\/schema.org\",\"@graph\":[{\"@type\":\"WebPage\",\"@id\":\"https:\/\/ifesworld.org\/en\/annual-report-2021-22\/\",\"url\":\"https:\/\/ifesworld.org\/en\/annual-report-2021-22\/\",\"name\":\"Informe Anual de IFES 2021-22 &#183; IFES\",\"isPartOf\":{\"@id\":\"https:\/\/ifesworld.org\/es\/#website\"},\"primaryImageOfPage\":{\"@id\":\"https:\/\/ifesworld.org\/en\/annual-report-2021-22\/#primaryimage\"},\"image\":{\"@id\":\"https:\/\/ifesworld.org\/en\/annual-report-2021-22\/#primaryimage\"},\"thumbnailUrl\":\"https:\/\/ifesworld.org\/wp-content\/uploads\/2022\/09\/Cover-photo-AdobeStock_242197045-scaled.jpeg\",\"datePublished\":\"2022-09-14T08:16:41+00:00\",\"dateModified\":\"2022-11-18T15:24:36+00:00\",\"description\":\"Palabras de Tim Adams, Secretario General de IFES Queridos amigos: Nunca dejen de ser diligentes; antes bien, sirvan al Se\u00f1or con el fervor que da el\",\"breadcrumb\":{\"@id\":\"https:\/\/ifesworld.org\/en\/annual-report-2021-22\/#breadcrumb\"},\"inLanguage\":\"es\",\"potentialAction\":[{\"@type\":\"ReadAction\",\"target\":[\"https:\/\/ifesworld.org\/en\/annual-report-2021-22\/\"]}]},{\"@type\":\"ImageObject\",\"inLanguage\":\"es\",\"@id\":\"https:\/\/ifesworld.org\/en\/annual-report-2021-22\/#primaryimage\",\"url\":\"https:\/\/ifesworld.org\/wp-content\/uploads\/2022\/09\/Cover-photo-AdobeStock_242197045-scaled.jpeg\",\"contentUrl\":\"https:\/\/ifesworld.org\/wp-content\/uploads\/2022\/09\/Cover-photo-AdobeStock_242197045-scaled.jpeg\",\"width\":2560,\"height\":1707,\"caption\":\"young woman holding bible and lift up hand with light sunset background,christian concept.\"},{\"@type\":\"BreadcrumbList\",\"@id\":\"https:\/\/ifesworld.org\/en\/annual-report-2021-22\/#breadcrumb\",\"itemListElement\":[{\"@type\":\"ListItem\",\"position\":1,\"name\":\"Home\",\"item\":\"https:\/\/ifesworld.org\/es\/\"},{\"@type\":\"ListItem\",\"position\":2,\"name\":\"Informe Anual de IFES 2021-22\"}]},{\"@type\":\"WebSite\",\"@id\":\"https:\/\/ifesworld.org\/es\/#website\",\"url\":\"https:\/\/ifesworld.org\/es\/\",\"name\":\"IFES\",\"description\":\"A movement of students sharing and living out the good news of Jesus Christ. Locally. Nationally. Globally.\",\"publisher\":{\"@id\":\"https:\/\/ifesworld.org\/es\/#organization\"},\"potentialAction\":[{\"@type\":\"SearchAction\",\"target\":{\"@type\":\"EntryPoint\",\"urlTemplate\":\"https:\/\/ifesworld.org\/es\/?s={search_term_string}\"},\"query-input\":{\"@type\":\"PropertyValueSpecification\",\"valueRequired\":true,\"valueName\":\"search_term_string\"}}],\"inLanguage\":\"es\"},{\"@type\":\"Organization\",\"@id\":\"https:\/\/ifesworld.org\/es\/#organization\",\"name\":\"IFES \u00b7 International Fellowship of Evangelical Students\",\"url\":\"https:\/\/ifesworld.org\/es\/\",\"logo\":{\"@type\":\"ImageObject\",\"inLanguage\":\"es\",\"@id\":\"https:\/\/ifesworld.org\/es\/#\/schema\/logo\/image\/\",\"url\":\"https:\/\/ifesworld.org\/wp-content\/uploads\/2019\/06\/ifeslogo.png\",\"contentUrl\":\"https:\/\/ifesworld.org\/wp-content\/uploads\/2019\/06\/ifeslogo.png\",\"width\":262,\"height\":262,\"caption\":\"IFES \u00b7 International Fellowship of Evangelical Students\"},\"image\":{\"@id\":\"https:\/\/ifesworld.org\/es\/#\/schema\/logo\/image\/\"}}]}<\/script>\n<!-- \/ Yoast SEO plugin. -->","yoast_head_json":{"title":"Informe Anual de IFES 2021-22 &#183; IFES","description":"Palabras de Tim Adams, Secretario General de IFES Queridos amigos: Nunca dejen de ser diligentes; antes bien, sirvan al Se\u00f1or con el fervor que da el","robots":{"index":"index","follow":"follow","max-snippet":"max-snippet:-1","max-image-preview":"max-image-preview:large","max-video-preview":"max-video-preview:-1"},"canonical":"https:\/\/ifesworld.org\/en\/annual-report-2021-22\/","og_locale":"es_ES","og_type":"article","og_title":"Informe Anual de IFES 2021-22 &#183; IFES","og_description":"Palabras de Tim Adams, Secretario General de IFES Queridos amigos: Nunca dejen de ser diligentes; antes bien, sirvan al Se\u00f1or con el fervor que da el","og_url":"https:\/\/ifesworld.org\/en\/annual-report-2021-22\/","og_site_name":"IFES","article_modified_time":"2022-11-18T15:24:36+00:00","og_image":[{"width":2560,"height":1707,"url":"https:\/\/ifesworld.org\/wp-content\/uploads\/2022\/09\/Cover-photo-AdobeStock_242197045-scaled.jpeg","type":"image\/jpeg"}],"twitter_card":"summary_large_image","twitter_misc":{"Tiempo de lectura":"24 minutos"},"schema":{"@context":"https:\/\/schema.org","@graph":[{"@type":"WebPage","@id":"https:\/\/ifesworld.org\/en\/annual-report-2021-22\/","url":"https:\/\/ifesworld.org\/en\/annual-report-2021-22\/","name":"Informe Anual de IFES 2021-22 &#183; IFES","isPartOf":{"@id":"https:\/\/ifesworld.org\/es\/#website"},"primaryImageOfPage":{"@id":"https:\/\/ifesworld.org\/en\/annual-report-2021-22\/#primaryimage"},"image":{"@id":"https:\/\/ifesworld.org\/en\/annual-report-2021-22\/#primaryimage"},"thumbnailUrl":"https:\/\/ifesworld.org\/wp-content\/uploads\/2022\/09\/Cover-photo-AdobeStock_242197045-scaled.jpeg","datePublished":"2022-09-14T08:16:41+00:00","dateModified":"2022-11-18T15:24:36+00:00","description":"Palabras de Tim Adams, Secretario General de IFES Queridos amigos: Nunca dejen de ser diligentes; antes bien, sirvan al Se\u00f1or con el fervor que da el","breadcrumb":{"@id":"https:\/\/ifesworld.org\/en\/annual-report-2021-22\/#breadcrumb"},"inLanguage":"es","potentialAction":[{"@type":"ReadAction","target":["https:\/\/ifesworld.org\/en\/annual-report-2021-22\/"]}]},{"@type":"ImageObject","inLanguage":"es","@id":"https:\/\/ifesworld.org\/en\/annual-report-2021-22\/#primaryimage","url":"https:\/\/ifesworld.org\/wp-content\/uploads\/2022\/09\/Cover-photo-AdobeStock_242197045-scaled.jpeg","contentUrl":"https:\/\/ifesworld.org\/wp-content\/uploads\/2022\/09\/Cover-photo-AdobeStock_242197045-scaled.jpeg","width":2560,"height":1707,"caption":"young woman holding bible and lift up hand with light sunset background,christian concept."},{"@type":"BreadcrumbList","@id":"https:\/\/ifesworld.org\/en\/annual-report-2021-22\/#breadcrumb","itemListElement":[{"@type":"ListItem","position":1,"name":"Home","item":"https:\/\/ifesworld.org\/es\/"},{"@type":"ListItem","position":2,"name":"Informe Anual de IFES 2021-22"}]},{"@type":"WebSite","@id":"https:\/\/ifesworld.org\/es\/#website","url":"https:\/\/ifesworld.org\/es\/","name":"IFES","description":"A movement of students sharing and living out the good news of Jesus Christ. Locally. Nationally. Globally.","publisher":{"@id":"https:\/\/ifesworld.org\/es\/#organization"},"potentialAction":[{"@type":"SearchAction","target":{"@type":"EntryPoint","urlTemplate":"https:\/\/ifesworld.org\/es\/?s={search_term_string}"},"query-input":{"@type":"PropertyValueSpecification","valueRequired":true,"valueName":"search_term_string"}}],"inLanguage":"es"},{"@type":"Organization","@id":"https:\/\/ifesworld.org\/es\/#organization","name":"IFES \u00b7 International Fellowship of Evangelical Students","url":"https:\/\/ifesworld.org\/es\/","logo":{"@type":"ImageObject","inLanguage":"es","@id":"https:\/\/ifesworld.org\/es\/#\/schema\/logo\/image\/","url":"https:\/\/ifesworld.org\/wp-content\/uploads\/2019\/06\/ifeslogo.png","contentUrl":"https:\/\/ifesworld.org\/wp-content\/uploads\/2019\/06\/ifeslogo.png","width":262,"height":262,"caption":"IFES \u00b7 International Fellowship of Evangelical Students"},"image":{"@id":"https:\/\/ifesworld.org\/es\/#\/schema\/logo\/image\/"}}]}},"_links":{"self":[{"href":"https:\/\/ifesworld.org\/es\/wp-json\/wp\/v2\/pages\/19672","targetHints":{"allow":["GET"]}}],"collection":[{"href":"https:\/\/ifesworld.org\/es\/wp-json\/wp\/v2\/pages"}],"about":[{"href":"https:\/\/ifesworld.org\/es\/wp-json\/wp\/v2\/types\/page"}],"author":[{"embeddable":true,"href":"https:\/\/ifesworld.org\/es\/wp-json\/wp\/v2\/users\/2"}],"replies":[{"embeddable":true,"href":"https:\/\/ifesworld.org\/es\/wp-json\/wp\/v2\/comments?post=19672"}],"version-history":[{"count":0,"href":"https:\/\/ifesworld.org\/es\/wp-json\/wp\/v2\/pages\/19672\/revisions"}],"wp:featuredmedia":[{"embeddable":true,"href":"https:\/\/ifesworld.org\/es\/wp-json\/wp\/v2\/media\/19538"}],"wp:attachment":[{"href":"https:\/\/ifesworld.org\/es\/wp-json\/wp\/v2\/media?parent=19672"}],"wp:term":[{"taxonomy":"area","embeddable":true,"href":"https:\/\/ifesworld.org\/es\/wp-json\/wp\/v2\/area?post=19672"},{"taxonomy":"theme","embeddable":true,"href":"https:\/\/ifesworld.org\/es\/wp-json\/wp\/v2\/theme?post=19672"}],"curies":[{"name":"wp","href":"https:\/\/api.w.org\/{rel}","templated":true}]}}