{"id":8059,"date":"2019-09-03T09:21:37","date_gmt":"2019-09-03T09:21:37","guid":{"rendered":"https:\/\/ifesworld.org\/?post_type=conexion&#038;p=8059"},"modified":"2019-09-25T15:49:08","modified_gmt":"2019-09-25T15:49:08","slug":"senegal","status":"publish","type":"conexion","link":"https:\/\/ifesworld.org\/es\/blog\/senegal\/","title":{"rendered":"C\u00f3mo empez\u00f3 la obra estudiantil en Senegal"},"content":{"rendered":"<div class=\"wp-block block-core-paragraph\">\n<p class=\"wp-block-paragraph\">Julio de 1964.&nbsp; <\/p>\n<\/div>\n\n<div class=\"wp-block block-core-paragraph\">\n<p class=\"wp-block-paragraph\">Denyse Perret subi\u00f3 al barco junto con su beb\u00e9 de 10 meses y todas sus pertenencias empaquetadas en barriles. La joven madre francesa estaba embarazada y se encontraba en la ciudad de Dakar, en Senegal. All\u00ed se encontrar\u00eda con su marido Louis. Hab\u00eda pasado las \u00faltimas diez semanas explorando las oportunidades del ministerio estudiantil en \u00c1frica Occidental. Pero Dakar ser\u00eda ahora su hogar. Su misi\u00f3n era impulsar el ministerio estudiantil.&nbsp;<\/p>\n<\/div>\n\n<div class=\"wp-block block-core-paragraph\">\n<p class=\"wp-block-paragraph\">Dakar era la \u00fanica ciudad universitaria franc\u00f3fona de \u00c1frica en aquel entonces. Denyse y Louis no ten\u00eda contactos estudiantiles al principio. Su punto de inicio fue la cafeter\u00eda de la Universidad de Fann, donde se reun\u00edan con los estudiantes y los invitaban a su casa. Fue un proceso lento. En un ambiente predominantemente musulm\u00e1n, los estudiantes cristianos se mostraban cautelosos a la hora de involucrarse en la evangelizaci\u00f3n. Pero durante los 12 meses siguientes, se form\u00f3 un movimiento estudiantil evang\u00e9lico. Las organizaciones estudiantiles eran ilegales, pero el grupo&nbsp;or\u00f3 y mostr\u00f3 valent\u00eda para pedir permiso de registro al gobierno musulm\u00e1n. GBU se convirti\u00f3 en el \u00fanico grupo estudiantil oficialmente reconocido del pa\u00eds.&nbsp;<\/p>\n<\/div>\n\n<div class=\"wp-block block-core-paragraph\">\n<p class=\"wp-block-paragraph\">En Senegal, hoy en d\u00eda el cristianismo evang\u00e9lico crece, pero sigue siendo una peque\u00f1a minor\u00eda del 0,17 %. Hay alrededor de 300 estudiantes involucrados activamente en GBU Senegal que comparten el evangelio e intentan iniciar nuevos grupos.&nbsp;<\/p>\n<\/div>","protected":false},"featured_media":8054,"template":"","area":[459,617],"theme":[1238],"class_list":["post-8059","conexion","type-conexion","status-publish","has-post-thumbnail","hentry","area-francophone-africa","area-senegal","theme-historia-de-los-movimientos"],"acf":[],"yoast_head":"<!-- This site is optimized with the Yoast SEO plugin v27.2 - https:\/\/yoast.com\/product\/yoast-seo-wordpress\/ -->\n<title>C\u00f3mo empez\u00f3 la obra estudiantil en Senegal &#183; IFES Conexi\u00f3n Blog<\/title>\n<meta name=\"description\" content=\"Julio de 1964.&nbsp; Denyse Perret subi\u00f3 al barco junto con su beb\u00e9 de 10 meses y todas sus pertenencias empaquetadas en barriles. La joven madre francesa\" \/>\n<meta name=\"robots\" content=\"index, follow, max-snippet:-1, max-image-preview:large, max-video-preview:-1\" \/>\n<link rel=\"canonical\" href=\"https:\/\/ifesworld.org\/es\/blog\/senegal\/\" \/>\n<meta property=\"og:locale\" content=\"es_ES\" \/>\n<meta property=\"og:type\" content=\"article\" \/>\n<meta property=\"og:title\" content=\"C\u00f3mo empez\u00f3 la obra estudiantil en Senegal &#183; IFES Conexi\u00f3n Blog\" \/>\n<meta property=\"og:description\" content=\"Julio de 1964.&nbsp; Denyse Perret subi\u00f3 al barco junto con su beb\u00e9 de 10 meses y todas sus pertenencias empaquetadas en barriles. La joven madre francesa\" \/>\n<meta property=\"og:url\" content=\"https:\/\/ifesworld.org\/es\/blog\/senegal\/\" \/>\n<meta property=\"og:site_name\" content=\"IFES\" \/>\n<meta property=\"article:modified_time\" content=\"2019-09-25T15:49:08+00:00\" \/>\n<meta property=\"og:image\" content=\"https:\/\/ifesworld.org\/wp-content\/uploads\/2019\/09\/190903-Senegal.jpg\" \/>\n\t<meta property=\"og:image:width\" content=\"1280\" \/>\n\t<meta property=\"og:image:height\" content=\"720\" \/>\n\t<meta property=\"og:image:type\" content=\"image\/jpeg\" \/>\n<meta name=\"twitter:card\" content=\"summary_large_image\" \/>\n<meta name=\"twitter:label1\" content=\"Tiempo de lectura\" \/>\n\t<meta name=\"twitter:data1\" content=\"1 minuto\" \/>\n<script type=\"application\/ld+json\" class=\"yoast-schema-graph\">{\"@context\":\"https:\/\/schema.org\",\"@graph\":[{\"@type\":\"WebPage\",\"@id\":\"https:\/\/ifesworld.org\/es\/blog\/senegal\/\",\"url\":\"https:\/\/ifesworld.org\/es\/blog\/senegal\/\",\"name\":\"C\u00f3mo empez\u00f3 la obra estudiantil en Senegal &#183; IFES Conexi\u00f3n Blog\",\"isPartOf\":{\"@id\":\"https:\/\/ifesworld.org\/es\/#website\"},\"primaryImageOfPage\":{\"@id\":\"https:\/\/ifesworld.org\/es\/blog\/senegal\/#primaryimage\"},\"image\":{\"@id\":\"https:\/\/ifesworld.org\/es\/blog\/senegal\/#primaryimage\"},\"thumbnailUrl\":\"https:\/\/ifesworld.org\/wp-content\/uploads\/2019\/09\/190903-Senegal.jpg\",\"datePublished\":\"2019-09-03T09:21:37+00:00\",\"dateModified\":\"2019-09-25T15:49:08+00:00\",\"description\":\"Julio de 1964.&nbsp; Denyse Perret subi\u00f3 al barco junto con su beb\u00e9 de 10 meses y todas sus pertenencias empaquetadas en barriles. La joven madre francesa\",\"breadcrumb\":{\"@id\":\"https:\/\/ifesworld.org\/es\/blog\/senegal\/#breadcrumb\"},\"inLanguage\":\"es\",\"potentialAction\":[{\"@type\":\"ReadAction\",\"target\":[\"https:\/\/ifesworld.org\/es\/blog\/senegal\/\"]}]},{\"@type\":\"ImageObject\",\"inLanguage\":\"es\",\"@id\":\"https:\/\/ifesworld.org\/es\/blog\/senegal\/#primaryimage\",\"url\":\"https:\/\/ifesworld.org\/wp-content\/uploads\/2019\/09\/190903-Senegal.jpg\",\"contentUrl\":\"https:\/\/ifesworld.org\/wp-content\/uploads\/2019\/09\/190903-Senegal.jpg\",\"width\":1280,\"height\":720,\"caption\":\"190903 Con Senegal\"},{\"@type\":\"BreadcrumbList\",\"@id\":\"https:\/\/ifesworld.org\/es\/blog\/senegal\/#breadcrumb\",\"itemListElement\":[{\"@type\":\"ListItem\",\"position\":1,\"name\":\"Home\",\"item\":\"https:\/\/ifesworld.org\/es\/\"},{\"@type\":\"ListItem\",\"position\":2,\"name\":\"Conexi\u00f3n\",\"item\":\"https:\/\/ifesworld.org\/es\/blog\/\"},{\"@type\":\"ListItem\",\"position\":3,\"name\":\"C\u00f3mo empez\u00f3 la obra estudiantil en Senegal\"}]},{\"@type\":\"WebSite\",\"@id\":\"https:\/\/ifesworld.org\/es\/#website\",\"url\":\"https:\/\/ifesworld.org\/es\/\",\"name\":\"IFES\",\"description\":\"A movement of students sharing and living out the good news of Jesus Christ. Locally. Nationally. Globally.\",\"publisher\":{\"@id\":\"https:\/\/ifesworld.org\/es\/#organization\"},\"potentialAction\":[{\"@type\":\"SearchAction\",\"target\":{\"@type\":\"EntryPoint\",\"urlTemplate\":\"https:\/\/ifesworld.org\/es\/?s={search_term_string}\"},\"query-input\":{\"@type\":\"PropertyValueSpecification\",\"valueRequired\":true,\"valueName\":\"search_term_string\"}}],\"inLanguage\":\"es\"},{\"@type\":\"Organization\",\"@id\":\"https:\/\/ifesworld.org\/es\/#organization\",\"name\":\"IFES \u00b7 International Fellowship of Evangelical Students\",\"url\":\"https:\/\/ifesworld.org\/es\/\",\"logo\":{\"@type\":\"ImageObject\",\"inLanguage\":\"es\",\"@id\":\"https:\/\/ifesworld.org\/es\/#\/schema\/logo\/image\/\",\"url\":\"https:\/\/ifesworld.org\/wp-content\/uploads\/2019\/06\/ifeslogo.png\",\"contentUrl\":\"https:\/\/ifesworld.org\/wp-content\/uploads\/2019\/06\/ifeslogo.png\",\"width\":262,\"height\":262,\"caption\":\"IFES \u00b7 International Fellowship of Evangelical Students\"},\"image\":{\"@id\":\"https:\/\/ifesworld.org\/es\/#\/schema\/logo\/image\/\"}}]}<\/script>\n<!-- \/ Yoast SEO plugin. -->","yoast_head_json":{"title":"C\u00f3mo empez\u00f3 la obra estudiantil en Senegal &#183; IFES Conexi\u00f3n Blog","description":"Julio de 1964.&nbsp; Denyse Perret subi\u00f3 al barco junto con su beb\u00e9 de 10 meses y todas sus pertenencias empaquetadas en barriles. La joven madre francesa","robots":{"index":"index","follow":"follow","max-snippet":"max-snippet:-1","max-image-preview":"max-image-preview:large","max-video-preview":"max-video-preview:-1"},"canonical":"https:\/\/ifesworld.org\/es\/blog\/senegal\/","og_locale":"es_ES","og_type":"article","og_title":"C\u00f3mo empez\u00f3 la obra estudiantil en Senegal &#183; IFES Conexi\u00f3n Blog","og_description":"Julio de 1964.&nbsp; Denyse Perret subi\u00f3 al barco junto con su beb\u00e9 de 10 meses y todas sus pertenencias empaquetadas en barriles. La joven madre francesa","og_url":"https:\/\/ifesworld.org\/es\/blog\/senegal\/","og_site_name":"IFES","article_modified_time":"2019-09-25T15:49:08+00:00","og_image":[{"width":1280,"height":720,"url":"https:\/\/ifesworld.org\/wp-content\/uploads\/2019\/09\/190903-Senegal.jpg","type":"image\/jpeg"}],"twitter_card":"summary_large_image","twitter_misc":{"Tiempo de lectura":"1 minuto"},"schema":{"@context":"https:\/\/schema.org","@graph":[{"@type":"WebPage","@id":"https:\/\/ifesworld.org\/es\/blog\/senegal\/","url":"https:\/\/ifesworld.org\/es\/blog\/senegal\/","name":"C\u00f3mo empez\u00f3 la obra estudiantil en Senegal &#183; IFES Conexi\u00f3n Blog","isPartOf":{"@id":"https:\/\/ifesworld.org\/es\/#website"},"primaryImageOfPage":{"@id":"https:\/\/ifesworld.org\/es\/blog\/senegal\/#primaryimage"},"image":{"@id":"https:\/\/ifesworld.org\/es\/blog\/senegal\/#primaryimage"},"thumbnailUrl":"https:\/\/ifesworld.org\/wp-content\/uploads\/2019\/09\/190903-Senegal.jpg","datePublished":"2019-09-03T09:21:37+00:00","dateModified":"2019-09-25T15:49:08+00:00","description":"Julio de 1964.&nbsp; Denyse Perret subi\u00f3 al barco junto con su beb\u00e9 de 10 meses y todas sus pertenencias empaquetadas en barriles. La joven madre francesa","breadcrumb":{"@id":"https:\/\/ifesworld.org\/es\/blog\/senegal\/#breadcrumb"},"inLanguage":"es","potentialAction":[{"@type":"ReadAction","target":["https:\/\/ifesworld.org\/es\/blog\/senegal\/"]}]},{"@type":"ImageObject","inLanguage":"es","@id":"https:\/\/ifesworld.org\/es\/blog\/senegal\/#primaryimage","url":"https:\/\/ifesworld.org\/wp-content\/uploads\/2019\/09\/190903-Senegal.jpg","contentUrl":"https:\/\/ifesworld.org\/wp-content\/uploads\/2019\/09\/190903-Senegal.jpg","width":1280,"height":720,"caption":"190903 Con Senegal"},{"@type":"BreadcrumbList","@id":"https:\/\/ifesworld.org\/es\/blog\/senegal\/#breadcrumb","itemListElement":[{"@type":"ListItem","position":1,"name":"Home","item":"https:\/\/ifesworld.org\/es\/"},{"@type":"ListItem","position":2,"name":"Conexi\u00f3n","item":"https:\/\/ifesworld.org\/es\/blog\/"},{"@type":"ListItem","position":3,"name":"C\u00f3mo empez\u00f3 la obra estudiantil en Senegal"}]},{"@type":"WebSite","@id":"https:\/\/ifesworld.org\/es\/#website","url":"https:\/\/ifesworld.org\/es\/","name":"IFES","description":"A movement of students sharing and living out the good news of Jesus Christ. Locally. Nationally. Globally.","publisher":{"@id":"https:\/\/ifesworld.org\/es\/#organization"},"potentialAction":[{"@type":"SearchAction","target":{"@type":"EntryPoint","urlTemplate":"https:\/\/ifesworld.org\/es\/?s={search_term_string}"},"query-input":{"@type":"PropertyValueSpecification","valueRequired":true,"valueName":"search_term_string"}}],"inLanguage":"es"},{"@type":"Organization","@id":"https:\/\/ifesworld.org\/es\/#organization","name":"IFES \u00b7 International Fellowship of Evangelical Students","url":"https:\/\/ifesworld.org\/es\/","logo":{"@type":"ImageObject","inLanguage":"es","@id":"https:\/\/ifesworld.org\/es\/#\/schema\/logo\/image\/","url":"https:\/\/ifesworld.org\/wp-content\/uploads\/2019\/06\/ifeslogo.png","contentUrl":"https:\/\/ifesworld.org\/wp-content\/uploads\/2019\/06\/ifeslogo.png","width":262,"height":262,"caption":"IFES \u00b7 International Fellowship of Evangelical Students"},"image":{"@id":"https:\/\/ifesworld.org\/es\/#\/schema\/logo\/image\/"}}]}},"_links":{"self":[{"href":"https:\/\/ifesworld.org\/es\/wp-json\/wp\/v2\/conexion\/8059","targetHints":{"allow":["GET"]}}],"collection":[{"href":"https:\/\/ifesworld.org\/es\/wp-json\/wp\/v2\/conexion"}],"about":[{"href":"https:\/\/ifesworld.org\/es\/wp-json\/wp\/v2\/types\/conexion"}],"wp:featuredmedia":[{"embeddable":true,"href":"https:\/\/ifesworld.org\/es\/wp-json\/wp\/v2\/media\/8054"}],"wp:attachment":[{"href":"https:\/\/ifesworld.org\/es\/wp-json\/wp\/v2\/media?parent=8059"}],"wp:term":[{"taxonomy":"area","embeddable":true,"href":"https:\/\/ifesworld.org\/es\/wp-json\/wp\/v2\/area?post=8059"},{"taxonomy":"theme","embeddable":true,"href":"https:\/\/ifesworld.org\/es\/wp-json\/wp\/v2\/theme?post=8059"}],"curies":[{"name":"wp","href":"https:\/\/api.w.org\/{rel}","templated":true}]}}