{"id":7897,"date":"2019-08-20T11:13:32","date_gmt":"2019-08-20T11:13:32","guid":{"rendered":"https:\/\/ifesworld.org\/?post_type=conexion&#038;p=7897"},"modified":"2019-08-20T15:39:57","modified_gmt":"2019-08-20T15:39:57","slug":"aida","status":"publish","type":"conexion","link":"https:\/\/ifesworld.org\/es\/blog\/aida\/","title":{"rendered":"El sue\u00f1o de Aida para Guinea Ecuatorial"},"content":{"rendered":"<div class=\"wp-block block-core-paragraph\">\n<p class=\"wp-block-paragraph\">Conoce a Aida. Tiene 23 a\u00f1os. Esta es su historia.<\/p>\n<\/div>\n\n<div class=\"wp-block block-core-heading\">\n<h2 class=\"wp-block-heading\">Una llamada de tel\u00e9fono<\/h2>\n<\/div>\n\n<div class=\"wp-block block-core-paragraph\">\n<p class=\"wp-block-paragraph\">Su infancia fue\n\u00fanica. Sus amigos la llamaban <em>mwang ntang<\/em> (ni\u00f1a blanca). Le ense\u00f1aron a\njugar con un palo y una goma. A los siete a\u00f1os, Aida volvi\u00f3 de Guinea\nEcuatorial a Espa\u00f1a. Pero ya era demasiado tarde. El pa\u00eds y su gente se hab\u00edan\nganado un lugar fijo en su coraz\u00f3n.<\/p>\n<\/div>\n\n<div class=\"wp-block block-core-paragraph\">\n<p class=\"wp-block-paragraph\">Durante su \u00faltimo\na\u00f1o de universidad en Espa\u00f1a, Aida tuvo la oportunidad de volver: cursar\u00eda unas\npr\u00e1cticas de dos meses en un colegio de Malabo, la capital de Guinea\nEcuatorial. Su lectura para el viaje fue <em>Brillando como estrellas<\/em>, de\nLindsay Brown. Hoja tras hoja, las historias de los estudiantes cristianos que\nhab\u00edan marcado la diferencia en sus pa\u00edses iban cautivando a Aida. Y entonces\nse encendi\u00f3 su sue\u00f1o de ver a estudiantes cristianos de Guinea Ecuatorial\nmarcando la diferencia en su pa\u00eds.<\/p>\n<\/div>\n\n<div class=\"wp-block block-core-paragraph\">\n<p class=\"wp-block-paragraph\">Al regresar a\nBarcelona, Aida recibi\u00f3 una llamada que cambi\u00f3 el rumbo de su vida. Era un\nobrero de GBU Espa\u00f1a: \u201cAida, \u00bfqu\u00e9 te parecer\u00eda mudarte a Guinea Ecuatorial para\nimpulsar un nuevo movimiento all\u00ed?\u00bb. \u00a1Justo en el momento oportuno!\nDurante las siguientes semanas, estuvo leyendo la Biblia, orando y hablando con\notros cristianos. Vio claramente que Dios le abr\u00eda la puerta.<\/p>\n<\/div>\n\n<div class=\"wp-block block-core-heading\">\n<h2 class=\"wp-block-heading\">No est\u00e1 sola<\/h2>\n<\/div>\n\n<div class=\"wp-block block-core-paragraph\">\n<p class=\"wp-block-paragraph\">Eso ocurri\u00f3 hace\n18 meses. Desde entonces, GBU Espa\u00f1a ha estado ayudando a Aida para que pudiera\nmudarse a Malabo. IFES la apoy\u00f3 con una beca para asistir a la Asamblea Mundial\nde Sud\u00e1frica. Escuchar las historias y luchas de otros obreros y estudiantes\npioneros la ayud\u00f3 a ajustar sus expectativas. Se dio cuenta de que no ser\u00eda\nf\u00e1cil, pero tambi\u00e9n de que no estar\u00eda sola.<\/p>\n<\/div>\n\n<div class=\"wp-block block-core-quote\">\n<blockquote class=\"wp-block-quote is-layout-flow wp-block-quote-is-layout-flow\"><p>S\u00e9 que ser\u00e1 dif\u00edcil y que no soy la persona m\u00e1s cualificada para ir. Habr\u00eda gente m\u00e1s formada o experimentada. Pero conf\u00edo en que Dios proveer\u00e1 y moldear\u00e1 mi vida conforme a su llamado para m\u00ed.<\/p><p> Estoy dispuesta a hacerlo, porque no estoy sola. S\u00e9 que Dios me acompa\u00f1a, as\u00ed como el resto de la familia IFES. Quiz\u00e1 no vea grandes cosas. Tal vez solo plante la semilla y esta no crezca hasta que yo me vaya. Pero no importa; Dios tiene grandes planes para este pa\u00eds. Estoy aprendiendo que, a veces, los tiempos de Dios no son los nuestros. Dios obra de forma distinta a la nuestra. <\/p><\/blockquote>\n<\/div>\n\n\n<div class=\"wp-block-image\"><figure class=\"aligncenter is-resized\"><img loading=\"lazy\" decoding=\"async\" src=\"https:\/\/ifesworld.org\/wp-content\/uploads\/2019\/08\/190820-Aida-in-Equatorial-Guinea.jpg\" alt=\"\" class=\"wp-image-7898\" width=\"740\" height=\"416\" srcset=\"https:\/\/ifesworld.org\/wp-content\/uploads\/2019\/08\/190820-Aida-in-Equatorial-Guinea.jpg 986w, https:\/\/ifesworld.org\/wp-content\/uploads\/2019\/08\/190820-Aida-in-Equatorial-Guinea-300x169.jpg 300w, https:\/\/ifesworld.org\/wp-content\/uploads\/2019\/08\/190820-Aida-in-Equatorial-Guinea-768x432.jpg 768w\" sizes=\"auto, (max-width: 740px) 100vw, 740px\" \/><figcaption class=\"acknowledgement caption\"><i class=\"caption__icon icon-container icon-container--md\">  <svg class=\"icon camera\"><use xlink:href=\"#camera-solid\"><\/use><\/svg><\/i><span class=\"caption__text\"><\/i>GBU Spain<\/span><\/figcaption><\/figure><\/div>\n\n\n<div class=\"wp-block block-core-heading\">\n<h2 class=\"wp-block-heading\">Empezando de cero<\/h2>\n<\/div>\n\n<div class=\"wp-block block-core-paragraph\">\n<p class=\"wp-block-paragraph\">Aida quiere\nalcanzar a los estudiantes, pero \u00bfcu\u00e1l es la mejor forma de empezar? Le\nsurgieron algunas ideas al escuchar a otras personas en la Asamblea Mundial;\nclubes de ingl\u00e9s y clases de m\u00fasica, tanto para cristianos como no cristianos,\ny otras estrategias. Ser\u00e1 complicado; la mayor\u00eda de estudiantes son chicos un\npar de a\u00f1os mayores que ella. Pero, a pesar de los posibles retos, Aida siente\npaz.<\/p>\n<\/div>\n\n<div class=\"wp-block block-core-quote\">\n<blockquote class=\"wp-block-quote is-layout-flow wp-block-quote-is-layout-flow\"><p>S\u00e9 que no voy all\u00ed para ser una l\u00edder o directora, ni imponer el m\u00e9todo de IFES Europa al que estoy acostumbrada. Voy all\u00ed para formar un equipo y trabajar conjuntamente con ellos para iniciar un movimiento aut\u00f3ctono. Y, si Dios quiere, as\u00ed ser\u00e1; primero, en las facultades de Malabo, y esperamos que tambi\u00e9n en otros campus de Bata.<\/p><\/blockquote>\n<\/div>\n\n<div class=\"wp-block block-core-heading\">\n<h2 class=\"wp-block-heading\">Belleza y quebranto<\/h2>\n<\/div>\n\n<div class=\"wp-block block-core-paragraph\">\n<p class=\"wp-block-paragraph\">A Aida le encanta\nGuinea Ecuatorial. Le fascina la forma en que siempre est\u00e1s rodeado de gente.\nSi sales a la calle, siempre encuentras a alguien que te salude y te acompa\u00f1e\ndurante el camino. Si est\u00e1s en casa, siempre habr\u00e1 alguien que llame a tu\npuerta para entrar y tomar algo. Le encanta la hospitalidad, el estilo de vida,\nlos aromas, los colores, la diversidad.<\/p>\n<\/div>\n\n<div class=\"wp-block block-core-paragraph\">\n<p class=\"wp-block-paragraph\">Pero, como en\ncualquier pa\u00eds, tambi\u00e9n hay quebranto.<\/p>\n<\/div>\n\n<div class=\"wp-block block-core-paragraph\">\n<p class=\"wp-block-paragraph\">Si bien la\nmayor\u00eda de personas son cat\u00f3licos nominales, el animismo es lo que las domina.\nCuando nace un beb\u00e9, los padres lo presentan a los esp\u00edritus para que \u201clo\nprotejan\u201d. Cuando alguien enferma, acuden al curandero. Si alguien se enfada,\npuede que maldiga a su enemigo. Las generaciones m\u00e1s j\u00f3venes lo practican menos\nque sus padres y abuelos, pero est\u00e1 muy arraigado en la cultura. Para los\ncreyentes j\u00f3venes, es dif\u00edcil liberarse de ello, y para un extranjero es\ncomplicado desafiarlo sin ofender.<\/p>\n<\/div>\n\n<div class=\"wp-block block-core-paragraph\">\n<p class=\"wp-block-paragraph\">No ser\u00eda extra\u00f1o\nabrumarse ante esos signos de oscuridad, pero Aida conf\u00eda en la obra de Dios:<\/p>\n<\/div>\n\n<div class=\"wp-block block-core-quote\">\n<blockquote class=\"wp-block-quote is-layout-flow wp-block-quote-is-layout-flow\"><p>\u00abCreo que el poder para cambiar se encuentra en la Palabra de Dios. Al leer la Biblia juntos en la universidad, oro para que Dios nos hable y nos muestre d\u00f3nde estamos depositando realmente la fe, si en el \u00fanico Dios verdadero o en otras cosas\u00bb.<\/p><\/blockquote>\n<\/div>\n\n<div class=\"wp-block block-core-paragraph\">\n<p class=\"wp-block-paragraph\"> El pa\u00eds sue\u00f1a a lo grande, pero dispone de pocos recursos. Muchos se sienten desesperados y frustrados. Pero Aida y los estudiantes cristianos tienen otra esperanza que compartir, una que no se basa en lo humano. Esa esperanza puede cambiar el coraz\u00f3n de todas las personas del campus y las comunidades. Ese es el sue\u00f1o de Aida.<\/p>\n<\/div>\n\n<div class=\"wp-block block-core-quote\">\n<blockquote class=\"wp-block-quote is-layout-flow wp-block-quote-is-layout-flow\"><p><em>\u00abFamilia de IFES, imaginemos que nos reunimos de nuevo en 2023 y hay aqu\u00ed una hermana de Guinea Ecuatorial diciendo que el movimiento est\u00e1 listo para unirse a IFES. \u00bfOrar\u00e1s conmigo para que se cumpla esa realidad?\u201d<\/em> Aida recibe el apoyo del proyecto Abriendo nuevos caminos. Puedes donar ahora para apoyar a los pioneros de IFES que, como Aida, llevan el Evangelio a los campus, ciudades y pa\u00edses inalcanzados. <\/p><\/blockquote>\n<\/div>\n\n<div class=\"wp-block block-core-paragraph\">\n<p class=\"wp-block-paragraph\">Aida recibe el apoyo del proyecto Abriendo\nnuevos caminos. Puedes donar ahora para apoyar a los pioneros de IFES que, como\nAida, llevan el Evangelio a los campus, ciudades y pa\u00edses inalcanzados.<\/p>\n<\/div>\n\n<div class=\"wp-block block-acf-ifesbutton\">\n<div class=\"\">\n    <a id=\"btn-block_5d5bce5724bc4\" target=\"\" href=\"https:\/\/ifesworld.org\/es\/un-testigo-estudiantil-pionero\/#give\" class=\"btn btn--primary\">\n        <span>\n        Donar ahora        <\/span>\n    <\/a>\n<\/div>\n\n<\/div>\n\n<div class=\"wp-block block-acf-ifesbutton\">\n<div class=\"\">\n    <a id=\"btn-block_5d5bce6e24bc5\" target=\"\" href=\"https:\/\/ifesworld.org\/es\/un-testigo-estudiantil-pionero\/\" class=\"btn btn--cta-link\">\n        <span>\n                    <span class=\"icon\"><svg class=\"icon\"><use xlink:href=\"#chevron-circle-right-solid\"\/><\/svg><\/span>\n        Descubre m\u00e1s sobre el ministerio pionero de IFES        <\/span>\n    <\/a>\n<\/div>\n\n<\/div>","protected":false},"featured_media":7711,"template":"","area":[591,513],"theme":[1231,1246],"class_list":["post-7897","conexion","type-conexion","status-publish","has-post-thumbnail","hentry","area-spain","area-equatorial-guinea","theme-abriendo-nuevos-caminos","theme-obra-pionera"],"acf":[],"yoast_head":"<!-- This site is optimized with the Yoast SEO plugin v27.2 - https:\/\/yoast.com\/product\/yoast-seo-wordpress\/ -->\n<title>El sue\u00f1o de Aida para Guinea Ecuatorial &#183; IFES Conexi\u00f3n Blog<\/title>\n<meta name=\"description\" content=\"Conoce a Aida. Tiene 23 a\u00f1os. Esta es su historia. Una llamada de tel\u00e9fono Su infancia fue \u00fanica. Sus amigos la llamaban mwang ntang (ni\u00f1a blanca). Le\" \/>\n<meta name=\"robots\" content=\"index, follow, max-snippet:-1, max-image-preview:large, max-video-preview:-1\" \/>\n<link rel=\"canonical\" href=\"https:\/\/ifesworld.org\/es\/blog\/aida\/\" \/>\n<meta property=\"og:locale\" content=\"es_ES\" \/>\n<meta property=\"og:type\" content=\"article\" \/>\n<meta property=\"og:title\" content=\"El sue\u00f1o de Aida para Guinea Ecuatorial &#183; IFES Conexi\u00f3n Blog\" \/>\n<meta property=\"og:description\" content=\"Conoce a Aida. Tiene 23 a\u00f1os. Esta es su historia. Una llamada de tel\u00e9fono Su infancia fue \u00fanica. Sus amigos la llamaban mwang ntang (ni\u00f1a blanca). Le\" \/>\n<meta property=\"og:url\" content=\"https:\/\/ifesworld.org\/es\/blog\/aida\/\" \/>\n<meta property=\"og:site_name\" content=\"IFES\" \/>\n<meta property=\"article:modified_time\" content=\"2019-08-20T15:39:57+00:00\" \/>\n<meta property=\"og:image\" content=\"https:\/\/ifesworld.org\/wp-content\/uploads\/2019\/08\/190820-Aida-Banyuls.jpg\" \/>\n\t<meta property=\"og:image:width\" content=\"1280\" \/>\n\t<meta property=\"og:image:height\" content=\"720\" \/>\n\t<meta property=\"og:image:type\" content=\"image\/jpeg\" \/>\n<meta name=\"twitter:card\" content=\"summary_large_image\" \/>\n<meta name=\"twitter:label1\" content=\"Tiempo de lectura\" \/>\n\t<meta name=\"twitter:data1\" content=\"5 minutos\" \/>\n<script type=\"application\/ld+json\" class=\"yoast-schema-graph\">{\"@context\":\"https:\/\/schema.org\",\"@graph\":[{\"@type\":\"WebPage\",\"@id\":\"https:\/\/ifesworld.org\/es\/blog\/aida\/\",\"url\":\"https:\/\/ifesworld.org\/es\/blog\/aida\/\",\"name\":\"El sue\u00f1o de Aida para Guinea Ecuatorial &#183; IFES Conexi\u00f3n Blog\",\"isPartOf\":{\"@id\":\"https:\/\/ifesworld.org\/es\/#website\"},\"primaryImageOfPage\":{\"@id\":\"https:\/\/ifesworld.org\/es\/blog\/aida\/#primaryimage\"},\"image\":{\"@id\":\"https:\/\/ifesworld.org\/es\/blog\/aida\/#primaryimage\"},\"thumbnailUrl\":\"https:\/\/ifesworld.org\/wp-content\/uploads\/2019\/08\/190820-Aida-Banyuls.jpg\",\"datePublished\":\"2019-08-20T11:13:32+00:00\",\"dateModified\":\"2019-08-20T15:39:57+00:00\",\"description\":\"Conoce a Aida. Tiene 23 a\u00f1os. Esta es su historia. Una llamada de tel\u00e9fono Su infancia fue \u00fanica. Sus amigos la llamaban mwang ntang (ni\u00f1a blanca). Le\",\"breadcrumb\":{\"@id\":\"https:\/\/ifesworld.org\/es\/blog\/aida\/#breadcrumb\"},\"inLanguage\":\"es\",\"potentialAction\":[{\"@type\":\"ReadAction\",\"target\":[\"https:\/\/ifesworld.org\/es\/blog\/aida\/\"]}]},{\"@type\":\"ImageObject\",\"inLanguage\":\"es\",\"@id\":\"https:\/\/ifesworld.org\/es\/blog\/aida\/#primaryimage\",\"url\":\"https:\/\/ifesworld.org\/wp-content\/uploads\/2019\/08\/190820-Aida-Banyuls.jpg\",\"contentUrl\":\"https:\/\/ifesworld.org\/wp-content\/uploads\/2019\/08\/190820-Aida-Banyuls.jpg\",\"width\":1280,\"height\":720},{\"@type\":\"BreadcrumbList\",\"@id\":\"https:\/\/ifesworld.org\/es\/blog\/aida\/#breadcrumb\",\"itemListElement\":[{\"@type\":\"ListItem\",\"position\":1,\"name\":\"Home\",\"item\":\"https:\/\/ifesworld.org\/es\/\"},{\"@type\":\"ListItem\",\"position\":2,\"name\":\"Conexi\u00f3n\",\"item\":\"https:\/\/ifesworld.org\/es\/blog\/\"},{\"@type\":\"ListItem\",\"position\":3,\"name\":\"El sue\u00f1o de Aida para Guinea Ecuatorial\"}]},{\"@type\":\"WebSite\",\"@id\":\"https:\/\/ifesworld.org\/es\/#website\",\"url\":\"https:\/\/ifesworld.org\/es\/\",\"name\":\"IFES\",\"description\":\"A movement of students sharing and living out the good news of Jesus Christ. Locally. Nationally. Globally.\",\"publisher\":{\"@id\":\"https:\/\/ifesworld.org\/es\/#organization\"},\"potentialAction\":[{\"@type\":\"SearchAction\",\"target\":{\"@type\":\"EntryPoint\",\"urlTemplate\":\"https:\/\/ifesworld.org\/es\/?s={search_term_string}\"},\"query-input\":{\"@type\":\"PropertyValueSpecification\",\"valueRequired\":true,\"valueName\":\"search_term_string\"}}],\"inLanguage\":\"es\"},{\"@type\":\"Organization\",\"@id\":\"https:\/\/ifesworld.org\/es\/#organization\",\"name\":\"IFES \u00b7 International Fellowship of Evangelical Students\",\"url\":\"https:\/\/ifesworld.org\/es\/\",\"logo\":{\"@type\":\"ImageObject\",\"inLanguage\":\"es\",\"@id\":\"https:\/\/ifesworld.org\/es\/#\/schema\/logo\/image\/\",\"url\":\"https:\/\/ifesworld.org\/wp-content\/uploads\/2019\/06\/ifeslogo.png\",\"contentUrl\":\"https:\/\/ifesworld.org\/wp-content\/uploads\/2019\/06\/ifeslogo.png\",\"width\":262,\"height\":262,\"caption\":\"IFES \u00b7 International Fellowship of Evangelical Students\"},\"image\":{\"@id\":\"https:\/\/ifesworld.org\/es\/#\/schema\/logo\/image\/\"}}]}<\/script>\n<!-- \/ Yoast SEO plugin. -->","yoast_head_json":{"title":"El sue\u00f1o de Aida para Guinea Ecuatorial &#183; IFES Conexi\u00f3n Blog","description":"Conoce a Aida. Tiene 23 a\u00f1os. Esta es su historia. Una llamada de tel\u00e9fono Su infancia fue \u00fanica. Sus amigos la llamaban mwang ntang (ni\u00f1a blanca). Le","robots":{"index":"index","follow":"follow","max-snippet":"max-snippet:-1","max-image-preview":"max-image-preview:large","max-video-preview":"max-video-preview:-1"},"canonical":"https:\/\/ifesworld.org\/es\/blog\/aida\/","og_locale":"es_ES","og_type":"article","og_title":"El sue\u00f1o de Aida para Guinea Ecuatorial &#183; IFES Conexi\u00f3n Blog","og_description":"Conoce a Aida. Tiene 23 a\u00f1os. Esta es su historia. Una llamada de tel\u00e9fono Su infancia fue \u00fanica. Sus amigos la llamaban mwang ntang (ni\u00f1a blanca). Le","og_url":"https:\/\/ifesworld.org\/es\/blog\/aida\/","og_site_name":"IFES","article_modified_time":"2019-08-20T15:39:57+00:00","og_image":[{"width":1280,"height":720,"url":"https:\/\/ifesworld.org\/wp-content\/uploads\/2019\/08\/190820-Aida-Banyuls.jpg","type":"image\/jpeg"}],"twitter_card":"summary_large_image","twitter_misc":{"Tiempo de lectura":"5 minutos"},"schema":{"@context":"https:\/\/schema.org","@graph":[{"@type":"WebPage","@id":"https:\/\/ifesworld.org\/es\/blog\/aida\/","url":"https:\/\/ifesworld.org\/es\/blog\/aida\/","name":"El sue\u00f1o de Aida para Guinea Ecuatorial &#183; IFES Conexi\u00f3n Blog","isPartOf":{"@id":"https:\/\/ifesworld.org\/es\/#website"},"primaryImageOfPage":{"@id":"https:\/\/ifesworld.org\/es\/blog\/aida\/#primaryimage"},"image":{"@id":"https:\/\/ifesworld.org\/es\/blog\/aida\/#primaryimage"},"thumbnailUrl":"https:\/\/ifesworld.org\/wp-content\/uploads\/2019\/08\/190820-Aida-Banyuls.jpg","datePublished":"2019-08-20T11:13:32+00:00","dateModified":"2019-08-20T15:39:57+00:00","description":"Conoce a Aida. Tiene 23 a\u00f1os. Esta es su historia. Una llamada de tel\u00e9fono Su infancia fue \u00fanica. Sus amigos la llamaban mwang ntang (ni\u00f1a blanca). Le","breadcrumb":{"@id":"https:\/\/ifesworld.org\/es\/blog\/aida\/#breadcrumb"},"inLanguage":"es","potentialAction":[{"@type":"ReadAction","target":["https:\/\/ifesworld.org\/es\/blog\/aida\/"]}]},{"@type":"ImageObject","inLanguage":"es","@id":"https:\/\/ifesworld.org\/es\/blog\/aida\/#primaryimage","url":"https:\/\/ifesworld.org\/wp-content\/uploads\/2019\/08\/190820-Aida-Banyuls.jpg","contentUrl":"https:\/\/ifesworld.org\/wp-content\/uploads\/2019\/08\/190820-Aida-Banyuls.jpg","width":1280,"height":720},{"@type":"BreadcrumbList","@id":"https:\/\/ifesworld.org\/es\/blog\/aida\/#breadcrumb","itemListElement":[{"@type":"ListItem","position":1,"name":"Home","item":"https:\/\/ifesworld.org\/es\/"},{"@type":"ListItem","position":2,"name":"Conexi\u00f3n","item":"https:\/\/ifesworld.org\/es\/blog\/"},{"@type":"ListItem","position":3,"name":"El sue\u00f1o de Aida para Guinea Ecuatorial"}]},{"@type":"WebSite","@id":"https:\/\/ifesworld.org\/es\/#website","url":"https:\/\/ifesworld.org\/es\/","name":"IFES","description":"A movement of students sharing and living out the good news of Jesus Christ. Locally. Nationally. Globally.","publisher":{"@id":"https:\/\/ifesworld.org\/es\/#organization"},"potentialAction":[{"@type":"SearchAction","target":{"@type":"EntryPoint","urlTemplate":"https:\/\/ifesworld.org\/es\/?s={search_term_string}"},"query-input":{"@type":"PropertyValueSpecification","valueRequired":true,"valueName":"search_term_string"}}],"inLanguage":"es"},{"@type":"Organization","@id":"https:\/\/ifesworld.org\/es\/#organization","name":"IFES \u00b7 International Fellowship of Evangelical Students","url":"https:\/\/ifesworld.org\/es\/","logo":{"@type":"ImageObject","inLanguage":"es","@id":"https:\/\/ifesworld.org\/es\/#\/schema\/logo\/image\/","url":"https:\/\/ifesworld.org\/wp-content\/uploads\/2019\/06\/ifeslogo.png","contentUrl":"https:\/\/ifesworld.org\/wp-content\/uploads\/2019\/06\/ifeslogo.png","width":262,"height":262,"caption":"IFES \u00b7 International Fellowship of Evangelical Students"},"image":{"@id":"https:\/\/ifesworld.org\/es\/#\/schema\/logo\/image\/"}}]}},"_links":{"self":[{"href":"https:\/\/ifesworld.org\/es\/wp-json\/wp\/v2\/conexion\/7897","targetHints":{"allow":["GET"]}}],"collection":[{"href":"https:\/\/ifesworld.org\/es\/wp-json\/wp\/v2\/conexion"}],"about":[{"href":"https:\/\/ifesworld.org\/es\/wp-json\/wp\/v2\/types\/conexion"}],"wp:featuredmedia":[{"embeddable":true,"href":"https:\/\/ifesworld.org\/es\/wp-json\/wp\/v2\/media\/7711"}],"wp:attachment":[{"href":"https:\/\/ifesworld.org\/es\/wp-json\/wp\/v2\/media?parent=7897"}],"wp:term":[{"taxonomy":"area","embeddable":true,"href":"https:\/\/ifesworld.org\/es\/wp-json\/wp\/v2\/area?post=7897"},{"taxonomy":"theme","embeddable":true,"href":"https:\/\/ifesworld.org\/es\/wp-json\/wp\/v2\/theme?post=7897"}],"curies":[{"name":"wp","href":"https:\/\/api.w.org\/{rel}","templated":true}]}}