{"id":20092,"date":"2022-10-13T10:13:31","date_gmt":"2022-10-13T09:13:31","guid":{"rendered":"https:\/\/ifesworld.org\/?post_type=conexion&#038;p=20092"},"modified":"2022-10-13T10:13:34","modified_gmt":"2022-10-13T09:13:34","slug":"renovacion-en-tiempo-real","status":"publish","type":"conexion","link":"https:\/\/ifesworld.org\/es\/blog\/renovacion-en-tiempo-real\/","title":{"rendered":"Renovaci\u00f3n en tiempo real"},"content":{"rendered":"<div class=\"wp-block block-core-paragraph\">\n<p class=\"wp-block-paragraph\">El 21 de octubre, los estudiantes y personas que apoyan a IFES de todo el mundo se reunir\u00e1n para orar durante nuestra celebraci\u00f3n anual, el <a href=\"https:\/\/ifesworld.org\/es\/dme\/\" target=\"_blank\" rel=\"noreferrer noopener\">D\u00eda Mundial del Estudiante<\/a>. Las cosas han cambiado mucho durante los \u00faltimos a\u00f1os para los movimientos estudiantiles de todo el mundo. Por un lado est\u00e1 el enorme impacto de la <a href=\"https:\/\/uesi.in\/rediscovering-lament-during-the-pandemic\/\" target=\"_blank\" rel=\"noreferrer noopener\">pandemia de la COVID-19<\/a>, adem\u00e1s de los <a href=\"https:\/\/www.instagram.com\/p\/CY1qnO_g767\/\" target=\"_blank\" rel=\"noreferrer noopener\">desastres naturales<\/a>, <a href=\"https:\/\/www.instagram.com\/p\/CftsJcbuLeH\/\" target=\"_blank\" rel=\"noreferrer noopener\">la inestabilidad pol\u00edtica<\/a> y muchos otros <a href=\"https:\/\/www.instagram.com\/p\/CfJoF6NufOX\/\" target=\"_blank\" rel=\"noreferrer noopener\">conflictos<\/a>, siendo uno de los m\u00e1s importantes la <a href=\"https:\/\/ifesworld.org\/es\/blog\/en-el-medio-de-la-oscuridad\/\" target=\"_blank\" rel=\"noreferrer noopener\">guerra de Ucrania<\/a>. En medio de tantas dificultades, los movimientos de IFES se unido en el <a href=\"https:\/\/ifesworld.org\/es\/esperanza-en-el-lamento\/\" target=\"_blank\" rel=\"noreferrer noopener\">lamento<\/a>, mostrando <a href=\"https:\/\/ifesworld.org\/es\/prayerline\/pan-en-la-mesa\/\" target=\"_blank\" rel=\"noreferrer noopener\">solidaridad econ\u00f3mica<\/a> y en <a href=\"https:\/\/linktr.ee\/IFESEuropeStandsWithUkraine\" target=\"_blank\" rel=\"noreferrer noopener\">oraci\u00f3n<\/a>.&nbsp;&nbsp;<\/p>\n<\/div>\n\n<div class=\"wp-block block-core-paragraph\">\n<p class=\"wp-block-paragraph\">Creemos en un Dios en el que todas las cosas subsisten (Colosenses 1:17), que cuenta mis lamentos (Salmos 56:8) y que utiliza la tragedia para traer victoria. Y que en medio de los problemas, las dificultades y la tristeza, aunque no lo merezcamos, Dios trae renovaci\u00f3n.&nbsp;&nbsp;<\/p>\n<\/div>\n\n<div class=\"wp-block block-core-paragraph\">\n<p class=\"wp-block-paragraph\">&nbsp;<a href=\"https:\/\/ifesworld.org\/es\/dme\/#theme\" target=\"_blank\" rel=\"noreferrer noopener\">\u201cRenovaci\u00f3n\u201d<\/a> ha sido el tema escogido en el que centrar nuestras oraciones el pr\u00f3ximo D\u00eda Mundial del Estudiante, para reflejar algo que est\u00e1 ocurriendo en muchos movimientos nacionales diferentes. Aqu\u00ed dejamos algunas historias en las que se han plantado semillas de renovaci\u00f3n en diferentes movimientos de todo el mundo, para inspirarte a orar por la renovaci\u00f3n que solo Dios puede traer a nuestras naciones, grupos estudiantiles y vida individual.&nbsp;&nbsp;<\/p>\n<\/div>\n\n<div class=\"wp-block block-core-heading\">\n<h3 class=\"wp-block-heading\">Namibia: retomar la obra\u00a0<\/h3>\n<\/div>\n\n<div class=\"wp-block block-core-paragraph\">\n<p class=\"wp-block-paragraph\">Quiz\u00e1s recuerdes el trabajo para relanzar la obra que se ha estado llevando a cabo en Namibia, tal y como te lo contamos el <a href=\"https:\/\/ifesworld.org\/es\/dia-mundial-de-la-generosidad-2022\/#epsa\" target=\"_blank\" rel=\"noreferrer noopener\">D\u00eda Mundial de la Generosidad<\/a>, que tuvo lugar en abril. Despu\u00e9s de estar estancados durante unos a\u00f1os por falta de fondos, el movimiento de Namibia, Christian Students Fellowship (CSF), est\u00e1 volviendo a arrancar gracias a los esfuerzos del equipo regional de EPSA (\u00c1frica angl\u00f3fona y lus\u00f3fona).&nbsp;&nbsp;<\/p>\n<\/div>\n\n<div class=\"wp-block block-core-paragraph\">\n<p class=\"wp-block-paragraph\">Kali es un graduado y antiguo l\u00edder de CSF en Namibia. \u201cFue una gran experiencia\u201d reflexiona. \u201cAhora amo m\u00e1s a Dios y participo a\u00fan m\u00e1s en la obra. Como antiguo l\u00edder y estudiante de CSF, todav\u00eda tengo el deseo de trabajar y retomar la obra pionera Nuestra visi\u00f3n era llevar el movimiento a las universidades del pa\u00eds\u201d.&nbsp;<\/p>\n<\/div>\n\n<div class=\"wp-block block-core-paragraph\">\n<p class=\"wp-block-paragraph\">Hace poco, Zelalem, Secretario Regional de EPSA, viaj\u00f3 a Namibia para dirigir una consulta con seis graduados de CSF, dos personas interesadas, un presidente de comit\u00e9 y un obrero en potencia.&nbsp;<\/p>\n<\/div>\n\n<div class=\"wp-block block-core-paragraph\">\n<p class=\"wp-block-paragraph\">\u201cSacamos en claro tres cosas de las consultas\u201d dijo Zelalem. La obra en la universidad, incluyendo el registro de un movimiento en el campus y movilizar a los estudiantes, debe empezar de inmediato. El comit\u00e9 tambi\u00e9n tendr\u00eda que \u201cdesempolvar\u201d los aspectos organizativos de CSF y, durante ese proceso, movilizar a m\u00e1s graduados y colaboradores para empezar a construir una comunidad que los apoye.&nbsp;&nbsp;<\/p>\n<\/div>\n\n<div class=\"wp-block block-core-paragraph\">\n<p class=\"wp-block-paragraph\">Desde entonces ha habido un \u201cprogreso constante\u201d, informa Zelalem. Kali sigue con ganas de continuar con la obra; se ha comprometido a ser el primer obrero del movimiento renovado cuando el movimiento empiece a recaudar sus propios fondos.&nbsp;&nbsp;<\/p>\n<\/div>\n\n<div class=\"wp-block block-core-heading\">\n<h3 class=\"wp-block-heading\">Cabo Verde: conversaciones catalizadoras\u00a0<\/h3>\n<\/div>\n\n<div class=\"wp-block block-core-paragraph\">\n<p class=\"wp-block-paragraph\">El equipo regional de EPSA ha estado trabajando para llevar por primera vez el evangelio a las universidades de este pa\u00eds lus\u00f3fono de la costa occidental de \u00c1frica.\u00a0\u00a0<\/p>\n<\/div>\n\n<div class=\"wp-block block-core-paragraph\">\n<p class=\"wp-block-paragraph\"><\/p>\n<\/div>\n\n<div class=\"wp-block block-core-media-text\">\n<div class=\"wp-block-media-text alignwide has-media-on-the-right is-stacked-on-mobile\"><figure class=\"wp-block-media-text__media\"><img loading=\"lazy\" decoding=\"async\" width=\"768\" height=\"1024\" src=\"https:\/\/ifesworld.org\/wp-content\/uploads\/2022\/10\/capo-verde-768x1024.jpg\" alt=\"\" class=\"wp-image-20089 size-full\" srcset=\"https:\/\/ifesworld.org\/wp-content\/uploads\/2022\/10\/capo-verde-768x1024.jpg 768w, https:\/\/ifesworld.org\/wp-content\/uploads\/2022\/10\/capo-verde-225x300.jpg 225w, https:\/\/ifesworld.org\/wp-content\/uploads\/2022\/10\/capo-verde-1152x1536.jpg 1152w, https:\/\/ifesworld.org\/wp-content\/uploads\/2022\/10\/capo-verde-1536x2048.jpg 1536w, https:\/\/ifesworld.org\/wp-content\/uploads\/2022\/10\/capo-verde-scaled.jpg 1920w\" sizes=\"auto, (max-width: 768px) 100vw, 768px\" \/><\/figure><div class=\"wp-block-media-text__content\"><div class=\"wp-block block-core-paragraph\">\n<p class=\"wp-block-paragraph\">Los esfuerzos iniciales han tenido resultados muy positivos. En los \u00faltimos meses han estado trabajando en una fase de conectar y catalizar. Como parte de esta fase, Lawrence Gomez, del equipo regional, viaj\u00f3 a las islas para hacer contactos estrat\u00e9gicos. Se aloj\u00f3 con un pastor local y otro l\u00edder, y ambos se comprometieron a convertirse en los primeros miembros del comit\u00e9 de un nuevo movimiento nacional.&nbsp;&nbsp;<\/p>\n<\/div>\n\n<div class=\"wp-block block-core-paragraph\">\n<p class=\"wp-block-paragraph\">Dios tambi\u00e9n revel\u00f3 una conexi\u00f3n inesperada durante una conversaci\u00f3n entre Lawrence y el Secretario de IFES para el <a href=\"https:\/\/scriptureengagement.ifesworld.org\/es\/\" target=\"_blank\" rel=\"noreferrer noopener\">Compromiso con las Escrituras<\/a>, Ricardo Borges. Cuando Lawrence le pregunt\u00f3 a Ricardo si conoc\u00eda a alguien de Cabo Verde, Ricardo se acord\u00f3 de Iniza, una estudiante de <a href=\"http:\/\/abub.org.br\/\" target=\"_blank\" rel=\"noreferrer noopener\">ABUB, el movimiento nacional de Brasil,<\/a> donde \u00e9l hab\u00eda sido obrero hac\u00eda 25 a\u00f1os. Cuando Ricardo contact\u00f3 con Iniza para pedirle ayuda para encontrar contactos, se enter\u00f3 de que ella ahora es profesora de universidad en Cabo Verde.&nbsp;&nbsp;<\/p>\n<\/div>\n\n<div class=\"wp-block block-core-paragraph\">\n<p class=\"wp-block-paragraph\">Esta se reuni\u00f3 con Lawrence y lo ayud\u00f3 a entender el contexto universitario local y tambi\u00e9n lo puso en contacto con una iglesia local. Iniza tiene ganas de apoyar una comunidad en la universidad y servir como miembro del comit\u00e9. Despu\u00e9s de plantar estas semillas iniciales, el equipo de EPSA espera llevar a cabo formaci\u00f3n de gobernanza con el comit\u00e9 este a\u00f1o. La formaci\u00f3n comenzar\u00e1 pronto con un obrero y algunos estudiantes, y se establecer\u00e1 una base para compartir el evangelio.&nbsp;&nbsp;<\/p>\n<\/div><\/div><\/div>\n<\/div>\n\n<div class=\"wp-block block-core-heading\">\n<h3 class=\"wp-block-heading\">Vanuatu: Giros inesperados y gracia por sorpresa\u00a0<\/h3>\n<\/div>\n\n<div class=\"wp-block block-core-paragraph\">\n<p class=\"wp-block-paragraph\">En otra naci\u00f3n que tambi\u00e9n es una isla, pero en el otro hemisferio, el secretario general nos cuenta c\u00f3mo empez\u00f3 un nuevo n\u00facleo en la Facultad de Magisterio de la <a href=\"https:\/\/www.univ.edu.vu\/en\/\" target=\"_blank\" rel=\"noreferrer noopener\">Universidad Nacional de Vanuatu<\/a> <a href=\"https:\/\/www.facebook.com\/GNYFVanuatu\/\" target=\"_blank\" rel=\"noreferrer noopener\">GNYF, el movimiento nacional de Vanuatu<\/a>. \u201cDios es misericordioso\u201d afirma Joel, \u201ca la hora de cambiar nuestras ideas para llevar el evangelio a lugares nuevos\u201d.&nbsp;<\/p>\n<\/div>\n\n<div class=\"wp-block block-core-paragraph\">\n<p class=\"wp-block-paragraph\">GNYF se hab\u00eda reunido con algunos miembros de la universidad para hablar de plantar un ministerio en la Facultad de Magisterio, que acababa de abrir&#8230; pero entonces todo cerr\u00f3 a causa de la pandemia. Pero Dios no se hab\u00eda olvidado de la universidad. Cuando termin\u00f3 el confinamiento, la facultad invit\u00f3 a GNYF a hablar con los estudiantes, pero no ten\u00edan muchas expectativas porque no parec\u00eda ser buen momento. Muchos estudiantes no hab\u00edan asistido nunca a la facultad en persona y adem\u00e1s quedaban pocas semanas para los ex\u00e1menes. No obstante, \u00a1la hoja de inscripci\u00f3n para recoger los datos de todas las personas que quer\u00edan unirse al grupo se qued\u00f3 corta! GNYF vio c\u00f3mo Dios iba preparando a personas que no se esperaban. Lineth es una estudiante de Vanuatu que formaba parte de GNYF en 2019. Gracias a una <a href=\"https:\/\/ifesworld.org\/es\/obrapionera\/\" target=\"_blank\" rel=\"noreferrer noopener\">beca de Abriendo nuevos caminos<\/a>, pudo asistir a <em>Refresh<\/em>, el encuentro de formaci\u00f3n de l\u00edderes de GNYF.&nbsp;<\/p>\n<\/div>\n\n<div class=\"wp-block block-core-paragraph\">\n<p class=\"wp-block-paragraph\">Pero parec\u00eda que ah\u00ed se iba a quedar la cosa. Lineth hab\u00eda dejado la carrera y se hab\u00eda mudado. Sin embargo, en GNYF no sab\u00edan que se hab\u00eda matriculado en la Facultad de Magisterio. Cuando se enter\u00f3 del nuevo grupo, Lineth empez\u00f3 a invitar a todos sus compa\u00f1eros de clase y a organizar lugares donde se pod\u00edan reunir. Gracias a su iniciativa y liderazgo, el grupo ha crecido cada semana y Lineth es ahora uno de los miembros principales del nuevo equipo de liderazgo.&nbsp;&nbsp;<\/p>\n<\/div>\n\n<div class=\"wp-block block-core-paragraph\">\n<p class=\"wp-block-paragraph\">Ahora, en GNYF conf\u00edan en la provisi\u00f3n inesperada de Dios para que haya renovaci\u00f3n. A causa de los trastornos causados por la pandemia, el nuevo grupo solo se form\u00f3 hace siete semanas. Ahora los estudiantes se han tenido que ir a hacer sus pr\u00e1cticas de la carrera y despu\u00e9s estar\u00e1n de vacaciones hasta enero. \u201cPedimos a Dios que solidifique esta nueva comunidad\u201d dice Joel. \u201cY que los mantenga unidos en Jes\u00fas durante lo que queda de a\u00f1o\u201d. Damos gracias a Dios por los giros inesperados y oramos para que el grupo se mantenga unido y preparado para su segundo comienzo en 2023\u201d.&nbsp;<\/p>\n<\/div>\n\n<div class=\"wp-block block-core-heading\">\n<h3 class=\"wp-block-heading\">Camboya: comienzos renovados por Dios en Nom Pen\u00a0<\/h3>\n<\/div>\n\n<div class=\"wp-block block-core-paragraph\">\n<p class=\"wp-block-paragraph\">En Nom Pen, la capital de Camboya, dos obreros y un graduado de <a href=\"https:\/\/www.sonokocambodia.com\/home\" target=\"_blank\" rel=\"noreferrer noopener\">SONOKO, el movimiento nacional del pa\u00eds<\/a> juntaron las manos en oraci\u00f3n por la Universidad Real de Nom Pen mientras caminaban por el campus.&nbsp;&nbsp;<\/p>\n<\/div>\n\n<div class=\"wp-block block-core-paragraph\">\n<p class=\"wp-block-paragraph\">\u201cUna semana despu\u00e9s, vimos c\u00f3mo Dios abr\u00eda el coraz\u00f3n de los estudiantes\u201d dice Phearak, Secretario General de SONOKO.&nbsp;<\/p>\n<\/div>\n\n<div class=\"wp-block block-core-media-text\">\n<div class=\"wp-block-media-text alignwide is-stacked-on-mobile\"><figure class=\"wp-block-media-text__media\"><img loading=\"lazy\" decoding=\"async\" width=\"1024\" height=\"768\" src=\"https:\/\/ifesworld.org\/wp-content\/uploads\/2022\/10\/Sonoko-1-1024x768.jpg\" alt=\"\" class=\"wp-image-20087 size-full\" srcset=\"https:\/\/ifesworld.org\/wp-content\/uploads\/2022\/10\/Sonoko-1-1024x768.jpg 1024w, https:\/\/ifesworld.org\/wp-content\/uploads\/2022\/10\/Sonoko-1-300x225.jpg 300w, https:\/\/ifesworld.org\/wp-content\/uploads\/2022\/10\/Sonoko-1-768x576.jpg 768w, https:\/\/ifesworld.org\/wp-content\/uploads\/2022\/10\/Sonoko-1-1536x1152.jpg 1536w, https:\/\/ifesworld.org\/wp-content\/uploads\/2022\/10\/Sonoko-1.jpg 2048w\" sizes=\"auto, (max-width: 1024px) 100vw, 1024px\" \/><\/figure><div class=\"wp-block-media-text__content\"><div class=\"wp-block block-core-paragraph\">\n<p class=\"wp-block-paragraph\">\u201cUna semana despu\u00e9s, vimos c\u00f3mo Dios abr\u00eda el coraz\u00f3n de los estudiantes\u201d dice Phearak, Secretario General de SONOKO.\u00a0<\/p>\n<\/div>\n\n<div class=\"wp-block block-core-paragraph\">\n<p class=\"wp-block-paragraph\">Aunque hace dos a\u00f1os termin\u00f3 el n\u00facleo universitario, un peque\u00f1o grupo empez\u00f3 a reunirse todos los mi\u00e9rcoles para orar, compartir y estudiar la Biblia. \u201cPoco a poco empezamos a lanzarnos retos para encontrar formas innovadoras de invitar a amigos al grupo\u201d cuenta Phearak. Al cabo de poco tiempo los estudiantes empezaron a ilusionarse por traer a sus amigos y el estudio b\u00edblico se ampli\u00f3 y se convirti\u00f3 en un curso de \u201cFundamentos de una vida cristiana\u201d con la participaci\u00f3n de tres estudiantes no cristianos.\u00a0\u00a0<\/p>\n<\/div><\/div><\/div>\n<\/div>\n\n<div class=\"wp-block block-core-paragraph\">\n<p class=\"wp-block-paragraph\">\u201cLas puertas siempre han estado cerradas\u201d explica Phearak. \u201cPero hemos esperado y orado y Dios nos ha escuchado. Ahora tenemos el reto de seguir discipulando a los estudiantes y de acordarnos de depender de Dios en cada paso que demos en este campus\u201d.&nbsp;<\/p>\n<\/div>\n\n<div class=\"wp-block block-core-heading\">\n<h3 class=\"wp-block-heading\">Ora con nosotros por renovaci\u00f3n el D\u00eda Mundial del Estudiante\u00a0<\/h3>\n<\/div>\n\n\n<figure class=\"wp-block-image size-full\"><img loading=\"lazy\" decoding=\"async\" width=\"1025\" height=\"400\" src=\"https:\/\/ifesworld.org\/wp-content\/uploads\/2022\/09\/Wordpress-Banner_Spanish.png\" alt=\"\" class=\"wp-image-19793\" srcset=\"https:\/\/ifesworld.org\/wp-content\/uploads\/2022\/09\/Wordpress-Banner_Spanish.png 1025w, https:\/\/ifesworld.org\/wp-content\/uploads\/2022\/09\/Wordpress-Banner_Spanish-300x117.png 300w, https:\/\/ifesworld.org\/wp-content\/uploads\/2022\/09\/Wordpress-Banner_Spanish-768x300.png 768w\" sizes=\"auto, (max-width: 1025px) 100vw, 1025px\" \/><\/figure>\n\n\n<div class=\"wp-block block-core-paragraph\">\n<p class=\"wp-block-paragraph\">\u00bfTe unir\u00e1s a nosotros en oraci\u00f3n el 21 de octubre? Puedes encontrar toda la informaci\u00f3n que necesitas sobre el D\u00eda Mundial del Estudiante <a href=\"https:\/\/ifesworld.org\/es\/dme\/\" target=\"_blank\" rel=\"noreferrer noopener\">aqu\u00ed<\/a>. Col\u00f3cate en el <a href=\"https:\/\/ifesworld.org\/es\/dme-add\/\" target=\"_blank\" rel=\"noreferrer noopener\">mapa virtual interactivo<\/a> para contarnos c\u00f3mo vas a orar. Desc\u00e1rgate nuestros recursos, que incluyen peticiones de oraci\u00f3n de estudiantes reales de muchos pa\u00edses y <a href=\"https:\/\/connect.ifesworld.org\/topics\/33003\/feed\" target=\"_blank\" rel=\"noreferrer noopener\">conecta virtualmente con otros participantes<\/a> del mundo. Te invitamos a orar con nosotros para que Dios traiga renovaci\u00f3n.\u00a0\u00a0<\/p>\n<\/div>","protected":false},"featured_media":20086,"template":"","area":[],"theme":[],"class_list":["post-20092","conexion","type-conexion","status-publish","has-post-thumbnail","hentry"],"acf":[],"yoast_head":"<!-- This site is optimized with the Yoast SEO plugin v27.2 - https:\/\/yoast.com\/product\/yoast-seo-wordpress\/ -->\n<title>Renovaci\u00f3n en tiempo real &#183; IFES Conexi\u00f3n Blog<\/title>\n<meta name=\"description\" content=\"El 21 de octubre, los estudiantes y personas que apoyan a IFES de todo el mundo se reunir\u00e1n para orar durante nuestra celebraci\u00f3n anual, el D\u00eda Mundial\" \/>\n<meta name=\"robots\" content=\"index, follow, max-snippet:-1, max-image-preview:large, max-video-preview:-1\" \/>\n<link rel=\"canonical\" href=\"https:\/\/ifesworld.org\/es\/blog\/renovacion-en-tiempo-real\/\" \/>\n<meta property=\"og:locale\" content=\"es_ES\" \/>\n<meta property=\"og:type\" content=\"article\" \/>\n<meta property=\"og:title\" content=\"Renovaci\u00f3n en tiempo real &#183; IFES Conexi\u00f3n Blog\" \/>\n<meta property=\"og:description\" content=\"El 21 de octubre, los estudiantes y personas que apoyan a IFES de todo el mundo se reunir\u00e1n para orar durante nuestra celebraci\u00f3n anual, el D\u00eda Mundial\" \/>\n<meta property=\"og:url\" content=\"https:\/\/ifesworld.org\/es\/blog\/renovacion-en-tiempo-real\/\" \/>\n<meta property=\"og:site_name\" content=\"IFES\" \/>\n<meta property=\"article:modified_time\" content=\"2022-10-13T09:13:34+00:00\" \/>\n<meta property=\"og:image\" content=\"https:\/\/ifesworld.org\/wp-content\/uploads\/2022\/10\/vanuatu.jpg\" \/>\n\t<meta property=\"og:image:width\" content=\"674\" \/>\n\t<meta property=\"og:image:height\" content=\"504\" \/>\n\t<meta property=\"og:image:type\" content=\"image\/jpeg\" \/>\n<meta name=\"twitter:card\" content=\"summary_large_image\" \/>\n<meta name=\"twitter:label1\" content=\"Tiempo de lectura\" \/>\n\t<meta name=\"twitter:data1\" content=\"7 minutos\" \/>\n<script type=\"application\/ld+json\" class=\"yoast-schema-graph\">{\"@context\":\"https:\/\/schema.org\",\"@graph\":[{\"@type\":\"WebPage\",\"@id\":\"https:\/\/ifesworld.org\/es\/blog\/renovacion-en-tiempo-real\/\",\"url\":\"https:\/\/ifesworld.org\/es\/blog\/renovacion-en-tiempo-real\/\",\"name\":\"Renovaci\u00f3n en tiempo real &#183; IFES Conexi\u00f3n Blog\",\"isPartOf\":{\"@id\":\"https:\/\/ifesworld.org\/es\/#website\"},\"primaryImageOfPage\":{\"@id\":\"https:\/\/ifesworld.org\/es\/blog\/renovacion-en-tiempo-real\/#primaryimage\"},\"image\":{\"@id\":\"https:\/\/ifesworld.org\/es\/blog\/renovacion-en-tiempo-real\/#primaryimage\"},\"thumbnailUrl\":\"https:\/\/ifesworld.org\/wp-content\/uploads\/2022\/10\/vanuatu.jpg\",\"datePublished\":\"2022-10-13T09:13:31+00:00\",\"dateModified\":\"2022-10-13T09:13:34+00:00\",\"description\":\"El 21 de octubre, los estudiantes y personas que apoyan a IFES de todo el mundo se reunir\u00e1n para orar durante nuestra celebraci\u00f3n anual, el D\u00eda Mundial\",\"breadcrumb\":{\"@id\":\"https:\/\/ifesworld.org\/es\/blog\/renovacion-en-tiempo-real\/#breadcrumb\"},\"inLanguage\":\"es\",\"potentialAction\":[{\"@type\":\"ReadAction\",\"target\":[\"https:\/\/ifesworld.org\/es\/blog\/renovacion-en-tiempo-real\/\"]}]},{\"@type\":\"ImageObject\",\"inLanguage\":\"es\",\"@id\":\"https:\/\/ifesworld.org\/es\/blog\/renovacion-en-tiempo-real\/#primaryimage\",\"url\":\"https:\/\/ifesworld.org\/wp-content\/uploads\/2022\/10\/vanuatu.jpg\",\"contentUrl\":\"https:\/\/ifesworld.org\/wp-content\/uploads\/2022\/10\/vanuatu.jpg\",\"width\":674,\"height\":504},{\"@type\":\"BreadcrumbList\",\"@id\":\"https:\/\/ifesworld.org\/es\/blog\/renovacion-en-tiempo-real\/#breadcrumb\",\"itemListElement\":[{\"@type\":\"ListItem\",\"position\":1,\"name\":\"Home\",\"item\":\"https:\/\/ifesworld.org\/es\/\"},{\"@type\":\"ListItem\",\"position\":2,\"name\":\"Conexi\u00f3n\",\"item\":\"https:\/\/ifesworld.org\/es\/blog\/\"},{\"@type\":\"ListItem\",\"position\":3,\"name\":\"Renovaci\u00f3n en tiempo real\"}]},{\"@type\":\"WebSite\",\"@id\":\"https:\/\/ifesworld.org\/es\/#website\",\"url\":\"https:\/\/ifesworld.org\/es\/\",\"name\":\"IFES\",\"description\":\"A movement of students sharing and living out the good news of Jesus Christ. Locally. Nationally. Globally.\",\"publisher\":{\"@id\":\"https:\/\/ifesworld.org\/es\/#organization\"},\"potentialAction\":[{\"@type\":\"SearchAction\",\"target\":{\"@type\":\"EntryPoint\",\"urlTemplate\":\"https:\/\/ifesworld.org\/es\/?s={search_term_string}\"},\"query-input\":{\"@type\":\"PropertyValueSpecification\",\"valueRequired\":true,\"valueName\":\"search_term_string\"}}],\"inLanguage\":\"es\"},{\"@type\":\"Organization\",\"@id\":\"https:\/\/ifesworld.org\/es\/#organization\",\"name\":\"IFES \u00b7 International Fellowship of Evangelical Students\",\"url\":\"https:\/\/ifesworld.org\/es\/\",\"logo\":{\"@type\":\"ImageObject\",\"inLanguage\":\"es\",\"@id\":\"https:\/\/ifesworld.org\/es\/#\/schema\/logo\/image\/\",\"url\":\"https:\/\/ifesworld.org\/wp-content\/uploads\/2019\/06\/ifeslogo.png\",\"contentUrl\":\"https:\/\/ifesworld.org\/wp-content\/uploads\/2019\/06\/ifeslogo.png\",\"width\":262,\"height\":262,\"caption\":\"IFES \u00b7 International Fellowship of Evangelical Students\"},\"image\":{\"@id\":\"https:\/\/ifesworld.org\/es\/#\/schema\/logo\/image\/\"}}]}<\/script>\n<!-- \/ Yoast SEO plugin. -->","yoast_head_json":{"title":"Renovaci\u00f3n en tiempo real &#183; IFES Conexi\u00f3n Blog","description":"El 21 de octubre, los estudiantes y personas que apoyan a IFES de todo el mundo se reunir\u00e1n para orar durante nuestra celebraci\u00f3n anual, el D\u00eda Mundial","robots":{"index":"index","follow":"follow","max-snippet":"max-snippet:-1","max-image-preview":"max-image-preview:large","max-video-preview":"max-video-preview:-1"},"canonical":"https:\/\/ifesworld.org\/es\/blog\/renovacion-en-tiempo-real\/","og_locale":"es_ES","og_type":"article","og_title":"Renovaci\u00f3n en tiempo real &#183; IFES Conexi\u00f3n Blog","og_description":"El 21 de octubre, los estudiantes y personas que apoyan a IFES de todo el mundo se reunir\u00e1n para orar durante nuestra celebraci\u00f3n anual, el D\u00eda Mundial","og_url":"https:\/\/ifesworld.org\/es\/blog\/renovacion-en-tiempo-real\/","og_site_name":"IFES","article_modified_time":"2022-10-13T09:13:34+00:00","og_image":[{"width":674,"height":504,"url":"https:\/\/ifesworld.org\/wp-content\/uploads\/2022\/10\/vanuatu.jpg","type":"image\/jpeg"}],"twitter_card":"summary_large_image","twitter_misc":{"Tiempo de lectura":"7 minutos"},"schema":{"@context":"https:\/\/schema.org","@graph":[{"@type":"WebPage","@id":"https:\/\/ifesworld.org\/es\/blog\/renovacion-en-tiempo-real\/","url":"https:\/\/ifesworld.org\/es\/blog\/renovacion-en-tiempo-real\/","name":"Renovaci\u00f3n en tiempo real &#183; IFES Conexi\u00f3n Blog","isPartOf":{"@id":"https:\/\/ifesworld.org\/es\/#website"},"primaryImageOfPage":{"@id":"https:\/\/ifesworld.org\/es\/blog\/renovacion-en-tiempo-real\/#primaryimage"},"image":{"@id":"https:\/\/ifesworld.org\/es\/blog\/renovacion-en-tiempo-real\/#primaryimage"},"thumbnailUrl":"https:\/\/ifesworld.org\/wp-content\/uploads\/2022\/10\/vanuatu.jpg","datePublished":"2022-10-13T09:13:31+00:00","dateModified":"2022-10-13T09:13:34+00:00","description":"El 21 de octubre, los estudiantes y personas que apoyan a IFES de todo el mundo se reunir\u00e1n para orar durante nuestra celebraci\u00f3n anual, el D\u00eda Mundial","breadcrumb":{"@id":"https:\/\/ifesworld.org\/es\/blog\/renovacion-en-tiempo-real\/#breadcrumb"},"inLanguage":"es","potentialAction":[{"@type":"ReadAction","target":["https:\/\/ifesworld.org\/es\/blog\/renovacion-en-tiempo-real\/"]}]},{"@type":"ImageObject","inLanguage":"es","@id":"https:\/\/ifesworld.org\/es\/blog\/renovacion-en-tiempo-real\/#primaryimage","url":"https:\/\/ifesworld.org\/wp-content\/uploads\/2022\/10\/vanuatu.jpg","contentUrl":"https:\/\/ifesworld.org\/wp-content\/uploads\/2022\/10\/vanuatu.jpg","width":674,"height":504},{"@type":"BreadcrumbList","@id":"https:\/\/ifesworld.org\/es\/blog\/renovacion-en-tiempo-real\/#breadcrumb","itemListElement":[{"@type":"ListItem","position":1,"name":"Home","item":"https:\/\/ifesworld.org\/es\/"},{"@type":"ListItem","position":2,"name":"Conexi\u00f3n","item":"https:\/\/ifesworld.org\/es\/blog\/"},{"@type":"ListItem","position":3,"name":"Renovaci\u00f3n en tiempo real"}]},{"@type":"WebSite","@id":"https:\/\/ifesworld.org\/es\/#website","url":"https:\/\/ifesworld.org\/es\/","name":"IFES","description":"A movement of students sharing and living out the good news of Jesus Christ. Locally. Nationally. Globally.","publisher":{"@id":"https:\/\/ifesworld.org\/es\/#organization"},"potentialAction":[{"@type":"SearchAction","target":{"@type":"EntryPoint","urlTemplate":"https:\/\/ifesworld.org\/es\/?s={search_term_string}"},"query-input":{"@type":"PropertyValueSpecification","valueRequired":true,"valueName":"search_term_string"}}],"inLanguage":"es"},{"@type":"Organization","@id":"https:\/\/ifesworld.org\/es\/#organization","name":"IFES \u00b7 International Fellowship of Evangelical Students","url":"https:\/\/ifesworld.org\/es\/","logo":{"@type":"ImageObject","inLanguage":"es","@id":"https:\/\/ifesworld.org\/es\/#\/schema\/logo\/image\/","url":"https:\/\/ifesworld.org\/wp-content\/uploads\/2019\/06\/ifeslogo.png","contentUrl":"https:\/\/ifesworld.org\/wp-content\/uploads\/2019\/06\/ifeslogo.png","width":262,"height":262,"caption":"IFES \u00b7 International Fellowship of Evangelical Students"},"image":{"@id":"https:\/\/ifesworld.org\/es\/#\/schema\/logo\/image\/"}}]}},"_links":{"self":[{"href":"https:\/\/ifesworld.org\/es\/wp-json\/wp\/v2\/conexion\/20092","targetHints":{"allow":["GET"]}}],"collection":[{"href":"https:\/\/ifesworld.org\/es\/wp-json\/wp\/v2\/conexion"}],"about":[{"href":"https:\/\/ifesworld.org\/es\/wp-json\/wp\/v2\/types\/conexion"}],"wp:featuredmedia":[{"embeddable":true,"href":"https:\/\/ifesworld.org\/es\/wp-json\/wp\/v2\/media\/20086"}],"wp:attachment":[{"href":"https:\/\/ifesworld.org\/es\/wp-json\/wp\/v2\/media?parent=20092"}],"wp:term":[{"taxonomy":"area","embeddable":true,"href":"https:\/\/ifesworld.org\/es\/wp-json\/wp\/v2\/area?post=20092"},{"taxonomy":"theme","embeddable":true,"href":"https:\/\/ifesworld.org\/es\/wp-json\/wp\/v2\/theme?post=20092"}],"curies":[{"name":"wp","href":"https:\/\/api.w.org\/{rel}","templated":true}]}}