{"id":18695,"date":"2022-04-28T11:22:54","date_gmt":"2022-04-28T10:22:54","guid":{"rendered":"https:\/\/ifesworld.org\/?post_type=conexion&#038;p=18695"},"modified":"2022-04-28T12:57:30","modified_gmt":"2022-04-28T11:57:30","slug":"un-mejor-banquete-para-todos","status":"publish","type":"conexion","link":"https:\/\/ifesworld.org\/es\/blog\/un-mejor-banquete-para-todos\/","title":{"rendered":"Un mejor banquete para todos"},"content":{"rendered":"<div class=\"wp-block block-core-paragraph\">\n<p class=\"wp-block-paragraph\"><\/p>\n<\/div>\n\n<div class=\"wp-block block-core-heading\">\n<h2 class=\"wp-block-heading\">Temporadas de cambios&nbsp;<\/h2>\n<\/div>\n\n<div class=\"wp-block block-core-paragraph\">\n<p class=\"wp-block-paragraph\">Al mudarse de Massachusetts a Carolina del Norte, Kala cambi\u00f3 el aire fr\u00edo y la nieve por los calurosos d\u00edas de verano. Con todas las transiciones que se le acercaban, lo primero que hizo para encontrar cierto sentido de estabilidad fue unirse a un grupo cristiano. Consciente de que <a href=\"https:\/\/intervarsity.org\/\" target=\"_blank\" rel=\"noreferrer noopener\">InterVarsity<\/a>, el movimiento estudiantil de los EE. UU., ten\u00eda <a href=\"https:\/\/gfm.intervarsity.org\/\" target=\"_blank\" rel=\"noreferrer noopener\">grupos cristianos para estudiantes de postgrado<\/a> como <a href=\"https:\/\/hgscf.org\/\" target=\"_blank\" rel=\"noreferrer noopener\">el de Harvard<\/a>, Kala busc\u00f3 uno en la Universidad de Duke. Estuvo encantada con el descubrimiento de la <a href=\"https:\/\/dukegcf2.wordpress.com\/\" target=\"_blank\" rel=\"noreferrer noopener\">Comunidad cristiana de graduados de Duke<\/a>, que organizaba cenas y debates todos los viernes por la noche.&nbsp;&nbsp;<\/p>\n<\/div>\n\n<div class=\"wp-block block-core-paragraph\">\n<p class=\"wp-block-paragraph\">El l\u00edder del ministerio, la Dra. Stephanie Holmer, as\u00ed como el resto del equipo de liderazgo, la recibi\u00f3 con los brazos abiertos. T\u00e9cnicamente, Kala todav\u00eda no era una estudiante de postgrado ni tampoco era la persona m\u00e1s sociable del grupo. Sin embargo, aportaba valor y perspectiva, incluso cuando simplemente se debat\u00eda sobre la diferencia entre los \u00edndices de humedad de Massachusetts y de Carolina del Norte.&nbsp;&nbsp;<\/p>\n<\/div>\n\n<div class=\"wp-block block-core-paragraph\">\n<p class=\"wp-block-paragraph\">A m\u00e1s de 5000 millas de distancia, Grace cruzaba las fronteras estatales para matricularse a la <a href=\"https:\/\/www.atbu.edu.ng\/web\/front\" target=\"_blank\" rel=\"noreferrer noopener\">Universidad de Abubakar Tafawa Balewa<\/a>, en el norte de Nigeria, dejando as\u00ed la h\u00fameda regi\u00f3n cristiana que hab\u00eda conocido toda su vida por una \u00e1rida y predominantemente musulmana en otra parte del pa\u00eds. Grace lleg\u00f3 a su campus cargando sus apoyos para caminar y sus miedos. Sin embargo, estaba decidida a perseguir sus sue\u00f1os. No sab\u00eda c\u00f3mo iba a integrarse en aquella nueva sociedad. Se imaginaba a sus compa\u00f1eros mirando fijamente a la chica apoyada en un bast\u00f3n. De peque\u00f1a, Grace hab\u00eda sobrevivido a un ataque de polio y ahora solo pod\u00eda andar con ayuda.&nbsp;&nbsp;<\/p>\n<\/div>\n\n<div class=\"wp-block block-core-quote is-style-plain\">\n<blockquote class=\"wp-block-quote is-style-plain is-layout-flow wp-block-quote-is-layout-flow\"><p>\u201cCuando llegu\u00e9 a mi campus, me perd\u00ed y no encontraba a la persona que me ten\u00eda que ayudar con la inscripci\u00f3n\u201d, nos cuenta Grace. \u201cMe sent\u00e9 con mi padre e hice una peque\u00f1a oraci\u00f3n. Casi de inmediato, un joven se nos acerc\u00f3 con una gran sonrisa y nos pregunt\u00f3 si pod\u00eda ayudarnos. Se trataba de un l\u00edder estudiantil del ministerio en el campus de mi iglesia local y me present\u00f3 a las estudiantes de la comunidad que se alojaban en la residencia de mujeres. A medida que fue pasando el tiempo, la comunidad se convirti\u00f3 en una familia para m\u00ed, lejos de mi hogar, y, para mi sorpresa, no fue dif\u00edcil integrarme. Consegu\u00ed unirme al coro de la comunidad y, m\u00e1s tarde, me convert\u00ed en Coordinadora para el bienestar de las mujeres de la comunidad en el campus. El amor que recib\u00ed a mi llegada hizo posible que pudiera transmitirlo a otros\u201d.&nbsp;&nbsp;<\/p><\/blockquote>\n<\/div>\n\n<div class=\"wp-block block-core-heading\">\n<h2 class=\"wp-block-heading\">Un mejor banquete&nbsp;&nbsp;<\/h2>\n<\/div>\n\n<div class=\"wp-block block-core-paragraph\">\n<p class=\"wp-block-paragraph\">En Lucas 14, unos fariseos importantes invitan a Jes\u00fas para que coma con ellos ese d\u00eda, que es s\u00e1bado, junto con un hombre enfermo. El hombre enfermo est\u00e1 all\u00ed porque los fariseos pretenden que Jes\u00fas caiga en una trampa e infrinja sus doctrinas. No hay una intenci\u00f3n honesta para invitar a alguien diferente, por lo que, en realidad, el hombre enfermo de hidropes\u00eda no es ni bienvenido ni respetado. De nuevo en Carolina del Norte, Kala intent\u00f3 unirse a un nuevo grupo cristiano. Sin embargo, m\u00e1s tarde descubri\u00f3 que los dem\u00e1s la juzgaban y hablaban de ella a sus espaldas. Solamente dejaban que participase en el grupo para entretener a los que hablaban de su manera de expresarse y de su \u201cincomodidad social\u201d. Al cabo de un tiempo, a Kala le diagnosticaron un trastorno del espectro autista (TEA).&nbsp;<\/p>\n<\/div>\n\n<div class=\"wp-block block-core-paragraph\">\n<p class=\"wp-block-paragraph\">El contraste entre las dos comunidades estudiantiles cristianas a las que se hab\u00eda unido no pod\u00eda ser m\u00e1s marcado. M\u00e1s tarde, cuando sus s\u00edntomas de TEA se convirtieron, de manera inesperada, en un reto, la Comunidad cristiana de graduados de Duke permaneci\u00f3 a su lado, mientras que el otro grupo se qued\u00f3 mirando mientras ella ca\u00eda y, finalmente, rompieron todo contacto con ella.&nbsp;&nbsp;<\/p>\n<\/div>\n\n<div class=\"wp-block block-core-paragraph\">\n<p class=\"wp-block-paragraph\">Las experiencias de Grace y Kala con diferentes comunidades estudiantiles cristianas (tanto afiliadas a IFES como no) demuestran cu\u00e1n importante es la manera en la que tratamos a aquellos que son diferentes a nosotros. En el banquete, Jes\u00fas no podr\u00eda ser m\u00e1s claro con su anfitri\u00f3n, que hab\u00eda invitado a alguien diferente con malas intenciones. \u201cCuando des una comida o una cena, no invites a tus amigos, ni a tus hermanos, ni a tus parientes, ni a tus vecinos ricos; no sea que ellos, a su vez, te inviten y as\u00ed seas recompensado. M\u00e1s bien, cuando des un banquete, invita a los pobres, a los inv\u00e1lidos, a los cojos y a los ciegos. Entonces ser\u00e1s dichoso, pues aunque ellos no tienen con qu\u00e9 recompensarte, ser\u00e1s recompensado en la resurrecci\u00f3n de los justos.\u201d (Lucas 14:12-14). En vez de hacer vida social solo con los que pueden darte lo que quieres, Jes\u00fas propone una forma maravillosamente diferente. Acepta, honra, invita y recibe a las personas, no por lo que puedes obtener de ellas, sino porque son personas que merecen dignidad y t\u00fa tienes algo que compartir.&nbsp;&nbsp;<\/p>\n<\/div>\n\n<div class=\"wp-block block-core-heading\">\n<h2 class=\"wp-block-heading\">Aceptando a todo el mundo: Las discapacidades e IFES&nbsp;<\/h2>\n<\/div>\n\n<div class=\"wp-block block-core-paragraph\">\n<p class=\"wp-block-paragraph\">Es importante que las comunidades cristianas traten a todas las personas con respeto y honor y hagan que las experiencias sean accesibles y atractivas para los que proceden de comunidades marginadas. Pensar de manera activa sobre c\u00f3mo mejorar, de manera pr\u00e1ctica, la accesibilidad es importante, pero tambi\u00e9n lo es la actitud con la que se recibe a los dem\u00e1s. \u00bfTenemos una actitud de positivismo y hospitalidad hacia las personas nuevas que se cruzan en nuestro camino, a pesar de que esta inclusi\u00f3n pueda presentar nuevos retos a causa de una incapacidad? Si invitamos a todas las personas a que \u201cprueben y vean que el Se\u00f1or es bueno\u201d (Salmos 34:8), y si realmente creemos que \u201ctodo el que invoque el nombre del Se\u00f1or ser\u00e1 salvo\u201d (Romanos 10:13), tenemos que demostrar estas afirmaciones con nuestro comportamiento. Es posible que tengamos que ajustar nuestra manera de hacer las cosas para que les quede totalmente claro a los estudiantes con discapacidad que Jes\u00fas tambi\u00e9n los recibe a ellos.&nbsp;&nbsp;<\/p>\n<\/div>\n\n<div class=\"wp-block block-core-paragraph\">\n<p class=\"wp-block-paragraph\">Tanto si vivimos en un lugar \u00e1rido o lluvioso, h\u00famedo o nevado, todos tenemos la capacidad de construir un mejor banquete para los dem\u00e1s.<strong>&nbsp;<\/strong>&nbsp;<\/p>\n<\/div>\n\n<div class=\"wp-block block-core-paragraph\">\n<p class=\"wp-block-paragraph\"><strong>Preguntas para reflexionar:<\/strong>&nbsp;<\/p>\n<\/div>\n\n<div class=\"wp-block block-core-list\">\n<ol class=\"wp-block-list\"><li>\u00bfPodr\u00eda esforzarme m\u00e1s para asegurarme de que las personas con discapacidad de mi grupo estudiantil se sientan c\u00f3modas?&nbsp;<\/li><li>\u00bfC\u00f3mo puedo hacer que nuestro grupo estudiantil sea m\u00e1s accesible e inclusivo hacia los estudiantes con diferentes discapacidades f\u00edsicas o del desarrollo?&nbsp;<\/li><li>\u00bfC\u00f3mo puedo aprender acerca de las perspectivas de las personas con discapacidad para estar m\u00e1s informado\/a y ser m\u00e1s emp\u00e1tico\/a?&nbsp;<\/li><\/ol>\n<\/div>\n\n<div class=\"wp-block block-core-paragraph\">\n<p class=\"wp-block-paragraph\">Para descubrir m\u00e1s acerca de las misiones con personas con discapacidad, lee <a href=\"https:\/\/www.amazon.es\/Disability-Church-Diversity-Inclusion-English-ebook\/dp\/B09SDRFJXC\/ref=sr_1_1?__mk_es_ES=%C3%85M%C3%85%C5%BD%C3%95%C3%91&amp;crid=2OSWU87IVDJVL&amp;keywords=disability+and+the+church&amp;qid=1650629842&amp;sprefix=disability+and+the+church%2Caps%2C61&amp;sr=8-1\" target=\"_blank\" rel=\"noreferrer noopener\"><em>Disability and the Church<\/em><\/a> (<em>La discapacidad y la iglesia<\/em>) escrito por <a href=\"https:\/\/autismpastor.com\/\" target=\"_blank\" rel=\"noreferrer noopener\">Lamar Hardwick<\/a> y publicado por <a href=\"https:\/\/www.ivpress.com\/\" target=\"_blank\" rel=\"noreferrer noopener\">InterVarsity Press<\/a>. Para seguir el debate acerca de temas relacionados con la discapacidad, no dudes en ponerte en contacto con <a href=\"https:\/\/es-es.facebook.com\/alphonsus.grace\" target=\"_blank\" rel=\"noreferrer noopener\">Grace en Facebook,<\/a> <a href=\"http:\/\/www.instagram.com\/readbykay\" target=\"_blank\" rel=\"noreferrer noopener\">Kala en Instagram<\/a> o <a href=\"https:\/\/es-es.facebook.com\/KalaOmeiza\" target=\"_blank\" rel=\"noreferrer noopener\">Kala en Facebook<\/a>. Kala est\u00e1 trabajando en un proyecto con personas altamente autistas, as\u00ed como con padres de personas autistas, iglesias, organizaciones y otras comunidades que quieren aprender a incluir sinceramente a las personas autistas en su banquete, empezando con los que pertenecen a la comunidad negra. Si te identificas como tal y est\u00e1s interesado\/a en formar parte de ello, puedes ponerte en contacto con Kala escribi\u00e9ndole a <a href=\"mailto:readbykay@gmail.com\" target=\"_blank\" rel=\"noreferrer noopener\">readbykay@gmail.com<\/a>.&nbsp;<\/p>\n<\/div>","protected":false},"featured_media":18693,"template":"","area":[],"theme":[],"class_list":["post-18695","conexion","type-conexion","status-publish","has-post-thumbnail","hentry"],"acf":[],"yoast_head":"<!-- This site is optimized with the Yoast SEO plugin v27.2 - https:\/\/yoast.com\/product\/yoast-seo-wordpress\/ -->\n<title>Un mejor banquete para todos &#183; IFES Conexi\u00f3n Blog<\/title>\n<meta name=\"description\" content=\"Temporadas de cambios&nbsp; Al mudarse de Massachusetts a Carolina del Norte, Kala cambi\u00f3 el aire fr\u00edo y la nieve por los calurosos d\u00edas de verano. Con\" \/>\n<meta name=\"robots\" content=\"index, follow, max-snippet:-1, max-image-preview:large, max-video-preview:-1\" \/>\n<link rel=\"canonical\" href=\"https:\/\/ifesworld.org\/en\/blog\/a-better-banquet-for-all\/\" \/>\n<meta property=\"og:locale\" content=\"es_ES\" \/>\n<meta property=\"og:type\" content=\"article\" \/>\n<meta property=\"og:title\" content=\"Un mejor banquete para todos &#183; IFES Conexi\u00f3n Blog\" \/>\n<meta property=\"og:description\" content=\"Temporadas de cambios&nbsp; Al mudarse de Massachusetts a Carolina del Norte, Kala cambi\u00f3 el aire fr\u00edo y la nieve por los calurosos d\u00edas de verano. Con\" \/>\n<meta property=\"og:url\" content=\"https:\/\/ifesworld.org\/en\/blog\/a-better-banquet-for-all\/\" \/>\n<meta property=\"og:site_name\" content=\"IFES\" \/>\n<meta property=\"article:modified_time\" content=\"2022-04-28T11:57:30+00:00\" \/>\n<meta property=\"og:image\" content=\"https:\/\/ifesworld.org\/wp-content\/uploads\/2022\/04\/Disabilities-1.jpg\" \/>\n\t<meta property=\"og:image:width\" content=\"1080\" \/>\n\t<meta property=\"og:image:height\" content=\"848\" \/>\n\t<meta property=\"og:image:type\" content=\"image\/jpeg\" \/>\n<meta name=\"twitter:card\" content=\"summary_large_image\" \/>\n<meta name=\"twitter:label1\" content=\"Tiempo de lectura\" \/>\n\t<meta name=\"twitter:data1\" content=\"6 minutos\" \/>\n<script type=\"application\/ld+json\" class=\"yoast-schema-graph\">{\"@context\":\"https:\/\/schema.org\",\"@graph\":[{\"@type\":\"WebPage\",\"@id\":\"https:\/\/ifesworld.org\/en\/blog\/a-better-banquet-for-all\/\",\"url\":\"https:\/\/ifesworld.org\/en\/blog\/a-better-banquet-for-all\/\",\"name\":\"Un mejor banquete para todos &#183; IFES Conexi\u00f3n Blog\",\"isPartOf\":{\"@id\":\"https:\/\/ifesworld.org\/es\/#website\"},\"primaryImageOfPage\":{\"@id\":\"https:\/\/ifesworld.org\/en\/blog\/a-better-banquet-for-all\/#primaryimage\"},\"image\":{\"@id\":\"https:\/\/ifesworld.org\/en\/blog\/a-better-banquet-for-all\/#primaryimage\"},\"thumbnailUrl\":\"https:\/\/ifesworld.org\/wp-content\/uploads\/2022\/04\/Disabilities-1.jpg\",\"datePublished\":\"2022-04-28T10:22:54+00:00\",\"dateModified\":\"2022-04-28T11:57:30+00:00\",\"description\":\"Temporadas de cambios&nbsp; Al mudarse de Massachusetts a Carolina del Norte, Kala cambi\u00f3 el aire fr\u00edo y la nieve por los calurosos d\u00edas de verano. Con\",\"breadcrumb\":{\"@id\":\"https:\/\/ifesworld.org\/en\/blog\/a-better-banquet-for-all\/#breadcrumb\"},\"inLanguage\":\"es\",\"potentialAction\":[{\"@type\":\"ReadAction\",\"target\":[\"https:\/\/ifesworld.org\/en\/blog\/a-better-banquet-for-all\/\"]}]},{\"@type\":\"ImageObject\",\"inLanguage\":\"es\",\"@id\":\"https:\/\/ifesworld.org\/en\/blog\/a-better-banquet-for-all\/#primaryimage\",\"url\":\"https:\/\/ifesworld.org\/wp-content\/uploads\/2022\/04\/Disabilities-1.jpg\",\"contentUrl\":\"https:\/\/ifesworld.org\/wp-content\/uploads\/2022\/04\/Disabilities-1.jpg\",\"width\":1080,\"height\":848},{\"@type\":\"BreadcrumbList\",\"@id\":\"https:\/\/ifesworld.org\/en\/blog\/a-better-banquet-for-all\/#breadcrumb\",\"itemListElement\":[{\"@type\":\"ListItem\",\"position\":1,\"name\":\"Home\",\"item\":\"https:\/\/ifesworld.org\/es\/\"},{\"@type\":\"ListItem\",\"position\":2,\"name\":\"Conexi\u00f3n\",\"item\":\"https:\/\/ifesworld.org\/es\/blog\/\"},{\"@type\":\"ListItem\",\"position\":3,\"name\":\"Un mejor banquete para todos\"}]},{\"@type\":\"WebSite\",\"@id\":\"https:\/\/ifesworld.org\/es\/#website\",\"url\":\"https:\/\/ifesworld.org\/es\/\",\"name\":\"IFES\",\"description\":\"A movement of students sharing and living out the good news of Jesus Christ. Locally. Nationally. Globally.\",\"publisher\":{\"@id\":\"https:\/\/ifesworld.org\/es\/#organization\"},\"potentialAction\":[{\"@type\":\"SearchAction\",\"target\":{\"@type\":\"EntryPoint\",\"urlTemplate\":\"https:\/\/ifesworld.org\/es\/?s={search_term_string}\"},\"query-input\":{\"@type\":\"PropertyValueSpecification\",\"valueRequired\":true,\"valueName\":\"search_term_string\"}}],\"inLanguage\":\"es\"},{\"@type\":\"Organization\",\"@id\":\"https:\/\/ifesworld.org\/es\/#organization\",\"name\":\"IFES \u00b7 International Fellowship of Evangelical Students\",\"url\":\"https:\/\/ifesworld.org\/es\/\",\"logo\":{\"@type\":\"ImageObject\",\"inLanguage\":\"es\",\"@id\":\"https:\/\/ifesworld.org\/es\/#\/schema\/logo\/image\/\",\"url\":\"https:\/\/ifesworld.org\/wp-content\/uploads\/2019\/06\/ifeslogo.png\",\"contentUrl\":\"https:\/\/ifesworld.org\/wp-content\/uploads\/2019\/06\/ifeslogo.png\",\"width\":262,\"height\":262,\"caption\":\"IFES \u00b7 International Fellowship of Evangelical Students\"},\"image\":{\"@id\":\"https:\/\/ifesworld.org\/es\/#\/schema\/logo\/image\/\"}}]}<\/script>\n<!-- \/ Yoast SEO plugin. -->","yoast_head_json":{"title":"Un mejor banquete para todos &#183; IFES Conexi\u00f3n Blog","description":"Temporadas de cambios&nbsp; Al mudarse de Massachusetts a Carolina del Norte, Kala cambi\u00f3 el aire fr\u00edo y la nieve por los calurosos d\u00edas de verano. Con","robots":{"index":"index","follow":"follow","max-snippet":"max-snippet:-1","max-image-preview":"max-image-preview:large","max-video-preview":"max-video-preview:-1"},"canonical":"https:\/\/ifesworld.org\/en\/blog\/a-better-banquet-for-all\/","og_locale":"es_ES","og_type":"article","og_title":"Un mejor banquete para todos &#183; IFES Conexi\u00f3n Blog","og_description":"Temporadas de cambios&nbsp; Al mudarse de Massachusetts a Carolina del Norte, Kala cambi\u00f3 el aire fr\u00edo y la nieve por los calurosos d\u00edas de verano. Con","og_url":"https:\/\/ifesworld.org\/en\/blog\/a-better-banquet-for-all\/","og_site_name":"IFES","article_modified_time":"2022-04-28T11:57:30+00:00","og_image":[{"width":1080,"height":848,"url":"https:\/\/ifesworld.org\/wp-content\/uploads\/2022\/04\/Disabilities-1.jpg","type":"image\/jpeg"}],"twitter_card":"summary_large_image","twitter_misc":{"Tiempo de lectura":"6 minutos"},"schema":{"@context":"https:\/\/schema.org","@graph":[{"@type":"WebPage","@id":"https:\/\/ifesworld.org\/en\/blog\/a-better-banquet-for-all\/","url":"https:\/\/ifesworld.org\/en\/blog\/a-better-banquet-for-all\/","name":"Un mejor banquete para todos &#183; IFES Conexi\u00f3n Blog","isPartOf":{"@id":"https:\/\/ifesworld.org\/es\/#website"},"primaryImageOfPage":{"@id":"https:\/\/ifesworld.org\/en\/blog\/a-better-banquet-for-all\/#primaryimage"},"image":{"@id":"https:\/\/ifesworld.org\/en\/blog\/a-better-banquet-for-all\/#primaryimage"},"thumbnailUrl":"https:\/\/ifesworld.org\/wp-content\/uploads\/2022\/04\/Disabilities-1.jpg","datePublished":"2022-04-28T10:22:54+00:00","dateModified":"2022-04-28T11:57:30+00:00","description":"Temporadas de cambios&nbsp; Al mudarse de Massachusetts a Carolina del Norte, Kala cambi\u00f3 el aire fr\u00edo y la nieve por los calurosos d\u00edas de verano. Con","breadcrumb":{"@id":"https:\/\/ifesworld.org\/en\/blog\/a-better-banquet-for-all\/#breadcrumb"},"inLanguage":"es","potentialAction":[{"@type":"ReadAction","target":["https:\/\/ifesworld.org\/en\/blog\/a-better-banquet-for-all\/"]}]},{"@type":"ImageObject","inLanguage":"es","@id":"https:\/\/ifesworld.org\/en\/blog\/a-better-banquet-for-all\/#primaryimage","url":"https:\/\/ifesworld.org\/wp-content\/uploads\/2022\/04\/Disabilities-1.jpg","contentUrl":"https:\/\/ifesworld.org\/wp-content\/uploads\/2022\/04\/Disabilities-1.jpg","width":1080,"height":848},{"@type":"BreadcrumbList","@id":"https:\/\/ifesworld.org\/en\/blog\/a-better-banquet-for-all\/#breadcrumb","itemListElement":[{"@type":"ListItem","position":1,"name":"Home","item":"https:\/\/ifesworld.org\/es\/"},{"@type":"ListItem","position":2,"name":"Conexi\u00f3n","item":"https:\/\/ifesworld.org\/es\/blog\/"},{"@type":"ListItem","position":3,"name":"Un mejor banquete para todos"}]},{"@type":"WebSite","@id":"https:\/\/ifesworld.org\/es\/#website","url":"https:\/\/ifesworld.org\/es\/","name":"IFES","description":"A movement of students sharing and living out the good news of Jesus Christ. Locally. Nationally. Globally.","publisher":{"@id":"https:\/\/ifesworld.org\/es\/#organization"},"potentialAction":[{"@type":"SearchAction","target":{"@type":"EntryPoint","urlTemplate":"https:\/\/ifesworld.org\/es\/?s={search_term_string}"},"query-input":{"@type":"PropertyValueSpecification","valueRequired":true,"valueName":"search_term_string"}}],"inLanguage":"es"},{"@type":"Organization","@id":"https:\/\/ifesworld.org\/es\/#organization","name":"IFES \u00b7 International Fellowship of Evangelical Students","url":"https:\/\/ifesworld.org\/es\/","logo":{"@type":"ImageObject","inLanguage":"es","@id":"https:\/\/ifesworld.org\/es\/#\/schema\/logo\/image\/","url":"https:\/\/ifesworld.org\/wp-content\/uploads\/2019\/06\/ifeslogo.png","contentUrl":"https:\/\/ifesworld.org\/wp-content\/uploads\/2019\/06\/ifeslogo.png","width":262,"height":262,"caption":"IFES \u00b7 International Fellowship of Evangelical Students"},"image":{"@id":"https:\/\/ifesworld.org\/es\/#\/schema\/logo\/image\/"}}]}},"_links":{"self":[{"href":"https:\/\/ifesworld.org\/es\/wp-json\/wp\/v2\/conexion\/18695","targetHints":{"allow":["GET"]}}],"collection":[{"href":"https:\/\/ifesworld.org\/es\/wp-json\/wp\/v2\/conexion"}],"about":[{"href":"https:\/\/ifesworld.org\/es\/wp-json\/wp\/v2\/types\/conexion"}],"wp:featuredmedia":[{"embeddable":true,"href":"https:\/\/ifesworld.org\/es\/wp-json\/wp\/v2\/media\/18693"}],"wp:attachment":[{"href":"https:\/\/ifesworld.org\/es\/wp-json\/wp\/v2\/media?parent=18695"}],"wp:term":[{"taxonomy":"area","embeddable":true,"href":"https:\/\/ifesworld.org\/es\/wp-json\/wp\/v2\/area?post=18695"},{"taxonomy":"theme","embeddable":true,"href":"https:\/\/ifesworld.org\/es\/wp-json\/wp\/v2\/theme?post=18695"}],"curies":[{"name":"wp","href":"https:\/\/api.w.org\/{rel}","templated":true}]}}