{"id":11511,"date":"2020-03-03T09:54:11","date_gmt":"2020-03-03T09:54:11","guid":{"rendered":"https:\/\/ifesworld.org\/?post_type=conexion&#038;p=11511"},"modified":"2020-03-03T09:54:12","modified_gmt":"2020-03-03T09:54:12","slug":"podria-el-evangelio-transformar-a-la-ciudad-de-la-violencia","status":"publish","type":"conexion","link":"https:\/\/ifesworld.org\/es\/blog\/podria-el-evangelio-transformar-a-la-ciudad-de-la-violencia\/","title":{"rendered":"\u00bfPodr\u00eda el Evangelio transformar a la ciudad de la violencia?"},"content":{"rendered":"<div class=\"wp-block block-core-paragraph\">\n<p class=\"wp-block-paragraph\">Fue una decisi\u00f3n enorme y Cecy ten\u00eda la cabeza repleta de preguntas. \u00bfC\u00f3mo ser\u00eda vivir ah\u00ed? \u00bfC\u00f3mo ser\u00eda el contexto universitario? \u00bfCon qu\u00e9 luchar\u00edan los estudiantes? \u00bfC\u00f3mo ser\u00edan las iglesias? <em>\u00bfMe est\u00e1 llamando Dios a ir ah\u00ed?<\/em><\/p>\n<\/div>\n\n<div class=\"wp-block block-core-paragraph\">\n<p class=\"wp-block-paragraph\">Cecy realiz\u00f3 su primer viaje exploratorio a La Paz, una peque\u00f1a ciudad en M\u00e9xico, en el mes de noviembre del a\u00f1o pasado. Aunque el nombre de La Paz podr\u00eda evocar tranquilidad, es de todo menos pac\u00edfica. Es una ciudad peligrosa, con altos niveles de delincuencia, violencia y homicidios. COMPA, el movimiento de IFES en M\u00e9xico no tiene ning\u00fan ministerio estudiantil ah\u00ed en estos momentos. Por lo que Cecy or\u00f3 para que Dios le diera claridad en cuanto al camino que ten\u00eda por delante y&#8230; \u00a1Lo hizo!<\/p>\n<\/div>\n\n<div class=\"wp-block block-core-heading\">\n<h2 class=\"wp-block-heading\">Descubriendo La Paz<\/h2>\n<\/div>\n\n<div class=\"wp-block block-core-paragraph\">\n<p class=\"wp-block-paragraph\">La Paz tiene al menos 18 universidades, algunas son p\u00fablicas y otras son privadas. Cecy tuvo la oportunidad de reunirse con varios estudiantes y conocer su contexto. <em>\u00bfCu\u00e1les son los retos que afrontan como estudiantes cristianos? <\/em>Una cosa que mencionaron era el rechazo que estaban afrontando, eran etiquetados como hom\u00f3fobos por las impresiones negativas que ten\u00eda la gente de la Iglesia.<\/p>\n<\/div>\n\n<div class=\"wp-block block-core-paragraph\">\n<p class=\"wp-block-paragraph\">Otra estudiante, Sara, coment\u00f3 lo dif\u00edcil que resultaba hacer obra misionera sola. Le hizo muy feliz que Cecy viniera a darle apoyo y a equiparle para compartir el Evangelio con sus amigos.<\/p>\n<\/div>\n\n<div class=\"wp-block block-core-paragraph\">\n<p class=\"wp-block-paragraph\">Cecy tambi\u00e9n cobr\u00f3 \u00e1nimo al descubrir que las iglesias locales estaban interesadas en conocer la visi\u00f3n de COMPA y ten\u00edan una actitud positiva hacia la colaboraci\u00f3n.<\/p>\n<\/div>\n\n<div class=\"wp-block block-core-paragraph\">\n<p class=\"wp-block-paragraph\">Cecy prev\u00e9 mudarse ah\u00ed en mayo para empezar la obra pionera. Ahora est\u00e1 orando para que Dios le proporcione un equipo que trabaje junto, una vivienda adecuada para el ministerio y las finanzas adecuadas para ello.<\/p>\n<\/div>\n\n<div class=\"wp-block block-core-separator\">\n<hr class=\"wp-block-separator\"\/>\n<\/div>\n\n<div class=\"wp-block block-core-paragraph\">\n<p class=\"wp-block-paragraph\">Actualmente, IFES est\u00e1 apoyando la obra pionera de 51 grupos nuevos en M\u00e9xico mediante el proyecto Abriendo Nuevos Caminos. <a href=\"https:\/\/ifesworld.org\/es\/obrapionera\/\">Descubre m\u00e1s acerca de este proyecto y lee m\u00e1s historias de las obras pioneras en todo el mundo.<\/a><\/p>\n<\/div>\n\n<div class=\"wp-block block-core-paragraph\">\n<p class=\"wp-block-paragraph\">Apoya hoy la iniciativa pionera de IFES en campus no alcanzados en Am\u00e9rica Latina y en el resto del mundo.<\/p>\n<\/div>\n\n<div class=\"wp-block block-acf-giveform\">    <section id=\"giveform-block-block_5e5d3516ac378\" class=\"give-form bg--alt margin-bottom--xl\">\n        <h2 class=\"h1\">QUIERO DONAR A<\/h2>\n        <a id=\"give-login-link\" href=\"https:\/\/give.ifesworld.org\/login\" target=\"_blank\" class=\"btn btn--cta-link\"><span><span class=\"icon\"><svg class=\"icon\"><use xlink:href=\"#chevron-circle-right-solid\"><\/use><\/svg><\/span>Accede a tu cuenta para donaciones<\/span><\/a>\n        <form class=\"give__form container--full-width flex flex--column\"\n              action=\"https:\/\/give.ifesworld.org\/customgiving?utm_source=ifesworld.org&#038;utm_medium=referral&#038;\" method=\"GET\"\n              target=\"_blank\">\n            <div class=\"give_designation margin-top\">\n                <label for=\"code\" class=\"screen-reader-text\">Apoya a IFES en una regi\u00f3n especifica<\/label>\n                <select id=\"code\" name=\"code\" required>\n                                        <option value=\"IN000_PPION\">Promover la obra pionera<\/option>\n                                        <option value=\"GF000_PMAIN\">Donde la necesidad es mayor<\/option>\n                                                      <\/select>\n            <\/div>\n                                    <div class=\"amount-selection grid-4 margin-top\">\n                <div class=\"grid__item form__input--radio\">\n                                        <input type=\"radio\" id=\"give-10\" name=\"give-radio-amount\" value=\"10\" class=\"sr-only\"  >\n                    <label class=\"h1\" for=\"give-10\"><span class=\"js-currency__symbol\">$<\/span>10<\/label>\n                <\/div>\n\n                <div class=\"grid__item form__input--radio\">\n                    <input type=\"radio\" id=\"give-25\" name=\"give-radio-amount\" value=\"25\" class=\"sr-only\" checked >\n                    <label class=\"h1\" for=\"give-25\"><span class=\"js-currency__symbol\">$<\/span>25<\/label>\n                <\/div>\n\n                <div class=\"grid__item form__input--radio\">\n                    <input type=\"radio\" id=\"give-50\" name=\"give-radio-amount\" value=\"50\" class=\"sr-only\"  >\n                    <label class=\"h1\" for=\"give-50\"><span class=\"js-currency__symbol\">$<\/span>50<\/label>\n                <\/div>\n\n                <div class=\"grid__item form__input--radio\">\n                    <input type=\"radio\" id=\"give-100\" name=\"give-radio-amount\" value=\"100\" class=\"sr-only\"  >\n                    <label class=\"h1\" for=\"give-100\"><span class=\"js-currency__symbol\">$<\/span>100<\/label>\n                <\/div>\n            <\/div>\n\n            <div class=\"amount-currency margin-top grid-4\">\n                <div class=\"form__input--amount\">\n                    <label for=\"a\" class=\"screen-reader-text\">Specify donation amount<\/label>\n                    <span class=\"currency flex flex--center-y\"><span class=\"js-currency__symbol\">$<\/span><\/span>\n                    <input type=\"number\" id=\"a\" name=\"a\" class=\"amount\" required value=\"25\">\n                <\/div>\n                <div class=\"form__input--currency select\">\n                    <label for=\"c\" class=\"screen-reader-text\">Seleccione su moneda<\/label>\n                    <select id=\"c\" name=\"c\">\n                                                <option value=\"USD\" data-symbol=\"$\"  selected=\"selected\">USD <\/option>\n                                                <option value=\"GBP\" data-symbol=\"&pound;\" >GBP <\/option>\n                                                <option value=\"EUR\" data-symbol=\"&euro;\" >EUR <\/option>\n                                          <\/select>\n                <\/div>\n            <\/div>\n            <div class=\"donation-frequency grid-2 margin-top\">\n                            <div class=\"grid__item form__input--radio\">\n                    <input type=\"radio\" id=\"donate-once\"  name=\"r\" value=\"0\" class=\"sr-only\" >\n                    <label class=\"h1\" for=\"donate-once\">Dona una vez<\/label>\n                <\/div>\n                <div class=\"grid__item form__input--radio\">\n                    <input type=\"radio\" id=\"donate-monthly\" checked name=\"r\" value=\"1\" class=\"sr-only\" >\n                    <label class=\"h1\" for=\"donate-monthly\">Dona mensualmente<\/label>\n                <\/div>\n            <\/div>\n\n\n            <div class=\"give-form__footer margin-top--lg\">\n                <div class=\"give-form__continue flex flex--column flex--space-between\">\n                    <div class=\"btn btn--primary btn--full-width form__submit\">\n                        <input type=\"submit\" id=\"submit\" value=\"continuar\"\/>\n                        <span>continuar<\/span>\n                    <\/div>\n                                    <\/div>\n                          <\/div>\n                          <input type=\"hidden\" name=\"t\" value=\"1\"\/>\n            <input type=\"hidden\" name=\"s\" value=\"IFESWEBSITE\"\/>\n            <input type=\"hidden\" name=\"utm_source\" value=\"ifesworld.org\"\/>\n            <input type=\"hidden\" name=\"utm_medium\" value=\"referral\"\/>\n            <input type=\"hidden\" id=\"d\" name=\"d\" value=\"IN000_PPION\" required\/>\n\n        <\/form>\n    <\/section>\n\n<\/div>","protected":false},"featured_media":11518,"template":"","area":[460,633],"theme":[1231],"class_list":["post-11511","conexion","type-conexion","status-publish","has-post-thumbnail","hentry","area-latin-america","area-mexico","theme-abriendo-nuevos-caminos"],"acf":[],"yoast_head":"<!-- This site is optimized with the Yoast SEO plugin v27.2 - https:\/\/yoast.com\/product\/yoast-seo-wordpress\/ -->\n<title>\u00bfPodr\u00eda el Evangelio transformar a la ciudad de la violencia? &#183; IFES Conexi\u00f3n Blog<\/title>\n<meta name=\"description\" content=\"Fue una decisi\u00f3n enorme y Cecy ten\u00eda la cabeza repleta de preguntas. \u00bfC\u00f3mo ser\u00eda vivir ah\u00ed? \u00bfC\u00f3mo ser\u00eda el contexto universitario? \u00bfCon qu\u00e9 luchar\u00edan los\" \/>\n<meta name=\"robots\" content=\"index, follow, max-snippet:-1, max-image-preview:large, max-video-preview:-1\" \/>\n<link rel=\"canonical\" href=\"https:\/\/ifesworld.org\/es\/blog\/podria-el-evangelio-transformar-a-la-ciudad-de-la-violencia\/\" \/>\n<meta property=\"og:locale\" content=\"es_ES\" \/>\n<meta property=\"og:type\" content=\"article\" \/>\n<meta property=\"og:title\" content=\"\u00bfPodr\u00eda el Evangelio transformar a la ciudad de la violencia? &#183; IFES Conexi\u00f3n Blog\" \/>\n<meta property=\"og:description\" content=\"Fue una decisi\u00f3n enorme y Cecy ten\u00eda la cabeza repleta de preguntas. \u00bfC\u00f3mo ser\u00eda vivir ah\u00ed? \u00bfC\u00f3mo ser\u00eda el contexto universitario? \u00bfCon qu\u00e9 luchar\u00edan los\" \/>\n<meta property=\"og:url\" content=\"https:\/\/ifesworld.org\/es\/blog\/podria-el-evangelio-transformar-a-la-ciudad-de-la-violencia\/\" \/>\n<meta property=\"og:site_name\" content=\"IFES\" \/>\n<meta property=\"article:modified_time\" content=\"2020-03-03T09:54:12+00:00\" \/>\n<meta property=\"og:image\" content=\"https:\/\/ifesworld.org\/wp-content\/uploads\/2020\/03\/200303-Con-Mexico.jpg\" \/>\n\t<meta property=\"og:image:width\" content=\"1200\" \/>\n\t<meta property=\"og:image:height\" content=\"675\" \/>\n\t<meta property=\"og:image:type\" content=\"image\/jpeg\" \/>\n<meta name=\"twitter:card\" content=\"summary_large_image\" \/>\n<meta name=\"twitter:label1\" content=\"Tiempo de lectura\" \/>\n\t<meta name=\"twitter:data1\" content=\"2 minutos\" \/>\n<script type=\"application\/ld+json\" class=\"yoast-schema-graph\">{\"@context\":\"https:\/\/schema.org\",\"@graph\":[{\"@type\":\"WebPage\",\"@id\":\"https:\/\/ifesworld.org\/es\/blog\/podria-el-evangelio-transformar-a-la-ciudad-de-la-violencia\/\",\"url\":\"https:\/\/ifesworld.org\/es\/blog\/podria-el-evangelio-transformar-a-la-ciudad-de-la-violencia\/\",\"name\":\"\u00bfPodr\u00eda el Evangelio transformar a la ciudad de la violencia? &#183; IFES Conexi\u00f3n Blog\",\"isPartOf\":{\"@id\":\"https:\/\/ifesworld.org\/es\/#website\"},\"primaryImageOfPage\":{\"@id\":\"https:\/\/ifesworld.org\/es\/blog\/podria-el-evangelio-transformar-a-la-ciudad-de-la-violencia\/#primaryimage\"},\"image\":{\"@id\":\"https:\/\/ifesworld.org\/es\/blog\/podria-el-evangelio-transformar-a-la-ciudad-de-la-violencia\/#primaryimage\"},\"thumbnailUrl\":\"https:\/\/ifesworld.org\/wp-content\/uploads\/2020\/03\/200303-Con-Mexico.jpg\",\"datePublished\":\"2020-03-03T09:54:11+00:00\",\"dateModified\":\"2020-03-03T09:54:12+00:00\",\"description\":\"Fue una decisi\u00f3n enorme y Cecy ten\u00eda la cabeza repleta de preguntas. \u00bfC\u00f3mo ser\u00eda vivir ah\u00ed? \u00bfC\u00f3mo ser\u00eda el contexto universitario? \u00bfCon qu\u00e9 luchar\u00edan los\",\"breadcrumb\":{\"@id\":\"https:\/\/ifesworld.org\/es\/blog\/podria-el-evangelio-transformar-a-la-ciudad-de-la-violencia\/#breadcrumb\"},\"inLanguage\":\"es\",\"potentialAction\":[{\"@type\":\"ReadAction\",\"target\":[\"https:\/\/ifesworld.org\/es\/blog\/podria-el-evangelio-transformar-a-la-ciudad-de-la-violencia\/\"]}]},{\"@type\":\"ImageObject\",\"inLanguage\":\"es\",\"@id\":\"https:\/\/ifesworld.org\/es\/blog\/podria-el-evangelio-transformar-a-la-ciudad-de-la-violencia\/#primaryimage\",\"url\":\"https:\/\/ifesworld.org\/wp-content\/uploads\/2020\/03\/200303-Con-Mexico.jpg\",\"contentUrl\":\"https:\/\/ifesworld.org\/wp-content\/uploads\/2020\/03\/200303-Con-Mexico.jpg\",\"width\":1200,\"height\":675},{\"@type\":\"BreadcrumbList\",\"@id\":\"https:\/\/ifesworld.org\/es\/blog\/podria-el-evangelio-transformar-a-la-ciudad-de-la-violencia\/#breadcrumb\",\"itemListElement\":[{\"@type\":\"ListItem\",\"position\":1,\"name\":\"Home\",\"item\":\"https:\/\/ifesworld.org\/es\/\"},{\"@type\":\"ListItem\",\"position\":2,\"name\":\"Conexi\u00f3n\",\"item\":\"https:\/\/ifesworld.org\/es\/blog\/\"},{\"@type\":\"ListItem\",\"position\":3,\"name\":\"\u00bfPodr\u00eda el Evangelio transformar a la ciudad de la violencia?\"}]},{\"@type\":\"WebSite\",\"@id\":\"https:\/\/ifesworld.org\/es\/#website\",\"url\":\"https:\/\/ifesworld.org\/es\/\",\"name\":\"IFES\",\"description\":\"A movement of students sharing and living out the good news of Jesus Christ. Locally. Nationally. Globally.\",\"publisher\":{\"@id\":\"https:\/\/ifesworld.org\/es\/#organization\"},\"potentialAction\":[{\"@type\":\"SearchAction\",\"target\":{\"@type\":\"EntryPoint\",\"urlTemplate\":\"https:\/\/ifesworld.org\/es\/?s={search_term_string}\"},\"query-input\":{\"@type\":\"PropertyValueSpecification\",\"valueRequired\":true,\"valueName\":\"search_term_string\"}}],\"inLanguage\":\"es\"},{\"@type\":\"Organization\",\"@id\":\"https:\/\/ifesworld.org\/es\/#organization\",\"name\":\"IFES \u00b7 International Fellowship of Evangelical Students\",\"url\":\"https:\/\/ifesworld.org\/es\/\",\"logo\":{\"@type\":\"ImageObject\",\"inLanguage\":\"es\",\"@id\":\"https:\/\/ifesworld.org\/es\/#\/schema\/logo\/image\/\",\"url\":\"https:\/\/ifesworld.org\/wp-content\/uploads\/2019\/06\/ifeslogo.png\",\"contentUrl\":\"https:\/\/ifesworld.org\/wp-content\/uploads\/2019\/06\/ifeslogo.png\",\"width\":262,\"height\":262,\"caption\":\"IFES \u00b7 International Fellowship of Evangelical Students\"},\"image\":{\"@id\":\"https:\/\/ifesworld.org\/es\/#\/schema\/logo\/image\/\"}}]}<\/script>\n<!-- \/ Yoast SEO plugin. -->","yoast_head_json":{"title":"\u00bfPodr\u00eda el Evangelio transformar a la ciudad de la violencia? &#183; IFES Conexi\u00f3n Blog","description":"Fue una decisi\u00f3n enorme y Cecy ten\u00eda la cabeza repleta de preguntas. \u00bfC\u00f3mo ser\u00eda vivir ah\u00ed? \u00bfC\u00f3mo ser\u00eda el contexto universitario? \u00bfCon qu\u00e9 luchar\u00edan los","robots":{"index":"index","follow":"follow","max-snippet":"max-snippet:-1","max-image-preview":"max-image-preview:large","max-video-preview":"max-video-preview:-1"},"canonical":"https:\/\/ifesworld.org\/es\/blog\/podria-el-evangelio-transformar-a-la-ciudad-de-la-violencia\/","og_locale":"es_ES","og_type":"article","og_title":"\u00bfPodr\u00eda el Evangelio transformar a la ciudad de la violencia? &#183; IFES Conexi\u00f3n Blog","og_description":"Fue una decisi\u00f3n enorme y Cecy ten\u00eda la cabeza repleta de preguntas. \u00bfC\u00f3mo ser\u00eda vivir ah\u00ed? \u00bfC\u00f3mo ser\u00eda el contexto universitario? \u00bfCon qu\u00e9 luchar\u00edan los","og_url":"https:\/\/ifesworld.org\/es\/blog\/podria-el-evangelio-transformar-a-la-ciudad-de-la-violencia\/","og_site_name":"IFES","article_modified_time":"2020-03-03T09:54:12+00:00","og_image":[{"width":1200,"height":675,"url":"https:\/\/ifesworld.org\/wp-content\/uploads\/2020\/03\/200303-Con-Mexico.jpg","type":"image\/jpeg"}],"twitter_card":"summary_large_image","twitter_misc":{"Tiempo de lectura":"2 minutos"},"schema":{"@context":"https:\/\/schema.org","@graph":[{"@type":"WebPage","@id":"https:\/\/ifesworld.org\/es\/blog\/podria-el-evangelio-transformar-a-la-ciudad-de-la-violencia\/","url":"https:\/\/ifesworld.org\/es\/blog\/podria-el-evangelio-transformar-a-la-ciudad-de-la-violencia\/","name":"\u00bfPodr\u00eda el Evangelio transformar a la ciudad de la violencia? &#183; IFES Conexi\u00f3n Blog","isPartOf":{"@id":"https:\/\/ifesworld.org\/es\/#website"},"primaryImageOfPage":{"@id":"https:\/\/ifesworld.org\/es\/blog\/podria-el-evangelio-transformar-a-la-ciudad-de-la-violencia\/#primaryimage"},"image":{"@id":"https:\/\/ifesworld.org\/es\/blog\/podria-el-evangelio-transformar-a-la-ciudad-de-la-violencia\/#primaryimage"},"thumbnailUrl":"https:\/\/ifesworld.org\/wp-content\/uploads\/2020\/03\/200303-Con-Mexico.jpg","datePublished":"2020-03-03T09:54:11+00:00","dateModified":"2020-03-03T09:54:12+00:00","description":"Fue una decisi\u00f3n enorme y Cecy ten\u00eda la cabeza repleta de preguntas. \u00bfC\u00f3mo ser\u00eda vivir ah\u00ed? \u00bfC\u00f3mo ser\u00eda el contexto universitario? \u00bfCon qu\u00e9 luchar\u00edan los","breadcrumb":{"@id":"https:\/\/ifesworld.org\/es\/blog\/podria-el-evangelio-transformar-a-la-ciudad-de-la-violencia\/#breadcrumb"},"inLanguage":"es","potentialAction":[{"@type":"ReadAction","target":["https:\/\/ifesworld.org\/es\/blog\/podria-el-evangelio-transformar-a-la-ciudad-de-la-violencia\/"]}]},{"@type":"ImageObject","inLanguage":"es","@id":"https:\/\/ifesworld.org\/es\/blog\/podria-el-evangelio-transformar-a-la-ciudad-de-la-violencia\/#primaryimage","url":"https:\/\/ifesworld.org\/wp-content\/uploads\/2020\/03\/200303-Con-Mexico.jpg","contentUrl":"https:\/\/ifesworld.org\/wp-content\/uploads\/2020\/03\/200303-Con-Mexico.jpg","width":1200,"height":675},{"@type":"BreadcrumbList","@id":"https:\/\/ifesworld.org\/es\/blog\/podria-el-evangelio-transformar-a-la-ciudad-de-la-violencia\/#breadcrumb","itemListElement":[{"@type":"ListItem","position":1,"name":"Home","item":"https:\/\/ifesworld.org\/es\/"},{"@type":"ListItem","position":2,"name":"Conexi\u00f3n","item":"https:\/\/ifesworld.org\/es\/blog\/"},{"@type":"ListItem","position":3,"name":"\u00bfPodr\u00eda el Evangelio transformar a la ciudad de la violencia?"}]},{"@type":"WebSite","@id":"https:\/\/ifesworld.org\/es\/#website","url":"https:\/\/ifesworld.org\/es\/","name":"IFES","description":"A movement of students sharing and living out the good news of Jesus Christ. Locally. Nationally. Globally.","publisher":{"@id":"https:\/\/ifesworld.org\/es\/#organization"},"potentialAction":[{"@type":"SearchAction","target":{"@type":"EntryPoint","urlTemplate":"https:\/\/ifesworld.org\/es\/?s={search_term_string}"},"query-input":{"@type":"PropertyValueSpecification","valueRequired":true,"valueName":"search_term_string"}}],"inLanguage":"es"},{"@type":"Organization","@id":"https:\/\/ifesworld.org\/es\/#organization","name":"IFES \u00b7 International Fellowship of Evangelical Students","url":"https:\/\/ifesworld.org\/es\/","logo":{"@type":"ImageObject","inLanguage":"es","@id":"https:\/\/ifesworld.org\/es\/#\/schema\/logo\/image\/","url":"https:\/\/ifesworld.org\/wp-content\/uploads\/2019\/06\/ifeslogo.png","contentUrl":"https:\/\/ifesworld.org\/wp-content\/uploads\/2019\/06\/ifeslogo.png","width":262,"height":262,"caption":"IFES \u00b7 International Fellowship of Evangelical Students"},"image":{"@id":"https:\/\/ifesworld.org\/es\/#\/schema\/logo\/image\/"}}]}},"_links":{"self":[{"href":"https:\/\/ifesworld.org\/es\/wp-json\/wp\/v2\/conexion\/11511","targetHints":{"allow":["GET"]}}],"collection":[{"href":"https:\/\/ifesworld.org\/es\/wp-json\/wp\/v2\/conexion"}],"about":[{"href":"https:\/\/ifesworld.org\/es\/wp-json\/wp\/v2\/types\/conexion"}],"wp:featuredmedia":[{"embeddable":true,"href":"https:\/\/ifesworld.org\/es\/wp-json\/wp\/v2\/media\/11518"}],"wp:attachment":[{"href":"https:\/\/ifesworld.org\/es\/wp-json\/wp\/v2\/media?parent=11511"}],"wp:term":[{"taxonomy":"area","embeddable":true,"href":"https:\/\/ifesworld.org\/es\/wp-json\/wp\/v2\/area?post=11511"},{"taxonomy":"theme","embeddable":true,"href":"https:\/\/ifesworld.org\/es\/wp-json\/wp\/v2\/theme?post=11511"}],"curies":[{"name":"wp","href":"https:\/\/api.w.org\/{rel}","templated":true}]}}