{"id":1106,"date":"2017-10-05T15:19:14","date_gmt":"2017-10-05T14:19:14","guid":{"rendered":"https:\/\/ifesworld.org\/conexion\/vivir-con-gratitud\/"},"modified":"2019-05-20T13:48:27","modified_gmt":"2019-05-20T13:48:27","slug":"vivir-con-gratitud","status":"publish","type":"conexion","link":"https:\/\/ifesworld.org\/es\/blog\/vivir-con-gratitud\/","title":{"rendered":"Vivir con gratitud"},"content":{"rendered":"<h4>Una reflexi\u00f3n sobre la generosidad de Daniel Bourdann\u00e9<\/h4>\n<p>\u00bfQu\u00e9 es lo primero que le viene a la mente cuando piensa en generosidad? Quiz\u00e1s es el fil\u00e1ntropo que sale en las noticias nacionales (e, incluso, internacionales) por las grandes cantidades de dinero que da a organizaciones ben\u00e9ficas. Quiz\u00e1s es aquel tiempo en su vida en que lo pas\u00f3 tan mal y la bondad de sus amigos y familiares lo abrum\u00f3. O quiz\u00e1s piensa en la c\u00e1lida hospitalidad de alguien que abre las puertas de su hogar a otros, o en ejemplos de las Escrituras cuando los israelitas o los macedonios trajeron mucho m\u00e1s de lo que era necesario.<\/p>\n<h4>Nuestro Dios es un Dios generoso y lleno de\u00a0amor<\/h4>\n<p>Sabemos lo que es el amor porque \u00c9l nos am\u00f3 primero (1 Jn 3:16) As\u00ed tambi\u00e9n, entendemos lo que es la generosidad porque \u00c9l nos inunda con ella. Sus regalos para nosotros son abundantes: los regalos de la vida, la creaci\u00f3n y su belleza, la comunidad y, sobre todo, el regalo de Jesucristo, quien dio su vida por nosotros. Nuestro Se\u00f1or y Salvador es la clave. Tal y como vemos en Colosenses, todas las cosas fueron creadas por medio de \u00c9l y para \u00c9l.<\/p>\n<p><strong>\u00bfC\u00f3mo respondemos a los regalos de Dios?<\/strong> Ciertamente, damos gracias a nuestro Padre celestial, pues sabemos que todas las cosas son regalos que proceden de \u00c9l. Nuestra respuesta es, en realidad, una oportunidad de ofrecernos nuevamente a Dios. Se trata de una oportunidad para seguir una vida generosa.<\/p>\n<p>Es por esto que damos las gracias por todas las cosas y por cada uno de los regalos que Dios nos ha dado. En cuanto a la comunidad estudiantil (y todos nosotros), no deber\u00edamos subestimar lo que tenemos. Mire el mundo a su alrededor: solo un 6% de la poblaci\u00f3n mundial llega a tener estudios universitarios. Es un regalo de Dios poder estudiar. Usted forma parte de un min\u00fasculo porcentaje que llega a alcanzar el nivel universitario. As\u00ed, demos gracias a Dios por las oportunidades que nos da para estudiar.<\/p>\n<p>Sin embargo, al dar gracias a Dios, a la vez que reconocemos su generosidad para con nosotros y nos ofrecemos a \u00c9l, el Esp\u00edritu Santo nos capacita a amar, servir y estar disponibles a los dem\u00e1s. Estos podr\u00edan ser nuestros amigos y familiares m\u00e1s cercanos, aquellos con los que compartimos dormitorio o curso, o nuestra iglesia. Es posible que tambi\u00e9n tengamos oportunidades para vivir generosamente dependiendo de c\u00f3mo usamos nuestro tiempo, recursos y experiencia para servir a la sociedad en su conjunto. El vivir generosamente se basa siempre en dar a Dios, a nuestra comunidad y a su creaci\u00f3n en todo el mundo. Tal servicio es un acto de alabanza a Dios.<\/p>\n<figure><img decoding=\"async\" src=\"https:\/\/ifesworld.org\/wp-content\/uploads\/2019\/05\/47185-1zwypi-mhv-q9vlp-hl1ljq.jpeg\" data-width=\"640\" data-height=\"107\" \/><\/figure>\n<p>Daniel Bourdann\u00e9, octubre 2017<\/p>\n<hr \/>\n<h4>Una invitaci\u00f3n al D\u00eda Mundial del Estudiante de\u00a0IFES<\/h4>\n<p>Este a\u00f1o, el tema de nuestro d\u00eda anual de oraci\u00f3n es <em>Una vida generosa.<\/em> Por favor, \u00fanase a nosotros en oraci\u00f3n. Y mientras oramos, pidamos a nuestro Padre un coraz\u00f3n generoso en nuestros movimientos como respuesta al amor de Dios hacia nosotros. Para aprender m\u00e1s y descubrir c\u00f3mo involucrarse, visite <a href=\"https:\/\/ifesdme.org\/\" target=\"_blank\" rel=\"noopener noreferrer\">ifesdme.org<\/a><\/p>\n<p>Aqu\u00ed est\u00e1 la invitaci\u00f3n personal de Daniel:<\/p>\n<p><iframe loading=\"lazy\" title=\"IFES World Student Day 2017\" width=\"740\" height=\"416\" src=\"https:\/\/www.youtube.com\/embed\/NW2_OzPSW8s?feature=oembed&#038;cc_load_policy=1\" frameborder=\"0\" allow=\"accelerometer; autoplay; encrypted-media; gyroscope; picture-in-picture\" allowfullscreen><\/iframe><\/p>\n","protected":false},"featured_media":1189,"template":"","area":[],"theme":[],"class_list":["post-1106","conexion","type-conexion","status-publish","has-post-thumbnail","hentry"],"acf":[],"yoast_head":"<!-- This site is optimized with the Yoast SEO plugin v27.2 - https:\/\/yoast.com\/product\/yoast-seo-wordpress\/ -->\n<title>Vivir con gratitud &#183; IFES Conexi\u00f3n Blog<\/title>\n<meta name=\"description\" content=\"Una reflexi\u00f3n sobre la generosidad de Daniel Bourdann\u00e9 \u00bfQu\u00e9 es lo primero que le viene a la mente cuando piensa en generosidad? Quiz\u00e1s es el fil\u00e1ntropo\" \/>\n<meta name=\"robots\" content=\"index, follow, max-snippet:-1, max-image-preview:large, max-video-preview:-1\" \/>\n<link rel=\"canonical\" href=\"https:\/\/ifesworld.org\/es\/blog\/vivir-con-gratitud\/\" \/>\n<meta property=\"og:locale\" content=\"es_ES\" \/>\n<meta property=\"og:type\" content=\"article\" \/>\n<meta property=\"og:title\" content=\"Vivir con gratitud &#183; IFES Conexi\u00f3n Blog\" \/>\n<meta property=\"og:description\" content=\"Una reflexi\u00f3n sobre la generosidad de Daniel Bourdann\u00e9 \u00bfQu\u00e9 es lo primero que le viene a la mente cuando piensa en generosidad? Quiz\u00e1s es el fil\u00e1ntropo\" \/>\n<meta property=\"og:url\" content=\"https:\/\/ifesworld.org\/es\/blog\/vivir-con-gratitud\/\" \/>\n<meta property=\"og:site_name\" content=\"IFES\" \/>\n<meta property=\"article:modified_time\" content=\"2019-05-20T13:48:27+00:00\" \/>\n<meta property=\"og:image\" content=\"https:\/\/ifesworld.org\/wp-content\/uploads\/2019\/05\/70d4b-14neptp-hwspdtmhitivbqa.jpeg\" \/>\n\t<meta property=\"og:image:width\" content=\"1200\" \/>\n\t<meta property=\"og:image:height\" content=\"675\" \/>\n\t<meta property=\"og:image:type\" content=\"image\/jpeg\" \/>\n<meta name=\"twitter:card\" content=\"summary_large_image\" \/>\n<meta name=\"twitter:label1\" content=\"Tiempo de lectura\" \/>\n\t<meta name=\"twitter:data1\" content=\"3 minutos\" \/>\n<script type=\"application\/ld+json\" class=\"yoast-schema-graph\">{\"@context\":\"https:\/\/schema.org\",\"@graph\":[{\"@type\":\"WebPage\",\"@id\":\"https:\/\/ifesworld.org\/es\/blog\/vivir-con-gratitud\/\",\"url\":\"https:\/\/ifesworld.org\/es\/blog\/vivir-con-gratitud\/\",\"name\":\"Vivir con gratitud &#183; IFES Conexi\u00f3n Blog\",\"isPartOf\":{\"@id\":\"https:\/\/ifesworld.org\/es\/#website\"},\"primaryImageOfPage\":{\"@id\":\"https:\/\/ifesworld.org\/es\/blog\/vivir-con-gratitud\/#primaryimage\"},\"image\":{\"@id\":\"https:\/\/ifesworld.org\/es\/blog\/vivir-con-gratitud\/#primaryimage\"},\"thumbnailUrl\":\"https:\/\/ifesworld.org\/wp-content\/uploads\/2019\/05\/70d4b-14neptp-hwspdtmhitivbqa.jpeg\",\"datePublished\":\"2017-10-05T14:19:14+00:00\",\"dateModified\":\"2019-05-20T13:48:27+00:00\",\"description\":\"Una reflexi\u00f3n sobre la generosidad de Daniel Bourdann\u00e9 \u00bfQu\u00e9 es lo primero que le viene a la mente cuando piensa en generosidad? Quiz\u00e1s es el fil\u00e1ntropo\",\"breadcrumb\":{\"@id\":\"https:\/\/ifesworld.org\/es\/blog\/vivir-con-gratitud\/#breadcrumb\"},\"inLanguage\":\"es\",\"potentialAction\":[{\"@type\":\"ReadAction\",\"target\":[\"https:\/\/ifesworld.org\/es\/blog\/vivir-con-gratitud\/\"]}]},{\"@type\":\"ImageObject\",\"inLanguage\":\"es\",\"@id\":\"https:\/\/ifesworld.org\/es\/blog\/vivir-con-gratitud\/#primaryimage\",\"url\":\"https:\/\/ifesworld.org\/wp-content\/uploads\/2019\/05\/70d4b-14neptp-hwspdtmhitivbqa.jpeg\",\"contentUrl\":\"https:\/\/ifesworld.org\/wp-content\/uploads\/2019\/05\/70d4b-14neptp-hwspdtmhitivbqa.jpeg\",\"width\":1200,\"height\":675},{\"@type\":\"BreadcrumbList\",\"@id\":\"https:\/\/ifesworld.org\/es\/blog\/vivir-con-gratitud\/#breadcrumb\",\"itemListElement\":[{\"@type\":\"ListItem\",\"position\":1,\"name\":\"Home\",\"item\":\"https:\/\/ifesworld.org\/es\/\"},{\"@type\":\"ListItem\",\"position\":2,\"name\":\"Conexi\u00f3n\",\"item\":\"https:\/\/ifesworld.org\/es\/blog\/\"},{\"@type\":\"ListItem\",\"position\":3,\"name\":\"Vivir con gratitud\"}]},{\"@type\":\"WebSite\",\"@id\":\"https:\/\/ifesworld.org\/es\/#website\",\"url\":\"https:\/\/ifesworld.org\/es\/\",\"name\":\"IFES\",\"description\":\"A movement of students sharing and living out the good news of Jesus Christ. Locally. Nationally. Globally.\",\"publisher\":{\"@id\":\"https:\/\/ifesworld.org\/es\/#organization\"},\"potentialAction\":[{\"@type\":\"SearchAction\",\"target\":{\"@type\":\"EntryPoint\",\"urlTemplate\":\"https:\/\/ifesworld.org\/es\/?s={search_term_string}\"},\"query-input\":{\"@type\":\"PropertyValueSpecification\",\"valueRequired\":true,\"valueName\":\"search_term_string\"}}],\"inLanguage\":\"es\"},{\"@type\":\"Organization\",\"@id\":\"https:\/\/ifesworld.org\/es\/#organization\",\"name\":\"IFES \u00b7 International Fellowship of Evangelical Students\",\"url\":\"https:\/\/ifesworld.org\/es\/\",\"logo\":{\"@type\":\"ImageObject\",\"inLanguage\":\"es\",\"@id\":\"https:\/\/ifesworld.org\/es\/#\/schema\/logo\/image\/\",\"url\":\"https:\/\/ifesworld.org\/wp-content\/uploads\/2019\/06\/ifeslogo.png\",\"contentUrl\":\"https:\/\/ifesworld.org\/wp-content\/uploads\/2019\/06\/ifeslogo.png\",\"width\":262,\"height\":262,\"caption\":\"IFES \u00b7 International Fellowship of Evangelical Students\"},\"image\":{\"@id\":\"https:\/\/ifesworld.org\/es\/#\/schema\/logo\/image\/\"}}]}<\/script>\n<!-- \/ Yoast SEO plugin. -->","yoast_head_json":{"title":"Vivir con gratitud &#183; IFES Conexi\u00f3n Blog","description":"Una reflexi\u00f3n sobre la generosidad de Daniel Bourdann\u00e9 \u00bfQu\u00e9 es lo primero que le viene a la mente cuando piensa en generosidad? Quiz\u00e1s es el fil\u00e1ntropo","robots":{"index":"index","follow":"follow","max-snippet":"max-snippet:-1","max-image-preview":"max-image-preview:large","max-video-preview":"max-video-preview:-1"},"canonical":"https:\/\/ifesworld.org\/es\/blog\/vivir-con-gratitud\/","og_locale":"es_ES","og_type":"article","og_title":"Vivir con gratitud &#183; IFES Conexi\u00f3n Blog","og_description":"Una reflexi\u00f3n sobre la generosidad de Daniel Bourdann\u00e9 \u00bfQu\u00e9 es lo primero que le viene a la mente cuando piensa en generosidad? Quiz\u00e1s es el fil\u00e1ntropo","og_url":"https:\/\/ifesworld.org\/es\/blog\/vivir-con-gratitud\/","og_site_name":"IFES","article_modified_time":"2019-05-20T13:48:27+00:00","og_image":[{"width":1200,"height":675,"url":"https:\/\/ifesworld.org\/wp-content\/uploads\/2019\/05\/70d4b-14neptp-hwspdtmhitivbqa.jpeg","type":"image\/jpeg"}],"twitter_card":"summary_large_image","twitter_misc":{"Tiempo de lectura":"3 minutos"},"schema":{"@context":"https:\/\/schema.org","@graph":[{"@type":"WebPage","@id":"https:\/\/ifesworld.org\/es\/blog\/vivir-con-gratitud\/","url":"https:\/\/ifesworld.org\/es\/blog\/vivir-con-gratitud\/","name":"Vivir con gratitud &#183; IFES Conexi\u00f3n Blog","isPartOf":{"@id":"https:\/\/ifesworld.org\/es\/#website"},"primaryImageOfPage":{"@id":"https:\/\/ifesworld.org\/es\/blog\/vivir-con-gratitud\/#primaryimage"},"image":{"@id":"https:\/\/ifesworld.org\/es\/blog\/vivir-con-gratitud\/#primaryimage"},"thumbnailUrl":"https:\/\/ifesworld.org\/wp-content\/uploads\/2019\/05\/70d4b-14neptp-hwspdtmhitivbqa.jpeg","datePublished":"2017-10-05T14:19:14+00:00","dateModified":"2019-05-20T13:48:27+00:00","description":"Una reflexi\u00f3n sobre la generosidad de Daniel Bourdann\u00e9 \u00bfQu\u00e9 es lo primero que le viene a la mente cuando piensa en generosidad? Quiz\u00e1s es el fil\u00e1ntropo","breadcrumb":{"@id":"https:\/\/ifesworld.org\/es\/blog\/vivir-con-gratitud\/#breadcrumb"},"inLanguage":"es","potentialAction":[{"@type":"ReadAction","target":["https:\/\/ifesworld.org\/es\/blog\/vivir-con-gratitud\/"]}]},{"@type":"ImageObject","inLanguage":"es","@id":"https:\/\/ifesworld.org\/es\/blog\/vivir-con-gratitud\/#primaryimage","url":"https:\/\/ifesworld.org\/wp-content\/uploads\/2019\/05\/70d4b-14neptp-hwspdtmhitivbqa.jpeg","contentUrl":"https:\/\/ifesworld.org\/wp-content\/uploads\/2019\/05\/70d4b-14neptp-hwspdtmhitivbqa.jpeg","width":1200,"height":675},{"@type":"BreadcrumbList","@id":"https:\/\/ifesworld.org\/es\/blog\/vivir-con-gratitud\/#breadcrumb","itemListElement":[{"@type":"ListItem","position":1,"name":"Home","item":"https:\/\/ifesworld.org\/es\/"},{"@type":"ListItem","position":2,"name":"Conexi\u00f3n","item":"https:\/\/ifesworld.org\/es\/blog\/"},{"@type":"ListItem","position":3,"name":"Vivir con gratitud"}]},{"@type":"WebSite","@id":"https:\/\/ifesworld.org\/es\/#website","url":"https:\/\/ifesworld.org\/es\/","name":"IFES","description":"A movement of students sharing and living out the good news of Jesus Christ. Locally. Nationally. Globally.","publisher":{"@id":"https:\/\/ifesworld.org\/es\/#organization"},"potentialAction":[{"@type":"SearchAction","target":{"@type":"EntryPoint","urlTemplate":"https:\/\/ifesworld.org\/es\/?s={search_term_string}"},"query-input":{"@type":"PropertyValueSpecification","valueRequired":true,"valueName":"search_term_string"}}],"inLanguage":"es"},{"@type":"Organization","@id":"https:\/\/ifesworld.org\/es\/#organization","name":"IFES \u00b7 International Fellowship of Evangelical Students","url":"https:\/\/ifesworld.org\/es\/","logo":{"@type":"ImageObject","inLanguage":"es","@id":"https:\/\/ifesworld.org\/es\/#\/schema\/logo\/image\/","url":"https:\/\/ifesworld.org\/wp-content\/uploads\/2019\/06\/ifeslogo.png","contentUrl":"https:\/\/ifesworld.org\/wp-content\/uploads\/2019\/06\/ifeslogo.png","width":262,"height":262,"caption":"IFES \u00b7 International Fellowship of Evangelical Students"},"image":{"@id":"https:\/\/ifesworld.org\/es\/#\/schema\/logo\/image\/"}}]}},"_links":{"self":[{"href":"https:\/\/ifesworld.org\/es\/wp-json\/wp\/v2\/conexion\/1106","targetHints":{"allow":["GET"]}}],"collection":[{"href":"https:\/\/ifesworld.org\/es\/wp-json\/wp\/v2\/conexion"}],"about":[{"href":"https:\/\/ifesworld.org\/es\/wp-json\/wp\/v2\/types\/conexion"}],"wp:featuredmedia":[{"embeddable":true,"href":"https:\/\/ifesworld.org\/es\/wp-json\/wp\/v2\/media\/1189"}],"wp:attachment":[{"href":"https:\/\/ifesworld.org\/es\/wp-json\/wp\/v2\/media?parent=1106"}],"wp:term":[{"taxonomy":"area","embeddable":true,"href":"https:\/\/ifesworld.org\/es\/wp-json\/wp\/v2\/area?post=1106"},{"taxonomy":"theme","embeddable":true,"href":"https:\/\/ifesworld.org\/es\/wp-json\/wp\/v2\/theme?post=1106"}],"curies":[{"name":"wp","href":"https:\/\/api.w.org\/{rel}","templated":true}]}}