{"id":42423,"date":"2024-09-23T11:58:28","date_gmt":"2024-09-23T10:58:28","guid":{"rendered":"https:\/\/ifesworld.org\/?page_id=42423"},"modified":"2024-09-24T13:14:09","modified_gmt":"2024-09-24T12:14:09","slug":"the-gospel-embodied","status":"publish","type":"page","link":"https:\/\/ifesworld.org\/en\/the-gospel-embodied\/","title":{"rendered":"THE GOSPEL EMBODIED"},"content":{"rendered":"<div class=\"wp-block block-core-paragraph\">\n<p class=\"wp-block-paragraph\">Since the sad news of Daniel Bourdann\u00e9\u2019s death from cancer on 6 September 2024, glowing tributes have poured in from across IFES and beyond.&nbsp;&nbsp;<\/p>\n<\/div>\n\n<div class=\"wp-block block-core-paragraph\">\n<p class=\"wp-block-paragraph\">This is not a sign of the titles he held \u2013 11 years as IFES Regional Secretary for Francophone Africa and 12 years as IFES General Secretary. Rather, it reflects how he fulfilled those roles: through his closely-held gospel values, visionary leadership, humble service, and friendly, godly manner. The flood of tributes is testimony to God\u2019s gracious and glorious work in his life.&nbsp;<\/p>\n<\/div>\n\n<div class=\"wp-block block-core-heading\">\n<h2 class=\"wp-block-heading\"><strong>An Early Revelation<\/strong>&nbsp;<\/h2>\n<\/div>\n\n<div class=\"wp-block block-core-paragraph\">\n<p class=\"wp-block-paragraph\">Born in Malanegome, in the Mayo Kebbi West region of Chad, Daniel \u2013 at barely 14 years old \u2013 attended his first meeting of what would become UJC, the local IFES movement (working in high schools and universities).&nbsp;&nbsp;<\/p>\n<\/div>\n\n<div class=\"wp-block block-core-media-text\">\n<div class=\"wp-block-media-text is-stacked-on-mobile is-image-fill has-white-dark-background-color has-background\" style=\"grid-template-columns:39% auto\"><figure class=\"wp-block-media-text__media\" style=\"background-image:url(https:\/\/ifesworld.org\/wp-content\/uploads\/2024\/09\/4441423074_d9e3e531d9_k-e1727084002923-1024x891.jpg);background-position:50% 50%\"><a href=\"https:\/\/www.instagram.com\/p\/C_0aFkGACkQ\/\"><img loading=\"lazy\" decoding=\"async\" width=\"1024\" height=\"891\" src=\"https:\/\/ifesworld.org\/wp-content\/uploads\/2024\/09\/4441423074_d9e3e531d9_k-e1727084002923-1024x891.jpg\" alt=\"\" class=\"wp-image-42433 size-full\" srcset=\"https:\/\/ifesworld.org\/wp-content\/uploads\/2024\/09\/4441423074_d9e3e531d9_k-e1727084002923-1024x891.jpg 1024w, https:\/\/ifesworld.org\/wp-content\/uploads\/2024\/09\/4441423074_d9e3e531d9_k-e1727084002923-300x261.jpg 300w, https:\/\/ifesworld.org\/wp-content\/uploads\/2024\/09\/4441423074_d9e3e531d9_k-e1727084002923-768x668.jpg 768w, https:\/\/ifesworld.org\/wp-content\/uploads\/2024\/09\/4441423074_d9e3e531d9_k-e1727084002923.jpg 1361w\" sizes=\"auto, (max-width: 1024px) 100vw, 1024px\" \/><\/a><\/figure><div class=\"wp-block-media-text__content\"><div class=\"wp-block block-core-paragraph\">\n<p class=\"wp-block-paragraph\">While participating in an inductive Bible study on Revelation 1, his eyes were opened to the joys of Scripture engagement among fellow students.<\/p>\n<\/div>\n\n<div class=\"wp-block block-core-paragraph\">\n<p class=\"wp-block-paragraph\">He noticed that the group loved God and God\u2019s Word, enthusiastically devoting themselves to prayer, evangelism, and worship. Through that experience, he said he \u201cfell in love with student work\u201d.&nbsp;<\/p>\n<\/div>\n\n<div class=\"wp-block block-core-paragraph\">\n<p class=\"wp-block-paragraph\">As a university student in Chad, Daniel\u2019s involvement with the movement continued, until war forced him to move to Togo. There, unfazed, he helped revive the struggling campus ministry as a student leader, before moving on to C\u00f4te d\u2019Ivoire to complete a PhD. There, studying animal ecology at the University of Abidjan, Daniel became a world expert in millipedes.&nbsp;<\/p>\n<\/div><\/div><\/div>\n<\/div>\n\n<div class=\"wp-block block-core-heading\">\n<h2 class=\"wp-block-heading\"><strong>A Growing Call<\/strong>&nbsp;<\/h2>\n<\/div>\n\n<div class=\"wp-block block-core-paragraph\">\n<p class=\"wp-block-paragraph\">While this level of academic attainment reflects a deep intellect, it also speaks to his&nbsp; conviction that faith connects with all of life. Later, as IFES General Secretary, he would encourage the development of the Engaging the University initiative, ensuring that a holistic approach to faith became central to the IFES mission.&nbsp;<\/p>\n<\/div>\n\n<div class=\"wp-block block-core-paragraph\">\n<p class=\"wp-block-paragraph\">At a 2007 symposium entitled \u201c\u2018Engaging the University: Student Mission and the Christian Mind\u201d he said:&nbsp;<\/p>\n<\/div>\n\n<div class=\"wp-block block-core-paragraph\">\n<p class=\"wp-block-paragraph\"><em>\u201cI would like to humbly suggest an enriching of the current paradigm with a new paradigm that considers the university as a community and approaches it in an organic, \u2018grass roots\u2019, and incarnational way. Our Christian witness should be lived out there through a dynamic of real internal, holistic transformation. I dream of a union of national movements that approach the university from the perspective of an integrated gospel, through the dynamic of real transformation, far from the dualism of an individualistic gospel.\u201d&nbsp;<\/em><\/p>\n<\/div>\n\n<div class=\"wp-block block-core-paragraph\">\n<p class=\"wp-block-paragraph\">But it was long before this, while teaching biology in C\u00f4te d\u2019Ivoire in the late 1980s, that Daniel felt called to serve in IFES. He heard his Lord say: \u201cYou have been blessed so much by this ministry; why not consider helping other students to be blessed like you were?\u201d. He responded by joining IFES staff in Francophone Africa for 16 years \u2013 first as a travelling secretary, then as literature secretary, and later as regional secretary (1995-2006).&nbsp;<\/p>\n<\/div>\n\n<div class=\"wp-block block-core-media-text\">\n<div class=\"wp-block-media-text has-media-on-the-right is-stacked-on-mobile is-image-fill has-white-dark-background-color has-background\" style=\"grid-template-columns:auto 44%\"><div class=\"wp-block-media-text__content\"><div class=\"wp-block block-core-paragraph\">\n<p class=\"wp-block-paragraph\">As a young staff worker in Abidjan, God guided his course to a \u201ccaptivating\u201d medical student from Niger called Halimatou, who he would later marry. Together, they lovingly raised Tamib\u00e9, Salamatou, Oumarou and later adopted Rosine after the death of her parents.&nbsp;<\/p>\n<\/div>\n\n<div class=\"wp-block block-core-paragraph\">\n<p class=\"wp-block-paragraph\">During his service in Francophone Africa, Daniel\u2019s intellectual engagement with faith left a strong legacy. He led significant training initiatives, including the <em>Forum de Th\u00e9ologie pour l\u2019Eglise,<\/em> designed to bring theological academics and local churches together, the <em>Centre Africain du Christianisme Contemporain, <\/em>an IFES Leadership Training Centre for Francophone Africa, and the <em>Tyranus<\/em> biblical preaching initiative.&nbsp;&nbsp;<\/p>\n<\/div><\/div><figure class=\"wp-block-media-text__media\" style=\"background-image:url(https:\/\/ifesworld.org\/wp-content\/uploads\/2024\/09\/db-1024x683.jpg);background-position:15% 55%\"><a href=\"https:\/\/www.instagram.com\/p\/C_0aFkGACkQ\/\"><img loading=\"lazy\" decoding=\"async\" width=\"1024\" height=\"683\" src=\"https:\/\/ifesworld.org\/wp-content\/uploads\/2024\/09\/db-1024x683.jpg\" alt=\"\" class=\"wp-image-42475 size-full\" srcset=\"https:\/\/ifesworld.org\/wp-content\/uploads\/2024\/09\/db-1024x683.jpg 1024w, https:\/\/ifesworld.org\/wp-content\/uploads\/2024\/09\/db-300x200.jpg 300w, https:\/\/ifesworld.org\/wp-content\/uploads\/2024\/09\/db-768x512.jpg 768w, https:\/\/ifesworld.org\/wp-content\/uploads\/2024\/09\/db.jpg 1080w\" sizes=\"auto, (max-width: 1024px) 100vw, 1024px\" \/><\/a><\/figure><\/div>\n<\/div>\n\n<div class=\"wp-block block-core-paragraph\">\n<p class=\"wp-block-paragraph\">Aware of the need for Christian literature that addressed contemporary issues, Daniel became instrumental in establishing and expanding the publication of quality books under <em>Presses Bibliques Africaines <\/em>(PBA). He also authored influential books, including titles on leadership (<em>Leadership pour l&#8217;excellence,<\/em> as editor), marriage (<em>Trois mariage pour un\u202fcouple<\/em>), and the dangers of prosperity theology (<em>L&#8217;\u00e9vangile de la prosp\u00e9rit\u00e9, un danger pour l&#8217;\u00e9glise africaine<\/em>). Today, PBA is a leading evangelical publishing house in Francophone Africa.&nbsp;<\/p>\n<\/div>\n\n<div class=\"wp-block block-core-paragraph\">\n<p class=\"wp-block-paragraph\">In recognition of his academic and active contributions to theology and public witness, Daniel was awarded the Abraham Kuyper Prize for Excellence in Reformed Theology and Public Life at Calvin College (Michigan, USA) in 2018.&nbsp;&nbsp;<\/p>\n<\/div>\n\n<div class=\"wp-block block-core-paragraph\">\n<p class=\"wp-block-paragraph\"><em>\u201cDaniel\u2019s focus on the development and ministry to and for the whole person, individually and in society, is an inspiration to integral and responsible Christian public work,\u201d<\/em> noted Michael Le Roy, president of Calvin College.&nbsp;&nbsp;<\/p>\n<\/div>\n\n<div class=\"wp-block block-core-heading\">\n<h2 class=\"wp-block-heading\"><strong>A Global Appointment<\/strong>&nbsp;<\/h2>\n<\/div>\n\n<div class=\"wp-block block-core-paragraph\">\n<p class=\"wp-block-paragraph\">Given that Daniel was both shaped by and a shaper of IFES ministry in Francophone Africa, it was particularly fitting that he was selected to be IFES General Secretary in 2007. Yet, the significance of his appointment should not be overlooked. Lindsay Brown, Daniel\u2019s predecessor, says:&nbsp;&nbsp;<\/p>\n<\/div>\n\n<div class=\"wp-block block-core-paragraph\">\n<p class=\"wp-block-paragraph\"><em>\u201cDaniel was one of the first from Francophone Africa to lead a global, multilingual organisation. His appointment reflected how the make-up of the global church and its leadership was shifting. And given that Chad was one of the world\u2019s poorest countries at the time, it is testimony to the grace and goodness of God \u2013 that a weak national economy is not a hindrance to God raising up leaders to serve him in his global church.\u201d&nbsp;<\/em><\/p>\n<\/div>\n\n<div class=\"wp-block block-core-paragraph\">\n<p class=\"wp-block-paragraph\">However, it was not without sacrifice and challenge that Daniel met God\u2019s call to be a trailblazing example. In moving to Oxford for his new role, Daniel faced delays, detention, and deportation due to the British visa process. But after prayerful, gracious perseverance, he and his family were able to settle in the UK, from where he travelled widely to visit a growing family of national student movements, strengthening them with prophetic insight and pastoral care.&nbsp;<\/p>\n<\/div>\n\n<div class=\"wp-block block-core-media-text\">\n<div class=\"wp-block-media-text is-stacked-on-mobile is-image-fill has-white-dark-background-color has-background\" style=\"grid-template-columns:33% auto\"><figure class=\"wp-block-media-text__media\" style=\"background-image:url(https:\/\/ifesworld.org\/wp-content\/uploads\/2024\/09\/Untitled-design-33-576x1024.png);background-position:50% 50%\"><a href=\"https:\/\/www.instagram.com\/p\/C_0aFkGACkQ\/\"><img loading=\"lazy\" decoding=\"async\" width=\"576\" height=\"1024\" src=\"https:\/\/ifesworld.org\/wp-content\/uploads\/2024\/09\/Untitled-design-33-576x1024.png\" alt=\"\" class=\"wp-image-42446 size-full\" srcset=\"https:\/\/ifesworld.org\/wp-content\/uploads\/2024\/09\/Untitled-design-33-576x1024.png 576w, https:\/\/ifesworld.org\/wp-content\/uploads\/2024\/09\/Untitled-design-33-169x300.png 169w, https:\/\/ifesworld.org\/wp-content\/uploads\/2024\/09\/Untitled-design-33-768x1365.png 768w, https:\/\/ifesworld.org\/wp-content\/uploads\/2024\/09\/Untitled-design-33-864x1536.png 864w, https:\/\/ifesworld.org\/wp-content\/uploads\/2024\/09\/Untitled-design-33.png 1080w\" sizes=\"auto, (max-width: 576px) 100vw, 576px\" \/><\/a><\/figure><div class=\"wp-block-media-text__content\"><div class=\"wp-block block-core-paragraph\">\n<p class=\"wp-block-paragraph\">Once, when asked about his PhD knowledge of millipedes, he quipped that it stood him in good stead for his role in IFES because, just as a millipede\u2019s body has hundreds of legs that must work together for forward movement, so he was leading a body connecting over 160 different student ministries that must work together. As a Francophone African with much cross-cultural experience, Daniel was able to hold together a diverse fellowship in an increasingly divided world. He was also instrumental in strengthening these many \u201clegs\u201d by championing governance development for national movements.&nbsp;<\/p>\n<\/div><\/div><\/div>\n<\/div>\n\n<div class=\"wp-block block-core-paragraph\">\n<p class=\"wp-block-paragraph\">Beyond IFES, his perspective and wisdom were appreciated on the boards of other Christian organizations in Africa, as an International Deputy Director of the Lausanne Committee for World Evangelization, and on the International Board for the Lausanne Movement.&nbsp;<\/p>\n<\/div>\n\n<div class=\"wp-block block-core-paragraph\">\n<p class=\"wp-block-paragraph\">Former IFES Regional Secretary for Francophone Africa, Augustin Ahoga, notes the influential vision Daniel possessed:&nbsp;<\/p>\n<\/div>\n\n<div class=\"wp-block block-core-paragraph\">\n<p class=\"wp-block-paragraph\"><em>\u201cHe was a visionary, a deconstructor of old paradigms. He dreamed of a Christianity that would free humanity from injustice and exploitation so that it would become a witness to what God wanted the world to be when he created it, a world imbued with love. He always wanted to see that begin with his own continent and viewed the IFES ministry in Francophone Africa as a prophetic voice.\u201d&nbsp;&nbsp;&nbsp;<\/em><\/p>\n<\/div>\n\n<div class=\"wp-block block-core-heading\">\n<h2 class=\"wp-block-heading\"><strong>A Visionary Leader with a Servant Heart<\/strong>&nbsp;<\/h2>\n<\/div>\n\n<div class=\"wp-block block-core-paragraph\">\n<p class=\"wp-block-paragraph\">Daniel\u2019s rich experience, discerning mind, and deep faith enabled him to see which IFES ministry areas required focused attention.&nbsp;<\/p>\n<\/div>\n\n<div class=\"wp-block block-core-media-text\">\n<div class=\"wp-block-media-text has-media-on-the-right is-stacked-on-mobile is-image-fill has-white-dark-background-color has-background\" style=\"grid-template-columns:auto 57%\"><div class=\"wp-block-media-text__content\"><div class=\"wp-block block-core-paragraph\">\n<p class=\"wp-block-paragraph\">As he started his role, Daniel formulated the <em>Living Stones<\/em> vision that would steer IFES through the 2010s.<\/p>\n<\/div>\n\n<div class=\"wp-block block-core-paragraph\">\n<p class=\"wp-block-paragraph\">Undergirding its priorities and foundations were three \u201ccore commitments\u201d: prayer, Scripture engagement, and community. He was adamant that these essential components must permeate all ministry work.&nbsp;&nbsp;<\/p>\n<\/div>\n\n<div class=\"wp-block block-core-paragraph\">\n<p class=\"wp-block-paragraph\">Whilst truly grateful to serve an international fellowship with movements in over 160 countries, Daniel felt the burden of unreached places. He recognised that many cities and campuses lacked a Christian witness, saying that \u201cnow is the time for us to push out our boundaries, to step out in faith and prayer to break new ground for the kingdom\u201d.&nbsp;&nbsp;<\/p>\n<\/div><\/div><figure class=\"wp-block-media-text__media\" style=\"background-image:url(https:\/\/ifesworld.org\/wp-content\/uploads\/2024\/09\/Untitled-design-36-1024x1024.png);background-position:50% 50%\"><a href=\"https:\/\/www.instagram.com\/p\/C_0aFkGACkQ\/\"><img loading=\"lazy\" decoding=\"async\" width=\"1024\" height=\"1024\" src=\"https:\/\/ifesworld.org\/wp-content\/uploads\/2024\/09\/Untitled-design-36-1024x1024.png\" alt=\"\" class=\"wp-image-42451 size-full\" srcset=\"https:\/\/ifesworld.org\/wp-content\/uploads\/2024\/09\/Untitled-design-36-1024x1024.png 1024w, https:\/\/ifesworld.org\/wp-content\/uploads\/2024\/09\/Untitled-design-36-300x300.png 300w, https:\/\/ifesworld.org\/wp-content\/uploads\/2024\/09\/Untitled-design-36-150x150.png 150w, https:\/\/ifesworld.org\/wp-content\/uploads\/2024\/09\/Untitled-design-36-768x768.png 768w, https:\/\/ifesworld.org\/wp-content\/uploads\/2024\/09\/Untitled-design-36-70x70.png 70w, https:\/\/ifesworld.org\/wp-content\/uploads\/2024\/09\/Untitled-design-36.png 1080w\" sizes=\"auto, (max-width: 1024px) 100vw, 1024px\" \/><\/a><\/figure><\/div>\n<\/div>\n\n<div class=\"wp-block block-core-paragraph\">\n<p class=\"wp-block-paragraph\">This gave impetus to the Breaking New Ground project, launched in 2018 with the goal of supporting 100 new planting initiatives by 2020. Thanks to this project, over 600 new groups have since been established across the world.&nbsp;<\/p>\n<\/div>\n\n<div class=\"wp-block block-core-paragraph\">\n<p class=\"wp-block-paragraph\">Daniel similarly appreciated the need for leadership development and implored the fellowship to invest in it. This resulted in greater intentionality around developing staff capable of leading IFES ministry into the future. One expression of that vision is the Global Leadership Initiative (GLI): an 18-month mentoring program launched in 2015, which continues to produce new IFES leaders.&nbsp;<\/p>\n<\/div>\n\n<div class=\"wp-block block-core-paragraph\">\n<p class=\"wp-block-paragraph\">This kind of forward-thinking vision was typical of Daniel; his self-effacing service was concerned with raising others up. Indeed, despite his stature as a global leader, he remained humble and approachable.&nbsp;&nbsp;<\/p>\n<\/div>\n\n<div class=\"wp-block block-core-paragraph\">\n<p class=\"wp-block-paragraph\">One small incident vividly illustrates his lack of pretence and keen interest in students: a colleague recalls how some officials at an Urbana conference spotted Daniel in a long queue, waiting for food; when they approached to fast-track Daniel to the top of the line, he declined the offer, preferring instead to carry on enjoying conversation with the students.&nbsp;&nbsp;<\/p>\n<\/div>\n\n<div class=\"wp-block block-core-paragraph\">\n<p class=\"wp-block-paragraph\">And Doug Birdsall, former Chair of the Lausanne Movement, remembers the warmth of relationships during his visit to Daniel\u2019s home in Abidjan in 2005:&nbsp;&nbsp;<\/p>\n<\/div>\n\n<div class=\"wp-block block-core-paragraph\">\n<p class=\"wp-block-paragraph\"><em>\u201cThe feast on the dining room table was surrounded by as many as the room and table could accommodate. As we were talking, I would hear one person address\u202fDaniel as \u2018Pappa\u2019, another as \u2018Uncle\u2019, and others as \u2018Daddy\u2019. At one point, I stopped and asked, \u2018Who&#8217;s related to who, here?\u2019. They all laughed, and one of them said, \u2018This is Africa! He is Daddy and Uncle to all of us!\u2019\u201d&nbsp;<\/em><\/p>\n<\/div>\n\n<div class=\"wp-block block-core-paragraph\">\n<p class=\"wp-block-paragraph\">Daniel\u2019s years as the leader of a global movement did not change him. Tim Adams, current IFES General Secretary, describes the kind of relationship he experienced during that time:&nbsp;<\/p>\n<\/div>\n\n<div class=\"wp-block block-core-paragraph\">\n<p class=\"wp-block-paragraph\"><em>\u201cHe was never motivated by money or position. He was my boss for more than a decade, but he resisted the labels and posture of power. He chose to adopt the posture of a mentor, an older brother who wanted to be alongside to help me thrive in my work. To me, as to many of you, he was first a role model, a friend, and an \u2018Oncle\u2019.\u201d&nbsp;<\/em><\/p>\n<\/div>\n\n<div class=\"wp-block block-core-paragraph\">\n<p class=\"wp-block-paragraph\">This warmth and familiarity never detracted from the sense of respect colleagues felt towards Daniel. Klaingar Ngarial, current IFES Regional Secretary for Francophone Africa, insists:&nbsp;<\/p>\n<\/div>\n\n<div class=\"wp-block block-core-paragraph\">\n<p class=\"wp-block-paragraph\"><em>\u201cThose of us who have been Daniel&#8217;s fellow-workers consider ourselves more as his disciples than his peers \u2013 this is how much the foresight and character of his leadership has impacted us!\u201d&nbsp;<\/em><\/p>\n<\/div>\n\n<div class=\"wp-block block-core-paragraph\">\n<p class=\"wp-block-paragraph\">&#8230;&nbsp;<\/p>\n<\/div>\n\n<div class=\"wp-block block-core-paragraph\">\n<p class=\"wp-block-paragraph\">Over his 64 years, Daniel responded to the gospel in Scripture, grew in his passion to share the gospel and promote its relevance to all of life, and allowed the gospel to orientate his ministry and shape his character. Through all and above all, Daniel embodied the gospel. He lived out his faith in his studies, in his work, and in his home, always open to how God would guide.&nbsp;<\/p>\n<\/div>\n\n<div class=\"wp-block block-core-paragraph\">\n<p class=\"wp-block-paragraph\">In his farewell letter as General Secretary, he wrote about his family\u2019s journey:<\/p>\n<\/div>\n\n<div class=\"wp-block block-core-paragraph\">\n<p class=\"wp-block-paragraph\"><em>\u201cthrough our years in IFES, we have been committed to following God where he precedes us and invites us.\u201d&nbsp;&nbsp;<\/em><\/p>\n<\/div>\n\n<div class=\"wp-block block-core-paragraph\">\n<p class=\"wp-block-paragraph\">His Lord has now invited Daniel to the place where he has already gone (John 14). As a fellowship, we are profoundly grateful for the years Daniel spent with us, for the gift he has been to us.&nbsp;&nbsp;<\/p>\n<\/div>\n\n<div class=\"wp-block block-core-paragraph\">\n<p class=\"wp-block-paragraph\">As we grieve this great loss to a loving family and the global church, we do so with the hope that his legacy will raise up many more who embody the gospel. And we hold fast to the promise that the \u201cearthly tent\u201d with which he embodied the gospel will one day be raised in glory.&nbsp;<\/p>\n<\/div>\n\n<div class=\"wp-block block-core-embed wp-embed-aspect-16-9 wp-has-aspect-ratio\">\n<figure class=\"wp-block-embed is-type-video is-provider-youtube wp-block-embed-youtube wp-embed-aspect-16-9 wp-has-aspect-ratio\"><div class=\"wp-block-embed__wrapper\">\n<iframe loading=\"lazy\" title=\"Final address \u00b7 Daniel Bourdann\u00e9\" width=\"740\" height=\"416\" src=\"https:\/\/www.youtube.com\/embed\/U_37N21pF2o?list=PL-m4j5a97yT6UE39dkBgvgwNnCN9S4dIT\" frameborder=\"0\" allow=\"accelerometer; autoplay; clipboard-write; encrypted-media; gyroscope; picture-in-picture; web-share\" referrerpolicy=\"strict-origin-when-cross-origin\" allowfullscreen><\/iframe>\n<\/div><\/figure>\n<\/div>\n\n<div class=\"wp-block block-core-media-text\">\n<div class=\"wp-block-media-text is-stacked-on-mobile has-white-dark-background-color has-background\" style=\"grid-template-columns:37% auto\"><figure class=\"wp-block-media-text__media\"><img loading=\"lazy\" decoding=\"async\" width=\"1024\" height=\"1024\" src=\"https:\/\/ifesworld.org\/wp-content\/uploads\/2024\/09\/Untitled-design-34-1024x1024.png\" alt=\"\" class=\"wp-image-42452 size-full\" srcset=\"https:\/\/ifesworld.org\/wp-content\/uploads\/2024\/09\/Untitled-design-34-1024x1024.png 1024w, https:\/\/ifesworld.org\/wp-content\/uploads\/2024\/09\/Untitled-design-34-300x300.png 300w, https:\/\/ifesworld.org\/wp-content\/uploads\/2024\/09\/Untitled-design-34-150x150.png 150w, https:\/\/ifesworld.org\/wp-content\/uploads\/2024\/09\/Untitled-design-34-768x768.png 768w, https:\/\/ifesworld.org\/wp-content\/uploads\/2024\/09\/Untitled-design-34-70x70.png 70w, https:\/\/ifesworld.org\/wp-content\/uploads\/2024\/09\/Untitled-design-34.png 1080w\" sizes=\"auto, (max-width: 1024px) 100vw, 1024px\" \/><\/figure><div class=\"wp-block-media-text__content\"><div class=\"wp-block block-core-paragraph\">\n<p class=\"has-white-dark-background-color has-background has-md-font-size wp-block-paragraph\">IFES is compiling a book of photos and memories of Daniel\u2019s life and ministry. If you would like to contribute, email <a href=\"mailto:info@ifesworld.org\" target=\"_blank\" rel=\"noreferrer noopener\"><strong>info@ifesworld.org<\/strong><\/a> or add to the <strong><a href=\"https:\/\/www.kudoboard.com\/boards\/CLr0Dpmr\" target=\"_blank\" rel=\"noreferrer noopener\">Kudoboard<\/a>.&nbsp;<\/strong><\/p>\n<\/div><\/div><\/div>\n<\/div>\n\n<div class=\"wp-block block-acf-spacer\">\n<div id=\"spacer-block_5a59dddd04032e4522908a107c3f6db7\" class=\"\">\n    <div aria-hidden=\"true\" class=\"wp-block-spacer spacer--lg\"><\/div>\n<\/div>\n<\/div>","protected":false},"excerpt":{"rendered":"<p>Since the sad news of Daniel Bourdann\u00e9\u2019s death from cancer on 6 September 2024, glowing tributes have poured in from across IFES and beyond.&nbsp;&nbsp; This is not a sign of the titles he held \u2013 11 years as IFES Regional Secretary for Francophone Africa and 12 years as IFES General Secretary. Rather, it reflects how&#8230;<\/p>\n","protected":false},"author":3961,"featured_media":42016,"parent":0,"menu_order":0,"comment_status":"closed","ping_status":"closed","template":"","meta":{"_acf_changed":false,"_crdt_document":"","inline_featured_image":false,"footnotes":""},"area":[],"theme":[],"class_list":["post-42423","page","type-page","status-publish","has-post-thumbnail","hentry"],"acf":[],"yoast_head":"<!-- This site is optimized with the Yoast SEO plugin v27.2 - https:\/\/yoast.com\/product\/yoast-seo-wordpress\/ -->\n<title>THE GOSPEL EMBODIED &#183; IFES<\/title>\n<meta name=\"description\" content=\"Since the sad news of Daniel Bourdann\u00e9\u2019s death from cancer on 6 September 2024, glowing tributes have poured in from across IFES and beyond.&nbsp;&nbsp;\" \/>\n<meta name=\"robots\" content=\"index, follow, max-snippet:-1, max-image-preview:large, max-video-preview:-1\" \/>\n<link rel=\"canonical\" href=\"https:\/\/ifesworld.org\/en\/the-gospel-embodied\/\" \/>\n<meta property=\"og:locale\" content=\"en_US\" \/>\n<meta property=\"og:type\" content=\"article\" \/>\n<meta property=\"og:title\" content=\"THE GOSPEL EMBODIED &#183; IFES\" \/>\n<meta property=\"og:description\" content=\"Since the sad news of Daniel Bourdann\u00e9\u2019s death from cancer on 6 September 2024, glowing tributes have poured in from across IFES and beyond.&nbsp;&nbsp;\" \/>\n<meta property=\"og:url\" content=\"https:\/\/ifesworld.org\/en\/the-gospel-embodied\/\" \/>\n<meta property=\"og:site_name\" content=\"IFES\" \/>\n<meta property=\"article:modified_time\" content=\"2024-09-24T12:14:09+00:00\" \/>\n<meta property=\"og:image\" content=\"https:\/\/ifesworld.org\/wp-content\/uploads\/2024\/09\/DB-higher-res.jpg\" \/>\n\t<meta property=\"og:image:width\" content=\"928\" \/>\n\t<meta property=\"og:image:height\" content=\"323\" \/>\n\t<meta property=\"og:image:type\" content=\"image\/jpeg\" \/>\n<meta name=\"twitter:card\" content=\"summary_large_image\" \/>\n<meta name=\"twitter:label1\" content=\"Est. reading time\" \/>\n\t<meta name=\"twitter:data1\" content=\"10 minutes\" \/>\n<script type=\"application\/ld+json\" class=\"yoast-schema-graph\">{\"@context\":\"https:\/\/schema.org\",\"@graph\":[{\"@type\":\"WebPage\",\"@id\":\"https:\/\/ifesworld.org\/en\/the-gospel-embodied\/\",\"url\":\"https:\/\/ifesworld.org\/en\/the-gospel-embodied\/\",\"name\":\"THE GOSPEL EMBODIED &#183; IFES\",\"isPartOf\":{\"@id\":\"https:\/\/ifesworld.org\/es\/#website\"},\"primaryImageOfPage\":{\"@id\":\"https:\/\/ifesworld.org\/en\/the-gospel-embodied\/#primaryimage\"},\"image\":{\"@id\":\"https:\/\/ifesworld.org\/en\/the-gospel-embodied\/#primaryimage\"},\"thumbnailUrl\":\"https:\/\/ifesworld.org\/wp-content\/uploads\/2024\/09\/DB-higher-res.jpg\",\"datePublished\":\"2024-09-23T10:58:28+00:00\",\"dateModified\":\"2024-09-24T12:14:09+00:00\",\"description\":\"Since the sad news of Daniel Bourdann\u00e9\u2019s death from cancer on 6 September 2024, glowing tributes have poured in from across IFES and beyond.&nbsp;&nbsp;\",\"breadcrumb\":{\"@id\":\"https:\/\/ifesworld.org\/en\/the-gospel-embodied\/#breadcrumb\"},\"inLanguage\":\"en-US\",\"potentialAction\":[{\"@type\":\"ReadAction\",\"target\":[\"https:\/\/ifesworld.org\/en\/the-gospel-embodied\/\"]}]},{\"@type\":\"ImageObject\",\"inLanguage\":\"en-US\",\"@id\":\"https:\/\/ifesworld.org\/en\/the-gospel-embodied\/#primaryimage\",\"url\":\"https:\/\/ifesworld.org\/wp-content\/uploads\/2024\/09\/DB-higher-res.jpg\",\"contentUrl\":\"https:\/\/ifesworld.org\/wp-content\/uploads\/2024\/09\/DB-higher-res.jpg\",\"width\":928,\"height\":323,\"caption\":\"Untitled design - 1\"},{\"@type\":\"BreadcrumbList\",\"@id\":\"https:\/\/ifesworld.org\/en\/the-gospel-embodied\/#breadcrumb\",\"itemListElement\":[{\"@type\":\"ListItem\",\"position\":1,\"name\":\"Home\",\"item\":\"https:\/\/ifesworld.org\/en\/\"},{\"@type\":\"ListItem\",\"position\":2,\"name\":\"THE GOSPEL EMBODIED\"}]},{\"@type\":\"WebSite\",\"@id\":\"https:\/\/ifesworld.org\/es\/#website\",\"url\":\"https:\/\/ifesworld.org\/es\/\",\"name\":\"IFES\",\"description\":\"A movement of students sharing and living out the good news of Jesus Christ. Locally. Nationally. Globally.\",\"publisher\":{\"@id\":\"https:\/\/ifesworld.org\/es\/#organization\"},\"potentialAction\":[{\"@type\":\"SearchAction\",\"target\":{\"@type\":\"EntryPoint\",\"urlTemplate\":\"https:\/\/ifesworld.org\/es\/?s={search_term_string}\"},\"query-input\":{\"@type\":\"PropertyValueSpecification\",\"valueRequired\":true,\"valueName\":\"search_term_string\"}}],\"inLanguage\":\"en-US\"},{\"@type\":\"Organization\",\"@id\":\"https:\/\/ifesworld.org\/es\/#organization\",\"name\":\"IFES \u00b7 International Fellowship of Evangelical Students\",\"url\":\"https:\/\/ifesworld.org\/es\/\",\"logo\":{\"@type\":\"ImageObject\",\"inLanguage\":\"en-US\",\"@id\":\"https:\/\/ifesworld.org\/es\/#\/schema\/logo\/image\/\",\"url\":\"https:\/\/ifesworld.org\/wp-content\/uploads\/2019\/06\/ifeslogo.png\",\"contentUrl\":\"https:\/\/ifesworld.org\/wp-content\/uploads\/2019\/06\/ifeslogo.png\",\"width\":262,\"height\":262,\"caption\":\"IFES \u00b7 International Fellowship of Evangelical Students\"},\"image\":{\"@id\":\"https:\/\/ifesworld.org\/es\/#\/schema\/logo\/image\/\"}}]}<\/script>\n<!-- \/ Yoast SEO plugin. -->","yoast_head_json":{"title":"THE GOSPEL EMBODIED &#183; IFES","description":"Since the sad news of Daniel Bourdann\u00e9\u2019s death from cancer on 6 September 2024, glowing tributes have poured in from across IFES and beyond.&nbsp;&nbsp;","robots":{"index":"index","follow":"follow","max-snippet":"max-snippet:-1","max-image-preview":"max-image-preview:large","max-video-preview":"max-video-preview:-1"},"canonical":"https:\/\/ifesworld.org\/en\/the-gospel-embodied\/","og_locale":"en_US","og_type":"article","og_title":"THE GOSPEL EMBODIED &#183; IFES","og_description":"Since the sad news of Daniel Bourdann\u00e9\u2019s death from cancer on 6 September 2024, glowing tributes have poured in from across IFES and beyond.&nbsp;&nbsp;","og_url":"https:\/\/ifesworld.org\/en\/the-gospel-embodied\/","og_site_name":"IFES","article_modified_time":"2024-09-24T12:14:09+00:00","og_image":[{"width":928,"height":323,"url":"https:\/\/ifesworld.org\/wp-content\/uploads\/2024\/09\/DB-higher-res.jpg","type":"image\/jpeg"}],"twitter_card":"summary_large_image","twitter_misc":{"Est. reading time":"10 minutes"},"schema":{"@context":"https:\/\/schema.org","@graph":[{"@type":"WebPage","@id":"https:\/\/ifesworld.org\/en\/the-gospel-embodied\/","url":"https:\/\/ifesworld.org\/en\/the-gospel-embodied\/","name":"THE GOSPEL EMBODIED &#183; IFES","isPartOf":{"@id":"https:\/\/ifesworld.org\/es\/#website"},"primaryImageOfPage":{"@id":"https:\/\/ifesworld.org\/en\/the-gospel-embodied\/#primaryimage"},"image":{"@id":"https:\/\/ifesworld.org\/en\/the-gospel-embodied\/#primaryimage"},"thumbnailUrl":"https:\/\/ifesworld.org\/wp-content\/uploads\/2024\/09\/DB-higher-res.jpg","datePublished":"2024-09-23T10:58:28+00:00","dateModified":"2024-09-24T12:14:09+00:00","description":"Since the sad news of Daniel Bourdann\u00e9\u2019s death from cancer on 6 September 2024, glowing tributes have poured in from across IFES and beyond.&nbsp;&nbsp;","breadcrumb":{"@id":"https:\/\/ifesworld.org\/en\/the-gospel-embodied\/#breadcrumb"},"inLanguage":"en-US","potentialAction":[{"@type":"ReadAction","target":["https:\/\/ifesworld.org\/en\/the-gospel-embodied\/"]}]},{"@type":"ImageObject","inLanguage":"en-US","@id":"https:\/\/ifesworld.org\/en\/the-gospel-embodied\/#primaryimage","url":"https:\/\/ifesworld.org\/wp-content\/uploads\/2024\/09\/DB-higher-res.jpg","contentUrl":"https:\/\/ifesworld.org\/wp-content\/uploads\/2024\/09\/DB-higher-res.jpg","width":928,"height":323,"caption":"Untitled design - 1"},{"@type":"BreadcrumbList","@id":"https:\/\/ifesworld.org\/en\/the-gospel-embodied\/#breadcrumb","itemListElement":[{"@type":"ListItem","position":1,"name":"Home","item":"https:\/\/ifesworld.org\/en\/"},{"@type":"ListItem","position":2,"name":"THE GOSPEL EMBODIED"}]},{"@type":"WebSite","@id":"https:\/\/ifesworld.org\/es\/#website","url":"https:\/\/ifesworld.org\/es\/","name":"IFES","description":"A movement of students sharing and living out the good news of Jesus Christ. Locally. Nationally. Globally.","publisher":{"@id":"https:\/\/ifesworld.org\/es\/#organization"},"potentialAction":[{"@type":"SearchAction","target":{"@type":"EntryPoint","urlTemplate":"https:\/\/ifesworld.org\/es\/?s={search_term_string}"},"query-input":{"@type":"PropertyValueSpecification","valueRequired":true,"valueName":"search_term_string"}}],"inLanguage":"en-US"},{"@type":"Organization","@id":"https:\/\/ifesworld.org\/es\/#organization","name":"IFES \u00b7 International Fellowship of Evangelical Students","url":"https:\/\/ifesworld.org\/es\/","logo":{"@type":"ImageObject","inLanguage":"en-US","@id":"https:\/\/ifesworld.org\/es\/#\/schema\/logo\/image\/","url":"https:\/\/ifesworld.org\/wp-content\/uploads\/2019\/06\/ifeslogo.png","contentUrl":"https:\/\/ifesworld.org\/wp-content\/uploads\/2019\/06\/ifeslogo.png","width":262,"height":262,"caption":"IFES \u00b7 International Fellowship of Evangelical Students"},"image":{"@id":"https:\/\/ifesworld.org\/es\/#\/schema\/logo\/image\/"}}]}},"_links":{"self":[{"href":"https:\/\/ifesworld.org\/en\/wp-json\/wp\/v2\/pages\/42423","targetHints":{"allow":["GET"]}}],"collection":[{"href":"https:\/\/ifesworld.org\/en\/wp-json\/wp\/v2\/pages"}],"about":[{"href":"https:\/\/ifesworld.org\/en\/wp-json\/wp\/v2\/types\/page"}],"author":[{"embeddable":true,"href":"https:\/\/ifesworld.org\/en\/wp-json\/wp\/v2\/users\/3961"}],"replies":[{"embeddable":true,"href":"https:\/\/ifesworld.org\/en\/wp-json\/wp\/v2\/comments?post=42423"}],"version-history":[{"count":0,"href":"https:\/\/ifesworld.org\/en\/wp-json\/wp\/v2\/pages\/42423\/revisions"}],"wp:featuredmedia":[{"embeddable":true,"href":"https:\/\/ifesworld.org\/en\/wp-json\/wp\/v2\/media\/42016"}],"wp:attachment":[{"href":"https:\/\/ifesworld.org\/en\/wp-json\/wp\/v2\/media?parent=42423"}],"wp:term":[{"taxonomy":"area","embeddable":true,"href":"https:\/\/ifesworld.org\/en\/wp-json\/wp\/v2\/area?post=42423"},{"taxonomy":"theme","embeddable":true,"href":"https:\/\/ifesworld.org\/en\/wp-json\/wp\/v2\/theme?post=42423"}],"curies":[{"name":"wp","href":"https:\/\/api.w.org\/{rel}","templated":true}]}}