{"id":41981,"date":"2024-09-06T11:17:20","date_gmt":"2024-09-06T10:17:20","guid":{"rendered":"https:\/\/ifesworld.org\/?page_id=41981"},"modified":"2024-10-14T11:16:00","modified_gmt":"2024-10-14T10:16:00","slug":"daniel-bourdanne","status":"publish","type":"page","link":"https:\/\/ifesworld.org\/en\/daniel-bourdanne\/","title":{"rendered":"Daniel Bourdann\u00e9"},"content":{"rendered":"<div class=\"wp-block block-core-paragraph\">\n<p class=\"has-md-font-size wp-block-paragraph\">It is with deep sadness we share the news of the passing of Daniel Bourdann\u00e9 (former IFES General Secretary) on 6 September 2024. Daniel \u2013 pictured here with his wife Halimatou at the IFES World Assembly in South Africa in 2019 \u2013 led IFES as General Secretary from 2007-19.<\/p>\n<\/div>\n\n<div class=\"wp-block block-acf-ifesbutton aligncenter\">\n<div class=\"aligncenter\">\n    <a id=\"btn-block_25c17a01448a26ba279100d72e39931e\" target=\"_blank\" href=\"https:\/\/ifesworld.org\/en\/the-gospel-embodied\/\" class=\"btn btn--secondary\">\n        <span>\n        Read the Full Tribute        <\/span>\n    <\/a>\n<\/div>\n\n<\/div>\n\n<div class=\"wp-block-image\">\n<figure class=\"aligncenter size-large\"><img loading=\"lazy\" decoding=\"async\" width=\"1024\" height=\"683\" src=\"https:\/\/ifesworld.org\/wp-content\/uploads\/2024\/09\/daniel-and-Halimatou-1024x683.jpg\" alt=\"\" class=\"wp-image-41982\" srcset=\"https:\/\/ifesworld.org\/wp-content\/uploads\/2024\/09\/daniel-and-Halimatou-1024x683.jpg 1024w, https:\/\/ifesworld.org\/wp-content\/uploads\/2024\/09\/daniel-and-Halimatou-300x200.jpg 300w, https:\/\/ifesworld.org\/wp-content\/uploads\/2024\/09\/daniel-and-Halimatou-768x512.jpg 768w, https:\/\/ifesworld.org\/wp-content\/uploads\/2024\/09\/daniel-and-Halimatou.jpg 1267w\" sizes=\"auto, (max-width: 1024px) 100vw, 1024px\" \/><\/figure>\n<\/div>\n\n<div class=\"wp-block block-core-paragraph\">\n<p class=\"wp-block-paragraph\">Michel Kenmogne (IFES Chair) writes: \u201cThe history of the advance of the gospel throughout the world over the last four decades cannot be written without mentioning Daniel Bourdann\u00e9. Daniel is one of those contemporaries who, with the Apostle Paul, could humbly say with conviction: &#8220;I have fought the good fight&#8230; I have finished my race.&#8221;<\/p>\n<\/div>\n\n<div class=\"wp-block block-core-paragraph\">\n<p class=\"wp-block-paragraph\">Tim Adams (current IFES General Secretary) writes: \u201cDaniel was one of the giants of our global fellowship. He certainly stood a head taller than most of us, but his presence was so much more than his physical stature. Daniel lived a life of spiritual leadership and self-sacrificial service to the Lord and to IFES movements in Francophone Africa and around the world. We will miss him.\u201d<\/p>\n<\/div>\n\n<div class=\"wp-block block-core-paragraph\">\n<p class=\"wp-block-paragraph\">We will share a fuller tribute to Daniel in the coming days.<\/p>\n<\/div>\n\n<div class=\"wp-block block-core-paragraph\">\n<p class=\"wp-block-paragraph\">IFES will also be compiling a book of photos and memories of Daniel\u2019s life and ministry. If you would like to contribute, you can do so by email to info@ifesworld.org or online here:<\/p>\n<\/div>\n\n<div class=\"wp-block block-acf-ifesbutton aligncenter\">\n<div class=\"aligncenter\">\n    <a id=\"btn-block_d31217f96ef360f98fd5584748980d5f\" target=\"\" href=\"https:\/\/www.kudoboard.com\/boards\/CLr0Dpmr\" class=\"btn btn--secondary\">\n        <span>\n        Kudoboard        <\/span>\n    <\/a>\n<\/div>\n\n<\/div>\n\n<div class=\"wp-block block-core-group alignfull\">\n<div class=\"wp-block-group alignfull has-white-dark-background-color has-background\"><div class=\"wp-block-group__inner-container is-layout-constrained wp-block-group-is-layout-constrained\"><div class=\"wp-block block-core-quote\">\n<blockquote class=\"wp-block-quote is-layout-flow wp-block-quote-is-layout-flow\"><div class=\"wp-block block-core-paragraph\">\n<p class=\"wp-block-paragraph\"><em>\u201cL\u2019IFES, c\u2019est essentiellement l\u00e0 que j\u2019ai appris \u00e0 \u00eatre un chr\u00e9tien \u00e9quilibr\u00e9 spirituellement, et \u00e0 \u00eatre toujours motiv\u00e9 par le d\u00e9sir de ressembler de plus en plus \u00e0 J\u00e9sus-Christ dans son caract\u00e8re. <\/em><em>\u201c<\/em><\/p>\n<\/div><\/blockquote>\n<\/div>\n\n<div class=\"wp-block block-core-paragraph alignright\">\n<p class=\"has-text-align-right wp-block-paragraph\">DANIEL BOURDANNE, IFES WORLD ASSEMBLY 2019<\/p>\n<\/div><\/div>\n<\/div><\/div>","protected":false},"excerpt":{"rendered":"<p>It is with deep sadness we share the news of the passing of Daniel Bourdann\u00e9 (former IFES General Secretary) on 6 September 2024. Daniel \u2013 pictured here with his wife Halimatou at the IFES World Assembly in South Africa in 2019 \u2013 led IFES as General Secretary from 2007-19. Michel Kenmogne (IFES Chair) writes: \u201cThe&#8230;<\/p>\n","protected":false},"author":20,"featured_media":41987,"parent":0,"menu_order":0,"comment_status":"closed","ping_status":"closed","template":"","meta":{"_acf_changed":false,"_crdt_document":"","inline_featured_image":false,"footnotes":""},"area":[],"theme":[],"class_list":["post-41981","page","type-page","status-publish","has-post-thumbnail","hentry"],"acf":[],"yoast_head":"<!-- This site is optimized with the Yoast SEO plugin v27.2 - https:\/\/yoast.com\/product\/yoast-seo-wordpress\/ -->\n<title>Daniel Bourdann\u00e9 &#183; IFES<\/title>\n<meta name=\"description\" content=\"It is with deep sadness we share the news of the passing of Daniel Bourdann\u00e9 (former IFES General Secretary) on 6 September 2024. Daniel \u2013 pictured here\" \/>\n<meta name=\"robots\" content=\"index, follow, max-snippet:-1, max-image-preview:large, max-video-preview:-1\" \/>\n<link rel=\"canonical\" href=\"https:\/\/ifesworld.org\/en\/daniel-bourdanne\/\" \/>\n<meta property=\"og:locale\" content=\"en_US\" \/>\n<meta property=\"og:type\" content=\"article\" \/>\n<meta property=\"og:title\" content=\"Daniel Bourdann\u00e9 &#183; IFES\" \/>\n<meta property=\"og:description\" content=\"It is with deep sadness we share the news of the passing of Daniel Bourdann\u00e9 (former IFES General Secretary) on 6 September 2024. Daniel \u2013 pictured here\" \/>\n<meta property=\"og:url\" content=\"https:\/\/ifesworld.org\/en\/daniel-bourdanne\/\" \/>\n<meta property=\"og:site_name\" content=\"IFES\" \/>\n<meta property=\"article:modified_time\" content=\"2024-10-14T10:16:00+00:00\" \/>\n<meta property=\"og:image\" content=\"https:\/\/ifesworld.org\/wp-content\/uploads\/2024\/09\/Daniel-2-sm.jpg\" \/>\n\t<meta property=\"og:image:width\" content=\"1048\" \/>\n\t<meta property=\"og:image:height\" content=\"250\" \/>\n\t<meta property=\"og:image:type\" content=\"image\/jpeg\" \/>\n<meta name=\"twitter:card\" content=\"summary_large_image\" \/>\n<meta name=\"twitter:label1\" content=\"Est. reading time\" \/>\n\t<meta name=\"twitter:data1\" content=\"2 minutes\" \/>\n<script type=\"application\/ld+json\" class=\"yoast-schema-graph\">{\"@context\":\"https:\/\/schema.org\",\"@graph\":[{\"@type\":\"WebPage\",\"@id\":\"https:\/\/ifesworld.org\/en\/daniel-bourdanne\/\",\"url\":\"https:\/\/ifesworld.org\/en\/daniel-bourdanne\/\",\"name\":\"Daniel Bourdann\u00e9 &#183; IFES\",\"isPartOf\":{\"@id\":\"https:\/\/ifesworld.org\/es\/#website\"},\"primaryImageOfPage\":{\"@id\":\"https:\/\/ifesworld.org\/en\/daniel-bourdanne\/#primaryimage\"},\"image\":{\"@id\":\"https:\/\/ifesworld.org\/en\/daniel-bourdanne\/#primaryimage\"},\"thumbnailUrl\":\"https:\/\/ifesworld.org\/wp-content\/uploads\/2024\/09\/Daniel-2-sm.jpg\",\"datePublished\":\"2024-09-06T10:17:20+00:00\",\"dateModified\":\"2024-10-14T10:16:00+00:00\",\"description\":\"It is with deep sadness we share the news of the passing of Daniel Bourdann\u00e9 (former IFES General Secretary) on 6 September 2024. Daniel \u2013 pictured here\",\"breadcrumb\":{\"@id\":\"https:\/\/ifesworld.org\/en\/daniel-bourdanne\/#breadcrumb\"},\"inLanguage\":\"en-US\",\"potentialAction\":[{\"@type\":\"ReadAction\",\"target\":[\"https:\/\/ifesworld.org\/en\/daniel-bourdanne\/\"]}]},{\"@type\":\"ImageObject\",\"inLanguage\":\"en-US\",\"@id\":\"https:\/\/ifesworld.org\/en\/daniel-bourdanne\/#primaryimage\",\"url\":\"https:\/\/ifesworld.org\/wp-content\/uploads\/2024\/09\/Daniel-2-sm.jpg\",\"contentUrl\":\"https:\/\/ifesworld.org\/wp-content\/uploads\/2024\/09\/Daniel-2-sm.jpg\",\"width\":1048,\"height\":250},{\"@type\":\"BreadcrumbList\",\"@id\":\"https:\/\/ifesworld.org\/en\/daniel-bourdanne\/#breadcrumb\",\"itemListElement\":[{\"@type\":\"ListItem\",\"position\":1,\"name\":\"Home\",\"item\":\"https:\/\/ifesworld.org\/en\/\"},{\"@type\":\"ListItem\",\"position\":2,\"name\":\"Daniel Bourdann\u00e9\"}]},{\"@type\":\"WebSite\",\"@id\":\"https:\/\/ifesworld.org\/es\/#website\",\"url\":\"https:\/\/ifesworld.org\/es\/\",\"name\":\"IFES\",\"description\":\"A movement of students sharing and living out the good news of Jesus Christ. Locally. Nationally. Globally.\",\"publisher\":{\"@id\":\"https:\/\/ifesworld.org\/es\/#organization\"},\"potentialAction\":[{\"@type\":\"SearchAction\",\"target\":{\"@type\":\"EntryPoint\",\"urlTemplate\":\"https:\/\/ifesworld.org\/es\/?s={search_term_string}\"},\"query-input\":{\"@type\":\"PropertyValueSpecification\",\"valueRequired\":true,\"valueName\":\"search_term_string\"}}],\"inLanguage\":\"en-US\"},{\"@type\":\"Organization\",\"@id\":\"https:\/\/ifesworld.org\/es\/#organization\",\"name\":\"IFES \u00b7 International Fellowship of Evangelical Students\",\"url\":\"https:\/\/ifesworld.org\/es\/\",\"logo\":{\"@type\":\"ImageObject\",\"inLanguage\":\"en-US\",\"@id\":\"https:\/\/ifesworld.org\/es\/#\/schema\/logo\/image\/\",\"url\":\"https:\/\/ifesworld.org\/wp-content\/uploads\/2019\/06\/ifeslogo.png\",\"contentUrl\":\"https:\/\/ifesworld.org\/wp-content\/uploads\/2019\/06\/ifeslogo.png\",\"width\":262,\"height\":262,\"caption\":\"IFES \u00b7 International Fellowship of Evangelical Students\"},\"image\":{\"@id\":\"https:\/\/ifesworld.org\/es\/#\/schema\/logo\/image\/\"}}]}<\/script>\n<!-- \/ Yoast SEO plugin. -->","yoast_head_json":{"title":"Daniel Bourdann\u00e9 &#183; IFES","description":"It is with deep sadness we share the news of the passing of Daniel Bourdann\u00e9 (former IFES General Secretary) on 6 September 2024. Daniel \u2013 pictured here","robots":{"index":"index","follow":"follow","max-snippet":"max-snippet:-1","max-image-preview":"max-image-preview:large","max-video-preview":"max-video-preview:-1"},"canonical":"https:\/\/ifesworld.org\/en\/daniel-bourdanne\/","og_locale":"en_US","og_type":"article","og_title":"Daniel Bourdann\u00e9 &#183; IFES","og_description":"It is with deep sadness we share the news of the passing of Daniel Bourdann\u00e9 (former IFES General Secretary) on 6 September 2024. Daniel \u2013 pictured here","og_url":"https:\/\/ifesworld.org\/en\/daniel-bourdanne\/","og_site_name":"IFES","article_modified_time":"2024-10-14T10:16:00+00:00","og_image":[{"width":1048,"height":250,"url":"https:\/\/ifesworld.org\/wp-content\/uploads\/2024\/09\/Daniel-2-sm.jpg","type":"image\/jpeg"}],"twitter_card":"summary_large_image","twitter_misc":{"Est. reading time":"2 minutes"},"schema":{"@context":"https:\/\/schema.org","@graph":[{"@type":"WebPage","@id":"https:\/\/ifesworld.org\/en\/daniel-bourdanne\/","url":"https:\/\/ifesworld.org\/en\/daniel-bourdanne\/","name":"Daniel Bourdann\u00e9 &#183; IFES","isPartOf":{"@id":"https:\/\/ifesworld.org\/es\/#website"},"primaryImageOfPage":{"@id":"https:\/\/ifesworld.org\/en\/daniel-bourdanne\/#primaryimage"},"image":{"@id":"https:\/\/ifesworld.org\/en\/daniel-bourdanne\/#primaryimage"},"thumbnailUrl":"https:\/\/ifesworld.org\/wp-content\/uploads\/2024\/09\/Daniel-2-sm.jpg","datePublished":"2024-09-06T10:17:20+00:00","dateModified":"2024-10-14T10:16:00+00:00","description":"It is with deep sadness we share the news of the passing of Daniel Bourdann\u00e9 (former IFES General Secretary) on 6 September 2024. Daniel \u2013 pictured here","breadcrumb":{"@id":"https:\/\/ifesworld.org\/en\/daniel-bourdanne\/#breadcrumb"},"inLanguage":"en-US","potentialAction":[{"@type":"ReadAction","target":["https:\/\/ifesworld.org\/en\/daniel-bourdanne\/"]}]},{"@type":"ImageObject","inLanguage":"en-US","@id":"https:\/\/ifesworld.org\/en\/daniel-bourdanne\/#primaryimage","url":"https:\/\/ifesworld.org\/wp-content\/uploads\/2024\/09\/Daniel-2-sm.jpg","contentUrl":"https:\/\/ifesworld.org\/wp-content\/uploads\/2024\/09\/Daniel-2-sm.jpg","width":1048,"height":250},{"@type":"BreadcrumbList","@id":"https:\/\/ifesworld.org\/en\/daniel-bourdanne\/#breadcrumb","itemListElement":[{"@type":"ListItem","position":1,"name":"Home","item":"https:\/\/ifesworld.org\/en\/"},{"@type":"ListItem","position":2,"name":"Daniel Bourdann\u00e9"}]},{"@type":"WebSite","@id":"https:\/\/ifesworld.org\/es\/#website","url":"https:\/\/ifesworld.org\/es\/","name":"IFES","description":"A movement of students sharing and living out the good news of Jesus Christ. Locally. Nationally. Globally.","publisher":{"@id":"https:\/\/ifesworld.org\/es\/#organization"},"potentialAction":[{"@type":"SearchAction","target":{"@type":"EntryPoint","urlTemplate":"https:\/\/ifesworld.org\/es\/?s={search_term_string}"},"query-input":{"@type":"PropertyValueSpecification","valueRequired":true,"valueName":"search_term_string"}}],"inLanguage":"en-US"},{"@type":"Organization","@id":"https:\/\/ifesworld.org\/es\/#organization","name":"IFES \u00b7 International Fellowship of Evangelical Students","url":"https:\/\/ifesworld.org\/es\/","logo":{"@type":"ImageObject","inLanguage":"en-US","@id":"https:\/\/ifesworld.org\/es\/#\/schema\/logo\/image\/","url":"https:\/\/ifesworld.org\/wp-content\/uploads\/2019\/06\/ifeslogo.png","contentUrl":"https:\/\/ifesworld.org\/wp-content\/uploads\/2019\/06\/ifeslogo.png","width":262,"height":262,"caption":"IFES \u00b7 International Fellowship of Evangelical Students"},"image":{"@id":"https:\/\/ifesworld.org\/es\/#\/schema\/logo\/image\/"}}]}},"_links":{"self":[{"href":"https:\/\/ifesworld.org\/en\/wp-json\/wp\/v2\/pages\/41981","targetHints":{"allow":["GET"]}}],"collection":[{"href":"https:\/\/ifesworld.org\/en\/wp-json\/wp\/v2\/pages"}],"about":[{"href":"https:\/\/ifesworld.org\/en\/wp-json\/wp\/v2\/types\/page"}],"author":[{"embeddable":true,"href":"https:\/\/ifesworld.org\/en\/wp-json\/wp\/v2\/users\/20"}],"replies":[{"embeddable":true,"href":"https:\/\/ifesworld.org\/en\/wp-json\/wp\/v2\/comments?post=41981"}],"version-history":[{"count":0,"href":"https:\/\/ifesworld.org\/en\/wp-json\/wp\/v2\/pages\/41981\/revisions"}],"wp:featuredmedia":[{"embeddable":true,"href":"https:\/\/ifesworld.org\/en\/wp-json\/wp\/v2\/media\/41987"}],"wp:attachment":[{"href":"https:\/\/ifesworld.org\/en\/wp-json\/wp\/v2\/media?parent=41981"}],"wp:term":[{"taxonomy":"area","embeddable":true,"href":"https:\/\/ifesworld.org\/en\/wp-json\/wp\/v2\/area?post=41981"},{"taxonomy":"theme","embeddable":true,"href":"https:\/\/ifesworld.org\/en\/wp-json\/wp\/v2\/theme?post=41981"}],"curies":[{"name":"wp","href":"https:\/\/api.w.org\/{rel}","templated":true}]}}